{"id":7076,"date":"2016-11-08T23:03:22","date_gmt":"2016-11-08T23:03:22","guid":{"rendered":"https:\/\/k52mhucbgfd.preview.infomaniak.website\/en\/?page_id=7076"},"modified":"2025-10-02T19:42:15","modified_gmt":"2025-10-02T18:42:15","slug":"mosteiro-stream","status":"publish","type":"page","link":"https:\/\/wildlifeportugal.pt\/en\/hiking\/douro-international-natural-park\/mosteiro-stream\/","title":{"rendered":"Mosteiro Stream"},"content":{"rendered":"<div class=\"wpb-content-wrapper\"><p>[vc_row][vc_column][vc_row_inner][vc_column_inner][vc_empty_space height=&#8221;35px&#8221;][vc_column_text css=&#8221;&#8221;]<\/p>\n<h4><span style=\"font-family: arial, helvetica, sans-serif;\"><strong>Where is located the Mosteiro Stream<\/strong><\/span><\/h4>\n<p><span style=\"font-family: arial, helvetica, sans-serif; font-size: 16px;\">The area is part of the Douro Internacional Natural Park, which runs along the border between Portugal and Spain, through the valleys of the Douro and \u00c1gueda rivers. With 130km long and within an area of 85.150ha, the river valleys shapes a deep canyon with steep slopes, mainly cliffs. The region is included in an even larger area created by UNESCO&#8217;s Man and Biosphere program, known as the <a href=\"https:\/\/www.mesetaiberica.com\/\" target=\"_blank\" rel=\"noopener\">Meseta Ib\u00e9rica Biosphere Reserve<\/a>. <\/span><\/p>\n<h4>&nbsp;<\/h4>\n<h4><span style=\"font-family: arial, helvetica, sans-serif;\"><strong>A Medieval Causeway<br \/>\n<\/strong><\/span><\/h4>\n<p><span id=\"result_box\" class=\"\" lang=\"en\" style=\"font-family: arial, helvetica, sans-serif; font-size: 16px;\"><span title=\"Encontramo-nos no vale da ribeira do Mosteiro, um afluente do rio Douro, no concelho de Freixo de Espada \u00e0 Cinta, em pleno Parque Natural do Douro Internacional.\">At the Mosteiro Stream valley there&#8217;s <span title=\"Aqui tamb\u00e9m se inicia a Cal\u00e7ada de Alpajares, um caminho empedrado e sinuoso, com cerca de 1km de extens\u00e3o.\">an old paved and sinuous path with about 1km in lenght, the Alpajares Causeway. It is a small section of what once was a much longer medieval road. This causeway straddle along a steep slope of the stream valley, <\/span>a tributary of the Douro River, at the Douro Internacional Natural Park. It is part of a circular hiking, <\/span><span title=\"Apesar do percurso proposto ter pouca extens\u00e3o, \u00e9 extraordinariamente rico em patrim\u00f3nio natural, paisag\u00edstico e hist\u00f3rico. \">of medium lenght but it is extraordinarily rich in natural, scenic and historic heritage. <\/span><\/span><\/p>\n<h4>&nbsp;<\/h4>\n<h4><span style=\"font-family: arial, helvetica, sans-serif;\"><strong>Primordial human presence<\/strong><\/span><\/h4>\n<p><span id=\"result_box\" class=\"\" lang=\"en\" style=\"font-family: arial, helvetica, sans-serif; font-size: 16px;\"><span title=\"Apesar do percurso proposto ter pouca extens\u00e3o, \u00e9 extraordinariamente rico em patrim\u00f3nio natural, paisag\u00edstico e hist\u00f3rico. \"><span title=\"Nesta antiga paisagem de relevo agreste, sulcada pelo vale profundo da ribeira do Mosteiro, surgem vest\u00edgios de uma presen\u00e7a humana mais primordial.\">In this ancient landscape of rugged ground, with a deep valley furrowed by the Mosteiro Stream, there are traces of a more primordial human presence<\/span><span title=\"Nesta antiga paisagem de relevo agreste, sulcada pelo vale profundo da ribeira do Mosteiro, surgem vest\u00edgios de uma presen\u00e7a humana mais primordial.\">. <\/span><span title=\"O Castro de S\u00e3o Paulo, da Idade do Ferro, encima o monte do mesmo nome, onde j\u00e1 se encontraram vest\u00edgios da presen\u00e7a romana.\">The &#8220;Castro&#8221; of S\u00e3o Paulo, from the Iron Age per\u00edod, summits the hill of the same name, where vestiges of the Roman presence have also been found. <\/span><span title=\"Neste que \u00e9 o ponto mais elevado do percurso ainda se encontram um antigo pombal e sepulturas medievais escavadas na rocha.\">At this highest point of the route there are still an old dovecote and some medieval graves excavated in the rock.&nbsp;<\/span><\/span><\/span>[\/vc_column_text][\/vc_column_inner][\/vc_row_inner][vc_empty_space height=&#8221;30px&#8221;][vc_row_inner][vc_column_inner width=&#8221;1\/3&#8243;][vc_single_image image=&#8221;12401&#8243; img_size=&#8221;400&#215;265&#8243; alignment=&#8221;center&#8221; style=&#8221;vc_box_shadow_3d&#8221;][\/vc_column_inner][vc_column_inner width=&#8221;1\/3&#8243;][vc_single_image image=&#8221;6888&#8243; img_size=&#8221;400&#215;265&#8243; alignment=&#8221;center&#8221; style=&#8221;vc_box_shadow_3d&#8221;][\/vc_column_inner][vc_column_inner width=&#8221;1\/3&#8243;][vc_single_image image=&#8221;6889&#8243; img_size=&#8221;400&#215;265&#8243; alignment=&#8221;center&#8221; style=&#8221;vc_box_shadow_3d&#8221;][\/vc_column_inner][\/vc_row_inner][vc_empty_space height=&#8221;30px&#8221;][vc_column_text css=&#8221;&#8221;]<\/p>\n<h4><span style=\"font-family: arial, helvetica, sans-serif;\"><strong>Incredible Wildlife<\/strong><\/span><\/h4>\n<p><span style=\"font-family: arial, helvetica, sans-serif; font-size: 16px;\"><span title=\"Os aspectos da geologia s\u00e3o real\u00e7ados pelos afloramentos quart\u00edziticos que irrompem as encostas de xisto e se elevam acima do solo assumindo formas estranhas e interessantes, como as dobras e o Muro da Abalona, uma \u201cparede\u201d natural.\">The geology aspects are enhanced by the quartzite outcrops that break through the schist slopes and rise above the ground, assuming strange and interesting shapes, such as folds and natural walls like the &#8220;<em>Abalona<\/em>&#8220;. <\/span><span title=\"Estas forma\u00e7\u00f5es rochosas permitem a presen\u00e7a de uma diversidade interessante de aves das escarpas, como a \u00c1guia-real, o Grifo, a Cegonha-preta, o Abutre do Egipto, o Melro-azul, o Papa-figos, o Abelharuco e a Andorinha-\">These rocky formations allow the presence of an interesting diversity of cliff-breeding birds, such as the <strong>Golden Eagle<\/strong>, the <strong>Griffon Vulture<\/strong>, <\/span><span id=\"result_box\" class=\"\" lang=\"en\"><span title=\"Estas forma\u00e7\u00f5es rochosas permitem a presen\u00e7a de uma diversidade interessante de aves das escarpas, como a \u00c1guia-real, o Grifo, a Cegonha-preta, o Abutre do Egipto, o Melro-azul, o Papa-figos, o Abelharuco e a Andorinha-\">the <strong>Egyptian Vulture<\/strong>, <\/span><\/span><span id=\"result_box\" class=\"\" lang=\"en\"><span title=\"Estas forma\u00e7\u00f5es rochosas permitem a presen\u00e7a de uma diversidade interessante de aves das escarpas, como a \u00c1guia-real, o Grifo, a Cegonha-preta, o Abutre do Egipto, o Melro-azul, o Papa-figos, o Abelharuco e a Andorinha-\">the <strong>Black Stork<\/strong>, the <strong>Black Wheatear<\/strong>, the <strong>Blue Rock Thrush<\/strong> and the <strong>Crag Martin<\/strong><\/span><span title=\"das-rochas. \">. On the bottom of the valley, by the water, we can find the <strong>Spanish Terrapin<\/strong> (<em>Mauremys leprosa<\/em>) and the <strong>Iberian Water Frog<\/strong> (<em>Pelophylax perezi<\/em>). Here is also one of the best places to find the <strong>Nettle-Tree Butterfly<\/strong> (<em>Libythea celtis<\/em>), a particular <\/span><\/span>butterfly of mediterranean distribution.<\/span>[\/vc_column_text][vc_row_inner][vc_column_inner width=&#8221;1\/3&#8243;][vc_single_image image=&#8221;6869&#8243; img_size=&#8221;400&#215;265&#8243; add_caption=&#8221;yes&#8221; alignment=&#8221;center&#8221; style=&#8221;vc_box_shadow_3d&#8221; css=&#8221;&#8221;][\/vc_column_inner][vc_column_inner width=&#8221;1\/3&#8243;][vc_single_image image=&#8221;18474&#8243; img_size=&#8221;400&#215;265&#8243; add_caption=&#8221;yes&#8221; alignment=&#8221;center&#8221; style=&#8221;vc_box_shadow_3d&#8221; css=&#8221;&#8221;][\/vc_column_inner][vc_column_inner width=&#8221;1\/3&#8243;][vc_single_image image=&#8221;18476&#8243; img_size=&#8221;400&#215;265&#8243; add_caption=&#8221;yes&#8221; alignment=&#8221;center&#8221; style=&#8221;vc_box_shadow_3d&#8221; css=&#8221;&#8221;][\/vc_column_inner][\/vc_row_inner][vc_empty_space height=&#8221;20px&#8221;][vc_row_inner][vc_column_inner][vc_column_text css=&#8221;&#8221;]<\/p>\n<h4><span style=\"font-family: arial, helvetica, sans-serif;\"><strong>Unique botanic values<\/strong><\/span><\/h4>\n<p><span style=\"font-family: arial, helvetica, sans-serif; font-size: 16px;\">Mosteiro Stream valley is characterized by an interesting set of plants, some of them endemic from this region of the Iberian Pen\u00ednsula. Plants like the <strong><em>Anarrhinum duriminium<\/em><\/strong>, the <strong><em>Linaria saxatilis <\/em><\/strong>or the <em><strong>Erysimum linifolium<\/strong>. <\/em>Some mediterranean plants are also common in the valley. The <strong>Prickly Juniper<\/strong> (<em>Juniperus oxycedrus<\/em>) or the <strong>Nettle Tree<\/strong> (<em>Celtis australis<\/em>).<\/span>[\/vc_column_text][\/vc_column_inner][\/vc_row_inner][vc_row_inner][vc_column_inner width=&#8221;1\/3&#8243;][vc_single_image image=&#8221;17162&#8243; img_size=&#8221;400&#215;265&#8243; add_caption=&#8221;yes&#8221; alignment=&#8221;center&#8221; style=&#8221;vc_box_shadow_3d&#8221; css=&#8221;&#8221;][\/vc_column_inner][vc_column_inner width=&#8221;1\/3&#8243;][vc_single_image image=&#8221;18478&#8243; img_size=&#8221;400&#215;265&#8243; add_caption=&#8221;yes&#8221; alignment=&#8221;center&#8221; style=&#8221;vc_box_shadow_3d&#8221; css=&#8221;&#8221;][\/vc_column_inner][vc_column_inner width=&#8221;1\/3&#8243;][vc_single_image image=&#8221;18480&#8243; img_size=&#8221;400&#215;265&#8243; add_caption=&#8221;yes&#8221; alignment=&#8221;center&#8221; style=&#8221;vc_box_shadow_3d&#8221; css=&#8221;&#8221;][\/vc_column_inner][\/vc_row_inner][vc_empty_space height=&#8221;40px&#8221;][vc_row_inner][vc_column_inner][vc_single_image image=&#8221;15030&#8243; img_size=&#8221;full&#8221; add_caption=&#8221;yes&#8221; alignment=&#8221;center&#8221; css=&#8221;&#8221;][\/vc_column_inner][\/vc_row_inner][vc_row_inner][vc_column_inner][vc_column_text css=&#8221;&#8221;]<\/p>\n<h4><strong><span style=\"font-family: arial, helvetica, sans-serif;\">A Rewilding Area<\/span><\/strong><\/h4>\n<p><span style=\"font-family: arial, helvetica, sans-serif; font-size: 16px;\">Thousands of years of human activity have led to changes in the ecosystem, but today much of the valley is undergoing renaturalisation, with ancient olive and almond groves being replaced by holm oaks, prickly junipers, turpentine trees and other plants that make up the region&#8217;s original botanical cast. The imposing cliffs that define the landscape serve as a refuge for several endangered bird species. At the bottom of the valley, the Mosteiro Stream keeps a level of humidity that allows for a rich variety of flora. In this rewilding area, managed by <a href=\"https:\/\/rewilding-portugal.com\/\" target=\"_blank\" rel=\"noopener\">Rewilding Portugal<\/a>, the aim is to ensure and facilitate the process of renaturalising the landscape, reconciling existing agricultural practices with biodiversity and reducing the risk of large fires \u2013 one of the main threats to the heritage of Mosteiro Stream valley.<\/span>[\/vc_column_text][\/vc_column_inner][\/vc_row_inner][\/vc_column][\/vc_row][vc_row][vc_column][vc_separator css=&#8221;&#8221;][vc_custom_heading text=&#8221;Photo gallery&#8221; font_container=&#8221;tag:h3|text_align:left&#8221; use_theme_fonts=&#8221;yes&#8221; css=&#8221;&#8221;][vc_wp_text]<\/p>\n<p>ngg_shortcode_0_placeholder[\/vc_wp_text][vc_empty_space height=&#8221;25px&#8221;][vc_tta_accordion style=&#8221;modern&#8221; color=&#8221;orange&#8221; spacing=&#8221;1&#8243; gap=&#8221;1&#8243; c_icon=&#8221;triangle&#8221; active_section=&#8221;0&#8243; collapsible_all=&#8221;true&#8221;][vc_tta_section i_position=&#8221;right&#8221; i_icon_fontawesome=&#8221;fas fa-info-circle&#8221; add_icon=&#8221;true&#8221; title=&#8221;more information&#8221; tab_id=&#8221;1587680033563-fa77eafe-3eb4&#8243;][vc_column_text css=&#8221;&#8221;]<\/p>\n<p style=\"padding-left: 40px;\">&nbsp;<\/p>\n<p style=\"padding-left: 40px;\"><span style=\"font-family: arial, helvetica, sans-serif; font-size: 16px;\"><strong>Duration<\/strong>: 4 to 5 hours<\/span><\/p>\n<p style=\"padding-left: 40px;\"><span style=\"font-family: arial, helvetica, sans-serif; font-size: 16px;\"><strong>Extension<\/strong>: 7,6km<\/span><\/p>\n<p style=\"padding-left: 40px;\"><span style=\"font-family: arial, helvetica, sans-serif; font-size: 16px;\"><strong>Type<\/strong>: circular<\/span><\/p>\n<p style=\"padding-left: 40px;\"><span style=\"font-family: arial, helvetica, sans-serif; font-size: 16px;\"><strong>Altitude diferences<\/strong>: 233m (151m to 384m)<\/span><\/p>\n<p style=\"padding-left: 40px;\"><span style=\"font-family: arial, helvetica, sans-serif; font-size: 16px;\"><strong>Accumulated ascent\/descent<\/strong>: 286m<\/span><\/p>\n<p style=\"padding-left: 40px;\"><span style=\"font-family: arial, helvetica, sans-serif; font-size: 16px;\"><strong>Recommended season<\/strong>: Spring, Autumn and Winter<\/span><\/p>\n<hr style=\"padding-left: 40px;\">\n<p style=\"padding-left: 40px;\"><span id=\"result_box\" class=\"\" lang=\"en\" style=\"font-family: arial, helvetica, sans-serif; font-size: 16px;\"><strong>RECOMMENDATIONS AND PRACTICAL ADVICE<\/strong><\/span><\/p>\n<p style=\"padding-left: 40px;\"><span style=\"font-family: arial, helvetica, sans-serif; font-size: 16px;\">For this activity you need comfortable footwear (preferably mountain or sport boots), pants, windbreak and other clothing adapted to the season and weather forecasts. Hat and sunscreen. Take water (at least 1,5L) and individual snack consisting, among others, of sandwiches, fruit or energy bars, nuts.<\/span><\/p>\n<p style=\"padding-left: 40px;\"><span class=\"\" style=\"font-family: arial, helvetica, sans-serif; font-size: 16px;\">The planned program may undergo some changes if the weather conditions are too adverse.<\/span><\/p>\n<p style=\"padding-left: 40px;\">&nbsp;<\/p>\n<p>[\/vc_column_text][\/vc_tta_section][vc_tta_section i_position=&#8221;right&#8221; i_icon_fontawesome=&#8221;fas fa-map-marked-alt&#8221; add_icon=&#8221;true&#8221; title=&#8221;location&#8221; tab_id=&#8221;1587680033580-ab0b8f98-6227&#8243;][vc_goo_maps location=&#8221;Cal\u00e7ada de Alpajares, Freixo de Espada \u00e0 Cinta, Portugal&#8221; zoom=&#8221;12&#8243; type=&#8221;h&#8221; css=&#8221;&#8221;][\/vc_tta_section][vc_tta_section i_position=&#8221;right&#8221; i_icon_fontawesome=&#8221;fas fa-euro-sign&#8221; add_icon=&#8221;true&#8221; title=&#8221;price&#8221; tab_id=&#8221;1587680860620-a62a8fa7-319a&#8221;][vc_column_text css=&#8221;&#8221;]<\/p>\n<p style=\"padding-left: 80px;\">&nbsp;<\/p>\n<p style=\"padding-left: 40px;\"><span style=\"font-family: arial, helvetica, sans-serif; font-size: 16px;\">FULL DAY: up to 4 participants \u2013&nbsp;<strong>225,00 \u20ac<\/strong><\/span><\/p>\n<p style=\"padding-left: 40px;\"><span style=\"font-family: arial, helvetica, sans-serif; font-size: 16px;\">HALF DAY: up to 4 participants \u2013 <strong>185,00 \u20ac<\/strong><\/span><\/p>\n<p style=\"padding-left: 40px;\">&nbsp;<\/p>\n<p style=\"padding-left: 80px;\"><span style=\"font-family: arial, helvetica, sans-serif; font-size: 16px;\">For bigger groups and other conditions, contact us.&nbsp;<\/span><\/p>\n<p style=\"padding-left: 80px;\"><span style=\"font-family: arial, helvetica, sans-serif; font-size: 16px;\">The price indicated includes guidance, transportation from Guarda and insurance.<\/span><\/p>\n<p style=\"padding-left: 80px;\"><span style=\"font-family: arial, helvetica, sans-serif; font-size: 16px;\">Booking a place is only guaranteed if 50% of the registration fee is paid.<\/span><\/p>\n<p style=\"padding-left: 120px;\"><span style=\"font-family: arial, helvetica, sans-serif; font-size: 14px;\"><em>A discount equal to VAT is available for private clients.<\/em><\/span><br \/>\n<span style=\"font-family: arial, helvetica, sans-serif; font-size: 14px;\"><em>VAT will be added to the indicated prices for companies and other entities.<\/em><\/span><\/p>\n<p style=\"padding-left: 120px;\">&nbsp;<\/p>\n<p>[\/vc_column_text][\/vc_tta_section][vc_tta_section i_position=&#8221;right&#8221; i_icon_fontawesome=&#8221;fas fa-phone-alt&#8221; add_icon=&#8221;true&#8221; title=&#8221;how to book&#8221; tab_id=&#8221;1587680951490-88a1b828-9d78&#8243;][vc_column_text css=&#8221;&#8221;]<\/p>\n<p style=\"padding-left: 40px;\">&nbsp;<\/p>\n<p style=\"padding-left: 40px;\"><span style=\"font-family: arial, helvetica, sans-serif; font-size: 16px;\"><span class=\"\">Through the<\/span> <span class=\"\">contacts<\/span> available, indicating <span class=\"\">your<\/span> name and cell phone contact<span class=\"\">\/email.<\/span><\/span><\/p>\n<p style=\"padding-left: 40px;\"><span style=\"font-family: arial, helvetica, sans-serif; font-size: 16px;\"><span class=\"\">The<\/span> reservation is only guaranteed upon payment of 50% of the registration fee.<\/span><\/p>\n<p style=\"padding-left: 40px;\"><span style=\"font-family: arial, helvetica, sans-serif; font-size: 16px;\"><a href=\"https:\/\/k52mhucbgfd.preview.infomaniak.website\/en\/page-contact-us\/\"><strong>contact form<\/strong><\/a><\/span><\/p>\n<p style=\"padding-left: 40px;\"><span style=\"font-family: arial, helvetica, sans-serif; font-size: 16px;\"><strong>Email<\/strong>:<a href=\"mailto:info@k52mhucbgfd.preview.infomaniak.website\" target=\"_blank\" rel=\"noopener noreferrer\"> info@k52mhucbgfd.preview.infomaniak.website<\/a><\/span><\/p>\n<p style=\"padding-left: 40px;\"><span style=\"font-family: arial, helvetica, sans-serif; font-size: 16px;\"><strong>Mobile\/WhatsApp<\/strong>: +351 918 068 872<\/span><\/p>\n<p style=\"padding-left: 80px;\"><span style=\"font-family: arial, helvetica, sans-serif; font-size: 14px;\">(call to the national mobile network)&nbsp;<\/span><\/p>\n<p>&nbsp;[\/vc_column_text][\/vc_tta_section][vc_tta_section i_position=&#8221;right&#8221; i_icon_fontawesome=&#8221;fas fa-bed&#8221; add_icon=&#8221;true&#8221; title=&#8221;suggested accommodations&#8221; tab_id=&#8221;1587681093244-b9951808-2e6e&#8221;][vc_column_text css=&#8221;&#8221;]<\/p>\n<p style=\"padding-left: 40px;\">&nbsp;<\/p>\n<p style=\"padding-left: 40px;\"><a href=\"https:\/\/rewilding-portugal.com\/greater-coa-valley\/wild-coa-network\/\" target=\"_blank\" rel=\"noopener\"><img decoding=\"async\" class=\"aligncenter wp-image-16553 size-thumbnail\" src=\"https:\/\/k52mhucbgfd.preview.infomaniak.website\/wp-content\/uploads\/2024\/10\/2-150x150.png\" sizes=\"(max-width: 150px) 100vw, 150px\" srcset=\"https:\/\/k52mhucbgfd.preview.infomaniak.website\/wp-content\/uploads\/2024\/10\/2-150x150.png 150w, https:\/\/k52mhucbgfd.preview.infomaniak.website\/wp-content\/uploads\/2024\/10\/2-300x300.png 300w, https:\/\/k52mhucbgfd.preview.infomaniak.website\/wp-content\/uploads\/2024\/10\/2-1024x1024.png 1024w, https:\/\/k52mhucbgfd.preview.infomaniak.website\/wp-content\/uploads\/2024\/10\/2-768x768.png 768w, https:\/\/k52mhucbgfd.preview.infomaniak.website\/wp-content\/uploads\/2024\/10\/2-1536x1536.png 1536w, https:\/\/k52mhucbgfd.preview.infomaniak.website\/wp-content\/uploads\/2024\/10\/2-2048x2048.png 2048w, https:\/\/k52mhucbgfd.preview.infomaniak.website\/wp-content\/uploads\/2024\/10\/2.png 1181w\" alt=\"Visit the Greater C\u00f4a Valley\" width=\"150\" height=\"150\"><\/a><\/p>\n<p style=\"padding-left: 40px;\"><span style=\"font-family: arial, helvetica, sans-serif; font-size: 16px;\"><a href=\"https:\/\/casadapracapinhel.com\/\" target=\"_blank\" rel=\"noopener\"><strong>Casa da Pra\u00e7a<\/strong><\/a><\/span><\/p>\n<p style=\"padding-left: 40px;\"><span style=\"font-family: arial, helvetica, sans-serif; font-size: 16px;\"><a href=\"https:\/\/rewilding-portugal.com\/rewilding\/casa-do-brigadeiro\/\" target=\"_blank\" rel=\"noopener\"><strong>Casa do Brigadeiro<\/strong><\/a><\/span><\/p>\n<p style=\"padding-left: 40px;\"><span style=\"font-family: arial, helvetica, sans-serif; font-size: 16px;\"><strong><a href=\"http:\/\/www.turispedros.pt\/\" target=\"_blank\" rel=\"noopener noreferrer\" data-uw-styling-context=\"true\">Casa Villar Mayor<\/a><\/strong><\/span><\/p>\n<p style=\"padding-left: 40px;\"><span style=\"font-family: arial, helvetica, sans-serif; font-size: 16px;\"><strong><a href=\"https:\/\/coahoneycomb.com\/en\/\" target=\"_blank\" rel=\"noopener\">C\u00f4a Honeycomb<\/a><\/strong><\/span><\/p>\n<p style=\"padding-left: 40px;\"><span style=\"font-family: arial, helvetica, sans-serif; font-size: 16px;\"><a href=\"http:\/\/quintadorionoemi.com\/\" target=\"_blank\" rel=\"noopener\"><strong>Quinta do Rio Noemi<\/strong><\/a><\/span><\/p>\n<p style=\"padding-left: 40px;\"><span style=\"font-family: arial, helvetica, sans-serif; font-size: 16px;\"><a href=\"https:\/\/www.hoteldocro.com\/\" target=\"_blank\" rel=\"noopener\"><strong>Cr\u00f3 Hotel Thermal &amp; SPA<\/strong><\/a><\/span><\/p>\n<p style=\"padding-left: 40px;\"><span style=\"font-family: arial, helvetica, sans-serif; font-size: 16px;\"><strong><a href=\"https:\/\/rewilding-portugal.com\/greater-coa-valley\/rewilding-centre\/\" target=\"_blank\" rel=\"noopener\">Rewilding Centre<\/a><\/strong><\/span><\/p>\n<p style=\"padding-left: 120px;\">&nbsp;<\/p>\n<p>[\/vc_column_text][\/vc_tta_section][vc_tta_section i_position=&#8221;right&#8221; i_icon_fontawesome=&#8221;fa fa-solid fa-leaf&#8221; add_icon=&#8221;true&#8221; title=&#8221;environmental commitment&#8221; tab_id=&#8221;1759430339718-ff6d65e2-d538&#8243; el_class=&#8221;leaf&#8221;][vc_column_text css=&#8221;&#8221;]&nbsp;<\/p>\n<p style=\"padding-left: 40px;\"><span style=\"font-family: arial, helvetica, sans-serif; font-size: 16px;\">In the course of our activities, we are committed to safeguarding the environment, minimising environmental impacts and reducing pollution.<\/span><\/p>\n<p style=\"padding-left: 40px;\"><span style=\"font-family: arial, helvetica, sans-serif; font-size: 16px;\">By carrying out this activity, we support the management and conservation actions that promote the coexistence and return of wild species to the Greater C\u00f4a Valley,<\/span><\/p>\n<p style=\"padding-left: 40px;\"><span style=\"font-family: arial, helvetica, sans-serif; font-size: 16px;\">under the management of&nbsp;<a href=\"https:\/\/rewilding-portugal.com\/\" target=\"_blank\" rel=\"noopener\"><strong>Rewilding Portugal<\/strong><\/a>, through a financial contribution.<\/span><\/p>\n<p style=\"padding-left: 40px;\"><a href=\"https:\/\/rewilding-portugal.com\/\" target=\"_blank\" rel=\"noopener\"><img decoding=\"async\" class=\"wp-image-15513 alignleft\" src=\"https:\/\/k52mhucbgfd.preview.infomaniak.website\/wp-content\/uploads\/2023\/02\/Rewilding-Portugal-RGB-transparent-2.png\" sizes=\"(max-width: 200px) 100vw, 200px\" srcset=\"https:\/\/k52mhucbgfd.preview.infomaniak.website\/wp-content\/uploads\/2023\/02\/Rewilding-Portugal-RGB-transparent-2.png 800w, https:\/\/k52mhucbgfd.preview.infomaniak.website\/wp-content\/uploads\/2023\/02\/Rewilding-Portugal-RGB-transparent-2-768x417.png 768w\" alt=\"Rewilding Portugal\" width=\"200\" height=\"109\"><\/a><\/p>\n<p>[\/vc_column_text][\/vc_tta_section][\/vc_tta_accordion][vc_empty_space height=&#8221;30px&#8221;][\/vc_column][\/vc_row][vc_row full_width=&#8221;stretch_row_content&#8221; full_height=&#8221;yes&#8221; columns_placement=&#8221;top&#8221; equal_height=&#8221;yes&#8221; content_placement=&#8221;top&#8221; css=&#8221;.vc_custom_1604759645384{background-image: url(https:\/\/k52mhucbgfd.preview.infomaniak.website\/wp-content\/uploads\/2020\/04\/FMR7262.jpg?id=12349) !important;background-position: center !important;background-repeat: no-repeat !important;background-size: cover !important;}&#8221;][vc_column width=&#8221;2\/3&#8243;][vc_empty_space height=&#8221;70px&#8221;][vc_single_image image=&#8221;13863&#8243;][\/vc_column][vc_column width=&#8221;1\/3&#8243;][\/vc_column][\/vc_row]<\/p>\n<\/div>","protected":false},"excerpt":{"rendered":"<p>[vc_row][vc_column][vc_row_inner][vc_column_inner][vc_empty_space height=&#8221;35px&#8221;][vc_column_text css=&#8221;&#8221;] Where is located the Mosteiro Stream The area is part of the Douro Internacional Natural Park, which runs along the border between Portugal and Spain, through the valleys of the Douro and \u00c1gueda rivers. With 130km long and within an area of 85.150ha, the river valleys shapes a deep canyon with steep [&hellip;]<\/p>\n","protected":false},"author":1,"featured_media":12349,"parent":7074,"menu_order":0,"comment_status":"closed","ping_status":"closed","template":"","meta":{"googlesitekit_rrm_CAowx9fADA:productID":"","om_disable_all_campaigns":false,"ngg_post_thumbnail":0,"footnotes":""},"class_list":["post-7076","page","type-page","status-publish","has-post-thumbnail","hentry"],"yoast_head":"<!-- This site is optimized with the Yoast SEO plugin v27.5 - https:\/\/yoast.com\/product\/yoast-seo-wordpress\/ -->\n<title>Mosteiro Stream valley, hiking trail with Wildlife Portugal<\/title>\n<meta name=\"description\" content=\"At Mosteiro Stream valley, in Douro Internacional, this hiking trail with many points of interest, is guided by Wildlife Portugal.\" \/>\n<meta name=\"robots\" content=\"index, follow, max-snippet:-1, max-image-preview:large, max-video-preview:-1\" \/>\n<link rel=\"canonical\" href=\"https:\/\/wildlifeportugal.pt\/en\/hiking\/douro-international-natural-park\/mosteiro-stream\/\" \/>\n<meta property=\"og:locale\" content=\"en_US\" \/>\n<meta property=\"og:type\" content=\"article\" \/>\n<meta property=\"og:title\" content=\"Mosteiro Stream valley, hiking trail with Wildlife Portugal\" \/>\n<meta property=\"og:description\" content=\"At Mosteiro Stream valley, in Douro Internacional, this hiking trail with many points of interest, is guided by Wildlife Portugal.\" \/>\n<meta property=\"og:url\" content=\"https:\/\/wildlifeportugal.pt\/en\/hiking\/douro-international-natural-park\/mosteiro-stream\/\" \/>\n<meta property=\"og:site_name\" content=\"Wildlife Portugal\" \/>\n<meta property=\"article:publisher\" content=\"https:\/\/www.facebook.com\/wildlifeportugal\/\" \/>\n<meta property=\"article:modified_time\" content=\"2025-10-02T18:42:15+00:00\" \/>\n<meta property=\"og:image\" content=\"https:\/\/wildlifeportugal.pt\/wp-content\/uploads\/2020\/04\/FMR7262.jpg\" \/>\n\t<meta property=\"og:image:width\" content=\"1920\" \/>\n\t<meta property=\"og:image:height\" content=\"1275\" \/>\n\t<meta property=\"og:image:type\" content=\"image\/jpeg\" \/>\n<meta name=\"twitter:card\" content=\"summary_large_image\" \/>\n<meta name=\"twitter:site\" content=\"@wildlifept\" \/>\n<meta name=\"twitter:label1\" content=\"Est. reading time\" \/>\n\t<meta name=\"twitter:data1\" content=\"9 minutes\" \/>\n<script type=\"application\/ld+json\" class=\"yoast-schema-graph\">{\"@context\":\"https:\\\/\\\/schema.org\",\"@graph\":[{\"@type\":\"WebPage\",\"@id\":\"https:\\\/\\\/wildlifeportugal.pt\\\/en\\\/hiking\\\/douro-international-natural-park\\\/mosteiro-stream\\\/\",\"url\":\"https:\\\/\\\/wildlifeportugal.pt\\\/en\\\/hiking\\\/douro-international-natural-park\\\/mosteiro-stream\\\/\",\"name\":\"Mosteiro Stream valley, hiking trail with Wildlife Portugal\",\"isPartOf\":{\"@id\":\"https:\\\/\\\/wildlifeportugal.pt\\\/en\\\/#website\"},\"primaryImageOfPage\":{\"@id\":\"https:\\\/\\\/wildlifeportugal.pt\\\/en\\\/hiking\\\/douro-international-natural-park\\\/mosteiro-stream\\\/#primaryimage\"},\"image\":{\"@id\":\"https:\\\/\\\/wildlifeportugal.pt\\\/en\\\/hiking\\\/douro-international-natural-park\\\/mosteiro-stream\\\/#primaryimage\"},\"thumbnailUrl\":\"https:\\\/\\\/wildlifeportugal.pt\\\/wp-content\\\/uploads\\\/2020\\\/04\\\/FMR7262.jpg\",\"datePublished\":\"2016-11-08T23:03:22+00:00\",\"dateModified\":\"2025-10-02T18:42:15+00:00\",\"description\":\"At Mosteiro Stream valley, in Douro Internacional, this hiking trail with many points of interest, is guided by Wildlife Portugal.\",\"breadcrumb\":{\"@id\":\"https:\\\/\\\/wildlifeportugal.pt\\\/en\\\/hiking\\\/douro-international-natural-park\\\/mosteiro-stream\\\/#breadcrumb\"},\"inLanguage\":\"en-US\",\"potentialAction\":[{\"@type\":\"ReadAction\",\"target\":[\"https:\\\/\\\/wildlifeportugal.pt\\\/en\\\/hiking\\\/douro-international-natural-park\\\/mosteiro-stream\\\/\"]}]},{\"@type\":\"ImageObject\",\"inLanguage\":\"en-US\",\"@id\":\"https:\\\/\\\/wildlifeportugal.pt\\\/en\\\/hiking\\\/douro-international-natural-park\\\/mosteiro-stream\\\/#primaryimage\",\"url\":\"https:\\\/\\\/wildlifeportugal.pt\\\/wp-content\\\/uploads\\\/2020\\\/04\\\/FMR7262.jpg\",\"contentUrl\":\"https:\\\/\\\/wildlifeportugal.pt\\\/wp-content\\\/uploads\\\/2020\\\/04\\\/FMR7262.jpg\",\"width\":1920,\"height\":1275,\"caption\":\"Mosteiro stream - Douro Internacional\"},{\"@type\":\"BreadcrumbList\",\"@id\":\"https:\\\/\\\/wildlifeportugal.pt\\\/en\\\/hiking\\\/douro-international-natural-park\\\/mosteiro-stream\\\/#breadcrumb\",\"itemListElement\":[{\"@type\":\"ListItem\",\"position\":1,\"name\":\"In\u00edcio\",\"item\":\"https:\\\/\\\/wildlifeportugal.pt\\\/en\\\/\"},{\"@type\":\"ListItem\",\"position\":2,\"name\":\"HIKING\",\"item\":\"https:\\\/\\\/wildlifeportugal.pt\\\/en\\\/hiking\\\/\"},{\"@type\":\"ListItem\",\"position\":3,\"name\":\"Douro Internacional Nature Park\",\"item\":\"https:\\\/\\\/wildlifeportugal.pt\\\/en\\\/hiking\\\/douro-international-natural-park\\\/\"},{\"@type\":\"ListItem\",\"position\":4,\"name\":\"Mosteiro Stream\"}]},{\"@type\":\"WebSite\",\"@id\":\"https:\\\/\\\/wildlifeportugal.pt\\\/en\\\/#website\",\"url\":\"https:\\\/\\\/wildlifeportugal.pt\\\/en\\\/\",\"name\":\"Wildlife Portugal\",\"description\":\"Wild Nature Tours\",\"publisher\":{\"@id\":\"https:\\\/\\\/wildlifeportugal.pt\\\/en\\\/#organization\"},\"potentialAction\":[{\"@type\":\"SearchAction\",\"target\":{\"@type\":\"EntryPoint\",\"urlTemplate\":\"https:\\\/\\\/wildlifeportugal.pt\\\/en\\\/?s={search_term_string}\"},\"query-input\":{\"@type\":\"PropertyValueSpecification\",\"valueRequired\":true,\"valueName\":\"search_term_string\"}}],\"inLanguage\":\"en-US\"},{\"@type\":\"Organization\",\"@id\":\"https:\\\/\\\/wildlifeportugal.pt\\\/en\\\/#organization\",\"name\":\"Wildlife Portugal\",\"url\":\"https:\\\/\\\/wildlifeportugal.pt\\\/en\\\/\",\"logo\":{\"@type\":\"ImageObject\",\"inLanguage\":\"en-US\",\"@id\":\"https:\\\/\\\/wildlifeportugal.pt\\\/en\\\/#\\\/schema\\\/logo\\\/image\\\/\",\"url\":\"https:\\\/\\\/k52mhucbgfd.preview.infomaniak.website\\\/wp-content\\\/uploads\\\/2025\\\/10\\\/Sem-Titulo-1.jpg\",\"contentUrl\":\"https:\\\/\\\/k52mhucbgfd.preview.infomaniak.website\\\/wp-content\\\/uploads\\\/2025\\\/10\\\/Sem-Titulo-1.jpg\",\"width\":600,\"height\":600,\"caption\":\"Wildlife Portugal\"},\"image\":{\"@id\":\"https:\\\/\\\/wildlifeportugal.pt\\\/en\\\/#\\\/schema\\\/logo\\\/image\\\/\"},\"sameAs\":[\"https:\\\/\\\/www.facebook.com\\\/wildlifeportugal\\\/\",\"https:\\\/\\\/x.com\\\/wildlifept\",\"https:\\\/\\\/www.instagram.com\\\/wildlifeportugal\\\/\",\"https:\\\/\\\/www.linkedin.com\\\/in\\\/wildlife-portugal-69569b136\\\/\",\"https:\\\/\\\/pt.pinterest.com\\\/wildlifept\\\/\",\"https:\\\/\\\/www.youtube.com\\\/channel\\\/UCdJIIGehM2uT9WloHyUwmyQ\"]}]}<\/script>\n<!-- \/ Yoast SEO plugin. -->","yoast_head_json":{"title":"Mosteiro Stream valley, hiking trail with Wildlife Portugal","description":"At Mosteiro Stream valley, in Douro Internacional, this hiking trail with many points of interest, is guided by Wildlife Portugal.","robots":{"index":"index","follow":"follow","max-snippet":"max-snippet:-1","max-image-preview":"max-image-preview:large","max-video-preview":"max-video-preview:-1"},"canonical":"https:\/\/wildlifeportugal.pt\/en\/hiking\/douro-international-natural-park\/mosteiro-stream\/","og_locale":"en_US","og_type":"article","og_title":"Mosteiro Stream valley, hiking trail with Wildlife Portugal","og_description":"At Mosteiro Stream valley, in Douro Internacional, this hiking trail with many points of interest, is guided by Wildlife Portugal.","og_url":"https:\/\/wildlifeportugal.pt\/en\/hiking\/douro-international-natural-park\/mosteiro-stream\/","og_site_name":"Wildlife Portugal","article_publisher":"https:\/\/www.facebook.com\/wildlifeportugal\/","article_modified_time":"2025-10-02T18:42:15+00:00","og_image":[{"width":1920,"height":1275,"url":"https:\/\/wildlifeportugal.pt\/wp-content\/uploads\/2020\/04\/FMR7262.jpg","type":"image\/jpeg"}],"twitter_card":"summary_large_image","twitter_site":"@wildlifept","twitter_misc":{"Est. reading time":"9 minutes"},"schema":{"@context":"https:\/\/schema.org","@graph":[{"@type":"WebPage","@id":"https:\/\/wildlifeportugal.pt\/en\/hiking\/douro-international-natural-park\/mosteiro-stream\/","url":"https:\/\/wildlifeportugal.pt\/en\/hiking\/douro-international-natural-park\/mosteiro-stream\/","name":"Mosteiro Stream valley, hiking trail with Wildlife Portugal","isPartOf":{"@id":"https:\/\/wildlifeportugal.pt\/en\/#website"},"primaryImageOfPage":{"@id":"https:\/\/wildlifeportugal.pt\/en\/hiking\/douro-international-natural-park\/mosteiro-stream\/#primaryimage"},"image":{"@id":"https:\/\/wildlifeportugal.pt\/en\/hiking\/douro-international-natural-park\/mosteiro-stream\/#primaryimage"},"thumbnailUrl":"https:\/\/wildlifeportugal.pt\/wp-content\/uploads\/2020\/04\/FMR7262.jpg","datePublished":"2016-11-08T23:03:22+00:00","dateModified":"2025-10-02T18:42:15+00:00","description":"At Mosteiro Stream valley, in Douro Internacional, this hiking trail with many points of interest, is guided by Wildlife Portugal.","breadcrumb":{"@id":"https:\/\/wildlifeportugal.pt\/en\/hiking\/douro-international-natural-park\/mosteiro-stream\/#breadcrumb"},"inLanguage":"en-US","potentialAction":[{"@type":"ReadAction","target":["https:\/\/wildlifeportugal.pt\/en\/hiking\/douro-international-natural-park\/mosteiro-stream\/"]}]},{"@type":"ImageObject","inLanguage":"en-US","@id":"https:\/\/wildlifeportugal.pt\/en\/hiking\/douro-international-natural-park\/mosteiro-stream\/#primaryimage","url":"https:\/\/wildlifeportugal.pt\/wp-content\/uploads\/2020\/04\/FMR7262.jpg","contentUrl":"https:\/\/wildlifeportugal.pt\/wp-content\/uploads\/2020\/04\/FMR7262.jpg","width":1920,"height":1275,"caption":"Mosteiro stream - Douro Internacional"},{"@type":"BreadcrumbList","@id":"https:\/\/wildlifeportugal.pt\/en\/hiking\/douro-international-natural-park\/mosteiro-stream\/#breadcrumb","itemListElement":[{"@type":"ListItem","position":1,"name":"In\u00edcio","item":"https:\/\/wildlifeportugal.pt\/en\/"},{"@type":"ListItem","position":2,"name":"HIKING","item":"https:\/\/wildlifeportugal.pt\/en\/hiking\/"},{"@type":"ListItem","position":3,"name":"Douro Internacional Nature Park","item":"https:\/\/wildlifeportugal.pt\/en\/hiking\/douro-international-natural-park\/"},{"@type":"ListItem","position":4,"name":"Mosteiro Stream"}]},{"@type":"WebSite","@id":"https:\/\/wildlifeportugal.pt\/en\/#website","url":"https:\/\/wildlifeportugal.pt\/en\/","name":"Wildlife Portugal","description":"Wild Nature Tours","publisher":{"@id":"https:\/\/wildlifeportugal.pt\/en\/#organization"},"potentialAction":[{"@type":"SearchAction","target":{"@type":"EntryPoint","urlTemplate":"https:\/\/wildlifeportugal.pt\/en\/?s={search_term_string}"},"query-input":{"@type":"PropertyValueSpecification","valueRequired":true,"valueName":"search_term_string"}}],"inLanguage":"en-US"},{"@type":"Organization","@id":"https:\/\/wildlifeportugal.pt\/en\/#organization","name":"Wildlife Portugal","url":"https:\/\/wildlifeportugal.pt\/en\/","logo":{"@type":"ImageObject","inLanguage":"en-US","@id":"https:\/\/wildlifeportugal.pt\/en\/#\/schema\/logo\/image\/","url":"https:\/\/k52mhucbgfd.preview.infomaniak.website\/wp-content\/uploads\/2025\/10\/Sem-Titulo-1.jpg","contentUrl":"https:\/\/k52mhucbgfd.preview.infomaniak.website\/wp-content\/uploads\/2025\/10\/Sem-Titulo-1.jpg","width":600,"height":600,"caption":"Wildlife Portugal"},"image":{"@id":"https:\/\/wildlifeportugal.pt\/en\/#\/schema\/logo\/image\/"},"sameAs":["https:\/\/www.facebook.com\/wildlifeportugal\/","https:\/\/x.com\/wildlifept","https:\/\/www.instagram.com\/wildlifeportugal\/","https:\/\/www.linkedin.com\/in\/wildlife-portugal-69569b136\/","https:\/\/pt.pinterest.com\/wildlifept\/","https:\/\/www.youtube.com\/channel\/UCdJIIGehM2uT9WloHyUwmyQ"]}]}},"_links":{"self":[{"href":"https:\/\/wildlifeportugal.pt\/en\/wp-json\/wp\/v2\/pages\/7076","targetHints":{"allow":["GET"]}}],"collection":[{"href":"https:\/\/wildlifeportugal.pt\/en\/wp-json\/wp\/v2\/pages"}],"about":[{"href":"https:\/\/wildlifeportugal.pt\/en\/wp-json\/wp\/v2\/types\/page"}],"author":[{"embeddable":true,"href":"https:\/\/wildlifeportugal.pt\/en\/wp-json\/wp\/v2\/users\/1"}],"replies":[{"embeddable":true,"href":"https:\/\/wildlifeportugal.pt\/en\/wp-json\/wp\/v2\/comments?post=7076"}],"version-history":[{"count":50,"href":"https:\/\/wildlifeportugal.pt\/en\/wp-json\/wp\/v2\/pages\/7076\/revisions"}],"predecessor-version":[{"id":18492,"href":"https:\/\/wildlifeportugal.pt\/en\/wp-json\/wp\/v2\/pages\/7076\/revisions\/18492"}],"up":[{"embeddable":true,"href":"https:\/\/wildlifeportugal.pt\/en\/wp-json\/wp\/v2\/pages\/7074"}],"wp:featuredmedia":[{"embeddable":true,"href":"https:\/\/wildlifeportugal.pt\/en\/wp-json\/wp\/v2\/media\/12349"}],"wp:attachment":[{"href":"https:\/\/wildlifeportugal.pt\/en\/wp-json\/wp\/v2\/media?parent=7076"}],"curies":[{"name":"wp","href":"https:\/\/api.w.org\/{rel}","templated":true}]}}