{"id":7784,"date":"2017-03-06T23:11:32","date_gmt":"2017-03-06T23:11:32","guid":{"rendered":"https:\/\/k52mhucbgfd.preview.infomaniak.website\/?page_id=7784\/"},"modified":"2026-01-15T19:20:06","modified_gmt":"2026-01-15T18:20:06","slug":"estrela-mountain-photo-tour","status":"publish","type":"page","link":"https:\/\/wildlifeportugal.pt\/en\/photo-tours\/estrela-mountain-photo-tour\/","title":{"rendered":"Estrela Mountain Photo Tour"},"content":{"rendered":"<div class=\"wpb-content-wrapper\"><p>[vc_row][vc_column][vc_empty_space height=&#8221;35px&#8221;][vc_column_text css=&#8221;&#8221;]<\/p>\n<h4><span style=\"font-family: arial, helvetica, sans-serif;\"><strong>Highest portuguese mountain&nbsp;<\/strong><\/span><\/h4>\n<p><span id=\"result_box\" class=\"\" lang=\"en\" style=\"font-family: arial, helvetica, sans-serif; font-size: 16px;\">Reaching almost 2000 meters above sea level, Estrela Mountain Natural Park represents the highest elevation of continental Portugal. An imposing and spectacular rocky landscape, it is deeply marked with the scars left by the glaciers of erstwhile. Furthermore, it features mountain-specific habitats and numerous endemic species of plants and animals, some of which&nbsp;<span class=\"\">do not<\/span>&nbsp;exist anywhere else&nbsp;<span class=\"\">in the world.<\/span><\/span><\/p>\n<p><span id=\"result_box\" class=\"\" lang=\"en\" style=\"font-family: arial, helvetica, sans-serif; font-size: 16px;\">Estrela Mountain Natural Park is the area of excellence for all nature lovers<span class=\"\">.<\/span><\/span>[\/vc_column_text][vc_row_inner][vc_column_inner width=&#8221;1\/3&#8243;][vc_single_image image=&#8221;7055&#8243; img_size=&#8221;400&#215;265&#8243; alignment=&#8221;center&#8221; style=&#8221;vc_box_shadow_3d&#8221; css=&#8221;&#8221;][\/vc_column_inner][vc_column_inner width=&#8221;1\/3&#8243;][vc_single_image image=&#8221;7052&#8243; img_size=&#8221;400&#215;265&#8243; alignment=&#8221;center&#8221; style=&#8221;vc_box_shadow_3d&#8221; css=&#8221;&#8221;][\/vc_column_inner][vc_column_inner width=&#8221;1\/3&#8243;][vc_single_image image=&#8221;6924&#8243; img_size=&#8221;400&#215;265&#8243; alignment=&#8221;center&#8221; style=&#8221;vc_box_shadow_3d&#8221; css=&#8221;&#8221;][\/vc_column_inner][\/vc_row_inner][vc_empty_space height=&#8221;20px&#8221;][vc_row_inner][vc_column_inner][vc_column_text css=&#8221;&#8221;]<\/p>\n<h4><strong><span style=\"font-family: arial, helvetica, sans-serif;\">Wildlife values<\/span><\/strong><\/h4>\n<p><span id=\"result_box\" class=\"\" lang=\"en\" style=\"font-family: arial, helvetica, sans-serif; font-size: 16px;\">This Mountain has important natural values. Because of its altitude, the geographic isolation allowed certain species of animals and plants to find refuge or to evolved here separately from other populations, thus creating distinct and specific species for this <span class=\"\">territory.<\/span><\/span><\/p>\n<p><span id=\"result_box\" class=\"\" lang=\"en\" style=\"font-family: arial, helvetica, sans-serif; font-size: 16px;\">In the higher altitudes, you can find and watch with ease, the <em>ex-libris<\/em> of the Estrela reptiles, the Iberian Rock Lizard (<em>Iberolacerta monticola<\/em>), an endemism of this <span class=\"\">Mountain.<\/span><\/span><\/p>\n<p><span id=\"result_box\" class=\"\" lang=\"en\" style=\"font-family: arial, helvetica, sans-serif; font-size: 16px;\">It is also possible to see some insects that are exclusive from here. The <em>Monotropus lusitanica<\/em>, the <em>Iberodorcadion brannani<\/em> the <em>Zabrus estrellanus<\/em> and the <em>Ctenodecticus lusitanicus<\/em> are the main ones. Other species found in Estrela Mountain its exclusive distribution area in Portugal. Such is the case of the dragonflies Moorland Hawker (<em>Aeshna juncea<\/em>) and Yellow-winged Darter (<em>Sympetrum flaveolum<\/em>) and the Black Satyr (<em>Satyrus actaea<\/em>) <span class=\"\">butterfly.<br \/>\n<\/span><\/span><\/p>\n<p><span id=\"result_box\" class=\"\" lang=\"en\" style=\"font-family: arial, helvetica, sans-serif; font-size: 16px;\">From the group <span class=\"\">of existing<\/span> birds and that <span class=\"\">we can observe at<\/span> Estrela Mountain Natural Park, some of them find in this mountain its preferred <span class=\"\">habitat<\/span> <span class=\"\">at national level.<\/span> From a list of about 100 species of residents birds, we can highlight <span class=\"\">the following<\/span>:<\/span><\/p>\n<p><span style=\"font-family: arial, helvetica, sans-serif; font-size: 16px;\">Rock Thrush (<em>Monticola saxatilis<\/em>), Ortolan Bunting (<em>Emberiza hortulana)<\/em>, Rock Bunting (<em>Emberiza cia<\/em>), Montagu&#8217;s Harrier (<em>Circus pygargus<\/em>), Peregrine Falcon (<em>Falco peregrinus<\/em>), Northern Wheatear (<em>Oenanthe oenanthe<\/em>), Tawny Pipit (<em>Anthus campestris<\/em>), Short-Toed Snake Eagle (<em>Circaetus gallicus<\/em>), Booted Eagle (<em>Hieraeetus pennatus<\/em>), Crag Martin (<em>Ptyonoprogne rupestris<\/em>), Dipper (<em>Cinclus cinclus<\/em>), Common Redstart (<em>Phoenicuros phoenicuros<\/em>), Chough (<em>Pyrrhocorax pyrrhocorax<\/em>).<\/span><\/p>\n<p>&nbsp;<\/p>\n<h4><strong><span style=\"font-family: arial, helvetica, sans-serif;\">Botanic values<\/span><\/strong><\/h4>\n<p><span id=\"result_box\" class=\"\" lang=\"en\" style=\"font-family: arial, helvetica, sans-serif; font-size: 16px;\"><span title=\"Ao n\u00edvel da flora, existe uma grande variedade de plantas e flores que emprestam o seu colorido aos caminhos e encostas da Serra.\">In terms of flora, there is a wide variety of plants and flowers that lend their color to the paths and slopes of the mountain. <\/span><span title=\"\u00c0 semelhan\u00e7a dos animais, alguns elementos da bot\u00e2nica apenas sobrevivem neste territ\u00f3rio montanhoso.\">Like the animals, some elements of the botany only survive in this mountainous territory. <\/span><span title=\"O patamar mais elevado da Estrela apresenta caracter\u00edsticas pseudo-alpinas e, por isso, a vegeta\u00e7\u00e3o \u00e9 maioritariamente constitu\u00edda por plantas de porte arbustivo e rasteiro, como o zimbro-alpino (Juniperus alpina), e gram\u00edneas como a Festuca henriquesii e o Cervum (Nardus\">The highest ground of Estrela presents pseudo-alpine features and therefore the vegetation is mostly formed by small-sized plants, shrubs and creeping plants like the Juniper (<em>Juniperus alpina<\/em>) and grasses such as<em> Festuca henriquesii<\/em> and Cervum (<em>Nardus <\/em><\/span><span title=\"stricta), plantas adaptadas ao clima adverso do Inverno e \u00e0 cobertura regular pelo manto de neve.\"><em>stricta<\/em>), plants adapted to the adverse weather of winter with a regular coverage of snow. <\/span><\/span><\/p>\n<p><span id=\"result_box\" class=\"\" lang=\"en\" style=\"font-family: arial, helvetica, sans-serif; font-size: 16px;\"><span title=\"A Campanulla herminii, uma bela flor azul que est\u00e1 associada aos pastos de altitude (cervunais), e a Silene foetida subsp.\">The <em>Campanulla herminii<\/em>, a beautiful blue flower that is associated with altitude pastures (<em>cervunais<\/em>) and the <em>Silene foetida<\/em> subsp. <\/span><span title=\"foetida, florescem durante os meses de Ver\u00e3o. Mas j\u00e1 a meio do Inverno e no in\u00edcio da Primavera podemos ver v\u00e1rias esp\u00e9cies de narcisos (alguns endemismo ib\u00e9ricos) e a caracter\u00edstica Fritilaria nervosa.\"><em>foetida<\/em>, bloom during the summer months. But since the middle of winter and early spring we can see several species of d<span id=\"result_box\" class=\"short_text\" lang=\"en\"><span class=\"alt-edited\">affodils<\/span><\/span> (some are Iberian endemisms) and the <span id=\"result_box\" class=\"short_text\" lang=\"en\"><span class=\"\">Fritillary<\/span><\/span> (<em>Fritilaria nervosa<\/em>). <\/span><span title=\"Nas zonas mais h\u00famidas, ainda podemos encontrar a min\u00fascula Orvalhinha (Drosera rotundifolia) uma planta carn\u00edvora, entre muitas outras.\">In wetter areas, we can still find the tiny Sundew (<em>Drosera rotundifolia<\/em>) a carnivorous plant.<\/span><\/span>[\/vc_column_text][\/vc_column_inner][\/vc_row_inner][vc_row_inner][vc_column_inner width=&#8221;1\/3&#8243;][vc_single_image image=&#8221;16225&#8243; img_size=&#8221;400&#215;265&#8243; add_caption=&#8221;yes&#8221; alignment=&#8221;center&#8221; style=&#8221;vc_box_shadow_3d&#8221; css=&#8221;&#8221;][\/vc_column_inner][vc_column_inner width=&#8221;1\/3&#8243;][vc_single_image image=&#8221;7046&#8243; img_size=&#8221;400&#215;265&#8243; add_caption=&#8221;yes&#8221; alignment=&#8221;center&#8221; style=&#8221;vc_box_shadow_3d&#8221; css=&#8221;&#8221;][\/vc_column_inner][vc_column_inner width=&#8221;1\/3&#8243;][vc_single_image image=&#8221;7322&#8243; img_size=&#8221;400&#215;265&#8243; add_caption=&#8221;yes&#8221; alignment=&#8221;center&#8221; style=&#8221;vc_box_shadow_3d&#8221; css=&#8221;&#8221;][\/vc_column_inner][\/vc_row_inner][vc_empty_space height=&#8221;20px&#8221;][vc_row_inner][vc_column_inner][vc_column_text css=&#8221;&#8221;]<\/p>\n<h4><span style=\"font-family: arial, helvetica, sans-serif;\"><strong>Geomorphological values<\/strong><\/span><\/h4>\n<p><span style=\"font-family: arial, helvetica, sans-serif; font-size: 16px;\">Estrela Mountain was formed\/rose due to the Hercynian orogeny (300 million years ago) and later with the convergence of the Eurasian and African plates (70-90 million years ago). Afterwards, during the Tertiary period (65-2.5 million years ago) it continue to rise with the Alpine orogeny.<\/span><\/p>\n<p><span style=\"font-family: arial, helvetica, sans-serif; font-size: 16px;\">Glacial processes during the Quaternary period (last 2.5 Ma) contributed to the current morphology of the upper levels of the mountain range. The Upper Plateau was covered by a polar ice cap measuring approximately 66 m\u00b2 and reaching an average thickness of 80 meters. Seven glacial tongues diverged from this ice cap.<\/span><\/p>\n<p><span style=\"font-family: arial, helvetica, sans-serif; font-size: 16px;\">The last cold period (Wurm glaciation) began approximately 100,000 years ago and ended only 10,000 years ago.&nbsp;It was mainly the processes associated with glaciation that left deep marks on the relief and landscape of Estrela Mountain, making it the best place in the country to see this. Its geomorphological richness has also earned this territory the classification of&nbsp;<strong><a href=\"https:\/\/www.geoparkestrela.pt\/menu\" target=\"_blank\" rel=\"noopener\">Geopark Estrela<\/a><\/strong>&nbsp;by UNESCO.<\/span>[\/vc_column_text][\/vc_column_inner][\/vc_row_inner][vc_row_inner][vc_column_inner width=&#8221;1\/3&#8243;][vc_single_image image=&#8221;18359&#8243; img_size=&#8221;400&#215;265&#8243; alignment=&#8221;center&#8221; style=&#8221;vc_box_shadow_3d&#8221; css=&#8221;&#8221;][\/vc_column_inner][vc_column_inner width=&#8221;1\/3&#8243;][vc_single_image image=&#8221;18361&#8243; img_size=&#8221;400&#215;265&#8243; alignment=&#8221;center&#8221; style=&#8221;vc_box_shadow_3d&#8221; css=&#8221;&#8221;][\/vc_column_inner][vc_column_inner width=&#8221;1\/3&#8243;][vc_single_image image=&#8221;9465&#8243; img_size=&#8221;400&#215;265&#8243; alignment=&#8221;center&#8221; style=&#8221;vc_box_shadow_3d&#8221; css=&#8221;&#8221;][\/vc_column_inner][\/vc_row_inner][vc_empty_space height=&#8221;20px&#8221;][vc_row_inner][vc_column_inner][vc_column_text css=&#8221;&#8221;]<\/p>\n<h4><strong><span style=\"font-family: arial, helvetica, sans-serif;\">Estrela Mountain Photo Tour<\/span><\/strong><\/h4>\n<p><span id=\"result_box\" class=\"\" lang=\"en\" style=\"font-family: arial, helvetica, sans-serif; font-size: 16px;\">In general, our photo tours <span class=\"\">cover the<\/span> <span class=\"\">different<\/span> <span class=\"\">aspects of the<\/span> <span class=\"\">natural heritage of<\/span> Estrela Mountain. However, we can direct the tours <span class=\"\">for a more specific<\/span> <span class=\"\">approach.<\/span><\/span><\/p>\n<p><span id=\"result_box\" class=\"\" lang=\"en\" style=\"font-family: arial, helvetica, sans-serif; font-size: 16px;\">Through our selected itineraries, the Estrela Mountain Photo Tour is ment to allow participants to meet <span class=\"\">and photograph<\/span> <span class=\"\">the most relevant aspects<\/span> of the natural heritage <span class=\"\">of Estrela Mountain<\/span>, whether <span class=\"\">the rock formations<\/span> and the remains of glaciations, birds, reptiles and amphibians, insects, <span class=\"\">flowers,<\/span> mountain scenery, water and, even in winter, landscapes with <span class=\"\">snow and ice.<\/span><\/span><\/p>\n<p><span id=\"result_box\" class=\"\" lang=\"en\" style=\"font-family: arial, helvetica, sans-serif; font-size: 16px;\"><span class=\"\">Accompanied by<\/span> a <span class=\"\">guide and <\/span><span class=\"\">experienced<\/span> nature photographer, we can still, <span class=\"\">in a practical way<\/span>, <span class=\"\">develop<\/span> <span class=\"\">some techniques and<\/span> <span class=\"\">photographic concepts<\/span><span class=\"\">.<\/span><\/span>[\/vc_column_text][\/vc_column_inner][\/vc_row_inner][vc_row_inner][vc_column_inner width=&#8221;1\/3&#8243;][vc_single_image image=&#8221;7109&#8243; img_size=&#8221;400&#215;265&#8243; alignment=&#8221;center&#8221; style=&#8221;vc_box_shadow_3d&#8221; css=&#8221;&#8221;][\/vc_column_inner][vc_column_inner width=&#8221;1\/3&#8243;][vc_single_image image=&#8221;9861&#8243; img_size=&#8221;400&#215;265&#8243; alignment=&#8221;center&#8221; style=&#8221;vc_box_shadow_3d&#8221; css=&#8221;&#8221;][\/vc_column_inner][vc_column_inner width=&#8221;1\/3&#8243;][vc_single_image image=&#8221;18573&#8243; img_size=&#8221;400&#215;265&#8243; alignment=&#8221;center&#8221; style=&#8221;vc_box_shadow_3d&#8221; css=&#8221;&#8221;][\/vc_column_inner][\/vc_row_inner][vc_empty_space height=&#8221;20px&#8221;][vc_column_text css=&#8221;&#8221;]<\/p>\n<p style=\"text-align: center;\"><span id=\"result_box\" class=\"\" lang=\"en\" style=\"font-family: arial, helvetica, sans-serif; font-size: 16px;\"><strong>THE BEST OF EACH SEASON:<\/strong><\/span><\/p>\n<p style=\"text-align: center;\"><span style=\"font-family: arial, helvetica, sans-serif; font-size: 16px;\">Winter (<span class=\"\">December to March)<\/span> <span class=\"\">&#8211;<\/span> winter landscapes with snow and ice, d<span id=\"result_box\" class=\"short_text\" lang=\"en\"><span class=\"alt-edited\">affodils<\/span><\/span> and f<span id=\"result_box\" class=\"short_text\" lang=\"en\"><span class=\"\">ritillary<\/span><\/span> flowers.<\/span><\/p>\n<p style=\"text-align: center;\"><span style=\"font-family: arial, helvetica, sans-serif; font-size: 16px;\">Spring (April to June) &#8211; spring <span class=\"\">landscapes,<\/span> fauna and flora, water.<\/span><\/p>\n<p style=\"text-align: center;\"><span style=\"font-family: arial, helvetica, sans-serif; font-size: 16px;\">Summer (July to September) &#8211; fauna (<span class=\"\">reptiles<\/span>, amphibians, insects) and the most important flowers.<\/span><\/p>\n<p style=\"text-align: center;\"><span style=\"font-family: arial, helvetica, sans-serif; font-size: 16px;\">Autumn (November) &#8211; autumnal <span class=\"\">landscapes,<\/span> deciduous and mixed forests, mushrooms, <span class=\"\">water.<\/span><\/span><\/p>\n<p>&nbsp;<\/p>\n<p>&nbsp;[\/vc_column_text][\/vc_column][\/vc_row][vc_row][vc_column][vc_empty_space height=&#8221;25px&#8221;][vc_custom_heading text=&#8221;Book now!&#8221; use_theme_fonts=&#8221;yes&#8221; css=&#8221;&#8221;][vc_empty_space height=&#8221;10px&#8221;][vc_btn title=&#8221;1\/2 day tour&#8221; style=&#8221;outline-custom&#8221; outline_custom_hover_background=&#8221;#DD9933&#8243; css=&#8221;.vc_custom_1768501151034{padding-left: 10px !important;}&#8221; link=&#8221;url:https%3A%2F%2Fk52mhucbgfd.preview.infomaniak.website%2Fen%2Fst_tour%2Festrela-mountain-photo-tour-1-2day%2F|target:_blank&#8221;][vc_btn title=&#8221;1 day tour&#8221; style=&#8221;outline-custom&#8221; outline_custom_hover_background=&#8221;#DD9933&#8243; css=&#8221;.vc_custom_1768501159524{padding-left: 10px !important;}&#8221; link=&#8221;url:https%3A%2F%2Fk52mhucbgfd.preview.infomaniak.website%2Fen%2Fst_tour%2Festrela-mountain-photo-tour-1day%2F|target:_blank&#8221;][vc_empty_space height=&#8221;50px&#8221;][\/vc_column][\/vc_row][vc_row][vc_column][vc_separator css=&#8221;&#8221;][vc_custom_heading text=&#8221;Photo gallery&#8221; use_theme_fonts=&#8221;yes&#8221; css=&#8221;&#8221;][vc_wp_text]<\/p>\n<p>ngg_shortcode_0_placeholder[\/vc_wp_text][vc_empty_space height=&#8221;25px&#8221;][\/vc_column][\/vc_row][vc_row][vc_column][vc_tta_accordion style=&#8221;modern&#8221; color=&#8221;orange&#8221; spacing=&#8221;1&#8243; gap=&#8221;1&#8243; c_icon=&#8221;triangle&#8221; active_section=&#8221;0&#8243; collapsible_all=&#8221;true&#8221;][vc_tta_section i_position=&#8221;right&#8221; i_icon_fontawesome=&#8221;fas fa-info-circle&#8221; add_icon=&#8221;true&#8221; title=&#8221;more information&#8221; tab_id=&#8221;1502533430074-5838694b-2196&#8243;][vc_column_text css=&#8221;&#8221;]<\/p>\n<p style=\"padding-left: 40px;\">&nbsp;<\/p>\n<p style=\"padding-left: 40px;\"><span style=\"font-family: arial, helvetica, sans-serif; font-size: 16px;\"><strong>Meeting point<\/strong>: Manteigas<\/span><\/p>\n<p style=\"padding-left: 40px;\"><span style=\"font-family: arial, helvetica, sans-serif; font-size: 16px;\"><strong>Duration<\/strong>: 4 to 6 hours<\/span><\/p>\n<p style=\"padding-left: 40px;\"><span style=\"font-family: arial, helvetica, sans-serif; font-size: 16px;\"><strong>Type<\/strong>: on vehicle, but with several stops for short walks<\/span><\/p>\n<p style=\"padding-left: 40px;\"><span id=\"result_box\" class=\"\" lang=\"en\" style=\"font-family: arial, helvetica, sans-serif; font-size: 16px;\"><strong>RECOMMENDATIONS AND TIPS<\/strong><\/span><\/p>\n<p style=\"padding-left: 40px;\"><span style=\"font-family: arial, helvetica, sans-serif; font-size: 16px;\">For this program comfortable shoes are needed (preferably hiking boots), pants, windbreaker and other garment adapted to the season and weather forecasts. Bring water. About the photographic equipment, although indicative, the ideal will be a reflex digital camera (DSLR), wide angle lens, another lens with <span class=\"\">longer focal<\/span> (eg 70-200mm), tripod. Participants may bring other equipment (eg<span class=\"\">, macro<\/span> lens, flash, filters, etc.).<\/span><\/p>\n<p style=\"padding-left: 40px;\"><span style=\"font-family: arial, helvetica, sans-serif; font-size: 16px;\"><em>Even <span class=\"\">during the summer,<\/span> the weather can deteriorate very sunddenly and become <span class=\"\">somewhat <\/span>harsh: strong winds, low temperatures, fogs. Depending on the weather <span class=\"\">conditions for<\/span> the day of the activity, there may be, or not, a change or cancellation <span class=\"\">of the program.<\/span><\/em><\/span><\/p>\n<p style=\"padding-left: 40px;\">&nbsp;<\/p>\n<p>[\/vc_column_text][vc_empty_space height=&#8221;20px&#8221;][\/vc_tta_section][vc_tta_section i_position=&#8221;right&#8221; i_icon_fontawesome=&#8221;fas fa-map-marked-alt&#8221; add_icon=&#8221;true&#8221; title=&#8221;location&#8221; tab_id=&#8221;1580434016475-0747272f-9611&#8243;][vc_goo_maps location=&#8221;Torre, Seia, Portugal&#8221; zoom=&#8221;12&#8243; type=&#8221;h&#8221; css=&#8221;&#8221;][\/vc_tta_section][vc_tta_section i_position=&#8221;right&#8221; i_icon_fontawesome=&#8221;fas fa-euro-sign&#8221; add_icon=&#8221;true&#8221; title=&#8221;price&#8221; tab_id=&#8221;1502533430263-e3de2761-afeb&#8221;][vc_column_text css=&#8221;&#8221;]<\/p>\n<p style=\"padding-left: 40px;\">&nbsp;<\/p>\n<p style=\"padding-left: 40px;\"><span style=\"font-family: arial, helvetica, sans-serif; font-size: 16px;\"><strong>HALF DAY<\/strong><\/span><\/p>\n<p style=\"padding-left: 40px;\"><span style=\"font-family: arial, helvetica, sans-serif; font-size: 16px;\">Up to 4 participants: <strong>160,00 \u20ac <\/strong>(group price)<\/span><\/p>\n<p>&nbsp;<\/p>\n<p style=\"padding-left: 40px;\"><span style=\"font-family: arial, helvetica, sans-serif; font-size: 16px;\"><strong>FULL DAY<\/strong><\/span><\/p>\n<p style=\"padding-left: 40px;\"><span style=\"font-family: arial, helvetica, sans-serif; font-size: 16px;\">Up to 4 participants: <strong>215,00 \u20ac <\/strong>(group price)<\/span><\/p>\n<p style=\"padding-left: 40px;\">&nbsp;<\/p>\n<p style=\"padding-left: 80px;\"><span style=\"font-family: arial, helvetica, sans-serif; font-size: 16px;\">For larger groups, other conditions apply. Please contact us.<\/span><\/p>\n<p style=\"padding-left: 80px;\"><span style=\"font-family: arial, helvetica, sans-serif; font-size: 16px;\">The price quoted includes a guide, transport from Guarda or local centre (if applicable), insurance.<\/span><\/p>\n<p style=\"padding-left: 80px;\"><span style=\"font-family: arial, helvetica, sans-serif; font-size: 16px;\">Place reservations are only guaranteed after payment of 50 per cent of the registration fee.<\/span><\/p>\n<p style=\"padding-left: 120px;\"><span style=\"font-family: arial, helvetica, sans-serif; font-size: 14px;\"><em>Discount offer equal to VAT for private customers.<\/em><\/span><br \/>\n<span style=\"font-family: arial, helvetica, sans-serif; font-size: 14px;\"><em>VAT is added to the prices indicated for companies and other organisations.<\/em><\/span><\/p>\n<p>&nbsp;[\/vc_column_text][vc_empty_space height=&#8221;20px&#8221;][\/vc_tta_section][vc_tta_section i_position=&#8221;right&#8221; i_icon_fontawesome=&#8221;fas fa-phone-alt&#8221; add_icon=&#8221;true&#8221; title=&#8221;how to book&#8221; tab_id=&#8221;1502548874009-6c5953ca-ae0b&#8221;][vc_empty_space height=&#8221;10px&#8221;][vc_btn title=&#8221;1\/2 day tour&#8221; style=&#8221;outline-custom&#8221; outline_custom_hover_background=&#8221;#DD9933&#8243; css=&#8221;.vc_custom_1768501201740{padding-left: 10px !important;}&#8221; link=&#8221;url:https%3A%2F%2Fk52mhucbgfd.preview.infomaniak.website%2Fen%2Fst_tour%2Festrela-mountain-photo-tour-1-2day%2F|target:_blank&#8221;][vc_btn title=&#8221;1 day tour&#8221; style=&#8221;outline-custom&#8221; outline_custom_hover_background=&#8221;#DD9933&#8243; css=&#8221;.vc_custom_1768501193519{padding-left: 10px !important;}&#8221; link=&#8221;url:https%3A%2F%2Fk52mhucbgfd.preview.infomaniak.website%2Fen%2Fst_tour%2Festrela-mountain-photo-tour-1day%2F|target:_blank&#8221;][vc_column_text css=&#8221;&#8221;]<\/p>\n<p style=\"padding-left: 40px;\">&nbsp;<\/p>\n<p style=\"padding-left: 40px;\"><span style=\"font-family: arial, helvetica, sans-serif; font-size: 16px;\"><span class=\"\">The<\/span> reservation is only guaranteed upon payment of 50% of the registration fee.<\/span><\/p>\n<p style=\"padding-left: 40px;\"><span style=\"font-family: arial, helvetica, sans-serif; font-size: 16px;\">For inquiries please use the following methods:<\/span><\/p>\n<p style=\"padding-left: 80px;\"><span style=\"font-family: arial, helvetica, sans-serif; font-size: 16px;\"><a href=\"https:\/\/k52mhucbgfd.preview.infomaniak.website\/en\/page-contact-us\/\"><strong>contact form<\/strong><\/a><\/span><\/p>\n<p style=\"padding-left: 80px;\"><span style=\"font-family: arial, helvetica, sans-serif; font-size: 16px;\"><strong>Email<\/strong>:<a href=\"mailto:info@k52mhucbgfd.preview.infomaniak.website\" target=\"_blank\" rel=\"noopener noreferrer\"> info@k52mhucbgfd.preview.infomaniak.website<\/a><\/span><\/p>\n<p style=\"padding-left: 80px;\"><span style=\"font-family: arial, helvetica, sans-serif; font-size: 16px;\"><strong>Mobile\/WhatsApp<\/strong>: +351 918 068 872<\/span><\/p>\n<p style=\"padding-left: 120px;\"><span style=\"font-family: arial, helvetica, sans-serif; font-size: 14px;\">(call to the national mobile network)<\/span><\/p>\n<p>[\/vc_column_text][vc_empty_space height=&#8221;20px&#8221;][\/vc_tta_section][vc_tta_section i_position=&#8221;right&#8221; i_icon_fontawesome=&#8221;fa fa-solid fa-bed&#8221; add_icon=&#8221;true&#8221; title=&#8221;suggested accommodations&#8221; tab_id=&#8221;1759517339128-87328006-335a&#8221;][vc_column_text css=&#8221;&#8221;]<\/p>\n<p style=\"padding-left: 40px;\">&nbsp;<\/p>\n<p style=\"padding-left: 40px;\"><span style=\"font-family: arial, helvetica, sans-serif; font-size: 16px;\"><a href=\"https:\/\/casadaspenhasdouradas.pt\/en\/\" target=\"_blank\" rel=\"noopener\"><strong>Casa das Penhas Douradas<\/strong><\/a><\/span><\/p>\n<p style=\"padding-left: 40px;\"><span style=\"font-family: arial, helvetica, sans-serif; font-size: 16px;\"><strong><a href=\"http:\/\/quintadorionoemi.com\/\" target=\"_blank\" rel=\"noopener\">Quinta do Rio Noemi<\/a><\/strong><\/span><\/p>\n<p style=\"padding-left: 40px;\">&nbsp;<\/p>\n<p>[\/vc_column_text][\/vc_tta_section][\/vc_tta_accordion][vc_empty_space height=&#8221;30px&#8221;][\/vc_column][\/vc_row][vc_row css=&#8221;.vc_custom_1767122978215{background-color: #E2E2E2 !important;}&#8221;][vc_column width=&#8221;1\/4&#8243;][vc_empty_space height=&#8221;40px&#8221;][vc_single_image image=&#8221;15989&#8243; img_size=&#8221;150&#215;37&#8243; alignment=&#8221;center&#8221; css=&#8221;&#8221;][\/vc_column][vc_column width=&#8221;3\/4&#8243;][vc_empty_space height=&#8221;40px&#8221;][vc_column_text css=&#8221;&#8221;]<span style=\"font-size: 16px; font-family: arial, helvetica, sans-serif;\"><a href=\"https:\/\/www.feisol.eu\/\" target=\"_blank\" rel=\"noopener\">FEISOL<\/a> is a manufacturer of carbon fibre tripods and monopods that uses cutting-edge design and technology to give its products great strength and low weight, improving their portability and usability. So you can concentrate on taking the best pictures.<\/span><\/p>\n<p><span style=\"font-size: 16px; font-family: arial, helvetica, sans-serif;\">Fernando Rom\u00e3o is a Feisol ambassador who relies on its tripods and ballheads for his photographic work and birdwatching activities.<\/span><\/p>\n<p><span style=\"font-size: 16px; font-family: arial, helvetica, sans-serif;\">You can benefit from a 5% discount on your purchases at <a href=\"https:\/\/www.feisol.eu\/\" target=\"_blank\" rel=\"noopener\">www.feisol.eu<\/a> by adding the code <strong>fernando5<\/strong> at the end of the online ordering process.<\/span>[\/vc_column_text][\/vc_column][\/vc_row][vc_row][vc_column][vc_empty_space][\/vc_column][\/vc_row][vc_row full_width=&#8221;stretch_row_content&#8221; full_height=&#8221;yes&#8221; columns_placement=&#8221;top&#8221; content_placement=&#8221;top&#8221; css=&#8221;.vc_custom_1608084752380{background-image: url(https:\/\/k52mhucbgfd.preview.infomaniak.website\/wp-content\/uploads\/2020\/12\/FMR2601.jpg?id=13322) !important;background-position: center !important;background-repeat: no-repeat !important;background-size: cover !important;}&#8221;][vc_column width=&#8221;3\/4&#8243;][vc_empty_space height=&#8221;70px&#8221;][vc_single_image image=&#8221;13251&#8243; img_size=&#8221;full&#8221; onclick=&#8221;custom_link&#8221; link=&#8221;https:\/\/k52mhucbgfd.preview.infomaniak.website\/en\/nature-first-partner\/&#8221;][vc_empty_space height=&#8221;40px&#8221;][vc_single_image image=&#8221;13863&#8243; onclick=&#8221;custom_link&#8221; link=&#8221;https:\/\/k52mhucbgfd.preview.infomaniak.website\/en\/nature-first-partner\/&#8221;][\/vc_column][vc_column width=&#8221;1\/4&#8243;][\/vc_column][\/vc_row]<\/p>\n<\/div>","protected":false},"excerpt":{"rendered":"<p>[vc_row][vc_column][vc_empty_space height=&#8221;35px&#8221;][vc_column_text css=&#8221;&#8221;] Highest portuguese mountain&nbsp; Reaching almost 2000 meters above sea level, Estrela Mountain Natural Park represents the highest elevation of continental Portugal. An imposing and spectacular rocky landscape, it is deeply marked with the scars left by the glaciers of erstwhile. Furthermore, it features mountain-specific habitats and numerous endemic species of plants and [&hellip;]<\/p>\n","protected":false},"author":1,"featured_media":16556,"parent":6527,"menu_order":0,"comment_status":"closed","ping_status":"closed","template":"","meta":{"googlesitekit_rrm_CAowx9fADA:productID":"","om_disable_all_campaigns":false,"ngg_post_thumbnail":0,"footnotes":""},"class_list":["post-7784","page","type-page","status-publish","has-post-thumbnail","hentry"],"yoast_head":"<!-- This site is optimized with the Yoast SEO plugin v27.5 - https:\/\/yoast.com\/product\/yoast-seo-wordpress\/ -->\n<title>Estrela Mountain Photo Tour<\/title>\n<meta name=\"description\" content=\"Estrela Mountain Photo Tour is a nature photography activity organized by Wildlife Portugal, on the highest mountain of Portugal.\" \/>\n<meta name=\"robots\" content=\"index, follow, max-snippet:-1, max-image-preview:large, max-video-preview:-1\" \/>\n<link rel=\"canonical\" href=\"https:\/\/wildlifeportugal.pt\/en\/photo-tours\/estrela-mountain-photo-tour\/\" \/>\n<meta property=\"og:locale\" content=\"en_US\" \/>\n<meta property=\"og:type\" content=\"article\" \/>\n<meta property=\"og:title\" content=\"Estrela Mountain Photo Tour\" \/>\n<meta property=\"og:description\" content=\"Estrela Mountain Photo Tour is a nature photography activity organized by Wildlife Portugal, on the highest mountain of Portugal.\" \/>\n<meta property=\"og:url\" content=\"https:\/\/wildlifeportugal.pt\/en\/photo-tours\/estrela-mountain-photo-tour\/\" \/>\n<meta property=\"og:site_name\" content=\"Wildlife Portugal\" \/>\n<meta property=\"article:publisher\" content=\"https:\/\/www.facebook.com\/wildlifeportugal\/\" \/>\n<meta property=\"article:modified_time\" content=\"2026-01-15T18:20:06+00:00\" \/>\n<meta property=\"og:image\" content=\"https:\/\/wildlifeportugal.pt\/wp-content\/uploads\/2024\/10\/FMR1369.jpg\" \/>\n\t<meta property=\"og:image:width\" content=\"1920\" \/>\n\t<meta property=\"og:image:height\" content=\"1275\" \/>\n\t<meta property=\"og:image:type\" content=\"image\/jpeg\" \/>\n<meta name=\"twitter:card\" content=\"summary_large_image\" \/>\n<meta name=\"twitter:site\" content=\"@wildlifept\" \/>\n<meta name=\"twitter:label1\" content=\"Est. reading time\" \/>\n\t<meta name=\"twitter:data1\" content=\"11 minutes\" \/>\n<script type=\"application\/ld+json\" class=\"yoast-schema-graph\">{\"@context\":\"https:\\\/\\\/schema.org\",\"@graph\":[{\"@type\":\"WebPage\",\"@id\":\"https:\\\/\\\/wildlifeportugal.pt\\\/en\\\/photo-tours\\\/estrela-mountain-photo-tour\\\/\",\"url\":\"https:\\\/\\\/wildlifeportugal.pt\\\/en\\\/photo-tours\\\/estrela-mountain-photo-tour\\\/\",\"name\":\"Estrela Mountain Photo Tour\",\"isPartOf\":{\"@id\":\"https:\\\/\\\/wildlifeportugal.pt\\\/en\\\/#website\"},\"primaryImageOfPage\":{\"@id\":\"https:\\\/\\\/wildlifeportugal.pt\\\/en\\\/photo-tours\\\/estrela-mountain-photo-tour\\\/#primaryimage\"},\"image\":{\"@id\":\"https:\\\/\\\/wildlifeportugal.pt\\\/en\\\/photo-tours\\\/estrela-mountain-photo-tour\\\/#primaryimage\"},\"thumbnailUrl\":\"https:\\\/\\\/wildlifeportugal.pt\\\/wp-content\\\/uploads\\\/2024\\\/10\\\/FMR1369.jpg\",\"datePublished\":\"2017-03-06T23:11:32+00:00\",\"dateModified\":\"2026-01-15T18:20:06+00:00\",\"description\":\"Estrela Mountain Photo Tour is a nature photography activity organized by Wildlife Portugal, on the highest mountain of Portugal.\",\"breadcrumb\":{\"@id\":\"https:\\\/\\\/wildlifeportugal.pt\\\/en\\\/photo-tours\\\/estrela-mountain-photo-tour\\\/#breadcrumb\"},\"inLanguage\":\"en-US\",\"potentialAction\":[{\"@type\":\"ReadAction\",\"target\":[\"https:\\\/\\\/wildlifeportugal.pt\\\/en\\\/photo-tours\\\/estrela-mountain-photo-tour\\\/\"]}]},{\"@type\":\"ImageObject\",\"inLanguage\":\"en-US\",\"@id\":\"https:\\\/\\\/wildlifeportugal.pt\\\/en\\\/photo-tours\\\/estrela-mountain-photo-tour\\\/#primaryimage\",\"url\":\"https:\\\/\\\/wildlifeportugal.pt\\\/wp-content\\\/uploads\\\/2024\\\/10\\\/FMR1369.jpg\",\"contentUrl\":\"https:\\\/\\\/wildlifeportugal.pt\\\/wp-content\\\/uploads\\\/2024\\\/10\\\/FMR1369.jpg\",\"width\":1920,\"height\":1275,\"caption\":\"Estrela Mountain\"},{\"@type\":\"BreadcrumbList\",\"@id\":\"https:\\\/\\\/wildlifeportugal.pt\\\/en\\\/photo-tours\\\/estrela-mountain-photo-tour\\\/#breadcrumb\",\"itemListElement\":[{\"@type\":\"ListItem\",\"position\":1,\"name\":\"In\u00edcio\",\"item\":\"https:\\\/\\\/wildlifeportugal.pt\\\/en\\\/\"},{\"@type\":\"ListItem\",\"position\":2,\"name\":\"PHOTO TOURS\",\"item\":\"https:\\\/\\\/wildlifeportugal.pt\\\/en\\\/photo-tours\\\/\"},{\"@type\":\"ListItem\",\"position\":3,\"name\":\"Estrela Mountain Photo Tour\"}]},{\"@type\":\"WebSite\",\"@id\":\"https:\\\/\\\/wildlifeportugal.pt\\\/en\\\/#website\",\"url\":\"https:\\\/\\\/wildlifeportugal.pt\\\/en\\\/\",\"name\":\"Wildlife Portugal\",\"description\":\"Wild Nature Tours\",\"publisher\":{\"@id\":\"https:\\\/\\\/wildlifeportugal.pt\\\/en\\\/#organization\"},\"potentialAction\":[{\"@type\":\"SearchAction\",\"target\":{\"@type\":\"EntryPoint\",\"urlTemplate\":\"https:\\\/\\\/wildlifeportugal.pt\\\/en\\\/?s={search_term_string}\"},\"query-input\":{\"@type\":\"PropertyValueSpecification\",\"valueRequired\":true,\"valueName\":\"search_term_string\"}}],\"inLanguage\":\"en-US\"},{\"@type\":\"Organization\",\"@id\":\"https:\\\/\\\/wildlifeportugal.pt\\\/en\\\/#organization\",\"name\":\"Wildlife Portugal\",\"url\":\"https:\\\/\\\/wildlifeportugal.pt\\\/en\\\/\",\"logo\":{\"@type\":\"ImageObject\",\"inLanguage\":\"en-US\",\"@id\":\"https:\\\/\\\/wildlifeportugal.pt\\\/en\\\/#\\\/schema\\\/logo\\\/image\\\/\",\"url\":\"https:\\\/\\\/k52mhucbgfd.preview.infomaniak.website\\\/wp-content\\\/uploads\\\/2025\\\/10\\\/Sem-Titulo-1.jpg\",\"contentUrl\":\"https:\\\/\\\/k52mhucbgfd.preview.infomaniak.website\\\/wp-content\\\/uploads\\\/2025\\\/10\\\/Sem-Titulo-1.jpg\",\"width\":600,\"height\":600,\"caption\":\"Wildlife Portugal\"},\"image\":{\"@id\":\"https:\\\/\\\/wildlifeportugal.pt\\\/en\\\/#\\\/schema\\\/logo\\\/image\\\/\"},\"sameAs\":[\"https:\\\/\\\/www.facebook.com\\\/wildlifeportugal\\\/\",\"https:\\\/\\\/x.com\\\/wildlifept\",\"https:\\\/\\\/www.instagram.com\\\/wildlifeportugal\\\/\",\"https:\\\/\\\/www.linkedin.com\\\/in\\\/wildlife-portugal-69569b136\\\/\",\"https:\\\/\\\/pt.pinterest.com\\\/wildlifept\\\/\",\"https:\\\/\\\/www.youtube.com\\\/channel\\\/UCdJIIGehM2uT9WloHyUwmyQ\"]}]}<\/script>\n<!-- \/ Yoast SEO plugin. -->","yoast_head_json":{"title":"Estrela Mountain Photo Tour","description":"Estrela Mountain Photo Tour is a nature photography activity organized by Wildlife Portugal, on the highest mountain of Portugal.","robots":{"index":"index","follow":"follow","max-snippet":"max-snippet:-1","max-image-preview":"max-image-preview:large","max-video-preview":"max-video-preview:-1"},"canonical":"https:\/\/wildlifeportugal.pt\/en\/photo-tours\/estrela-mountain-photo-tour\/","og_locale":"en_US","og_type":"article","og_title":"Estrela Mountain Photo Tour","og_description":"Estrela Mountain Photo Tour is a nature photography activity organized by Wildlife Portugal, on the highest mountain of Portugal.","og_url":"https:\/\/wildlifeportugal.pt\/en\/photo-tours\/estrela-mountain-photo-tour\/","og_site_name":"Wildlife Portugal","article_publisher":"https:\/\/www.facebook.com\/wildlifeportugal\/","article_modified_time":"2026-01-15T18:20:06+00:00","og_image":[{"width":1920,"height":1275,"url":"https:\/\/wildlifeportugal.pt\/wp-content\/uploads\/2024\/10\/FMR1369.jpg","type":"image\/jpeg"}],"twitter_card":"summary_large_image","twitter_site":"@wildlifept","twitter_misc":{"Est. reading time":"11 minutes"},"schema":{"@context":"https:\/\/schema.org","@graph":[{"@type":"WebPage","@id":"https:\/\/wildlifeportugal.pt\/en\/photo-tours\/estrela-mountain-photo-tour\/","url":"https:\/\/wildlifeportugal.pt\/en\/photo-tours\/estrela-mountain-photo-tour\/","name":"Estrela Mountain Photo Tour","isPartOf":{"@id":"https:\/\/wildlifeportugal.pt\/en\/#website"},"primaryImageOfPage":{"@id":"https:\/\/wildlifeportugal.pt\/en\/photo-tours\/estrela-mountain-photo-tour\/#primaryimage"},"image":{"@id":"https:\/\/wildlifeportugal.pt\/en\/photo-tours\/estrela-mountain-photo-tour\/#primaryimage"},"thumbnailUrl":"https:\/\/wildlifeportugal.pt\/wp-content\/uploads\/2024\/10\/FMR1369.jpg","datePublished":"2017-03-06T23:11:32+00:00","dateModified":"2026-01-15T18:20:06+00:00","description":"Estrela Mountain Photo Tour is a nature photography activity organized by Wildlife Portugal, on the highest mountain of Portugal.","breadcrumb":{"@id":"https:\/\/wildlifeportugal.pt\/en\/photo-tours\/estrela-mountain-photo-tour\/#breadcrumb"},"inLanguage":"en-US","potentialAction":[{"@type":"ReadAction","target":["https:\/\/wildlifeportugal.pt\/en\/photo-tours\/estrela-mountain-photo-tour\/"]}]},{"@type":"ImageObject","inLanguage":"en-US","@id":"https:\/\/wildlifeportugal.pt\/en\/photo-tours\/estrela-mountain-photo-tour\/#primaryimage","url":"https:\/\/wildlifeportugal.pt\/wp-content\/uploads\/2024\/10\/FMR1369.jpg","contentUrl":"https:\/\/wildlifeportugal.pt\/wp-content\/uploads\/2024\/10\/FMR1369.jpg","width":1920,"height":1275,"caption":"Estrela Mountain"},{"@type":"BreadcrumbList","@id":"https:\/\/wildlifeportugal.pt\/en\/photo-tours\/estrela-mountain-photo-tour\/#breadcrumb","itemListElement":[{"@type":"ListItem","position":1,"name":"In\u00edcio","item":"https:\/\/wildlifeportugal.pt\/en\/"},{"@type":"ListItem","position":2,"name":"PHOTO TOURS","item":"https:\/\/wildlifeportugal.pt\/en\/photo-tours\/"},{"@type":"ListItem","position":3,"name":"Estrela Mountain Photo Tour"}]},{"@type":"WebSite","@id":"https:\/\/wildlifeportugal.pt\/en\/#website","url":"https:\/\/wildlifeportugal.pt\/en\/","name":"Wildlife Portugal","description":"Wild Nature Tours","publisher":{"@id":"https:\/\/wildlifeportugal.pt\/en\/#organization"},"potentialAction":[{"@type":"SearchAction","target":{"@type":"EntryPoint","urlTemplate":"https:\/\/wildlifeportugal.pt\/en\/?s={search_term_string}"},"query-input":{"@type":"PropertyValueSpecification","valueRequired":true,"valueName":"search_term_string"}}],"inLanguage":"en-US"},{"@type":"Organization","@id":"https:\/\/wildlifeportugal.pt\/en\/#organization","name":"Wildlife Portugal","url":"https:\/\/wildlifeportugal.pt\/en\/","logo":{"@type":"ImageObject","inLanguage":"en-US","@id":"https:\/\/wildlifeportugal.pt\/en\/#\/schema\/logo\/image\/","url":"https:\/\/k52mhucbgfd.preview.infomaniak.website\/wp-content\/uploads\/2025\/10\/Sem-Titulo-1.jpg","contentUrl":"https:\/\/k52mhucbgfd.preview.infomaniak.website\/wp-content\/uploads\/2025\/10\/Sem-Titulo-1.jpg","width":600,"height":600,"caption":"Wildlife Portugal"},"image":{"@id":"https:\/\/wildlifeportugal.pt\/en\/#\/schema\/logo\/image\/"},"sameAs":["https:\/\/www.facebook.com\/wildlifeportugal\/","https:\/\/x.com\/wildlifept","https:\/\/www.instagram.com\/wildlifeportugal\/","https:\/\/www.linkedin.com\/in\/wildlife-portugal-69569b136\/","https:\/\/pt.pinterest.com\/wildlifept\/","https:\/\/www.youtube.com\/channel\/UCdJIIGehM2uT9WloHyUwmyQ"]}]}},"_links":{"self":[{"href":"https:\/\/wildlifeportugal.pt\/en\/wp-json\/wp\/v2\/pages\/7784","targetHints":{"allow":["GET"]}}],"collection":[{"href":"https:\/\/wildlifeportugal.pt\/en\/wp-json\/wp\/v2\/pages"}],"about":[{"href":"https:\/\/wildlifeportugal.pt\/en\/wp-json\/wp\/v2\/types\/page"}],"author":[{"embeddable":true,"href":"https:\/\/wildlifeportugal.pt\/en\/wp-json\/wp\/v2\/users\/1"}],"replies":[{"embeddable":true,"href":"https:\/\/wildlifeportugal.pt\/en\/wp-json\/wp\/v2\/comments?post=7784"}],"version-history":[{"count":32,"href":"https:\/\/wildlifeportugal.pt\/en\/wp-json\/wp\/v2\/pages\/7784\/revisions"}],"predecessor-version":[{"id":20850,"href":"https:\/\/wildlifeportugal.pt\/en\/wp-json\/wp\/v2\/pages\/7784\/revisions\/20850"}],"up":[{"embeddable":true,"href":"https:\/\/wildlifeportugal.pt\/en\/wp-json\/wp\/v2\/pages\/6527"}],"wp:featuredmedia":[{"embeddable":true,"href":"https:\/\/wildlifeportugal.pt\/en\/wp-json\/wp\/v2\/media\/16556"}],"wp:attachment":[{"href":"https:\/\/wildlifeportugal.pt\/en\/wp-json\/wp\/v2\/media?parent=7784"}],"curies":[{"name":"wp","href":"https:\/\/api.w.org\/{rel}","templated":true}]}}