{"id":18987,"date":"2025-05-13T12:07:30","date_gmt":"2025-05-13T11:07:30","guid":{"rendered":"https:\/\/k52mhucbgfd.preview.infomaniak.website\/passeios-rewilding\/"},"modified":"2025-10-15T18:45:39","modified_gmt":"2025-10-15T17:45:39","slug":"excursiones-de-rewilding","status":"publish","type":"page","link":"https:\/\/wildlifeportugal.pt\/es\/excursiones-de-rewilding\/","title":{"rendered":"Excursiones de rewilding"},"content":{"rendered":"<div class=\"wpb-content-wrapper\"><p>[vc_row][vc_column][vc_column_text css=\u00bb\u00bb]<\/p>\n<h4><strong><span style=\"font-family: arial, helvetica, sans-serif;\">\u00bfQu\u00e9 es el rewilding?<\/span><\/strong><\/h4>\n<blockquote><p><span style=\"font-family: arial, helvetica, sans-serif; font-size: 16px;\">El rewilding es un enfoque progresivo de la conservaci\u00f3n. Consiste en dejar que la naturaleza se cuide a s\u00ed misma, permitiendo que los procesos naturales moldeen la tierra y el mar, reparen los ecosistemas da\u00f1ados y recuperen los paisajes degradados. A trav\u00e9s del rewilding, los ritmos naturales de la vida silvestre crean h\u00e1bitats m\u00e1s salvajes, m\u00e1s resilientes y con mayor biodiversidad.<\/span><\/p>\n<p style=\"text-align: left; padding-left: 40px;\"><span style=\"font-size: 16px; font-family: arial, helvetica, sans-serif;\"><em>Rewilding Europe<\/em><\/span><\/p>\n<\/blockquote>\n<p>&nbsp;<\/p>\n<p><span style=\"font-family: arial, helvetica, sans-serif; font-size: 16px;\">El rewilding consiste en dar a la naturaleza el espacio y el tiempo que necesita para recuperarse y prosperar, sin una gran intervenci\u00f3n humana. Sin embargo, es necesario comprender qu\u00e9 puede estar faltando en el paisaje (especies clave, procesos naturales) y restaurar algunas de esas piezas que faltan, con el fin de dar un impulso a la naturaleza y acelerar su recuperaci\u00f3n.<\/span>[\/vc_column_text][\/vc_column][\/vc_row][vc_row][vc_column][vc_empty_space][vc_column_text css=\u00bb\u00bb]<\/p>\n<h4><span style=\"font-family: arial, helvetica, sans-serif;\"><strong>Rewilding en el Gran Valle del C\u00f4a<\/strong><\/span><\/h4>\n<p><span style=\"font-family: arial, helvetica, sans-serif; font-size: 16px;\">Adem\u00e1s de los incre\u00edbles valores naturales de la regi\u00f3n, el Gran Valle del C\u00f4a representa una oportunidad \u00fanica para aplicar los principios de rewilding en la regi\u00f3n debido a los altos niveles de abandono rural.<\/span><br \/>\n<span style=\"font-family: arial, helvetica, sans-serif; font-size: 16px;\">Esta oportunidad puede aprovecharse adoptando una perspectiva a gran escala del paisaje, trabajando para mejorar la conectividad entre las \u00e1reas naturales y, al mismo tiempo, apoyando modelos de negocio sostenibles en la regi\u00f3n que puedan estimular las econom\u00edas locales y aportar un valor a\u00f1adido a las comunidades de la zona.<\/span><\/p>\n<p><span style=\"font-size: 16px; font-family: arial, helvetica, sans-serif;\"><a href=\"https:\/\/rewilding-portugal.com\/\" target=\"_blank\" rel=\"noopener\"><strong>Rewilding Portugal<\/strong><\/a> est\u00e1 gestionando tres \u00e1reas en el Gran Valle del C\u00f4a, seg\u00fan los principios de conservaci\u00f3n del rewilding.<\/span>[\/vc_column_text][\/vc_column][\/vc_row][vc_row][vc_column][vc_empty_space][vc_custom_heading text=\u00bbVale Carapito\u00bb font_container=\u00bbtag:h3|text_align:left|color:%2359d600&#8243; use_theme_fonts=\u00bbyes\u00bb][vc_column_text css=\u00bb\u00bb]<span style=\"font-family: arial, helvetica, sans-serif; font-size: 16px;\">Esta zona se encuentra cerca de Vilar Maior, un pueblo medieval pr\u00f3ximo a la frontera espa\u00f1ola.<\/span><br \/>\n<span style=\"font-size: 16px; font-family: arial, helvetica, sans-serif;\">Delimitada por el arroyo Alfaiates y el r\u00edo Cesar\u00e3o, peque\u00f1os afluentes del r\u00edo C\u00f4a, esta zona contiene los valores naturales caracter\u00edsticos del territorio. La galer\u00eda ribere\u00f1a de fresnos (Fraxinus angustifolia), algunos de ellos centenarios, atraviesa prados donde a\u00fan pastan algunos bovinos y corzos. Las laderas est\u00e1n cubiertas por bosques de Melojo (<em>Quercus pyrenaica<\/em>). Aqu\u00ed se pueden observar numerosas especies de aves, lib\u00e9lulas y gal\u00e1pagos, que se refugian en el corredor acu\u00e1tico, mientras que varias especies de mariposas revolotean sobre los prados floridos.<\/span><br \/>\n<span style=\"font-family: arial, helvetica, sans-serif; font-size: 16px;\">Como complemento al rico patrimonio natural, tambi\u00e9n est\u00e1 la historia y el patrimonio arquitect\u00f3nico de Vilar Maior, destacando, en su punto m\u00e1s alto, el castillo del siglo XIII.<\/span>[\/vc_column_text][vc_single_image image=\u00bb14830&#8243; img_size=\u00bbfull\u00bb alignment=\u00bbcenter\u00bb style=\u00bbvc_box_shadow_border\u00bb onclick=\u00bbcustom_link\u00bb link=\u00bbhttps:\/\/k52mhucbgfd.preview.infomaniak.website\/en\/hiking\/vale-carapito-rewilding-history\/\u00bb][\/vc_column][\/vc_row][vc_row][vc_column][vc_empty_space height=\u00bb40px\u00bb][vc_custom_heading text=\u00bbErmo das \u00c1guias\u00bb font_container=\u00bbtag:h3|text_align:left|color:%2359d600&#8243; use_theme_fonts=\u00bbyes\u00bb][vc_column_text css=\u00bb\u00bb]<span style=\"font-family: arial, helvetica, sans-serif; font-size: 16px;\">Actualmente con una superficie de aproximadamente 1000 ha, Ermo das \u00c1guias se encuentra aproximadamente a mitad del curso del r\u00edo C\u00f4a, en una escarpada ladera de la margen izquierda, donde el paisaje del valle est\u00e1 marcado por rocas y pendientes accidentadas. La ladera opuesta, sin embargo, presenta una importante zona de alcornoques (<em>Quercus suber<\/em>).<\/span><\/p>\n<p><span style=\"font-family: arial, helvetica, sans-serif; font-size: 16px;\">A pesar de un pasado de intenso uso del suelo, ya es evidente el proceso de renaturalizaci\u00f3n de los bosques de melojo (<em>Quercus pyrenaica<\/em>) y la asociaci\u00f3n con encinas y alcornoques. Los prados est\u00e1n recuperando gradualmente su diversidad flor\u00edstica, lo que atrae a un mayor n\u00famero de insectos, conejos y perdices.<\/span><\/p>\n<p><span style=\"font-family: arial, helvetica, sans-serif; font-size: 16px;\">El paisaje cuenta con un largo historial de incendios rurales recurrentes, asociados a un pastoreo m\u00e1s o menos intensivo. Para intentar recuperar los procesos de herbivor\u00eda natural, se introdujo aqu\u00ed un peque\u00f1o reba\u00f1o de la rara raza de caballos Sorraia, as\u00ed como un grupo de <a href=\"https:\/\/rewildingeurope.com\/rew-project\/taurus-foundation\/\" target=\"_blank\" rel=\"noopener\">Taurus<\/a>, un b\u00f3vido criado a partir de varias razas aut\u00f3ctonas, que presentan caracter\u00edsticas y comportamientos m\u00e1s salvajes. Estos grandes herb\u00edvoros promover\u00e1n un pastoreo m\u00e1s sostenible y natural de la vegetaci\u00f3n y contribuir\u00e1n al equilibrio de los sistemas naturales, creando un mosaico de h\u00e1bitats que reduce el riesgo de incendios y sustenta las poblaciones de peque\u00f1os herb\u00edvoros.<\/span><\/p>\n<p>&nbsp;[\/vc_column_text][vc_single_image image=\u00bb14918&#8243; img_size=\u00bbfull\u00bb alignment=\u00bbcenter\u00bb style=\u00bbvc_box_shadow_border\u00bb][\/vc_column][\/vc_row][vc_row][vc_column][vc_empty_space height=\u00bb40px\u00bb][vc_custom_heading text=\u00bbPaul de Toir\u00f5es\u00bb font_container=\u00bbtag:h3|text_align:left|color:%2359d600&#8243; use_theme_fonts=\u00bbyes\u00bb][vc_column_text css=\u00bb\u00bb]<span style=\"font-family: arial, helvetica, sans-serif; font-size: 16px;\">Con una superficie de aproximadamente 300 hect\u00e1reas, Paul de Toir\u00f5es se encuentra en la meseta de Beira, cerca de la frontera espa\u00f1ola, y es una zona clave para la conectividad del paisaje en el Gran Valle del C\u00f4a, un corredor y refugio para la vida silvestre. Paul de Toir\u00f5es fue una antigua explotaci\u00f3n minera que ces\u00f3 su actividad hace m\u00e1s de 10 a\u00f1os. Alimentado por el arroyo de Tour\u00f5es, forma una de las mayores superficies de agua de todo el valle del C\u00f4a, distribuy\u00e9ndose por una gran diversidad de entornos como charcas, canales, lagunas permanentes y temporales. Estos est\u00e1n interconectados por humedales que se inundan estacionalmente y est\u00e1n repletos de vegetaci\u00f3n acu\u00e1tica y ribere\u00f1a que crece sobre las antiguas zonas de extracci\u00f3n de tungsteno, esta\u00f1o, titanio y arenas. Alrededor de toda esta agua abundan los bosques de sauces, algunas zonas de ca\u00f1averales, as\u00ed como un bosque mayoritariamente joven, pero extenso, compuesto principalmente por melojos (<em>Quercus pyrenaica<\/em>) y encinas (<em>Quercus rotundifolia<\/em>).<\/span>[\/vc_column_text][vc_single_image image=\u00bb15046&#8243; img_size=\u00bbfull\u00bb alignment=\u00bbcenter\u00bb style=\u00bbvc_box_shadow_border\u00bb][vc_empty_space][\/vc_column][\/vc_row][vc_row css=\u00bb.vc_custom_1712274895968{background-color: #cecece !important;}\u00bb][vc_column][vc_empty_space height=\u00bb40px\u00bb][vc_custom_heading text=\u00bbVisitar las \u00e1reas rewilding\u00bb font_container=\u00bbtag:h3|text_align:left\u00bb use_theme_fonts=\u00bbyes\u00bb css=\u00bb\u00bb][vc_empty_space height=\u00bb10px\u00bb][vc_column_text css=\u00bb\u00bb]<span style=\"font-family: arial, helvetica, sans-serif; font-size: 16px;\">Desde hace varios a\u00f1os, Wildlife Portugal se ha especializado en el patrimonio natural del Gran Valle del C\u00f4a, acompa\u00f1ando la creaci\u00f3n y el desarrollo de las \u00e1reas de rewilding bajo la gesti\u00f3n de Rewilding Portugal, ONG con la que mantiene una colaboraci\u00f3n.<\/span><\/p>\n<p><span style=\"font-family: arial, helvetica, sans-serif; font-size: 16px;\">Estamos habilitados y autorizados para realizar visitas guiadas a estas tres \u00e1reas privadas, con el objetivo de poner de relieve los principios y la filosof\u00eda del rewilding, sus aplicaciones pr\u00e1cticas y sus resultados, que reflejan un aumento de la biodiversidad local.<\/span><\/p>\n<p><span style=\"font-family: arial, helvetica, sans-serif; font-size: 16px;\">Para visitas guiadas privadas a una o m\u00e1s de estas \u00e1reas de renaturalizaci\u00f3n, p\u00f3ngase en contacto con nosotros. Nos encantar\u00eda crear un programa a su medida.<\/span>[\/vc_column_text][vc_btn title=\u00bbenv\u00edenos un e-mail\u00bb color=\u00bbwarning\u00bb css=\u00bb\u00bb link=\u00bburl:https%3A%2F%2Fk52mhucbgfd.preview.infomaniak.website%2Fen%2Fpage-contact-us%2F|title:email%20us|target:_blank\u00bb][\/vc_column][\/vc_row][vc_row][vc_column][vc_column_text css=\u00bb\u00bb]<\/p>\n<p>ngg_shortcode_0_placeholder[\/vc_column_text][\/vc_column][\/vc_row]<\/p>\n<\/div>","protected":false},"excerpt":{"rendered":"<p>[vc_row][vc_column][vc_column_text css=\u00bb\u00bb] \u00bfQu\u00e9 es el rewilding? El rewilding es un enfoque progresivo de la conservaci\u00f3n. Consiste en dejar que la naturaleza se cuide a s\u00ed misma, permitiendo que los procesos naturales moldeen la tierra y el mar, reparen los ecosistemas da\u00f1ados y recuperen los paisajes degradados. A trav\u00e9s del rewilding, los ritmos naturales de la [&hellip;]<\/p>\n","protected":false},"author":1,"featured_media":18988,"parent":0,"menu_order":0,"comment_status":"closed","ping_status":"closed","template":"","meta":{"googlesitekit_rrm_CAowx9fADA:productID":"","om_disable_all_campaigns":false,"ngg_post_thumbnail":0,"footnotes":""},"class_list":["post-18987","page","type-page","status-publish","has-post-thumbnail","hentry"],"yoast_head":"<!-- This site is optimized with the Yoast SEO plugin v27.5 - https:\/\/yoast.com\/product\/yoast-seo-wordpress\/ -->\n<title>Excursiones de rewilding<\/title>\n<meta name=\"description\" content=\"Os passeios rewilding no Grande Vale do C\u00f4a s\u00e3o promovidos pela Wildlife Portugal, especialistas no patrim\u00f3nio natural da regi\u00e3o.\" \/>\n<meta name=\"robots\" content=\"index, follow, max-snippet:-1, max-image-preview:large, max-video-preview:-1\" \/>\n<link rel=\"canonical\" href=\"https:\/\/wildlifeportugal.pt\/es\/excursiones-de-rewilding\/\" \/>\n<meta property=\"og:locale\" content=\"es_ES\" \/>\n<meta property=\"og:type\" content=\"article\" \/>\n<meta property=\"og:title\" content=\"Excursiones de rewilding\" \/>\n<meta property=\"og:description\" content=\"Os passeios rewilding no Grande Vale do C\u00f4a s\u00e3o promovidos pela Wildlife Portugal, especialistas no patrim\u00f3nio natural da regi\u00e3o.\" \/>\n<meta property=\"og:url\" content=\"https:\/\/wildlifeportugal.pt\/es\/excursiones-de-rewilding\/\" \/>\n<meta property=\"og:site_name\" content=\"Wildlife Portugal\" \/>\n<meta property=\"article:publisher\" content=\"https:\/\/www.facebook.com\/wildlifeportugal\/\" \/>\n<meta property=\"article:modified_time\" content=\"2025-10-15T17:45:39+00:00\" \/>\n<meta property=\"og:image\" content=\"https:\/\/wildlifeportugal.pt\/wp-content\/uploads\/2023\/02\/FMR2377.jpg\" \/>\n\t<meta property=\"og:image:width\" content=\"1920\" \/>\n\t<meta property=\"og:image:height\" content=\"1275\" \/>\n\t<meta property=\"og:image:type\" content=\"image\/jpeg\" \/>\n<meta name=\"twitter:card\" content=\"summary_large_image\" \/>\n<meta name=\"twitter:site\" content=\"@wildlifept\" \/>\n<meta name=\"twitter:label1\" content=\"Tiempo de lectura\" \/>\n\t<meta name=\"twitter:data1\" content=\"6 minutos\" \/>\n<script type=\"application\/ld+json\" class=\"yoast-schema-graph\">{\"@context\":\"https:\\\/\\\/schema.org\",\"@graph\":[{\"@type\":\"WebPage\",\"@id\":\"https:\\\/\\\/wildlifeportugal.pt\\\/es\\\/excursiones-de-rewilding\\\/\",\"url\":\"https:\\\/\\\/wildlifeportugal.pt\\\/es\\\/excursiones-de-rewilding\\\/\",\"name\":\"Excursiones de rewilding\",\"isPartOf\":{\"@id\":\"https:\\\/\\\/wildlifeportugal.pt\\\/es\\\/#website\"},\"primaryImageOfPage\":{\"@id\":\"https:\\\/\\\/wildlifeportugal.pt\\\/es\\\/excursiones-de-rewilding\\\/#primaryimage\"},\"image\":{\"@id\":\"https:\\\/\\\/wildlifeportugal.pt\\\/es\\\/excursiones-de-rewilding\\\/#primaryimage\"},\"thumbnailUrl\":\"https:\\\/\\\/wildlifeportugal.pt\\\/wp-content\\\/uploads\\\/2023\\\/02\\\/FMR2377.jpg\",\"datePublished\":\"2025-05-13T11:07:30+00:00\",\"dateModified\":\"2025-10-15T17:45:39+00:00\",\"description\":\"Os passeios rewilding no Grande Vale do C\u00f4a s\u00e3o promovidos pela Wildlife Portugal, especialistas no patrim\u00f3nio natural da regi\u00e3o.\",\"breadcrumb\":{\"@id\":\"https:\\\/\\\/wildlifeportugal.pt\\\/es\\\/excursiones-de-rewilding\\\/#breadcrumb\"},\"inLanguage\":\"es\",\"potentialAction\":[{\"@type\":\"ReadAction\",\"target\":[\"https:\\\/\\\/wildlifeportugal.pt\\\/es\\\/excursiones-de-rewilding\\\/\"]}]},{\"@type\":\"ImageObject\",\"inLanguage\":\"es\",\"@id\":\"https:\\\/\\\/wildlifeportugal.pt\\\/es\\\/excursiones-de-rewilding\\\/#primaryimage\",\"url\":\"https:\\\/\\\/wildlifeportugal.pt\\\/wp-content\\\/uploads\\\/2023\\\/02\\\/FMR2377.jpg\",\"contentUrl\":\"https:\\\/\\\/wildlifeportugal.pt\\\/wp-content\\\/uploads\\\/2023\\\/02\\\/FMR2377.jpg\",\"width\":1920,\"height\":1275,\"caption\":\"Vale Carapito\"},{\"@type\":\"BreadcrumbList\",\"@id\":\"https:\\\/\\\/wildlifeportugal.pt\\\/es\\\/excursiones-de-rewilding\\\/#breadcrumb\",\"itemListElement\":[{\"@type\":\"ListItem\",\"position\":1,\"name\":\"In\u00edcio\",\"item\":\"https:\\\/\\\/wildlifeportugal.pt\\\/es\\\/\"},{\"@type\":\"ListItem\",\"position\":2,\"name\":\"Excursiones de rewilding\"}]},{\"@type\":\"WebSite\",\"@id\":\"https:\\\/\\\/wildlifeportugal.pt\\\/es\\\/#website\",\"url\":\"https:\\\/\\\/wildlifeportugal.pt\\\/es\\\/\",\"name\":\"Wildlife Portugal\",\"description\":\"Wild Nature Tours\",\"publisher\":{\"@id\":\"https:\\\/\\\/wildlifeportugal.pt\\\/es\\\/#organization\"},\"potentialAction\":[{\"@type\":\"SearchAction\",\"target\":{\"@type\":\"EntryPoint\",\"urlTemplate\":\"https:\\\/\\\/wildlifeportugal.pt\\\/es\\\/?s={search_term_string}\"},\"query-input\":{\"@type\":\"PropertyValueSpecification\",\"valueRequired\":true,\"valueName\":\"search_term_string\"}}],\"inLanguage\":\"es\"},{\"@type\":\"Organization\",\"@id\":\"https:\\\/\\\/wildlifeportugal.pt\\\/es\\\/#organization\",\"name\":\"Wildlife Portugal\",\"url\":\"https:\\\/\\\/wildlifeportugal.pt\\\/es\\\/\",\"logo\":{\"@type\":\"ImageObject\",\"inLanguage\":\"es\",\"@id\":\"https:\\\/\\\/wildlifeportugal.pt\\\/es\\\/#\\\/schema\\\/logo\\\/image\\\/\",\"url\":\"https:\\\/\\\/k52mhucbgfd.preview.infomaniak.website\\\/wp-content\\\/uploads\\\/2025\\\/10\\\/Sem-Titulo-1.jpg\",\"contentUrl\":\"https:\\\/\\\/k52mhucbgfd.preview.infomaniak.website\\\/wp-content\\\/uploads\\\/2025\\\/10\\\/Sem-Titulo-1.jpg\",\"width\":600,\"height\":600,\"caption\":\"Wildlife Portugal\"},\"image\":{\"@id\":\"https:\\\/\\\/wildlifeportugal.pt\\\/es\\\/#\\\/schema\\\/logo\\\/image\\\/\"},\"sameAs\":[\"https:\\\/\\\/www.facebook.com\\\/wildlifeportugal\\\/\",\"https:\\\/\\\/x.com\\\/wildlifept\",\"https:\\\/\\\/www.instagram.com\\\/wildlifeportugal\\\/\",\"https:\\\/\\\/www.linkedin.com\\\/in\\\/wildlife-portugal-69569b136\\\/\",\"https:\\\/\\\/pt.pinterest.com\\\/wildlifept\\\/\",\"https:\\\/\\\/www.youtube.com\\\/channel\\\/UCdJIIGehM2uT9WloHyUwmyQ\"]}]}<\/script>\n<!-- \/ Yoast SEO plugin. -->","yoast_head_json":{"title":"Excursiones de rewilding","description":"Os passeios rewilding no Grande Vale do C\u00f4a s\u00e3o promovidos pela Wildlife Portugal, especialistas no patrim\u00f3nio natural da regi\u00e3o.","robots":{"index":"index","follow":"follow","max-snippet":"max-snippet:-1","max-image-preview":"max-image-preview:large","max-video-preview":"max-video-preview:-1"},"canonical":"https:\/\/wildlifeportugal.pt\/es\/excursiones-de-rewilding\/","og_locale":"es_ES","og_type":"article","og_title":"Excursiones de rewilding","og_description":"Os passeios rewilding no Grande Vale do C\u00f4a s\u00e3o promovidos pela Wildlife Portugal, especialistas no patrim\u00f3nio natural da regi\u00e3o.","og_url":"https:\/\/wildlifeportugal.pt\/es\/excursiones-de-rewilding\/","og_site_name":"Wildlife Portugal","article_publisher":"https:\/\/www.facebook.com\/wildlifeportugal\/","article_modified_time":"2025-10-15T17:45:39+00:00","og_image":[{"width":1920,"height":1275,"url":"https:\/\/wildlifeportugal.pt\/wp-content\/uploads\/2023\/02\/FMR2377.jpg","type":"image\/jpeg"}],"twitter_card":"summary_large_image","twitter_site":"@wildlifept","twitter_misc":{"Tiempo de lectura":"6 minutos"},"schema":{"@context":"https:\/\/schema.org","@graph":[{"@type":"WebPage","@id":"https:\/\/wildlifeportugal.pt\/es\/excursiones-de-rewilding\/","url":"https:\/\/wildlifeportugal.pt\/es\/excursiones-de-rewilding\/","name":"Excursiones de rewilding","isPartOf":{"@id":"https:\/\/wildlifeportugal.pt\/es\/#website"},"primaryImageOfPage":{"@id":"https:\/\/wildlifeportugal.pt\/es\/excursiones-de-rewilding\/#primaryimage"},"image":{"@id":"https:\/\/wildlifeportugal.pt\/es\/excursiones-de-rewilding\/#primaryimage"},"thumbnailUrl":"https:\/\/wildlifeportugal.pt\/wp-content\/uploads\/2023\/02\/FMR2377.jpg","datePublished":"2025-05-13T11:07:30+00:00","dateModified":"2025-10-15T17:45:39+00:00","description":"Os passeios rewilding no Grande Vale do C\u00f4a s\u00e3o promovidos pela Wildlife Portugal, especialistas no patrim\u00f3nio natural da regi\u00e3o.","breadcrumb":{"@id":"https:\/\/wildlifeportugal.pt\/es\/excursiones-de-rewilding\/#breadcrumb"},"inLanguage":"es","potentialAction":[{"@type":"ReadAction","target":["https:\/\/wildlifeportugal.pt\/es\/excursiones-de-rewilding\/"]}]},{"@type":"ImageObject","inLanguage":"es","@id":"https:\/\/wildlifeportugal.pt\/es\/excursiones-de-rewilding\/#primaryimage","url":"https:\/\/wildlifeportugal.pt\/wp-content\/uploads\/2023\/02\/FMR2377.jpg","contentUrl":"https:\/\/wildlifeportugal.pt\/wp-content\/uploads\/2023\/02\/FMR2377.jpg","width":1920,"height":1275,"caption":"Vale Carapito"},{"@type":"BreadcrumbList","@id":"https:\/\/wildlifeportugal.pt\/es\/excursiones-de-rewilding\/#breadcrumb","itemListElement":[{"@type":"ListItem","position":1,"name":"In\u00edcio","item":"https:\/\/wildlifeportugal.pt\/es\/"},{"@type":"ListItem","position":2,"name":"Excursiones de rewilding"}]},{"@type":"WebSite","@id":"https:\/\/wildlifeportugal.pt\/es\/#website","url":"https:\/\/wildlifeportugal.pt\/es\/","name":"Wildlife Portugal","description":"Wild Nature Tours","publisher":{"@id":"https:\/\/wildlifeportugal.pt\/es\/#organization"},"potentialAction":[{"@type":"SearchAction","target":{"@type":"EntryPoint","urlTemplate":"https:\/\/wildlifeportugal.pt\/es\/?s={search_term_string}"},"query-input":{"@type":"PropertyValueSpecification","valueRequired":true,"valueName":"search_term_string"}}],"inLanguage":"es"},{"@type":"Organization","@id":"https:\/\/wildlifeportugal.pt\/es\/#organization","name":"Wildlife Portugal","url":"https:\/\/wildlifeportugal.pt\/es\/","logo":{"@type":"ImageObject","inLanguage":"es","@id":"https:\/\/wildlifeportugal.pt\/es\/#\/schema\/logo\/image\/","url":"https:\/\/k52mhucbgfd.preview.infomaniak.website\/wp-content\/uploads\/2025\/10\/Sem-Titulo-1.jpg","contentUrl":"https:\/\/k52mhucbgfd.preview.infomaniak.website\/wp-content\/uploads\/2025\/10\/Sem-Titulo-1.jpg","width":600,"height":600,"caption":"Wildlife Portugal"},"image":{"@id":"https:\/\/wildlifeportugal.pt\/es\/#\/schema\/logo\/image\/"},"sameAs":["https:\/\/www.facebook.com\/wildlifeportugal\/","https:\/\/x.com\/wildlifept","https:\/\/www.instagram.com\/wildlifeportugal\/","https:\/\/www.linkedin.com\/in\/wildlife-portugal-69569b136\/","https:\/\/pt.pinterest.com\/wildlifept\/","https:\/\/www.youtube.com\/channel\/UCdJIIGehM2uT9WloHyUwmyQ"]}]}},"_links":{"self":[{"href":"https:\/\/wildlifeportugal.pt\/es\/wp-json\/wp\/v2\/pages\/18987","targetHints":{"allow":["GET"]}}],"collection":[{"href":"https:\/\/wildlifeportugal.pt\/es\/wp-json\/wp\/v2\/pages"}],"about":[{"href":"https:\/\/wildlifeportugal.pt\/es\/wp-json\/wp\/v2\/types\/page"}],"author":[{"embeddable":true,"href":"https:\/\/wildlifeportugal.pt\/es\/wp-json\/wp\/v2\/users\/1"}],"replies":[{"embeddable":true,"href":"https:\/\/wildlifeportugal.pt\/es\/wp-json\/wp\/v2\/comments?post=18987"}],"version-history":[{"count":13,"href":"https:\/\/wildlifeportugal.pt\/es\/wp-json\/wp\/v2\/pages\/18987\/revisions"}],"predecessor-version":[{"id":19060,"href":"https:\/\/wildlifeportugal.pt\/es\/wp-json\/wp\/v2\/pages\/18987\/revisions\/19060"}],"wp:featuredmedia":[{"embeddable":true,"href":"https:\/\/wildlifeportugal.pt\/es\/wp-json\/wp\/v2\/media\/18988"}],"wp:attachment":[{"href":"https:\/\/wildlifeportugal.pt\/es\/wp-json\/wp\/v2\/media?parent=18987"}],"curies":[{"name":"wp","href":"https:\/\/api.w.org\/{rel}","templated":true}]}}