{"id":19006,"date":"2025-10-15T12:17:32","date_gmt":"2025-10-15T11:17:32","guid":{"rendered":"https:\/\/k52mhucbgfd.preview.infomaniak.website\/?page_id=19006"},"modified":"2025-10-20T20:57:13","modified_gmt":"2025-10-20T19:57:13","slug":"observacion-de-aves","status":"publish","type":"page","link":"https:\/\/wildlifeportugal.pt\/es\/observacion-de-aves\/","title":{"rendered":"OBSERVACI\u00d3N DE AVES"},"content":{"rendered":"<div class=\"wpb-content-wrapper\"><p>[vc_row][vc_column][vc_empty_space height=\u00bb5px\u00bb][vc_column_text css=\u00bb\u00bb]<span style=\"font-family: arial, helvetica, sans-serif; font-size: 16px;\">Nuestras excursiones para la observaci\u00f3n de aves abarcan principalmente el interior menos conocido de Portugal, a lo largo de la frontera. Los profundos valles de los r\u00edos C\u00f4a, \u00c1gueda, Duero y Tajo representan una importante zona de nidificaci\u00f3n para algunas aves mediterr\u00e1neas. Las m\u00e1s emblem\u00e1ticas son las aves rapaces, entre las que destacan el \u00c1guila Perdicera, el \u00c1guila Real, el \u00c1guila Imperial Ib\u00e9rica, el \u00c1guila Culebrera, el \u00c1guila Calzada y el Elanio Com\u00fan. Este es tambi\u00e9n el reino de los buitres. Aqu\u00ed se pueden observar tres especies: el Alimoche, el Buitre Leonado y el Buitre Negro. Tambi\u00e9n son representativas de este territorio la amenazada Cig\u00fce\u00f1a Negra, el Rabilargo Ib\u00e9rico, el Alcaud\u00f3n Com\u00fan, el Abejaruco, la Collalba Negra, el Roquero Solitario, el Roquero Rojo, la Orop\u00e9ndola, la Curruca Mirlona Occidental, la Curruca Carrasque\u00f1a Occidental, entre muchas otras.<\/span>[\/vc_column_text][vc_empty_space height=\u00bb30px\u00bb][vc_separator css=\u00bb\u00bb][vc_custom_heading text=\u00bbGran Valle del C\u00f4a\u00bb font_container=\u00bbtag:h3|text_align:left\u00bb use_theme_fonts=\u00bbyes\u00bb css=\u00bb\u00bb][vc_separator css=\u00bb\u00bb][vc_custom_heading text=\u00bbDuero Internacional\u00bb font_container=\u00bbtag:h3|text_align:left\u00bb use_theme_fonts=\u00bbyes\u00bb css=\u00bb\u00bb][vc_separator css=\u00bb\u00bb][vc_custom_heading text=\u00bbTajo Internacional\u00bb font_container=\u00bbtag:h3|text_align:left\u00bb use_theme_fonts=\u00bbyes\u00bb css=\u00bb\u00bb][vc_separator css=\u00bb\u00bb][vc_custom_heading text=\u00bbSierra de Estrela\u00bb font_container=\u00bbtag:h3|text_align:left\u00bb use_theme_fonts=\u00bbyes\u00bb css=\u00bb\u00bb][vc_separator css=\u00bb\u00bb][\/vc_column][\/vc_row]<\/p>\n<\/div>","protected":false},"excerpt":{"rendered":"<p>[vc_row][vc_column][vc_empty_space height=\u00bb5px\u00bb][vc_column_text css=\u00bb\u00bb]Nuestras excursiones para la observaci\u00f3n de aves abarcan principalmente el interior menos conocido de Portugal, a lo largo de la frontera. Los profundos valles de los r\u00edos C\u00f4a, \u00c1gueda, Duero y Tajo representan una importante zona de nidificaci\u00f3n para algunas aves mediterr\u00e1neas. Las m\u00e1s emblem\u00e1ticas son las aves rapaces, entre las que destacan [&hellip;]<\/p>\n","protected":false},"author":1,"featured_media":19064,"parent":0,"menu_order":2,"comment_status":"closed","ping_status":"closed","template":"","meta":{"googlesitekit_rrm_CAowx9fADA:productID":"","om_disable_all_campaigns":false,"ngg_post_thumbnail":0,"footnotes":""},"class_list":["post-19006","page","type-page","status-publish","has-post-thumbnail","hentry"],"yoast_head":"<!-- This site is optimized with the Yoast SEO plugin v27.5 - https:\/\/yoast.com\/product\/yoast-seo-wordpress\/ -->\n<title>OBSERVACI\u00d3N DE AVES - Wildlife Portugal<\/title>\n<meta name=\"description\" content=\"Observaci\u00f3n de aves\" \/>\n<meta name=\"robots\" content=\"index, follow, max-snippet:-1, max-image-preview:large, max-video-preview:-1\" \/>\n<link rel=\"canonical\" href=\"https:\/\/wildlifeportugal.pt\/es\/observacion-de-aves\/\" \/>\n<meta property=\"og:locale\" content=\"es_ES\" \/>\n<meta property=\"og:type\" content=\"article\" \/>\n<meta property=\"og:title\" content=\"OBSERVACI\u00d3N DE AVES - Wildlife Portugal\" \/>\n<meta property=\"og:description\" content=\"Observaci\u00f3n de aves\" \/>\n<meta property=\"og:url\" content=\"https:\/\/wildlifeportugal.pt\/es\/observacion-de-aves\/\" \/>\n<meta property=\"og:site_name\" content=\"Wildlife Portugal\" \/>\n<meta property=\"article:publisher\" content=\"https:\/\/www.facebook.com\/wildlifeportugal\/\" \/>\n<meta property=\"article:modified_time\" content=\"2025-10-20T19:57:13+00:00\" \/>\n<meta property=\"og:image\" content=\"https:\/\/wildlifeportugal.pt\/wp-content\/uploads\/2025\/10\/Birdwatching_8.jpg\" \/>\n\t<meta property=\"og:image:width\" content=\"2048\" \/>\n\t<meta property=\"og:image:height\" content=\"1362\" \/>\n\t<meta property=\"og:image:type\" content=\"image\/jpeg\" \/>\n<meta name=\"twitter:card\" content=\"summary_large_image\" \/>\n<meta name=\"twitter:site\" content=\"@wildlifept\" \/>\n<meta name=\"twitter:label1\" content=\"Tiempo de lectura\" \/>\n\t<meta name=\"twitter:data1\" content=\"2 minutos\" \/>\n<script type=\"application\/ld+json\" class=\"yoast-schema-graph\">{\"@context\":\"https:\\\/\\\/schema.org\",\"@graph\":[{\"@type\":\"WebPage\",\"@id\":\"https:\\\/\\\/wildlifeportugal.pt\\\/es\\\/observacion-de-aves\\\/\",\"url\":\"https:\\\/\\\/wildlifeportugal.pt\\\/es\\\/observacion-de-aves\\\/\",\"name\":\"OBSERVACI\u00d3N DE AVES - Wildlife Portugal\",\"isPartOf\":{\"@id\":\"https:\\\/\\\/wildlifeportugal.pt\\\/es\\\/#website\"},\"primaryImageOfPage\":{\"@id\":\"https:\\\/\\\/wildlifeportugal.pt\\\/es\\\/observacion-de-aves\\\/#primaryimage\"},\"image\":{\"@id\":\"https:\\\/\\\/wildlifeportugal.pt\\\/es\\\/observacion-de-aves\\\/#primaryimage\"},\"thumbnailUrl\":\"https:\\\/\\\/wildlifeportugal.pt\\\/wp-content\\\/uploads\\\/2025\\\/10\\\/Birdwatching_8.jpg\",\"datePublished\":\"2025-10-15T11:17:32+00:00\",\"dateModified\":\"2025-10-20T19:57:13+00:00\",\"description\":\"Observaci\u00f3n de aves\",\"breadcrumb\":{\"@id\":\"https:\\\/\\\/wildlifeportugal.pt\\\/es\\\/observacion-de-aves\\\/#breadcrumb\"},\"inLanguage\":\"es\",\"potentialAction\":[{\"@type\":\"ReadAction\",\"target\":[\"https:\\\/\\\/wildlifeportugal.pt\\\/es\\\/observacion-de-aves\\\/\"]}]},{\"@type\":\"ImageObject\",\"inLanguage\":\"es\",\"@id\":\"https:\\\/\\\/wildlifeportugal.pt\\\/es\\\/observacion-de-aves\\\/#primaryimage\",\"url\":\"https:\\\/\\\/wildlifeportugal.pt\\\/wp-content\\\/uploads\\\/2025\\\/10\\\/Birdwatching_8.jpg\",\"contentUrl\":\"https:\\\/\\\/wildlifeportugal.pt\\\/wp-content\\\/uploads\\\/2025\\\/10\\\/Birdwatching_8.jpg\",\"width\":2048,\"height\":1362,\"caption\":\"Observaci\u00f3n de aves\"},{\"@type\":\"BreadcrumbList\",\"@id\":\"https:\\\/\\\/wildlifeportugal.pt\\\/es\\\/observacion-de-aves\\\/#breadcrumb\",\"itemListElement\":[{\"@type\":\"ListItem\",\"position\":1,\"name\":\"In\u00edcio\",\"item\":\"https:\\\/\\\/wildlifeportugal.pt\\\/es\\\/\"},{\"@type\":\"ListItem\",\"position\":2,\"name\":\"OBSERVACI\u00d3N DE AVES\"}]},{\"@type\":\"WebSite\",\"@id\":\"https:\\\/\\\/wildlifeportugal.pt\\\/es\\\/#website\",\"url\":\"https:\\\/\\\/wildlifeportugal.pt\\\/es\\\/\",\"name\":\"Wildlife Portugal\",\"description\":\"Wild Nature Tours\",\"publisher\":{\"@id\":\"https:\\\/\\\/wildlifeportugal.pt\\\/es\\\/#organization\"},\"potentialAction\":[{\"@type\":\"SearchAction\",\"target\":{\"@type\":\"EntryPoint\",\"urlTemplate\":\"https:\\\/\\\/wildlifeportugal.pt\\\/es\\\/?s={search_term_string}\"},\"query-input\":{\"@type\":\"PropertyValueSpecification\",\"valueRequired\":true,\"valueName\":\"search_term_string\"}}],\"inLanguage\":\"es\"},{\"@type\":\"Organization\",\"@id\":\"https:\\\/\\\/wildlifeportugal.pt\\\/es\\\/#organization\",\"name\":\"Wildlife Portugal\",\"url\":\"https:\\\/\\\/wildlifeportugal.pt\\\/es\\\/\",\"logo\":{\"@type\":\"ImageObject\",\"inLanguage\":\"es\",\"@id\":\"https:\\\/\\\/wildlifeportugal.pt\\\/es\\\/#\\\/schema\\\/logo\\\/image\\\/\",\"url\":\"https:\\\/\\\/k52mhucbgfd.preview.infomaniak.website\\\/wp-content\\\/uploads\\\/2025\\\/10\\\/Sem-Titulo-1.jpg\",\"contentUrl\":\"https:\\\/\\\/k52mhucbgfd.preview.infomaniak.website\\\/wp-content\\\/uploads\\\/2025\\\/10\\\/Sem-Titulo-1.jpg\",\"width\":600,\"height\":600,\"caption\":\"Wildlife Portugal\"},\"image\":{\"@id\":\"https:\\\/\\\/wildlifeportugal.pt\\\/es\\\/#\\\/schema\\\/logo\\\/image\\\/\"},\"sameAs\":[\"https:\\\/\\\/www.facebook.com\\\/wildlifeportugal\\\/\",\"https:\\\/\\\/x.com\\\/wildlifept\",\"https:\\\/\\\/www.instagram.com\\\/wildlifeportugal\\\/\",\"https:\\\/\\\/www.linkedin.com\\\/in\\\/wildlife-portugal-69569b136\\\/\",\"https:\\\/\\\/pt.pinterest.com\\\/wildlifept\\\/\",\"https:\\\/\\\/www.youtube.com\\\/channel\\\/UCdJIIGehM2uT9WloHyUwmyQ\"]}]}<\/script>\n<!-- \/ Yoast SEO plugin. -->","yoast_head_json":{"title":"OBSERVACI\u00d3N DE AVES - Wildlife Portugal","description":"Observaci\u00f3n de aves","robots":{"index":"index","follow":"follow","max-snippet":"max-snippet:-1","max-image-preview":"max-image-preview:large","max-video-preview":"max-video-preview:-1"},"canonical":"https:\/\/wildlifeportugal.pt\/es\/observacion-de-aves\/","og_locale":"es_ES","og_type":"article","og_title":"OBSERVACI\u00d3N DE AVES - Wildlife Portugal","og_description":"Observaci\u00f3n de aves","og_url":"https:\/\/wildlifeportugal.pt\/es\/observacion-de-aves\/","og_site_name":"Wildlife Portugal","article_publisher":"https:\/\/www.facebook.com\/wildlifeportugal\/","article_modified_time":"2025-10-20T19:57:13+00:00","og_image":[{"width":2048,"height":1362,"url":"https:\/\/wildlifeportugal.pt\/wp-content\/uploads\/2025\/10\/Birdwatching_8.jpg","type":"image\/jpeg"}],"twitter_card":"summary_large_image","twitter_site":"@wildlifept","twitter_misc":{"Tiempo de lectura":"2 minutos"},"schema":{"@context":"https:\/\/schema.org","@graph":[{"@type":"WebPage","@id":"https:\/\/wildlifeportugal.pt\/es\/observacion-de-aves\/","url":"https:\/\/wildlifeportugal.pt\/es\/observacion-de-aves\/","name":"OBSERVACI\u00d3N DE AVES - Wildlife Portugal","isPartOf":{"@id":"https:\/\/wildlifeportugal.pt\/es\/#website"},"primaryImageOfPage":{"@id":"https:\/\/wildlifeportugal.pt\/es\/observacion-de-aves\/#primaryimage"},"image":{"@id":"https:\/\/wildlifeportugal.pt\/es\/observacion-de-aves\/#primaryimage"},"thumbnailUrl":"https:\/\/wildlifeportugal.pt\/wp-content\/uploads\/2025\/10\/Birdwatching_8.jpg","datePublished":"2025-10-15T11:17:32+00:00","dateModified":"2025-10-20T19:57:13+00:00","description":"Observaci\u00f3n de aves","breadcrumb":{"@id":"https:\/\/wildlifeportugal.pt\/es\/observacion-de-aves\/#breadcrumb"},"inLanguage":"es","potentialAction":[{"@type":"ReadAction","target":["https:\/\/wildlifeportugal.pt\/es\/observacion-de-aves\/"]}]},{"@type":"ImageObject","inLanguage":"es","@id":"https:\/\/wildlifeportugal.pt\/es\/observacion-de-aves\/#primaryimage","url":"https:\/\/wildlifeportugal.pt\/wp-content\/uploads\/2025\/10\/Birdwatching_8.jpg","contentUrl":"https:\/\/wildlifeportugal.pt\/wp-content\/uploads\/2025\/10\/Birdwatching_8.jpg","width":2048,"height":1362,"caption":"Observaci\u00f3n de aves"},{"@type":"BreadcrumbList","@id":"https:\/\/wildlifeportugal.pt\/es\/observacion-de-aves\/#breadcrumb","itemListElement":[{"@type":"ListItem","position":1,"name":"In\u00edcio","item":"https:\/\/wildlifeportugal.pt\/es\/"},{"@type":"ListItem","position":2,"name":"OBSERVACI\u00d3N DE AVES"}]},{"@type":"WebSite","@id":"https:\/\/wildlifeportugal.pt\/es\/#website","url":"https:\/\/wildlifeportugal.pt\/es\/","name":"Wildlife Portugal","description":"Wild Nature Tours","publisher":{"@id":"https:\/\/wildlifeportugal.pt\/es\/#organization"},"potentialAction":[{"@type":"SearchAction","target":{"@type":"EntryPoint","urlTemplate":"https:\/\/wildlifeportugal.pt\/es\/?s={search_term_string}"},"query-input":{"@type":"PropertyValueSpecification","valueRequired":true,"valueName":"search_term_string"}}],"inLanguage":"es"},{"@type":"Organization","@id":"https:\/\/wildlifeportugal.pt\/es\/#organization","name":"Wildlife Portugal","url":"https:\/\/wildlifeportugal.pt\/es\/","logo":{"@type":"ImageObject","inLanguage":"es","@id":"https:\/\/wildlifeportugal.pt\/es\/#\/schema\/logo\/image\/","url":"https:\/\/k52mhucbgfd.preview.infomaniak.website\/wp-content\/uploads\/2025\/10\/Sem-Titulo-1.jpg","contentUrl":"https:\/\/k52mhucbgfd.preview.infomaniak.website\/wp-content\/uploads\/2025\/10\/Sem-Titulo-1.jpg","width":600,"height":600,"caption":"Wildlife Portugal"},"image":{"@id":"https:\/\/wildlifeportugal.pt\/es\/#\/schema\/logo\/image\/"},"sameAs":["https:\/\/www.facebook.com\/wildlifeportugal\/","https:\/\/x.com\/wildlifept","https:\/\/www.instagram.com\/wildlifeportugal\/","https:\/\/www.linkedin.com\/in\/wildlife-portugal-69569b136\/","https:\/\/pt.pinterest.com\/wildlifept\/","https:\/\/www.youtube.com\/channel\/UCdJIIGehM2uT9WloHyUwmyQ"]}]}},"_links":{"self":[{"href":"https:\/\/wildlifeportugal.pt\/es\/wp-json\/wp\/v2\/pages\/19006","targetHints":{"allow":["GET"]}}],"collection":[{"href":"https:\/\/wildlifeportugal.pt\/es\/wp-json\/wp\/v2\/pages"}],"about":[{"href":"https:\/\/wildlifeportugal.pt\/es\/wp-json\/wp\/v2\/types\/page"}],"author":[{"embeddable":true,"href":"https:\/\/wildlifeportugal.pt\/es\/wp-json\/wp\/v2\/users\/1"}],"replies":[{"embeddable":true,"href":"https:\/\/wildlifeportugal.pt\/es\/wp-json\/wp\/v2\/comments?post=19006"}],"version-history":[{"count":7,"href":"https:\/\/wildlifeportugal.pt\/es\/wp-json\/wp\/v2\/pages\/19006\/revisions"}],"predecessor-version":[{"id":19404,"href":"https:\/\/wildlifeportugal.pt\/es\/wp-json\/wp\/v2\/pages\/19006\/revisions\/19404"}],"wp:featuredmedia":[{"embeddable":true,"href":"https:\/\/wildlifeportugal.pt\/es\/wp-json\/wp\/v2\/media\/19064"}],"wp:attachment":[{"href":"https:\/\/wildlifeportugal.pt\/es\/wp-json\/wp\/v2\/media?parent=19006"}],"curies":[{"name":"wp","href":"https:\/\/api.w.org\/{rel}","templated":true}]}}