{"id":19191,"date":"2025-10-18T17:16:54","date_gmt":"2025-10-18T16:16:54","guid":{"rendered":"https:\/\/k52mhucbgfd.preview.infomaniak.website\/?page_id=19191"},"modified":"2026-03-06T00:25:58","modified_gmt":"2026-03-05T23:25:58","slug":"home","status":"publish","type":"page","link":"https:\/\/wildlifeportugal.pt\/es\/","title":{"rendered":"Home"},"content":{"rendered":"<div class=\"wpb-content-wrapper\"><p>[vc_row full_height=\u00bbyes\u00bb columns_placement=\u00bbbottom\u00bb content_placement=\u00bbbottom\u00bb parallax_class=\u00bbyes\u00bb css=\u00bb.vc_custom_1772752836448{padding-bottom: 0px !important;background-image: url(https:\/\/k52mhucbgfd.preview.infomaniak.website\/wp-content\/uploads\/2025\/08\/FMR6993.jpg?id=17514) !important;background-position: center !important;background-repeat: no-repeat !important;background-size: cover !important;}\u00bb][vc_column][vc_custom_heading text=\u00bbSi\u00e9ntete parte de la naturaleza.<br \/>\nDescubre una conexi\u00f3n aut\u00e9ntica con el mundo natural.\u00bb font_container=\u00bbtag:h1|font_size:40|text_align:left|color:%23FFFFFF|line_height:1&#8243; google_fonts=\u00bbfont_family:Crimson%20Text%3Aregular%2Citalic%2C600%2C600italic%2C700%2C700italic|font_style:400%20regular%3A400%3Anormal\u00bb css_animation=\u00bbfadeIn\u00bb css=\u00bb\u00bb][vc_btn title=\u00bbVER TODOS LOS TOURS\u00bb color=\u00bbwarning\u00bb css_animation=\u00bbfadeIn\u00bb css=\u00bb\u00bb link=\u00bburl:https%3A%2F%2Fk52mhucbgfd.preview.infomaniak.website%2Fes%2Ftours%2F\u00bb][\/vc_column][vc_column width=\u00bb1\/4&#8243;][vc_empty_space height=\u00bb280px\u00bb][vc_single_image image=\u00bb13862&#8243; img_size=\u00bb125&#215;125&#8243; alignment=\u00bbcenter\u00bb css=\u00bb\u00bb][vc_empty_space height=\u00bb50px\u00bb][\/vc_column][vc_column width=\u00bb1\/4&#8243;][vc_empty_space height=\u00bb280px\u00bb][vc_single_image image=\u00bb16552&#8243; img_size=\u00bb125&#215;125&#8243; alignment=\u00bbcenter\u00bb css=\u00bb\u00bb][vc_empty_space height=\u00bb50px\u00bb][\/vc_column][vc_column width=\u00bb1\/4&#8243;][vc_empty_space height=\u00bb280px\u00bb][vc_single_image image=\u00bb15963&#8243; img_size=\u00bb200&#215;126&#8243; alignment=\u00bbcenter\u00bb][vc_empty_space height=\u00bb50px\u00bb][\/vc_column][vc_column width=\u00bb1\/4&#8243;][vc_empty_space height=\u00bb280px\u00bb][vc_single_image image=\u00bb13252&#8243; img_size=\u00bb125&#215;125&#8243; alignment=\u00bbcenter\u00bb css=\u00bb\u00bb][vc_empty_space height=\u00bb50px\u00bb][\/vc_column][\/vc_row][vc_row full_width=\u00bbstretch_row_content\u00bb full_height=\u00bbyes\u00bb css_animation=\u00bbfadeIn\u00bb css=\u00bb.vc_custom_1772752816449{background-color: rgba(255,255,255,0.09) !important;*background-color: rgb(255,255,255) !important;}\u00bb][vc_column][vc_custom_heading text=\u00bbExplore nuestros destinos en Portugal\u00bb font_container=\u00bbtag:h1|text_align:center|color:%23FFFFFF\u00bb use_theme_fonts=\u00bbyes\u00bb css=\u00bb.vc_custom_1760808589552{padding-top: 15px !important;padding-bottom: 15px !important;background-color: #EAAA00 !important;}\u00bb][vc_empty_space height=\u00bb40px\u00bb][vc_row_inner][vc_column_inner]            <div class=\"list-destination list-destination-style6 row\">\r\n                            <div class=\"col-xs-12 col-sm-6 col-md-4\">\r\n                    <div class=\"destination-item has-matchHeight\">\r\n                        <a href=\"https:\/\/wildlifeportugal.pt\/es\/st_location\/el-gran-valle-del-coa\/\">\r\n                            <img fetchpriority=\"high\" decoding=\"async\" src=\"https:\/\/wildlifeportugal.pt\/wp-content\/uploads\/2021\/10\/DJI_0692-740x540.jpg\" width=\"740\" height=\"540\" alt = \"El Gran Valle del C\u00f4a\">\r\n                            <h3 class=\"title\">El Gran Valle del C\u00f4a<\/h3>\r\n                        <\/a>\r\n                    <\/div>\r\n                <\/div>\r\n                                <div class=\"col-xs-12 col-sm-6 col-md-4\">\r\n                    <div class=\"destination-item has-matchHeight\">\r\n                        <a href=\"https:\/\/wildlifeportugal.pt\/es\/st_location\/duero-internacional\/\">\r\n                            <img decoding=\"async\" src=\"https:\/\/wildlifeportugal.pt\/wp-content\/uploads\/2016\/10\/PRM6558-740x540.jpg\" width=\"740\" height=\"540\" alt = \"Duero Internacional\">\r\n                            <h3 class=\"title\">Duero Internacional<\/h3>\r\n                        <\/a>\r\n                    <\/div>\r\n                <\/div>\r\n                                <div class=\"col-xs-12 col-sm-6 col-md-4\">\r\n                    <div class=\"destination-item has-matchHeight\">\r\n                        <a href=\"https:\/\/wildlifeportugal.pt\/es\/st_location\/tajo-internacional\/\">\r\n                            <img decoding=\"async\" src=\"https:\/\/wildlifeportugal.pt\/wp-content\/uploads\/2016\/11\/FMR5614-2-740x540.jpg\" width=\"740\" height=\"540\" alt = \"Tajo Internacional\">\r\n                            <h3 class=\"title\">Tajo Internacional<\/h3>\r\n                        <\/a>\r\n                    <\/div>\r\n                <\/div>\r\n                                <div class=\"col-xs-12 col-sm-6 col-md-4\">\r\n                    <div class=\"destination-item has-matchHeight\">\r\n                        <a href=\"https:\/\/wildlifeportugal.pt\/es\/st_location\/serra-de-estrela\/\">\r\n                            <img loading=\"lazy\" decoding=\"async\" src=\"https:\/\/wildlifeportugal.pt\/wp-content\/uploads\/2016\/10\/Serra_da_Estrela-740x540.jpg\" width=\"740\" height=\"540\" alt = \"Serra de Estrela\">\r\n                            <h3 class=\"title\">Serra de Estrela<\/h3>\r\n                        <\/a>\r\n                    <\/div>\r\n                <\/div>\r\n                                <div class=\"col-xs-12 col-sm-6 col-md-4\">\r\n                    <div class=\"destination-item has-matchHeight\">\r\n                        <a href=\"https:\/\/wildlifeportugal.pt\/es\/st_location\/serra-de-malcata\/\">\r\n                            <img loading=\"lazy\" decoding=\"async\" src=\"https:\/\/wildlifeportugal.pt\/wp-content\/uploads\/2018\/09\/FMR3391-1-740x540.jpg\" width=\"740\" height=\"540\" alt = \"Serra de Malcata\">\r\n                            <h3 class=\"title\">Serra de Malcata<\/h3>\r\n                        <\/a>\r\n                    <\/div>\r\n                <\/div>\r\n                                <div class=\"col-xs-12 col-sm-6 col-md-4\">\r\n                    <div class=\"destination-item has-matchHeight\">\r\n                        <a href=\"https:\/\/wildlifeportugal.pt\/es\/st_location\/geopark-naturtejo\/\">\r\n                            <img loading=\"lazy\" decoding=\"async\" src=\"https:\/\/wildlifeportugal.pt\/wp-content\/uploads\/2025\/10\/1240032-740x540.jpg\" width=\"740\" height=\"540\" alt = \"Geopark Naturtejo\">\r\n                            <h3 class=\"title\">Geopark Naturtejo<\/h3>\r\n                        <\/a>\r\n                    <\/div>\r\n                <\/div>\r\n                        <\/div>\r\n    [\/vc_column_inner][\/vc_row_inner][vc_empty_space height=\u00bb50px\u00bb][\/vc_column][\/vc_row][vc_row css_animation=\u00bbfadeIn\u00bb][vc_column][vc_custom_heading text=\u00bbTours\u00bb font_container=\u00bbtag:h1|text_align:center|color:%23ffffff\u00bb use_theme_fonts=\u00bbyes\u00bb css=\u00bb.vc_custom_1760808600391{padding-top: 15px !important;padding-bottom: 15px !important;background-color: #EAAA00 !important;}\u00bb][vc_empty_space height=\u00bb30px\u00bb][vc_basic_grid post_type=\u00bbst_tours\u00bb max_items=\u00bb-1&#8243; style=\u00bbpagination\u00bb items_per_page=\u00bb4&#8243; show_filter=\u00bbyes\u00bb element_width=\u00bb3&#8243; orderby=\u00bbrand\u00bb arrows_design=\u00bbvc_arrow-icon-arrow_02_left\u00bb arrows_position=\u00bboutside\u00bb arrows_color=\u00bborange\u00bb paging_color=\u00bborange\u00bb loop=\u00bbyes\u00bb item=\u00bbmasonryGrid_FadeIn\u00bb initial_loading_animation=\u00bbnone\u00bb css=\u00bb\u00bb grid_id=\u00bbvc_gid:1772752854973-c12c92a6-201f-8&#8243; filter_source=\u00bbcategory\u00bb][vc_empty_space height=\u00bb100px\u00bb][\/vc_column][\/vc_row][vc_row full_width=\u00bbstretch_row_content\u00bb full_height=\u00bbyes\u00bb columns_placement=\u00bbtop\u00bb equal_height=\u00bbyes\u00bb content_placement=\u00bbtop\u00bb css_animation=\u00bbfadeIn\u00bb parallax_class=\u00bbyes\u00bb css=\u00bb.vc_custom_1767736073757{padding-top: 0px !important;padding-bottom: 0px !important;background: #ffffff url(https:\/\/k52mhucbgfd.preview.infomaniak.website\/wp-content\/uploads\/2025\/03\/1220413.jpg?id=16719) !important;background-position: center !important;background-repeat: no-repeat !important;background-size: cover !important;}\u00bb][vc_column css=\u00bb.vc_custom_1610837716473{border-right-width: 20px !important;border-left-width: 20px !important;background-position: center !important;background-repeat: no-repeat !important;background-size: cover !important;}\u00bb][vc_empty_space height=\u00bb100px\u00bb][vc_custom_heading text=\u00bbOfrezca una experiencia!\u00bb font_container=\u00bbtag:h1|text_align:center|color:%23ffffff\u00bb use_theme_fonts=\u00bbyes\u00bb css=\u00bb.vc_custom_1760808609936{padding-top: 15px !important;padding-bottom: 15px !important;background-color: #EAAA00 !important;}\u00bb][vc_custom_heading text=\u00bbElija una de nuestras experiencias y sorprenda a un amigo o familiar con un vale.\u00bb font_container=\u00bbtag:h4|text_align:center|color:%23ffffff\u00bb use_theme_fonts=\u00bbyes\u00bb css=\u00bb.vc_custom_1760804167554{background-color: #EAAA00 !important;}\u00bb][vc_empty_space height=\u00bb40px\u00bb][\/vc_column][\/vc_row][vc_row full_width=\u00bbstretch_row_content\u00bb full_height=\u00bbyes\u00bb css_animation=\u00bbfadeIn\u00bb parallax_class=\u00bbyes\u00bb css=\u00bb.vc_custom_1767736088446{padding-top: 60px !important;padding-bottom: 60px !important;background-position: center !important;background-repeat: no-repeat !important;background-size: cover !important;}\u00bb][vc_column][vc_empty_space height=\u00bb40px\u00bb][vc_custom_heading text=\u00bbBlog\u00bb font_container=\u00bbtag:h1|text_align:center|color:%23ffffff\u00bb use_theme_fonts=\u00bbyes\u00bb css=\u00bb.vc_custom_1760808619295{padding-top: 15px !important;padding-bottom: 15px !important;background-color: #EAAA00 !important;}\u00bb][vc_empty_space height=\u00bb20px\u00bb][vc_basic_grid post_type=\u00bbpost\u00bb max_items=\u00bb-1&#8243; style=\u00bbpagination\u00bb items_per_page=\u00bb4&#8243; element_width=\u00bb3&#8243; gap=\u00bb20&#8243; arrows_design=\u00bbvc_arrow-icon-arrow_02_left\u00bb arrows_position=\u00bboutside\u00bb arrows_color=\u00bborange\u00bb paging_color=\u00bborange\u00bb loop=\u00bbyes\u00bb item=\u00bbmasonryGrid_FadeIn\u00bb initial_loading_animation=\u00bbnone\u00bb css=\u00bb\u00bb grid_id=\u00bbvc_gid:1772752854974-5b0affcd-7f0b-3&#8243;][vc_empty_space height=\u00bb30px\u00bb][\/vc_column][\/vc_row]<\/p>\n<\/div>","protected":false},"excerpt":{"rendered":"<p>[vc_row full_height=\u00bbyes\u00bb columns_placement=\u00bbbottom\u00bb content_placement=\u00bbbottom\u00bb parallax_class=\u00bbyes\u00bb css=\u00bb.vc_custom_1772752836448{padding-bottom: 0px !important;background-image: url(https:\/\/k52mhucbgfd.preview.infomaniak.website\/wp-content\/uploads\/2025\/08\/FMR6993.jpg?id=17514) !important;background-position: center !important;background-repeat: no-repeat !important;background-size: cover !important;}\u00bb][vc_column][vc_custom_heading text=\u00bbSi\u00e9ntete parte de la naturaleza. Descubre una conexi\u00f3n aut\u00e9ntica con el mundo natural.\u00bb font_container=\u00bbtag:h1|font_size:40|text_align:left|color:%23FFFFFF|line_height:1&#8243; google_fonts=\u00bbfont_family:Crimson%20Text%3Aregular%2Citalic%2C600%2C600italic%2C700%2C700italic|font_style:400%20regular%3A400%3Anormal\u00bb css_animation=\u00bbfadeIn\u00bb css=\u00bb\u00bb][vc_btn title=\u00bbVER TODOS LOS TOURS\u00bb color=\u00bbwarning\u00bb css_animation=\u00bbfadeIn\u00bb css=\u00bb\u00bb link=\u00bburl:https%3A%2F%2Fk52mhucbgfd.preview.infomaniak.website%2Fes%2Ftours%2F\u00bb][\/vc_column][vc_column width=\u00bb1\/4&#8243;][vc_empty_space height=\u00bb280px\u00bb][vc_single_image image=\u00bb13862&#8243; img_size=\u00bb125&#215;125&#8243; alignment=\u00bbcenter\u00bb css=\u00bb\u00bb][vc_empty_space height=\u00bb50px\u00bb][\/vc_column][vc_column width=\u00bb1\/4&#8243;][vc_empty_space height=\u00bb280px\u00bb][vc_single_image image=\u00bb16552&#8243; img_size=\u00bb125&#215;125&#8243; alignment=\u00bbcenter\u00bb css=\u00bb\u00bb][vc_empty_space height=\u00bb50px\u00bb][\/vc_column][vc_column [&hellip;]<\/p>\n","protected":false},"author":1,"featured_media":0,"parent":0,"menu_order":0,"comment_status":"closed","ping_status":"closed","template":"template-home.php","meta":{"googlesitekit_rrm_CAowx9fADA:productID":"","om_disable_all_campaigns":false,"ngg_post_thumbnail":0,"footnotes":""},"class_list":["post-19191","page","type-page","status-publish","has-post-thumbnail","hentry"],"yoast_head":"<!-- This site is optimized with the Yoast SEO plugin v27.5 - https:\/\/yoast.com\/product\/yoast-seo-wordpress\/ -->\n<title>Home - Wildlife Portugal<\/title>\n<meta name=\"robots\" content=\"index, follow, max-snippet:-1, max-image-preview:large, max-video-preview:-1\" \/>\n<link rel=\"canonical\" href=\"https:\/\/wildlifeportugal.pt\/es\/\" \/>\n<meta property=\"og:locale\" content=\"es_ES\" \/>\n<meta property=\"og:type\" content=\"article\" \/>\n<meta property=\"og:title\" content=\"Home - Wildlife Portugal\" \/>\n<meta property=\"og:description\" content=\"[vc_row full_height=\u00bbyes\u00bb columns_placement=\u00bbbottom\u00bb content_placement=\u00bbbottom\u00bb parallax_class=\u00bbyes\u00bb css=\u00bb.vc_custom_1772752836448{padding-bottom: 0px !important;background-image: url(https:\/\/k52mhucbgfd.preview.infomaniak.website\/wp-content\/uploads\/2025\/08\/FMR6993.jpg?id=17514) !important;background-position: center !important;background-repeat: no-repeat !important;background-size: cover !important;}\u00bb][vc_column][vc_custom_heading text=\u00bbSi\u00e9ntete parte de la naturaleza. Descubre una conexi\u00f3n aut\u00e9ntica con el mundo natural.\u00bb font_container=\u00bbtag:h1|font_size:40|text_align:left|color:%23FFFFFF|line_height:1&#8243; google_fonts=\u00bbfont_family:Crimson%20Text%3Aregular%2Citalic%2C600%2C600italic%2C700%2C700italic|font_style:400%20regular%3A400%3Anormal\u00bb css_animation=\u00bbfadeIn\u00bb css=\u00bb\u00bb][vc_btn title=\u00bbVER TODOS LOS TOURS\u00bb color=\u00bbwarning\u00bb css_animation=\u00bbfadeIn\u00bb css=\u00bb\u00bb link=\u00bburl:https%3A%2F%2Fk52mhucbgfd.preview.infomaniak.website%2Fes%2Ftours%2F\u00bb][\/vc_column][vc_column width=\u00bb1\/4&#8243;][vc_empty_space height=\u00bb280px\u00bb][vc_single_image image=\u00bb13862&#8243; img_size=\u00bb125&#215;125&#8243; alignment=\u00bbcenter\u00bb css=\u00bb\u00bb][vc_empty_space height=\u00bb50px\u00bb][\/vc_column][vc_column width=\u00bb1\/4&#8243;][vc_empty_space height=\u00bb280px\u00bb][vc_single_image image=\u00bb16552&#8243; img_size=\u00bb125&#215;125&#8243; alignment=\u00bbcenter\u00bb css=\u00bb\u00bb][vc_empty_space height=\u00bb50px\u00bb][\/vc_column][vc_column [&hellip;]\" \/>\n<meta property=\"og:url\" content=\"https:\/\/wildlifeportugal.pt\/es\/\" \/>\n<meta property=\"og:site_name\" content=\"Wildlife Portugal\" \/>\n<meta property=\"article:publisher\" content=\"https:\/\/www.facebook.com\/wildlifeportugal\/\" \/>\n<meta property=\"article:modified_time\" content=\"2026-03-05T23:25:58+00:00\" \/>\n<meta property=\"og:image\" content=\"https:\/\/wildlifeportugal.pt\/wp-content\/uploads\/2025\/10\/Logo_Wildlife-PT-Ecra-Princ-Assi-RGB_Pos-Hor-e1761909241367.png\" \/>\n\t<meta property=\"og:image:width\" content=\"1200\" \/>\n\t<meta property=\"og:image:height\" content=\"400\" \/>\n\t<meta property=\"og:image:type\" content=\"image\/png\" \/>\n<meta name=\"twitter:card\" content=\"summary_large_image\" \/>\n<meta name=\"twitter:site\" content=\"@wildlifept\" \/>\n<meta name=\"twitter:label1\" content=\"Tiempo de lectura\" \/>\n\t<meta name=\"twitter:data1\" content=\"2 minutos\" \/>\n<script type=\"application\/ld+json\" class=\"yoast-schema-graph\">{\"@context\":\"https:\\\/\\\/schema.org\",\"@graph\":[{\"@type\":\"WebPage\",\"@id\":\"https:\\\/\\\/wildlifeportugal.pt\\\/es\\\/\",\"url\":\"https:\\\/\\\/wildlifeportugal.pt\\\/es\\\/\",\"name\":\"Home - Wildlife Portugal\",\"isPartOf\":{\"@id\":\"https:\\\/\\\/wildlifeportugal.pt\\\/es\\\/#website\"},\"datePublished\":\"2025-10-18T16:16:54+00:00\",\"dateModified\":\"2026-03-05T23:25:58+00:00\",\"breadcrumb\":{\"@id\":\"https:\\\/\\\/wildlifeportugal.pt\\\/es\\\/#breadcrumb\"},\"inLanguage\":\"es\",\"potentialAction\":[{\"@type\":\"ReadAction\",\"target\":[\"https:\\\/\\\/wildlifeportugal.pt\\\/es\\\/\"]}]},{\"@type\":\"BreadcrumbList\",\"@id\":\"https:\\\/\\\/wildlifeportugal.pt\\\/es\\\/#breadcrumb\",\"itemListElement\":[{\"@type\":\"ListItem\",\"position\":1,\"name\":\"In\u00edcio\",\"item\":\"https:\\\/\\\/wildlifeportugal.pt\\\/es\\\/\"},{\"@type\":\"ListItem\",\"position\":2,\"name\":\"Home\"}]},{\"@type\":\"WebSite\",\"@id\":\"https:\\\/\\\/wildlifeportugal.pt\\\/es\\\/#website\",\"url\":\"https:\\\/\\\/wildlifeportugal.pt\\\/es\\\/\",\"name\":\"Wildlife Portugal\",\"description\":\"Wild Nature Tours\",\"publisher\":{\"@id\":\"https:\\\/\\\/wildlifeportugal.pt\\\/es\\\/#organization\"},\"potentialAction\":[{\"@type\":\"SearchAction\",\"target\":{\"@type\":\"EntryPoint\",\"urlTemplate\":\"https:\\\/\\\/wildlifeportugal.pt\\\/es\\\/?s={search_term_string}\"},\"query-input\":{\"@type\":\"PropertyValueSpecification\",\"valueRequired\":true,\"valueName\":\"search_term_string\"}}],\"inLanguage\":\"es\"},{\"@type\":\"Organization\",\"@id\":\"https:\\\/\\\/wildlifeportugal.pt\\\/es\\\/#organization\",\"name\":\"Wildlife Portugal\",\"url\":\"https:\\\/\\\/wildlifeportugal.pt\\\/es\\\/\",\"logo\":{\"@type\":\"ImageObject\",\"inLanguage\":\"es\",\"@id\":\"https:\\\/\\\/wildlifeportugal.pt\\\/es\\\/#\\\/schema\\\/logo\\\/image\\\/\",\"url\":\"https:\\\/\\\/k52mhucbgfd.preview.infomaniak.website\\\/wp-content\\\/uploads\\\/2025\\\/10\\\/Sem-Titulo-1.jpg\",\"contentUrl\":\"https:\\\/\\\/k52mhucbgfd.preview.infomaniak.website\\\/wp-content\\\/uploads\\\/2025\\\/10\\\/Sem-Titulo-1.jpg\",\"width\":600,\"height\":600,\"caption\":\"Wildlife Portugal\"},\"image\":{\"@id\":\"https:\\\/\\\/wildlifeportugal.pt\\\/es\\\/#\\\/schema\\\/logo\\\/image\\\/\"},\"sameAs\":[\"https:\\\/\\\/www.facebook.com\\\/wildlifeportugal\\\/\",\"https:\\\/\\\/x.com\\\/wildlifept\",\"https:\\\/\\\/www.instagram.com\\\/wildlifeportugal\\\/\",\"https:\\\/\\\/www.linkedin.com\\\/in\\\/wildlife-portugal-69569b136\\\/\",\"https:\\\/\\\/pt.pinterest.com\\\/wildlifept\\\/\",\"https:\\\/\\\/www.youtube.com\\\/channel\\\/UCdJIIGehM2uT9WloHyUwmyQ\"]}]}<\/script>\n<!-- \/ Yoast SEO plugin. -->","yoast_head_json":{"title":"Home - Wildlife Portugal","robots":{"index":"index","follow":"follow","max-snippet":"max-snippet:-1","max-image-preview":"max-image-preview:large","max-video-preview":"max-video-preview:-1"},"canonical":"https:\/\/wildlifeportugal.pt\/es\/","og_locale":"es_ES","og_type":"article","og_title":"Home - Wildlife Portugal","og_description":"[vc_row full_height=\u00bbyes\u00bb columns_placement=\u00bbbottom\u00bb content_placement=\u00bbbottom\u00bb parallax_class=\u00bbyes\u00bb css=\u00bb.vc_custom_1772752836448{padding-bottom: 0px !important;background-image: url(https:\/\/k52mhucbgfd.preview.infomaniak.website\/wp-content\/uploads\/2025\/08\/FMR6993.jpg?id=17514) !important;background-position: center !important;background-repeat: no-repeat !important;background-size: cover !important;}\u00bb][vc_column][vc_custom_heading text=\u00bbSi\u00e9ntete parte de la naturaleza. Descubre una conexi\u00f3n aut\u00e9ntica con el mundo natural.\u00bb font_container=\u00bbtag:h1|font_size:40|text_align:left|color:%23FFFFFF|line_height:1&#8243; google_fonts=\u00bbfont_family:Crimson%20Text%3Aregular%2Citalic%2C600%2C600italic%2C700%2C700italic|font_style:400%20regular%3A400%3Anormal\u00bb css_animation=\u00bbfadeIn\u00bb css=\u00bb\u00bb][vc_btn title=\u00bbVER TODOS LOS TOURS\u00bb color=\u00bbwarning\u00bb css_animation=\u00bbfadeIn\u00bb css=\u00bb\u00bb link=\u00bburl:https%3A%2F%2Fk52mhucbgfd.preview.infomaniak.website%2Fes%2Ftours%2F\u00bb][\/vc_column][vc_column width=\u00bb1\/4&#8243;][vc_empty_space height=\u00bb280px\u00bb][vc_single_image image=\u00bb13862&#8243; img_size=\u00bb125&#215;125&#8243; alignment=\u00bbcenter\u00bb css=\u00bb\u00bb][vc_empty_space height=\u00bb50px\u00bb][\/vc_column][vc_column width=\u00bb1\/4&#8243;][vc_empty_space height=\u00bb280px\u00bb][vc_single_image image=\u00bb16552&#8243; img_size=\u00bb125&#215;125&#8243; alignment=\u00bbcenter\u00bb css=\u00bb\u00bb][vc_empty_space height=\u00bb50px\u00bb][\/vc_column][vc_column [&hellip;]","og_url":"https:\/\/wildlifeportugal.pt\/es\/","og_site_name":"Wildlife Portugal","article_publisher":"https:\/\/www.facebook.com\/wildlifeportugal\/","article_modified_time":"2026-03-05T23:25:58+00:00","og_image":[{"width":1200,"height":400,"url":"https:\/\/wildlifeportugal.pt\/wp-content\/uploads\/2025\/10\/Logo_Wildlife-PT-Ecra-Princ-Assi-RGB_Pos-Hor-e1761909241367.png","type":"image\/png"}],"twitter_card":"summary_large_image","twitter_site":"@wildlifept","twitter_misc":{"Tiempo de lectura":"2 minutos"},"schema":{"@context":"https:\/\/schema.org","@graph":[{"@type":"WebPage","@id":"https:\/\/wildlifeportugal.pt\/es\/","url":"https:\/\/wildlifeportugal.pt\/es\/","name":"Home - Wildlife Portugal","isPartOf":{"@id":"https:\/\/wildlifeportugal.pt\/es\/#website"},"datePublished":"2025-10-18T16:16:54+00:00","dateModified":"2026-03-05T23:25:58+00:00","breadcrumb":{"@id":"https:\/\/wildlifeportugal.pt\/es\/#breadcrumb"},"inLanguage":"es","potentialAction":[{"@type":"ReadAction","target":["https:\/\/wildlifeportugal.pt\/es\/"]}]},{"@type":"BreadcrumbList","@id":"https:\/\/wildlifeportugal.pt\/es\/#breadcrumb","itemListElement":[{"@type":"ListItem","position":1,"name":"In\u00edcio","item":"https:\/\/wildlifeportugal.pt\/es\/"},{"@type":"ListItem","position":2,"name":"Home"}]},{"@type":"WebSite","@id":"https:\/\/wildlifeportugal.pt\/es\/#website","url":"https:\/\/wildlifeportugal.pt\/es\/","name":"Wildlife Portugal","description":"Wild Nature Tours","publisher":{"@id":"https:\/\/wildlifeportugal.pt\/es\/#organization"},"potentialAction":[{"@type":"SearchAction","target":{"@type":"EntryPoint","urlTemplate":"https:\/\/wildlifeportugal.pt\/es\/?s={search_term_string}"},"query-input":{"@type":"PropertyValueSpecification","valueRequired":true,"valueName":"search_term_string"}}],"inLanguage":"es"},{"@type":"Organization","@id":"https:\/\/wildlifeportugal.pt\/es\/#organization","name":"Wildlife Portugal","url":"https:\/\/wildlifeportugal.pt\/es\/","logo":{"@type":"ImageObject","inLanguage":"es","@id":"https:\/\/wildlifeportugal.pt\/es\/#\/schema\/logo\/image\/","url":"https:\/\/k52mhucbgfd.preview.infomaniak.website\/wp-content\/uploads\/2025\/10\/Sem-Titulo-1.jpg","contentUrl":"https:\/\/k52mhucbgfd.preview.infomaniak.website\/wp-content\/uploads\/2025\/10\/Sem-Titulo-1.jpg","width":600,"height":600,"caption":"Wildlife Portugal"},"image":{"@id":"https:\/\/wildlifeportugal.pt\/es\/#\/schema\/logo\/image\/"},"sameAs":["https:\/\/www.facebook.com\/wildlifeportugal\/","https:\/\/x.com\/wildlifept","https:\/\/www.instagram.com\/wildlifeportugal\/","https:\/\/www.linkedin.com\/in\/wildlife-portugal-69569b136\/","https:\/\/pt.pinterest.com\/wildlifept\/","https:\/\/www.youtube.com\/channel\/UCdJIIGehM2uT9WloHyUwmyQ"]}]}},"_links":{"self":[{"href":"https:\/\/wildlifeportugal.pt\/es\/wp-json\/wp\/v2\/pages\/19191","targetHints":{"allow":["GET"]}}],"collection":[{"href":"https:\/\/wildlifeportugal.pt\/es\/wp-json\/wp\/v2\/pages"}],"about":[{"href":"https:\/\/wildlifeportugal.pt\/es\/wp-json\/wp\/v2\/types\/page"}],"author":[{"embeddable":true,"href":"https:\/\/wildlifeportugal.pt\/es\/wp-json\/wp\/v2\/users\/1"}],"replies":[{"embeddable":true,"href":"https:\/\/wildlifeportugal.pt\/es\/wp-json\/wp\/v2\/comments?post=19191"}],"version-history":[{"count":22,"href":"https:\/\/wildlifeportugal.pt\/es\/wp-json\/wp\/v2\/pages\/19191\/revisions"}],"predecessor-version":[{"id":21317,"href":"https:\/\/wildlifeportugal.pt\/es\/wp-json\/wp\/v2\/pages\/19191\/revisions\/21317"}],"wp:attachment":[{"href":"https:\/\/wildlifeportugal.pt\/es\/wp-json\/wp\/v2\/media?parent=19191"}],"curies":[{"name":"wp","href":"https:\/\/api.w.org\/{rel}","templated":true}]}}