{"id":19406,"date":"2025-10-20T21:31:20","date_gmt":"2025-10-20T20:31:20","guid":{"rendered":"https:\/\/k52mhucbgfd.preview.infomaniak.website\/?page_id=19406"},"modified":"2025-10-20T21:31:20","modified_gmt":"2025-10-20T20:31:20","slug":"aves-del-gran-valle-del-coa","status":"publish","type":"page","link":"https:\/\/wildlifeportugal.pt\/es\/observacion-de-aves\/aves-del-gran-valle-del-coa\/","title":{"rendered":"Aves del Gran Valle del C\u00f4a"},"content":{"rendered":"<div class=\"wpb-content-wrapper\"><p>[vc_row][vc_column][vc_column_text css=\u00bb\u00bb]<\/p>\n<h4 data-uw-styling-context=\"true\"><strong><span style=\"font-family: arial, helvetica, sans-serif;\">Corredor ecol\u00f3gico<\/span><\/strong><\/h4>\n<p><span style=\"font-family: arial, helvetica, sans-serif; font-size: 16px;\">Este valle fluvial representa un importante corredor fluvial, con una extensi\u00f3n de unos 140 km. Desde su nacimiento, en la Serra das Mesas (Sabugal), hasta su desembocadura, en el r\u00edo Duero (Vila Nova de Foz C\u00f4a), este r\u00edo atraviesa la zona de la meseta de la Beira Interior, que corresponde al extremo occidental de la Meseta Ib\u00e9rica. En el pasado sirvi\u00f3 de frontera natural, pero hoy en d\u00eda sigue bordeando el territorio fronterizo portugu\u00e9s, rico en historia, naturaleza y paisajes. Los vestigios prehist\u00f3ricos de la presencia humana y salvaje, los castillos medievales y los pueblos hist\u00f3ricos amurallados est\u00e1n bien representados aqu\u00ed.<\/span><\/p>\n<p><span style=\"font-family: arial, helvetica, sans-serif; font-size: 16px;\">Su paisaje natural se ha recuperado en las \u00faltimas d\u00e9cadas y ahora hay grandes extensiones de robles j\u00f3venes de melojo, donde hay prados naturales y bosquecillos de fresnos. En consecuencia, la fauna silvestre ha regresado o reforzado su presencia en este territorio, con destaque para los grandes herb\u00edvoros como el ciervo y el corzo. El m\u00edtico lobo ib\u00e9rico tambi\u00e9n anuncia su presencia ocasional. Pero es el grupo de las aves, especialmente las rapaces, el que mejor est\u00e1 representado en este extenso paisaje aplanado.<\/span>[\/vc_column_text][vc_empty_space height=\u00bb20px\u00bb][\/vc_column][\/vc_row][vc_row][vc_column width=\u00bb1\/3&#8243;][vc_single_image image=\u00bb13845&#8243; img_size=\u00bb400&#215;265&#8243; alignment=\u00bbcenter\u00bb style=\u00bbvc_box_shadow_3d\u00bb][\/vc_column][vc_column width=\u00bb1\/3&#8243;][vc_single_image image=\u00bb12477&#8243; img_size=\u00bb400&#215;265&#8243; alignment=\u00bbcenter\u00bb style=\u00bbvc_box_shadow_3d\u00bb][\/vc_column][vc_column width=\u00bb1\/3&#8243;][vc_single_image image=\u00bb15601&#8243; img_size=\u00bb400&#215;265&#8243; alignment=\u00bbcenter\u00bb style=\u00bbvc_box_shadow_3d\u00bb css=\u00bb\u00bb][\/vc_column][\/vc_row][vc_row][vc_column][vc_empty_space height=\u00bb20px\u00bb][vc_column_text css=\u00bb\u00bb]<\/p>\n<h4><span style=\"font-family: arial, helvetica, sans-serif;\"><strong>Aves del C\u00f4a<br \/>\n<\/strong><\/span><\/h4>\n<p><span style=\"font-family: arial, helvetica, sans-serif; font-size: 16px;\">Es el grupo que destaca por la variedad y presencia de especies de gran valor para la conservaci\u00f3n. Entre ellas, la&nbsp;<strong>Cig\u00fce\u00f1a negra<\/strong>&nbsp;(<em>Ciconia nigra<\/em>), el&nbsp;<strong>Alimoche com\u00fan<\/strong>&nbsp;(<em>Neophron percnopterus<\/em>), el&nbsp;<strong>Buitre leonado<\/strong>&nbsp;(<em>Gyps fulvus<\/em>), el&nbsp;<strong>Buitre negro<\/strong>&nbsp;(<em>Aegypius monachus<\/em>), el&nbsp;<strong>\u00c1guila real<\/strong>&nbsp;(<em>Aquila chrysaetos<\/em>), el&nbsp;<strong>\u00c1guila culebrera<\/strong>&nbsp;(<em>Circaetus gallicus<\/em>), el&nbsp;<strong>\u00c1guila calzada<\/strong>&nbsp;(<em>Hieraaetus pennatus<\/em>), el&nbsp;<strong>Milano real<\/strong>&nbsp;(<em>Milvus milvus<\/em>), el&nbsp;<strong>Elanio azul<\/strong>&nbsp;(<em>Elanus caeruleus<\/em>), la&nbsp;<strong>Golondrina d\u00e1urica<\/strong>&nbsp;(<em>Cecropis daurica<\/em>), el&nbsp;<strong>Avi\u00f3n roquero<\/strong>&nbsp;(<em>Ptyonoprogne rupestris<\/em>), el&nbsp;<strong>Vencejo real<\/strong>&nbsp;(<em>Apus melba<\/em>).<\/span><\/p>\n<p><span style=\"font-family: arial, helvetica, sans-serif; font-size: 16px;\">Otras especies que podemos encontrar aqu\u00ed son el&nbsp;<strong>Chotacabras cuellirrojo<\/strong>&nbsp;(<em>Caprimulgus ruficollis<\/em>), el&nbsp;<strong>Abejaruco<\/strong>&nbsp;(<em>Merops apiaster<\/em>), el&nbsp;<strong>Orop\u00e9ndola europea<\/strong>&nbsp;(<em>Oriolus oriolus<\/em>), el&nbsp;<strong>Roquero solitario<\/strong>&nbsp;(<em>Monticola solitarius<\/em>), la&nbsp;<strong>Curruca mirlona occidental<\/strong>&nbsp;(<em>Curruca hortensis<\/em>), la&nbsp;<strong>Curruca cabecinegra<\/strong>&nbsp;(<em>Curruca melanocephala<\/em>), la&nbsp;<strong>Curruca carrasque\u00f1a occidental<\/strong>&nbsp;(<em>Curruca iberiae<\/em>), el&nbsp;<strong>Alcaud\u00f3n com\u00fan<\/strong>&nbsp;(<em>Lanius senator<\/em>), el&nbsp;<strong>Alcaud\u00f3n real&nbsp;<\/strong>(<em>Lanius meridionalis<\/em>), la&nbsp;<strong>Cogujada montesina<\/strong>&nbsp;(<em>Galerida theklae<\/em>), el&nbsp;<strong>Rabilargo ib\u00e9rico<\/strong>&nbsp;(<em>Cyanopica cooki<\/em>), el&nbsp;<strong>Estornino negro<\/strong>&nbsp;(<em>Sturnus unicolor<\/em>) y el&nbsp;<strong>Gorri\u00f3n moruno<\/strong>&nbsp;(<em>Passer hispaniolensis<\/em>).<\/span>[\/vc_column_text][\/vc_column][\/vc_row][vc_row][vc_column][vc_empty_space height=\u00bb25px\u00bb][vc_separator css=\u00bb\u00bb][vc_custom_heading text=\u00bbGaleria fotogr\u00e1fica\u00bb font_container=\u00bbtag:h3|text_align:left\u00bb use_theme_fonts=\u00bbyes\u00bb css=\u00bb\u00bb][vc_wp_text]<\/p>\n<p>ngg_shortcode_0_placeholder[\/vc_wp_text][\/vc_column][\/vc_row][vc_row][vc_column][vc_tta_accordion style=\u00bbmodern\u00bb color=\u00bborange\u00bb spacing=\u00bb1&#8243; gap=\u00bb1&#8243; c_icon=\u00bbtriangle\u00bb active_section=\u00bb0&#8243; collapsible_all=\u00bbtrue\u00bb][vc_tta_section i_position=\u00bbright\u00bb i_icon_fontawesome=\u00bbfa fa-solid fa-circle-info\u00bb add_icon=\u00bbtrue\u00bb title=\u00bbm\u00e1s informaci\u00f3n\u00bb tab_id=\u00bb1515864813448-b1b28c61-2b53&#8243;][vc_column_text css=\u00bb\u00bb]<\/p>\n<p style=\"padding-left: 30px;\">&nbsp;<\/p>\n<p style=\"padding-left: 40px;\"><span style=\"font-family: arial, helvetica, sans-serif; font-size: 16px;\"><strong>Duraci\u00f3n<\/strong>: 1\/2 d\u00eda o 1 d\u00eda.<\/span><\/p>\n<p style=\"padding-left: 40px;\"><span style=\"font-family: arial, helvetica, sans-serif; font-size: 16px;\"><strong>Tipo<\/strong>: mixto (coche y a pie).<\/span><\/p>\n<p style=\"padding-left: 40px;\"><span style=\"font-family: arial, helvetica, sans-serif; font-size: 16px;\"><strong>Extra<\/strong>: la actividad puede incluir un picnic, con coste adicional.<\/span><\/p>\n<p style=\"padding-left: 30px;\">&nbsp;<\/p>\n<p>[\/vc_column_text][\/vc_tta_section][vc_tta_section i_position=\u00bbright\u00bb i_icon_fontawesome=\u00bbfa fa-solid fa-map-location-dot\u00bb add_icon=\u00bbtrue\u00bb title=\u00bblocalizaci\u00f3n\u00bb tab_id=\u00bb1515864813399-9e1ac479-5fbe\u00bb][vc_goo_maps location=\u00bbVale de Madeira, Pinhel, Portugal\u00bb zoom=\u00bb12&#8243; type=\u00bbh\u00bb css=\u00bb\u00bb][\/vc_tta_section][vc_tta_section i_position=\u00bbright\u00bb i_icon_fontawesome=\u00bbfa fa-solid fa-euro-sign\u00bb add_icon=\u00bbtrue\u00bb title=\u00bbprecio\u00bb tab_id=\u00bb1515865060989-7757c19c-75f2&#8243;][vc_column_text css=\u00bb\u00bb]<\/p>\n<p style=\"padding-left: 40px;\">&nbsp;<\/p>\n<p style=\"padding-left: 40px;\"><span style=\"font-size: 16px; font-family: arial, helvetica, sans-serif;\">1 D\u00cdA: hasta 4 participantes <strong>215,00 \u20ac <\/strong>(precio de grupo)<\/span><\/p>\n<p style=\"padding-left: 40px;\"><span style=\"font-size: 16px; font-family: arial, helvetica, sans-serif;\">1\/2 D\u00cdA: hasta 4 participantes <strong>145,00 \u20ac <\/strong>(precio de grupo)<\/span><\/p>\n<p style=\"padding-left: 40px;\">&nbsp;<\/p>\n<p style=\"padding-left: 80px;\"><span style=\"font-family: arial, helvetica, sans-serif; font-size: 16px;\">Para grupos m\u00e1s grandes u otras condiciones, p\u00f3ngase en contacto con nosotros.<\/span><\/p>\n<p style=\"padding-left: 80px;\"><span style=\"font-family: arial, helvetica, sans-serif; font-size: 16px;\">El precio de la actividad incluye un gu\u00eda especializado, transporte local, equipo \u00f3ptico y seguro.<\/span><\/p>\n<p style=\"padding-left: 80px;\"><span style=\"font-family: arial, helvetica, sans-serif; font-size: 16px;\">Las reservas s\u00f3lo se garantizan previo pago del 50% de la cuota de inscripci\u00f3n.<\/span><\/p>\n<p style=\"padding-left: 120px;\"><em><span style=\"font-family: arial, helvetica, sans-serif; font-size: 14px;\">Oferta de descuento igual al IVA para clientes particulares.<\/span><\/em><br \/>\n<span style=\"font-family: arial, helvetica, sans-serif; font-size: 14px;\"><em>El IVA se a\u00f1ade a los precios indicados para empresas y otras organizaciones<\/em>.<\/span><\/p>\n<p style=\"padding-left: 40px;\">&nbsp;<\/p>\n<p>[\/vc_column_text][\/vc_tta_section][vc_tta_section i_position=\u00bbright\u00bb i_icon_fontawesome=\u00bbfas fa-phone-alt\u00bb add_icon=\u00bbtrue\u00bb title=\u00bbreservar\u00bb tab_id=\u00bb1515865077602-e0217f55-ec66&#8243;][vc_column_text css=\u00bb\u00bb]&nbsp;<\/p>\n<p style=\"padding-left: 40px;\"><span style=\"font-family: arial, helvetica, sans-serif; font-size: 16px;\">A trav\u00e9s de los contactos facilitados, indicando su nombre y tel\u00e9fono m\u00f3vil\/correo electr\u00f3nico de contacto.<\/span><\/p>\n<p style=\"padding-left: 40px;\"><span style=\"font-family: arial, helvetica, sans-serif; font-size: 16px;\">La reserva s\u00f3lo se garantiza previo pago del 50% de la cuota de inscripci\u00f3n.<\/span><\/p>\n<p style=\"padding-left: 40px;\"><span style=\"font-size: 16px; font-family: arial, helvetica, sans-serif;\"><a href=\"https:\/\/k52mhucbgfd.preview.infomaniak.website\/page-contact-us\/\"><strong>Formulario de contacto<\/strong><\/a><\/span><\/p>\n<p style=\"padding-left: 40px;\"><span style=\"font-size: 16px; font-family: arial, helvetica, sans-serif;\"><strong>Email<\/strong>:<a href=\"mailto:info@k52mhucbgfd.preview.infomaniak.website\" target=\"_blank\" rel=\"noopener noreferrer\"> info@k52mhucbgfd.preview.infomaniak.website<\/a><\/span><\/p>\n<p style=\"padding-left: 40px;\"><span style=\"font-size: 16px; font-family: arial, helvetica, sans-serif;\"><strong>M\u00f3vil\/WhatsApp<\/strong>: +351 918 068 872<\/span><\/p>\n<p style=\"padding-left: 70px;\"><span style=\"font-family: arial, helvetica, sans-serif; font-size: 14px;\">(llamada a la red m\u00f3vil nacional)<\/span><\/p>\n<p>&nbsp;[\/vc_column_text][\/vc_tta_section][vc_tta_section i_position=\u00bbright\u00bb i_icon_fontawesome=\u00bbfa fa-solid fa-bed\u00bb add_icon=\u00bbtrue\u00bb title=\u00bbsugerencias de alojamiento en la regi\u00f3n\u00bb tab_id=\u00bb1515865197960-c0cc5656-fe0f\u00bb][vc_column_text css=\u00bb\u00bb]<\/p>\n<p style=\"padding-left: 40px;\">&nbsp;<\/p>\n<p style=\"padding-left: 40px;\">&nbsp;<\/p>\n<p style=\"padding-left: 40px;\"><a href=\"https:\/\/rewilding-portugal.com\/greater-coa-valley\/wild-coa-network\/\" target=\"_blank\" rel=\"noopener\"><span style=\"font-family: arial, helvetica, sans-serif;\"><img decoding=\"async\" class=\"wp-image-16553 size-thumbnail aligncenter\" src=\"https:\/\/k52mhucbgfd.preview.infomaniak.website\/wp-content\/uploads\/2024\/10\/2-150x150.png\" sizes=\"(max-width: 150px) 100vw, 150px\" srcset=\"https:\/\/k52mhucbgfd.preview.infomaniak.website\/wp-content\/uploads\/2024\/10\/2-150x150.png 150w, https:\/\/k52mhucbgfd.preview.infomaniak.website\/wp-content\/uploads\/2024\/10\/2-300x300.png 300w, https:\/\/k52mhucbgfd.preview.infomaniak.website\/wp-content\/uploads\/2024\/10\/2-1024x1024.png 1024w, https:\/\/k52mhucbgfd.preview.infomaniak.website\/wp-content\/uploads\/2024\/10\/2-768x768.png 768w, https:\/\/k52mhucbgfd.preview.infomaniak.website\/wp-content\/uploads\/2024\/10\/2-1536x1536.png 1536w, https:\/\/k52mhucbgfd.preview.infomaniak.website\/wp-content\/uploads\/2024\/10\/2-2048x2048.png 2048w, https:\/\/k52mhucbgfd.preview.infomaniak.website\/wp-content\/uploads\/2024\/10\/2.png 1181w\" alt=\"Visit the Greater C\u00f4a Valley\" width=\"150\" height=\"150\"><\/span><\/a><\/p>\n<p style=\"padding-left: 40px;\"><span style=\"font-family: arial, helvetica, sans-serif; font-size: 16px;\"><a href=\"https:\/\/casadapracapinhel.com\/\" target=\"_blank\" rel=\"noopener\"><strong>Casa da Pra\u00e7a<\/strong><\/a><\/span><\/p>\n<p style=\"padding-left: 40px;\"><span style=\"font-family: arial, helvetica, sans-serif; font-size: 16px;\"><a href=\"https:\/\/rewilding-portugal.com\/rewilding\/casa-do-brigadeiro\/\" target=\"_blank\" rel=\"noopener\"><strong>Casa do Brigadeiro<\/strong><\/a><\/span><\/p>\n<p style=\"padding-left: 40px;\"><span style=\"font-family: arial, helvetica, sans-serif; font-size: 16px;\"><strong><a href=\"http:\/\/www.turispedros.pt\/\" target=\"_blank\" rel=\"noopener noreferrer\" data-uw-styling-context=\"true\">Casa Villar Mayor<\/a><\/strong><\/span><\/p>\n<p style=\"padding-left: 40px;\"><span style=\"font-family: arial, helvetica, sans-serif; font-size: 16px;\"><strong><a href=\"https:\/\/coahoneycomb.com\/en\/\" target=\"_blank\" rel=\"noopener\">C\u00f4a Honeycomb<\/a><\/strong><\/span><\/p>\n<p style=\"padding-left: 40px;\"><span style=\"font-family: arial, helvetica, sans-serif; font-size: 16px;\"><a href=\"http:\/\/quintadorionoemi.com\/\" target=\"_blank\" rel=\"noopener\"><strong>Quinta do Rio Noemi<\/strong><\/a><\/span><\/p>\n<p style=\"padding-left: 40px;\"><span style=\"font-family: arial, helvetica, sans-serif; font-size: 16px;\"><a href=\"https:\/\/www.hoteldocro.com\/\" target=\"_blank\" rel=\"noopener\"><strong>Cr\u00f3 Hotel Thermal &amp; SPA<\/strong><\/a><\/span><\/p>\n<p style=\"padding-left: 40px;\"><span style=\"font-family: arial, helvetica, sans-serif; font-size: 16px;\"><strong><a href=\"https:\/\/rewilding-portugal.com\/greater-coa-valley\/rewilding-centre\/\" target=\"_blank\" rel=\"noopener\">Centro Rewilding<\/a><\/strong><\/span><\/p>\n<p>&nbsp;[\/vc_column_text][\/vc_tta_section][vc_tta_section i_position=\u00bbright\u00bb i_icon_fontawesome=\u00bbfa fa-solid fa-leaf\u00bb add_icon=\u00bbtrue\u00bb title=\u00bbresponsabilidad medioambiental\u00bb tab_id=\u00bb1610153029504-f75abffc-1688&#8243;][vc_column_text css=\u00bb\u00bb]&nbsp;<\/p>\n<p style=\"padding-left: 40px;\"><span style=\"font-family: arial, helvetica, sans-serif; font-size: 16px;\">En todas nuestras actividades nos comprometemos a salvaguardar el medio ambiente, minimizar su impacto y reducir la contaminaci\u00f3n.<\/span><\/p>\n<p style=\"padding-left: 40px;\"><span style=\"font-size: 16px; font-family: arial, helvetica, sans-serif;\">Con la organizaci\u00f3n de esta actividad, apoyamos las acciones de gesti\u00f3n y conservaci\u00f3n que promueven la coexistencia y el retorno de las especies salvajes al Gran Valle del C\u00f4a, bajo la gesti\u00f3n del <a href=\"https:\/\/rewilding-portugal.com\/pt\/oeste-iberico\/\" target=\"_blank\" rel=\"noopener noreferrer\" data-uw-styling-context=\"true\">Rewilding Portugal<\/a>, mediante una contribuci\u00f3n financiera.&nbsp;<\/span><\/p>\n<p>&nbsp;<\/p>\n<p style=\"padding-left: 40px;\"><a href=\"https:\/\/rewilding-portugal.com\/\" target=\"_blank\" rel=\"noopener\"><img decoding=\"async\" class=\"aligncenter wp-image-15512\" title=\"Rewilding Portugal\" src=\"https:\/\/k52mhucbgfd.preview.infomaniak.website\/wp-content\/uploads\/2023\/02\/Rewilding-Portugal-RGB-transparent-2.png\" alt=\"Rewilding Portugal\" width=\"200\" height=\"109\" srcset=\"https:\/\/wildlifeportugal.pt\/wp-content\/uploads\/2023\/02\/Rewilding-Portugal-RGB-transparent-2.png 800w, https:\/\/wildlifeportugal.pt\/wp-content\/uploads\/2023\/02\/Rewilding-Portugal-RGB-transparent-2-768x417.png 768w\" sizes=\"(max-width: 200px) 100vw, 200px\" \/><\/a><\/p>\n<p>&nbsp;[\/vc_column_text][\/vc_tta_section][\/vc_tta_accordion][vc_empty_space height=\u00bb25px\u00bb][\/vc_column][\/vc_row][vc_row full_width=\u00bbstretch_row_content\u00bb full_height=\u00bbyes\u00bb columns_placement=\u00bbtop\u00bb content_placement=\u00bbtop\u00bb css=\u00bb.vc_custom_1757704539444{background-image: url(https:\/\/k52mhucbgfd.preview.infomaniak.website\/wp-content\/uploads\/2024\/12\/DJI_0692.jpg?id=16590) !important;background-position: center !important;background-repeat: no-repeat !important;background-size: cover !important;}\u00bb][vc_column width=\u00bb1\/4&#8243;][vc_empty_space height=\u00bb70px\u00bb][vc_single_image image=\u00bb13862&#8243;][\/vc_column][vc_column width=\u00bb1\/4&#8243;][vc_empty_space height=\u00bb70px\u00bb][vc_single_image image=\u00bb15499&#8243; img_size=\u00bb150&#215;134&#8243;][\/vc_column][vc_column width=\u00bb1\/4&#8243;][vc_empty_space height=\u00bb70px\u00bb][vc_single_image image=\u00bb15512&#8243; img_size=\u00bb300&#215;150&#8243; css=\u00bb\u00bb][\/vc_column][vc_column width=\u00bb1\/4&#8243;][\/vc_column][\/vc_row]<\/p>\n<\/div>","protected":false},"excerpt":{"rendered":"<p>[vc_row][vc_column][vc_column_text css=\u00bb\u00bb] Corredor ecol\u00f3gico Este valle fluvial representa un importante corredor fluvial, con una extensi\u00f3n de unos 140 km. Desde su nacimiento, en la Serra das Mesas (Sabugal), hasta su desembocadura, en el r\u00edo Duero (Vila Nova de Foz C\u00f4a), este r\u00edo atraviesa la zona de la meseta de la Beira Interior, que corresponde al [&hellip;]<\/p>\n","protected":false},"author":1,"featured_media":18857,"parent":19006,"menu_order":2,"comment_status":"closed","ping_status":"closed","template":"","meta":{"googlesitekit_rrm_CAowx9fADA:productID":"","om_disable_all_campaigns":false,"ngg_post_thumbnail":0,"footnotes":""},"class_list":["post-19406","page","type-page","status-publish","has-post-thumbnail","hentry"],"yoast_head":"<!-- This site is optimized with the Yoast SEO plugin v27.5 - https:\/\/yoast.com\/product\/yoast-seo-wordpress\/ -->\n<title>Aves del C\u00f4a<\/title>\n<meta name=\"description\" content=\"Aves del Gran Valle del C\u00f4a es un programa de observaci\u00f3n de aves de Wildlife Portugal en todo el territorio del C\u00f4a.\" \/>\n<meta name=\"robots\" content=\"index, follow, max-snippet:-1, max-image-preview:large, max-video-preview:-1\" \/>\n<link rel=\"canonical\" href=\"https:\/\/wildlifeportugal.pt\/es\/observacion-de-aves\/aves-del-gran-valle-del-coa\/\" \/>\n<meta property=\"og:locale\" content=\"es_ES\" \/>\n<meta property=\"og:type\" content=\"article\" \/>\n<meta property=\"og:title\" content=\"Aves del C\u00f4a\" \/>\n<meta property=\"og:description\" content=\"Aves del Gran Valle del C\u00f4a es un programa de observaci\u00f3n de aves de Wildlife Portugal en todo el territorio del C\u00f4a.\" \/>\n<meta property=\"og:url\" content=\"https:\/\/wildlifeportugal.pt\/es\/observacion-de-aves\/aves-del-gran-valle-del-coa\/\" \/>\n<meta property=\"og:site_name\" content=\"Wildlife Portugal\" \/>\n<meta property=\"article:publisher\" content=\"https:\/\/www.facebook.com\/wildlifeportugal\/\" \/>\n<meta property=\"og:image\" content=\"https:\/\/wildlifeportugal.pt\/wp-content\/uploads\/2020\/01\/FMR1359.jpg\" \/>\n\t<meta property=\"og:image:width\" content=\"1920\" \/>\n\t<meta property=\"og:image:height\" content=\"1275\" \/>\n\t<meta property=\"og:image:type\" content=\"image\/jpeg\" \/>\n<meta name=\"twitter:card\" content=\"summary_large_image\" \/>\n<meta name=\"twitter:site\" content=\"@wildlifept\" \/>\n<meta name=\"twitter:label1\" content=\"Tiempo de lectura\" \/>\n\t<meta name=\"twitter:data1\" content=\"5 minutos\" \/>\n<script type=\"application\/ld+json\" class=\"yoast-schema-graph\">{\"@context\":\"https:\\\/\\\/schema.org\",\"@graph\":[{\"@type\":\"WebPage\",\"@id\":\"https:\\\/\\\/wildlifeportugal.pt\\\/es\\\/observacion-de-aves\\\/aves-del-gran-valle-del-coa\\\/\",\"url\":\"https:\\\/\\\/wildlifeportugal.pt\\\/es\\\/observacion-de-aves\\\/aves-del-gran-valle-del-coa\\\/\",\"name\":\"Aves del C\u00f4a\",\"isPartOf\":{\"@id\":\"https:\\\/\\\/wildlifeportugal.pt\\\/es\\\/#website\"},\"primaryImageOfPage\":{\"@id\":\"https:\\\/\\\/wildlifeportugal.pt\\\/es\\\/observacion-de-aves\\\/aves-del-gran-valle-del-coa\\\/#primaryimage\"},\"image\":{\"@id\":\"https:\\\/\\\/wildlifeportugal.pt\\\/es\\\/observacion-de-aves\\\/aves-del-gran-valle-del-coa\\\/#primaryimage\"},\"thumbnailUrl\":\"https:\\\/\\\/wildlifeportugal.pt\\\/wp-content\\\/uploads\\\/2020\\\/01\\\/FMR1359.jpg\",\"datePublished\":\"2025-10-20T20:31:20+00:00\",\"description\":\"Aves del Gran Valle del C\u00f4a es un programa de observaci\u00f3n de aves de Wildlife Portugal en todo el territorio del C\u00f4a.\",\"breadcrumb\":{\"@id\":\"https:\\\/\\\/wildlifeportugal.pt\\\/es\\\/observacion-de-aves\\\/aves-del-gran-valle-del-coa\\\/#breadcrumb\"},\"inLanguage\":\"es\",\"potentialAction\":[{\"@type\":\"ReadAction\",\"target\":[\"https:\\\/\\\/wildlifeportugal.pt\\\/es\\\/observacion-de-aves\\\/aves-del-gran-valle-del-coa\\\/\"]}]},{\"@type\":\"ImageObject\",\"inLanguage\":\"es\",\"@id\":\"https:\\\/\\\/wildlifeportugal.pt\\\/es\\\/observacion-de-aves\\\/aves-del-gran-valle-del-coa\\\/#primaryimage\",\"url\":\"https:\\\/\\\/wildlifeportugal.pt\\\/wp-content\\\/uploads\\\/2020\\\/01\\\/FMR1359.jpg\",\"contentUrl\":\"https:\\\/\\\/wildlifeportugal.pt\\\/wp-content\\\/uploads\\\/2020\\\/01\\\/FMR1359.jpg\",\"width\":1920,\"height\":1275,\"caption\":\"Buitre leonado\"},{\"@type\":\"BreadcrumbList\",\"@id\":\"https:\\\/\\\/wildlifeportugal.pt\\\/es\\\/observacion-de-aves\\\/aves-del-gran-valle-del-coa\\\/#breadcrumb\",\"itemListElement\":[{\"@type\":\"ListItem\",\"position\":1,\"name\":\"In\u00edcio\",\"item\":\"https:\\\/\\\/wildlifeportugal.pt\\\/es\\\/\"},{\"@type\":\"ListItem\",\"position\":2,\"name\":\"OBSERVACI\u00d3N DE AVES\",\"item\":\"https:\\\/\\\/wildlifeportugal.pt\\\/es\\\/birdwatching\\\/\"},{\"@type\":\"ListItem\",\"position\":3,\"name\":\"Aves del Gran Valle del C\u00f4a\"}]},{\"@type\":\"WebSite\",\"@id\":\"https:\\\/\\\/wildlifeportugal.pt\\\/es\\\/#website\",\"url\":\"https:\\\/\\\/wildlifeportugal.pt\\\/es\\\/\",\"name\":\"Wildlife Portugal\",\"description\":\"Wild Nature Tours\",\"publisher\":{\"@id\":\"https:\\\/\\\/wildlifeportugal.pt\\\/es\\\/#organization\"},\"potentialAction\":[{\"@type\":\"SearchAction\",\"target\":{\"@type\":\"EntryPoint\",\"urlTemplate\":\"https:\\\/\\\/wildlifeportugal.pt\\\/es\\\/?s={search_term_string}\"},\"query-input\":{\"@type\":\"PropertyValueSpecification\",\"valueRequired\":true,\"valueName\":\"search_term_string\"}}],\"inLanguage\":\"es\"},{\"@type\":\"Organization\",\"@id\":\"https:\\\/\\\/wildlifeportugal.pt\\\/es\\\/#organization\",\"name\":\"Wildlife Portugal\",\"url\":\"https:\\\/\\\/wildlifeportugal.pt\\\/es\\\/\",\"logo\":{\"@type\":\"ImageObject\",\"inLanguage\":\"es\",\"@id\":\"https:\\\/\\\/wildlifeportugal.pt\\\/es\\\/#\\\/schema\\\/logo\\\/image\\\/\",\"url\":\"https:\\\/\\\/k52mhucbgfd.preview.infomaniak.website\\\/wp-content\\\/uploads\\\/2025\\\/10\\\/Sem-Titulo-1.jpg\",\"contentUrl\":\"https:\\\/\\\/k52mhucbgfd.preview.infomaniak.website\\\/wp-content\\\/uploads\\\/2025\\\/10\\\/Sem-Titulo-1.jpg\",\"width\":600,\"height\":600,\"caption\":\"Wildlife Portugal\"},\"image\":{\"@id\":\"https:\\\/\\\/wildlifeportugal.pt\\\/es\\\/#\\\/schema\\\/logo\\\/image\\\/\"},\"sameAs\":[\"https:\\\/\\\/www.facebook.com\\\/wildlifeportugal\\\/\",\"https:\\\/\\\/x.com\\\/wildlifept\",\"https:\\\/\\\/www.instagram.com\\\/wildlifeportugal\\\/\",\"https:\\\/\\\/www.linkedin.com\\\/in\\\/wildlife-portugal-69569b136\\\/\",\"https:\\\/\\\/pt.pinterest.com\\\/wildlifept\\\/\",\"https:\\\/\\\/www.youtube.com\\\/channel\\\/UCdJIIGehM2uT9WloHyUwmyQ\"]}]}<\/script>\n<!-- \/ Yoast SEO plugin. -->","yoast_head_json":{"title":"Aves del C\u00f4a","description":"Aves del Gran Valle del C\u00f4a es un programa de observaci\u00f3n de aves de Wildlife Portugal en todo el territorio del C\u00f4a.","robots":{"index":"index","follow":"follow","max-snippet":"max-snippet:-1","max-image-preview":"max-image-preview:large","max-video-preview":"max-video-preview:-1"},"canonical":"https:\/\/wildlifeportugal.pt\/es\/observacion-de-aves\/aves-del-gran-valle-del-coa\/","og_locale":"es_ES","og_type":"article","og_title":"Aves del C\u00f4a","og_description":"Aves del Gran Valle del C\u00f4a es un programa de observaci\u00f3n de aves de Wildlife Portugal en todo el territorio del C\u00f4a.","og_url":"https:\/\/wildlifeportugal.pt\/es\/observacion-de-aves\/aves-del-gran-valle-del-coa\/","og_site_name":"Wildlife Portugal","article_publisher":"https:\/\/www.facebook.com\/wildlifeportugal\/","og_image":[{"width":1920,"height":1275,"url":"https:\/\/wildlifeportugal.pt\/wp-content\/uploads\/2020\/01\/FMR1359.jpg","type":"image\/jpeg"}],"twitter_card":"summary_large_image","twitter_site":"@wildlifept","twitter_misc":{"Tiempo de lectura":"5 minutos"},"schema":{"@context":"https:\/\/schema.org","@graph":[{"@type":"WebPage","@id":"https:\/\/wildlifeportugal.pt\/es\/observacion-de-aves\/aves-del-gran-valle-del-coa\/","url":"https:\/\/wildlifeportugal.pt\/es\/observacion-de-aves\/aves-del-gran-valle-del-coa\/","name":"Aves del C\u00f4a","isPartOf":{"@id":"https:\/\/wildlifeportugal.pt\/es\/#website"},"primaryImageOfPage":{"@id":"https:\/\/wildlifeportugal.pt\/es\/observacion-de-aves\/aves-del-gran-valle-del-coa\/#primaryimage"},"image":{"@id":"https:\/\/wildlifeportugal.pt\/es\/observacion-de-aves\/aves-del-gran-valle-del-coa\/#primaryimage"},"thumbnailUrl":"https:\/\/wildlifeportugal.pt\/wp-content\/uploads\/2020\/01\/FMR1359.jpg","datePublished":"2025-10-20T20:31:20+00:00","description":"Aves del Gran Valle del C\u00f4a es un programa de observaci\u00f3n de aves de Wildlife Portugal en todo el territorio del C\u00f4a.","breadcrumb":{"@id":"https:\/\/wildlifeportugal.pt\/es\/observacion-de-aves\/aves-del-gran-valle-del-coa\/#breadcrumb"},"inLanguage":"es","potentialAction":[{"@type":"ReadAction","target":["https:\/\/wildlifeportugal.pt\/es\/observacion-de-aves\/aves-del-gran-valle-del-coa\/"]}]},{"@type":"ImageObject","inLanguage":"es","@id":"https:\/\/wildlifeportugal.pt\/es\/observacion-de-aves\/aves-del-gran-valle-del-coa\/#primaryimage","url":"https:\/\/wildlifeportugal.pt\/wp-content\/uploads\/2020\/01\/FMR1359.jpg","contentUrl":"https:\/\/wildlifeportugal.pt\/wp-content\/uploads\/2020\/01\/FMR1359.jpg","width":1920,"height":1275,"caption":"Buitre leonado"},{"@type":"BreadcrumbList","@id":"https:\/\/wildlifeportugal.pt\/es\/observacion-de-aves\/aves-del-gran-valle-del-coa\/#breadcrumb","itemListElement":[{"@type":"ListItem","position":1,"name":"In\u00edcio","item":"https:\/\/wildlifeportugal.pt\/es\/"},{"@type":"ListItem","position":2,"name":"OBSERVACI\u00d3N DE AVES","item":"https:\/\/wildlifeportugal.pt\/es\/birdwatching\/"},{"@type":"ListItem","position":3,"name":"Aves del Gran Valle del C\u00f4a"}]},{"@type":"WebSite","@id":"https:\/\/wildlifeportugal.pt\/es\/#website","url":"https:\/\/wildlifeportugal.pt\/es\/","name":"Wildlife Portugal","description":"Wild Nature Tours","publisher":{"@id":"https:\/\/wildlifeportugal.pt\/es\/#organization"},"potentialAction":[{"@type":"SearchAction","target":{"@type":"EntryPoint","urlTemplate":"https:\/\/wildlifeportugal.pt\/es\/?s={search_term_string}"},"query-input":{"@type":"PropertyValueSpecification","valueRequired":true,"valueName":"search_term_string"}}],"inLanguage":"es"},{"@type":"Organization","@id":"https:\/\/wildlifeportugal.pt\/es\/#organization","name":"Wildlife Portugal","url":"https:\/\/wildlifeportugal.pt\/es\/","logo":{"@type":"ImageObject","inLanguage":"es","@id":"https:\/\/wildlifeportugal.pt\/es\/#\/schema\/logo\/image\/","url":"https:\/\/k52mhucbgfd.preview.infomaniak.website\/wp-content\/uploads\/2025\/10\/Sem-Titulo-1.jpg","contentUrl":"https:\/\/k52mhucbgfd.preview.infomaniak.website\/wp-content\/uploads\/2025\/10\/Sem-Titulo-1.jpg","width":600,"height":600,"caption":"Wildlife Portugal"},"image":{"@id":"https:\/\/wildlifeportugal.pt\/es\/#\/schema\/logo\/image\/"},"sameAs":["https:\/\/www.facebook.com\/wildlifeportugal\/","https:\/\/x.com\/wildlifept","https:\/\/www.instagram.com\/wildlifeportugal\/","https:\/\/www.linkedin.com\/in\/wildlife-portugal-69569b136\/","https:\/\/pt.pinterest.com\/wildlifept\/","https:\/\/www.youtube.com\/channel\/UCdJIIGehM2uT9WloHyUwmyQ"]}]}},"_links":{"self":[{"href":"https:\/\/wildlifeportugal.pt\/es\/wp-json\/wp\/v2\/pages\/19406","targetHints":{"allow":["GET"]}}],"collection":[{"href":"https:\/\/wildlifeportugal.pt\/es\/wp-json\/wp\/v2\/pages"}],"about":[{"href":"https:\/\/wildlifeportugal.pt\/es\/wp-json\/wp\/v2\/types\/page"}],"author":[{"embeddable":true,"href":"https:\/\/wildlifeportugal.pt\/es\/wp-json\/wp\/v2\/users\/1"}],"replies":[{"embeddable":true,"href":"https:\/\/wildlifeportugal.pt\/es\/wp-json\/wp\/v2\/comments?post=19406"}],"version-history":[{"count":12,"href":"https:\/\/wildlifeportugal.pt\/es\/wp-json\/wp\/v2\/pages\/19406\/revisions"}],"predecessor-version":[{"id":19418,"href":"https:\/\/wildlifeportugal.pt\/es\/wp-json\/wp\/v2\/pages\/19406\/revisions\/19418"}],"up":[{"embeddable":true,"href":"https:\/\/wildlifeportugal.pt\/es\/wp-json\/wp\/v2\/pages\/19006"}],"wp:featuredmedia":[{"embeddable":true,"href":"https:\/\/wildlifeportugal.pt\/es\/wp-json\/wp\/v2\/media\/18857"}],"wp:attachment":[{"href":"https:\/\/wildlifeportugal.pt\/es\/wp-json\/wp\/v2\/media?parent=19406"}],"curies":[{"name":"wp","href":"https:\/\/api.w.org\/{rel}","templated":true}]}}