{"id":19421,"date":"2025-10-20T22:52:46","date_gmt":"2025-10-20T21:52:46","guid":{"rendered":"https:\/\/k52mhucbgfd.preview.infomaniak.website\/?page_id=19421"},"modified":"2025-10-20T22:52:46","modified_gmt":"2025-10-20T21:52:46","slug":"aves-del-duero-internacional","status":"publish","type":"page","link":"https:\/\/wildlifeportugal.pt\/es\/observacion-de-aves\/aves-del-duero-internacional\/","title":{"rendered":"Aves del Duero Internacional"},"content":{"rendered":"<div class=\"wpb-content-wrapper\"><p>[vc_row][vc_column][vc_empty_space height=\u00bb30px\u00bb][vc_column_text css=\u00bb\u00bb]<\/p>\n<div class=\"wpb_text_column wpb_content_element \">\n<div class=\"wpb_wrapper\">\n<h4><span style=\"font-family: arial, helvetica, sans-serif;\"><strong>PARQUE NATURAL DEL DOURO INTERNACIONAL<\/strong><\/span><\/h4>\n<p><span style=\"font-family: arial, helvetica, sans-serif; font-size: 16px;\">Comprende el curso fronterizo del r\u00edo Duero y los \u00faltimos kil\u00f3metros del r\u00edo \u00c1gueda, tambi\u00e9n en su tramo fronterizo, correspondiendo a una superficie total de 85.150 ha. Abarca los municipios de Miranda do Douro, Mogadouro, Freixo de Espada \u00e0 Cinta y Figueira de Castelo Rodrigo. La regi\u00f3n est\u00e1 incluida en un \u00e1rea a\u00fan mayor creada por el Programa sobre el Hombre y la Biosfera de la UNESCO, conocida como <\/span><a style=\"font-family: arial, helvetica, sans-serif; font-size: 12pt;\" href=\"https:\/\/www.mesetaiberica.com\/\" target=\"_blank\" rel=\"noopener\">Reserva de la Biosfera de la Meseta Ib\u00e9rica<\/a><span style=\"font-family: arial, helvetica, sans-serif; font-size: 12pt;\">.<\/span><\/p>\n<p><span style=\"font-family: arial, helvetica, sans-serif; font-size: 16px;\">Es uno de los r\u00edos m\u00e1s grandes de la Pen\u00ednsula Ib\u00e9rica y, cuando entra en Portugal, ya se presenta en forma de valle profundo con acantilados verticales, extendi\u00e9ndose a lo largo de 130 km dentro del Parque Natural. Con estas caracter\u00edsticas, se considera el \u00abGran Ca\u00f1\u00f3n\u00bb de la Pen\u00ednsula Ib\u00e9rica y alberga las poblaciones m\u00e1s importantes de aves rup\u00edcolas, formadas principalmente por <strong>buitres<\/strong> (buitre leonado, buitre negro y alimoche), <strong>\u00e1guila real<\/strong>, <strong>\u00e1guila perdicera<\/strong>, <strong>cig\u00fce\u00f1a negra<\/strong>, <strong>halc\u00f3n peregrino<\/strong>, <strong>chova piquirroja<\/strong>, <strong>vencejo real<\/strong> y <strong>roquero solitario<\/strong>.<\/span><\/p>\n<\/div>\n<\/div>\n<p>[\/vc_column_text][vc_empty_space height=\u00bb20px\u00bb][\/vc_column][\/vc_row][vc_row][vc_column width=\u00bb1\/3&#8243;][vc_single_image image=\u00bb12981&#8243; img_size=\u00bb400&#215;265&#8243; alignment=\u00bbcenter\u00bb style=\u00bbvc_box_shadow_3d\u00bb][\/vc_column][vc_column width=\u00bb1\/3&#8243;][vc_single_image image=\u00bb6586&#8243; img_size=\u00bb400&#215;265&#8243; alignment=\u00bbcenter\u00bb style=\u00bbvc_box_shadow_3d\u00bb][\/vc_column][vc_column width=\u00bb1\/3&#8243;][vc_single_image image=\u00bb8313&#8243; img_size=\u00bb400&#215;265&#8243; alignment=\u00bbcenter\u00bb style=\u00bbvc_box_shadow_3d\u00bb][\/vc_column][\/vc_row][vc_row][vc_column][vc_empty_space height=\u00bb20px\u00bb][vc_row_inner][vc_column_inner][vc_column_text css=\u00bb\u00bb]<span style=\"font-family: arial, helvetica, sans-serif; font-size: 16px;\">Este territorio se caracteriza por presentar un microclima marcado por escasas precipitaciones, bajas temperaturas invernales y altas temperaturas estivales. Aqu\u00ed encontramos una vegetaci\u00f3n de car\u00e1cter principalmente mediterr\u00e1neo, constituida sobre todo por encinas (<em>Quercus rotundifolia<\/em>) y alcornoques (<em>Quercus suber<\/em>). Tambi\u00e9n destacan los bosquecillos de enebro (<em>Juniperus oxycedrus<\/em>), almez (<em>Celtis australis<\/em>), melojo (<em>Quercus pyrenaica<\/em>) y quejigo (<em>Quercus faginea<\/em>).<\/span><br \/>\n<span style=\"font-family: arial, helvetica, sans-serif; font-size: 16px;\">Se trata de un territorio con una escasa ocupaci\u00f3n humana, que desde hace mucho tiempo ha sabido modelar este paisaje mediante pr\u00e1cticas agr\u00edcolas y ganaderas tradicionales, lo que ha dado lugar a un mosaico de h\u00e1bitats de gran importancia para la biodiversidad.<\/span>[\/vc_column_text][\/vc_column_inner][\/vc_row_inner][vc_empty_space height=\u00bb20px\u00bb][vc_column_text css=\u00bb\u00bb]<\/p>\n<div class=\"wpb_text_column wpb_content_element \">\n<div class=\"wpb_wrapper\">\n<h4><span style=\"font-family: arial, helvetica, sans-serif;\"><strong>LAS AVES DEL DUERO INTERNACIONAL<\/strong><\/span><\/h4>\n<\/div>\n<\/div>\n<p>[\/vc_column_text][vc_row_inner][vc_column_inner width=\u00bb1\/2&#8243;][vc_column_text css=\u00bb\u00bb]<\/p>\n<ul>\n<li><span style=\"font-size: 16px; font-family: arial, helvetica, sans-serif;\">Cig\u00fce\u00f1a negra (<em>Ciconia nigra<\/em>)<\/span><\/li>\n<li><span style=\"font-size: 16px; font-family: arial, helvetica, sans-serif;\">Alimoche (<em>Neophron percnopterus<\/em>)<\/span><\/li>\n<li><span style=\"font-size: 16px; font-family: arial, helvetica, sans-serif;\">Buitre leonado (<em>Gyps fulvus<\/em>)<\/span><\/li>\n<li><span style=\"font-size: 16px; font-family: arial, helvetica, sans-serif;\">Buitre negro (<em>Aegypius monachus<\/em>)<\/span><\/li>\n<li><span style=\"font-size: 16px; font-family: arial, helvetica, sans-serif;\">\u00c1guila real (<em>Aquila chrysaetos<\/em>)<\/span><\/li>\n<li><span style=\"font-size: 16px; font-family: arial, helvetica, sans-serif;\">\u00c1guila perdicera (<em>Aquila fasciata<\/em>)<\/span><\/li>\n<li><span style=\"font-size: 16px; font-family: arial, helvetica, sans-serif;\">\u00c1guila culebrera Eagle (<em>Circaetus gallicus<\/em>)<\/span><\/li>\n<li><span style=\"font-size: 16px; font-family: arial, helvetica, sans-serif;\">\u00c1guila calzada (<em>Hieraaetus pennatus<\/em>)<\/span><\/li>\n<li><span style=\"font-size: 16px; font-family: arial, helvetica, sans-serif;\">B\u00faho real (<em>Bubo Bubo<\/em>)<\/span><\/li>\n<li><span style=\"font-size: 16px; font-family: arial, helvetica, sans-serif;\">Golondrina d\u00e1urica (<em>Cecropis daurica<\/em>)<\/span><\/li>\n<li><span style=\"font-size: 16px; font-family: arial, helvetica, sans-serif;\">Avi\u00f3n roquero (<em>Ptyonoprogne rupestris<\/em>)<\/span><\/li>\n<li><span style=\"font-size: 16px; font-family: arial, helvetica, sans-serif;\">Vencejo real (<em>Apus melba<\/em>)<\/span><\/li>\n<\/ul>\n<p>[\/vc_column_text][\/vc_column_inner][vc_column_inner width=\u00bb1\/2&#8243;][vc_column_text css=\u00bb\u00bb]<\/p>\n<ul>\n<li><span style=\"font-size: 16px; font-family: arial, helvetica, sans-serif;\">Chotacabras cuellirrojo (<em>Caprimulgus ruficollis<\/em>)<\/span><\/li>\n<li><span style=\"font-size: 16px; font-family: arial, helvetica, sans-serif;\">Abejaruco (<em>Merops apiaster<\/em>)<\/span><\/li>\n<li><span style=\"font-size: 16px; font-family: arial, helvetica, sans-serif;\">Roquero solitario (<em>Monticola solitarius<\/em>)<\/span><\/li>\n<li><span style=\"font-size: 16px; font-family: arial, helvetica, sans-serif;\">Collalba negra (<em>Oenanthe leucura<\/em>)<\/span><\/li>\n<li><span style=\"font-size: 16px; font-family: arial, helvetica, sans-serif;\">Curruca mirlona occidental (<em>Curruca hortensis<\/em>)<\/span><\/li>\n<li><span style=\"font-size: 16px; font-family: arial, helvetica, sans-serif;\">Curruca cabecinegra (<em>Curruca melanocephala<\/em>)<\/span><\/li>\n<li><span style=\"font-size: 16px; font-family: arial, helvetica, sans-serif;\">Curruca carrasque\u00f1a occidental (<em>Curruca iberiae<\/em>)<\/span><\/li>\n<li><span style=\"font-size: 16px; font-family: arial, helvetica, sans-serif;\">Orop\u00e9ndola europea (<em>Oriolus oriolus<\/em>)<\/span><\/li>\n<li><span style=\"font-size: 16px; font-family: arial, helvetica, sans-serif;\">Alcaud\u00f3n com\u00fan (<em>Lanius senator<\/em>)<\/span><\/li>\n<li><span style=\"font-size: 16px; font-family: arial, helvetica, sans-serif;\">Rabilargo ib\u00e9rico (<em>Cyanopica cooki<\/em>)<\/span><\/li>\n<li><span style=\"font-size: 16px; font-family: arial, helvetica, sans-serif;\">Estornino negro (<em>Sturnus unicolor<\/em>)<\/span><\/li>\n<li><span style=\"font-size: 16px; font-family: arial, helvetica, sans-serif;\">Gorri\u00f3n moruno (<em>Passer hispaniolensis<\/em>)<\/span><\/li>\n<\/ul>\n<p>[\/vc_column_text][\/vc_column_inner][\/vc_row_inner][\/vc_column][\/vc_row][vc_row][vc_column][vc_empty_space height=\u00bb25px\u00bb][vc_separator css=\u00bb\u00bb][vc_custom_heading text=\u00bbGaleria fotogr\u00e1fica\u00bb font_container=\u00bbtag:h3|text_align:left\u00bb use_theme_fonts=\u00bbyes\u00bb css=\u00bb\u00bb][vc_column_text css=\u00bb\u00bb]<\/p>\n<p>ngg_shortcode_0_placeholder[\/vc_column_text][vc_empty_space height=\u00bb25px\u00bb][\/vc_column][\/vc_row][vc_row][vc_column][vc_tta_accordion style=\u00bbmodern\u00bb color=\u00bborange\u00bb spacing=\u00bb1&#8243; gap=\u00bb1&#8243; c_icon=\u00bbtriangle\u00bb active_section=\u00bb0&#8243; collapsible_all=\u00bbtrue\u00bb][vc_tta_section i_position=\u00bbright\u00bb i_icon_fontawesome=\u00bbfa fa-solid fa-circle-info\u00bb add_icon=\u00bbtrue\u00bb title=\u00bbm\u00e1s informaci\u00f3n\u00bb tab_id=\u00bb1516576202435-bc28e72b-93a0&#8243;][vc_column_text css=\u00bb\u00bb]&nbsp;<\/p>\n<p style=\"padding-left: 40px;\"><span style=\"font-family: arial, helvetica, sans-serif; font-size: 16px;\"><strong>Punto de encuentro<\/strong>: por acordar<\/span><\/p>\n<p style=\"padding-left: 40px;\"><span style=\"font-family: arial, helvetica, sans-serif; font-size: 16px;\"><strong>Duraci\u00f3n<\/strong>: 1\/2 d\u00eda o 1 d\u00eda.<\/span><\/p>\n<p style=\"padding-left: 40px;\"><span style=\"font-size: 16px; font-family: arial, helvetica, sans-serif;\"><strong>Tipo<\/strong>: en coche, pero con varias paradas y paseos cortos.<\/span><\/p>\n<p style=\"padding-left: 40px;\"><span style=\"font-family: arial, helvetica, sans-serif; font-size: 16px;\"><strong>Extra<\/strong>: la actividad puede incluir un picnic, con coste adicional.<\/span><\/p>\n<p>&nbsp;[\/vc_column_text][\/vc_tta_section][vc_tta_section i_position=\u00bbright\u00bb i_icon_fontawesome=\u00bbfa fa-solid fa-map-location-dot\u00bb add_icon=\u00bbtrue\u00bb title=\u00bblocalizaci\u00f3n\u00bb tab_id=\u00bb1516576277345-0cfb327d-b688&#8243;][vc_goo_maps location=\u00bbBarca de Alva, Figueira de Castelo Rodrigo, Portugal\u00bb zoom=\u00bb12&#8243; type=\u00bbh\u00bb css=\u00bb\u00bb][\/vc_tta_section][vc_tta_section i_position=\u00bbright\u00bb i_icon_fontawesome=\u00bbfa fa-solid fa-euro-sign\u00bb add_icon=\u00bbtrue\u00bb title=\u00bbprecio\u00bb tab_id=\u00bb1516576412627-96d8507b-3d6a\u00bb][vc_column_text css=\u00bb\u00bb]<\/p>\n<p style=\"padding-left: 40px;\">&nbsp;<\/p>\n<p style=\"padding-left: 40px;\"><span style=\"font-size: 16px;\">1 D\u00cdA: hasta 4 participantes <strong>240,00 \u20ac <\/strong>(precio de grupo)<\/span><\/p>\n<p style=\"padding-left: 40px;\"><span style=\"font-size: 16px;\">1\/2 DIA: hasta 4 participantes <strong>175,00 \u20ac <\/strong>(precio de grupo)<\/span><\/p>\n<p>&nbsp;<\/p>\n<p style=\"padding-left: 80px;\"><span style=\"font-family: arial, helvetica, sans-serif; font-size: 16px;\">Para grupos m\u00e1s grandes u otras condiciones, p\u00f3ngase en contacto con nosotros.<\/span><\/p>\n<p style=\"padding-left: 80px;\"><span style=\"font-family: arial, helvetica, sans-serif; font-size: 16px;\">El precio de la actividad incluye un gu\u00eda especializado, transporte local, equipo \u00f3ptico y seguro.<\/span><\/p>\n<p style=\"padding-left: 80px;\"><span style=\"font-family: arial, helvetica, sans-serif; font-size: 16px;\">Las reservas s\u00f3lo se garantizan previo pago del 50% de la cuota de inscripci\u00f3n.<\/span><\/p>\n<p style=\"padding-left: 120px;\"><span style=\"font-family: arial, helvetica, sans-serif; font-size: 14px;\"><em>Oferta de descuento igual al IVA para clientes particulares.<\/em><\/span><br \/>\n<span style=\"font-family: arial, helvetica, sans-serif; font-size: 14px;\"><em>El IVA se a\u00f1ade a los precios indicados para empresas y otras organizaciones<\/em>.<\/span><\/p>\n<p style=\"padding-left: 40px;\">&nbsp;<\/p>\n<p>[\/vc_column_text][\/vc_tta_section][vc_tta_section i_position=\u00bbright\u00bb i_icon_fontawesome=\u00bbfas fa-phone-alt\u00bb add_icon=\u00bbtrue\u00bb title=\u00bbreservar\u00bb tab_id=\u00bb1516576470157-04fca724-b96a\u00bb][vc_column_text css=\u00bb\u00bb]<\/p>\n<p style=\"padding-left: 70px;\">&nbsp;<\/p>\n<p style=\"padding-left: 40px;\"><span style=\"font-family: arial, helvetica, sans-serif; font-size: 16px;\">A trav\u00e9s de los contactos facilitados, indicando su nombre y tel\u00e9fono m\u00f3vil\/correo electr\u00f3nico de contacto.<\/span><\/p>\n<p style=\"padding-left: 40px;\"><span style=\"font-family: arial, helvetica, sans-serif; font-size: 16px;\">La reserva s\u00f3lo se garantiza previo pago del 50% de la cuota de inscripci\u00f3n.<\/span><\/p>\n<p style=\"padding-left: 40px;\"><span style=\"font-family: arial, helvetica, sans-serif; font-size: 16px;\"><a href=\"https:\/\/k52mhucbgfd.preview.infomaniak.website\/page-contact-us\/\"><strong>Formulario de contacto<\/strong><\/a><\/span><\/p>\n<p style=\"padding-left: 40px;\"><span style=\"font-family: arial, helvetica, sans-serif; font-size: 16px;\"><strong>Email<\/strong>:<a href=\"mailto:info@k52mhucbgfd.preview.infomaniak.website\" target=\"_blank\" rel=\"noopener noreferrer\">&nbsp;info@k52mhucbgfd.preview.infomaniak.website<\/a><\/span><\/p>\n<p style=\"padding-left: 40px;\"><span style=\"font-family: arial, helvetica, sans-serif; font-size: 16px;\"><strong>M\u00f3vil\/WhatsApp<\/strong>: +351 918 068 872<\/span><\/p>\n<p style=\"padding-left: 80px;\"><span style=\"font-family: arial, helvetica, sans-serif; font-size: 14px;\">(llamada a la red m\u00f3vil nacional)<\/span><\/p>\n<p style=\"padding-left: 40px;\">&nbsp;<\/p>\n<p>[\/vc_column_text][\/vc_tta_section][vc_tta_section i_position=\u00bbright\u00bb i_icon_fontawesome=\u00bbfa fa-solid fa-bed\u00bb add_icon=\u00bbtrue\u00bb title=\u00bbsugerencias de alojamiento en la regi\u00f3n\u00bb tab_id=\u00bb1516576514679-83eba3d2-ba50&#8243;][vc_column_text css=\u00bb\u00bb]<\/p>\n<p style=\"padding-left: 40px;\">&nbsp;<\/p>\n<p style=\"padding-left: 40px;\"><a href=\"https:\/\/rewilding-portugal.com\/greater-coa-valley\/wild-coa-network\/\" target=\"_blank\" rel=\"noopener\"><span style=\"font-family: arial, helvetica, sans-serif;\"><img decoding=\"async\" class=\"wp-image-16553 size-thumbnail aligncenter\" src=\"https:\/\/k52mhucbgfd.preview.infomaniak.website\/wp-content\/uploads\/2024\/10\/2-150x150.png\" sizes=\"(max-width: 150px) 100vw, 150px\" srcset=\"https:\/\/k52mhucbgfd.preview.infomaniak.website\/wp-content\/uploads\/2024\/10\/2-150x150.png 150w, https:\/\/k52mhucbgfd.preview.infomaniak.website\/wp-content\/uploads\/2024\/10\/2-300x300.png 300w, https:\/\/k52mhucbgfd.preview.infomaniak.website\/wp-content\/uploads\/2024\/10\/2-1024x1024.png 1024w, https:\/\/k52mhucbgfd.preview.infomaniak.website\/wp-content\/uploads\/2024\/10\/2-768x768.png 768w, https:\/\/k52mhucbgfd.preview.infomaniak.website\/wp-content\/uploads\/2024\/10\/2-1536x1536.png 1536w, https:\/\/k52mhucbgfd.preview.infomaniak.website\/wp-content\/uploads\/2024\/10\/2-2048x2048.png 2048w, https:\/\/k52mhucbgfd.preview.infomaniak.website\/wp-content\/uploads\/2024\/10\/2.png 1181w\" alt=\"Visit the Greater C\u00f4a Valley\" width=\"150\" height=\"150\"><\/span><\/a><\/p>\n<p style=\"padding-left: 40px;\"><span style=\"font-family: arial, helvetica, sans-serif; font-size: 16px;\"><a href=\"https:\/\/casadapracapinhel.com\/\" target=\"_blank\" rel=\"noopener\"><strong>Casa da Pra\u00e7a<\/strong><\/a><\/span><\/p>\n<p style=\"padding-left: 40px;\"><span style=\"font-family: arial, helvetica, sans-serif; font-size: 16px;\"><a href=\"https:\/\/rewilding-portugal.com\/rewilding\/casa-do-brigadeiro\/\" target=\"_blank\" rel=\"noopener\"><strong>Casa do Brigadeiro<\/strong><\/a><\/span><\/p>\n<p style=\"padding-left: 40px;\"><span style=\"font-family: arial, helvetica, sans-serif; font-size: 16px;\"><strong><a href=\"http:\/\/www.turispedros.pt\/\" target=\"_blank\" rel=\"noopener noreferrer\" data-uw-styling-context=\"true\">Casa Villar Mayor<\/a><\/strong><\/span><\/p>\n<p style=\"padding-left: 40px;\"><span style=\"font-family: arial, helvetica, sans-serif; font-size: 16px;\"><strong><a href=\"https:\/\/coahoneycomb.com\/en\/\" target=\"_blank\" rel=\"noopener\">C\u00f4a Honeycomb<\/a><\/strong><\/span><\/p>\n<p style=\"padding-left: 40px;\"><span style=\"font-family: arial, helvetica, sans-serif; font-size: 16px;\"><a href=\"http:\/\/quintadorionoemi.com\/\" target=\"_blank\" rel=\"noopener\"><strong>Quinta do Rio Noemi<\/strong><\/a><\/span><\/p>\n<p style=\"padding-left: 40px;\"><span style=\"font-family: arial, helvetica, sans-serif; font-size: 16px;\"><a href=\"https:\/\/www.hoteldocro.com\/\" target=\"_blank\" rel=\"noopener\"><strong>Cr\u00f3 Hotel Thermal &amp; SPA<\/strong><\/a><\/span><\/p>\n<p style=\"padding-left: 40px;\"><span style=\"font-family: arial, helvetica, sans-serif; font-size: 16px;\"><strong><a href=\"https:\/\/rewilding-portugal.com\/greater-coa-valley\/rewilding-centre\/\" target=\"_blank\" rel=\"noopener\">Centro Rewilding<\/a><\/strong><\/span><\/p>\n<p style=\"padding-left: 40px;\"><span style=\"font-size: 16px; font-family: arial, helvetica, sans-serif;\"><a href=\"http:\/\/colmealhotel.com\/\" target=\"_blank\" rel=\"noopener noreferrer\"><strong>Colmeal Countryside Hotel<\/strong><\/a><\/span><\/p>\n<p style=\"padding-left: 40px;\"><span style=\"font-size: 16px; font-family: arial, helvetica, sans-serif;\"><a href=\"https:\/\/www.quintadovallado.com\/pt\/enoturismo\/casa-do-rio-wine-hotel-foz-coa\/sobre\/\" target=\"_blank\" rel=\"noopener\"><strong>Casa do Rio<\/strong><\/a><\/span><\/p>\n<p style=\"padding-left: 40px;\"><span style=\"font-size: 16px; font-family: arial, helvetica, sans-serif;\"><a href=\"https:\/\/www.hoteldelongroiva.com\/\" target=\"_blank\" rel=\"noopener\"><strong>Longroiva Hotel Rural<\/strong><\/a><\/span><\/p>\n<p>&nbsp;[\/vc_column_text][\/vc_tta_section][\/vc_tta_accordion][vc_empty_space height=\u00bb25px\u00bb][\/vc_column][\/vc_row][vc_row full_width=\u00bbstretch_row_content\u00bb full_height=\u00bbyes\u00bb columns_placement=\u00bbtop\u00bb content_placement=\u00bbtop\u00bb css=\u00bb.vc_custom_1676381773343{background-image: url(https:\/\/k52mhucbgfd.preview.infomaniak.website\/wp-content\/uploads\/2020\/11\/PRM6558.jpg?id=13036) !important;background-position: center !important;background-repeat: no-repeat !important;background-size: cover !important;}\u00bb][vc_column width=\u00bb2\/3&#8243;][vc_empty_space height=\u00bb70px\u00bb][vc_single_image image=\u00bb13862&#8243;][\/vc_column][vc_column width=\u00bb1\/3&#8243;][\/vc_column][\/vc_row]<\/p>\n<\/div>","protected":false},"excerpt":{"rendered":"<p>[vc_row][vc_column][vc_empty_space height=\u00bb30px\u00bb][vc_column_text css=\u00bb\u00bb] PARQUE NATURAL DEL DOURO INTERNACIONAL Comprende el curso fronterizo del r\u00edo Duero y los \u00faltimos kil\u00f3metros del r\u00edo \u00c1gueda, tambi\u00e9n en su tramo fronterizo, correspondiendo a una superficie total de 85.150 ha. Abarca los municipios de Miranda do Douro, Mogadouro, Freixo de Espada \u00e0 Cinta y Figueira de Castelo Rodrigo. La regi\u00f3n [&hellip;]<\/p>\n","protected":false},"author":1,"featured_media":18857,"parent":19006,"menu_order":4,"comment_status":"closed","ping_status":"closed","template":"","meta":{"googlesitekit_rrm_CAowx9fADA:productID":"","om_disable_all_campaigns":false,"ngg_post_thumbnail":0,"footnotes":""},"class_list":["post-19421","page","type-page","status-publish","has-post-thumbnail","hentry"],"yoast_head":"<!-- This site is optimized with the Yoast SEO plugin v27.5 - https:\/\/yoast.com\/product\/yoast-seo-wordpress\/ -->\n<title>Aves del Duero Internacional - Wildlife Portugal<\/title>\n<meta name=\"robots\" content=\"index, follow, max-snippet:-1, max-image-preview:large, max-video-preview:-1\" \/>\n<link rel=\"canonical\" href=\"https:\/\/wildlifeportugal.pt\/es\/observacion-de-aves\/aves-del-duero-internacional\/\" \/>\n<meta property=\"og:locale\" content=\"es_ES\" \/>\n<meta property=\"og:type\" content=\"article\" \/>\n<meta property=\"og:title\" content=\"Aves del Duero Internacional - Wildlife Portugal\" \/>\n<meta property=\"og:description\" content=\"[vc_row][vc_column][vc_empty_space height=\u00bb30px\u00bb][vc_column_text css=\u00bb\u00bb] PARQUE NATURAL DEL DOURO INTERNACIONAL Comprende el curso fronterizo del r\u00edo Duero y los \u00faltimos kil\u00f3metros del r\u00edo \u00c1gueda, tambi\u00e9n en su tramo fronterizo, correspondiendo a una superficie total de 85.150 ha. Abarca los municipios de Miranda do Douro, Mogadouro, Freixo de Espada \u00e0 Cinta y Figueira de Castelo Rodrigo. La regi\u00f3n [&hellip;]\" \/>\n<meta property=\"og:url\" content=\"https:\/\/wildlifeportugal.pt\/es\/observacion-de-aves\/aves-del-duero-internacional\/\" \/>\n<meta property=\"og:site_name\" content=\"Wildlife Portugal\" \/>\n<meta property=\"article:publisher\" content=\"https:\/\/www.facebook.com\/wildlifeportugal\/\" \/>\n<meta property=\"og:image\" content=\"https:\/\/wildlifeportugal.pt\/wp-content\/uploads\/2020\/01\/FMR1359.jpg\" \/>\n\t<meta property=\"og:image:width\" content=\"1920\" \/>\n\t<meta property=\"og:image:height\" content=\"1275\" \/>\n\t<meta property=\"og:image:type\" content=\"image\/jpeg\" \/>\n<meta name=\"twitter:card\" content=\"summary_large_image\" \/>\n<meta name=\"twitter:site\" content=\"@wildlifept\" \/>\n<meta name=\"twitter:label1\" content=\"Tiempo de lectura\" \/>\n\t<meta name=\"twitter:data1\" content=\"5 minutos\" \/>\n<script type=\"application\/ld+json\" class=\"yoast-schema-graph\">{\"@context\":\"https:\\\/\\\/schema.org\",\"@graph\":[{\"@type\":\"WebPage\",\"@id\":\"https:\\\/\\\/wildlifeportugal.pt\\\/es\\\/observacion-de-aves\\\/aves-del-duero-internacional\\\/\",\"url\":\"https:\\\/\\\/wildlifeportugal.pt\\\/es\\\/observacion-de-aves\\\/aves-del-duero-internacional\\\/\",\"name\":\"Aves del Duero Internacional - Wildlife Portugal\",\"isPartOf\":{\"@id\":\"https:\\\/\\\/wildlifeportugal.pt\\\/es\\\/#website\"},\"primaryImageOfPage\":{\"@id\":\"https:\\\/\\\/wildlifeportugal.pt\\\/es\\\/observacion-de-aves\\\/aves-del-duero-internacional\\\/#primaryimage\"},\"image\":{\"@id\":\"https:\\\/\\\/wildlifeportugal.pt\\\/es\\\/observacion-de-aves\\\/aves-del-duero-internacional\\\/#primaryimage\"},\"thumbnailUrl\":\"https:\\\/\\\/wildlifeportugal.pt\\\/wp-content\\\/uploads\\\/2020\\\/01\\\/FMR1359.jpg\",\"datePublished\":\"2025-10-20T21:52:46+00:00\",\"breadcrumb\":{\"@id\":\"https:\\\/\\\/wildlifeportugal.pt\\\/es\\\/observacion-de-aves\\\/aves-del-duero-internacional\\\/#breadcrumb\"},\"inLanguage\":\"es\",\"potentialAction\":[{\"@type\":\"ReadAction\",\"target\":[\"https:\\\/\\\/wildlifeportugal.pt\\\/es\\\/observacion-de-aves\\\/aves-del-duero-internacional\\\/\"]}]},{\"@type\":\"ImageObject\",\"inLanguage\":\"es\",\"@id\":\"https:\\\/\\\/wildlifeportugal.pt\\\/es\\\/observacion-de-aves\\\/aves-del-duero-internacional\\\/#primaryimage\",\"url\":\"https:\\\/\\\/wildlifeportugal.pt\\\/wp-content\\\/uploads\\\/2020\\\/01\\\/FMR1359.jpg\",\"contentUrl\":\"https:\\\/\\\/wildlifeportugal.pt\\\/wp-content\\\/uploads\\\/2020\\\/01\\\/FMR1359.jpg\",\"width\":1920,\"height\":1275,\"caption\":\"Buitre leonado\"},{\"@type\":\"BreadcrumbList\",\"@id\":\"https:\\\/\\\/wildlifeportugal.pt\\\/es\\\/observacion-de-aves\\\/aves-del-duero-internacional\\\/#breadcrumb\",\"itemListElement\":[{\"@type\":\"ListItem\",\"position\":1,\"name\":\"In\u00edcio\",\"item\":\"https:\\\/\\\/wildlifeportugal.pt\\\/es\\\/\"},{\"@type\":\"ListItem\",\"position\":2,\"name\":\"OBSERVACI\u00d3N DE AVES\",\"item\":\"https:\\\/\\\/wildlifeportugal.pt\\\/es\\\/birdwatching\\\/\"},{\"@type\":\"ListItem\",\"position\":3,\"name\":\"Aves del Duero Internacional\"}]},{\"@type\":\"WebSite\",\"@id\":\"https:\\\/\\\/wildlifeportugal.pt\\\/es\\\/#website\",\"url\":\"https:\\\/\\\/wildlifeportugal.pt\\\/es\\\/\",\"name\":\"Wildlife Portugal\",\"description\":\"Wild Nature Tours\",\"publisher\":{\"@id\":\"https:\\\/\\\/wildlifeportugal.pt\\\/es\\\/#organization\"},\"potentialAction\":[{\"@type\":\"SearchAction\",\"target\":{\"@type\":\"EntryPoint\",\"urlTemplate\":\"https:\\\/\\\/wildlifeportugal.pt\\\/es\\\/?s={search_term_string}\"},\"query-input\":{\"@type\":\"PropertyValueSpecification\",\"valueRequired\":true,\"valueName\":\"search_term_string\"}}],\"inLanguage\":\"es\"},{\"@type\":\"Organization\",\"@id\":\"https:\\\/\\\/wildlifeportugal.pt\\\/es\\\/#organization\",\"name\":\"Wildlife Portugal\",\"url\":\"https:\\\/\\\/wildlifeportugal.pt\\\/es\\\/\",\"logo\":{\"@type\":\"ImageObject\",\"inLanguage\":\"es\",\"@id\":\"https:\\\/\\\/wildlifeportugal.pt\\\/es\\\/#\\\/schema\\\/logo\\\/image\\\/\",\"url\":\"https:\\\/\\\/k52mhucbgfd.preview.infomaniak.website\\\/wp-content\\\/uploads\\\/2025\\\/10\\\/Sem-Titulo-1.jpg\",\"contentUrl\":\"https:\\\/\\\/k52mhucbgfd.preview.infomaniak.website\\\/wp-content\\\/uploads\\\/2025\\\/10\\\/Sem-Titulo-1.jpg\",\"width\":600,\"height\":600,\"caption\":\"Wildlife Portugal\"},\"image\":{\"@id\":\"https:\\\/\\\/wildlifeportugal.pt\\\/es\\\/#\\\/schema\\\/logo\\\/image\\\/\"},\"sameAs\":[\"https:\\\/\\\/www.facebook.com\\\/wildlifeportugal\\\/\",\"https:\\\/\\\/x.com\\\/wildlifept\",\"https:\\\/\\\/www.instagram.com\\\/wildlifeportugal\\\/\",\"https:\\\/\\\/www.linkedin.com\\\/in\\\/wildlife-portugal-69569b136\\\/\",\"https:\\\/\\\/pt.pinterest.com\\\/wildlifept\\\/\",\"https:\\\/\\\/www.youtube.com\\\/channel\\\/UCdJIIGehM2uT9WloHyUwmyQ\"]}]}<\/script>\n<!-- \/ Yoast SEO plugin. -->","yoast_head_json":{"title":"Aves del Duero Internacional - Wildlife Portugal","robots":{"index":"index","follow":"follow","max-snippet":"max-snippet:-1","max-image-preview":"max-image-preview:large","max-video-preview":"max-video-preview:-1"},"canonical":"https:\/\/wildlifeportugal.pt\/es\/observacion-de-aves\/aves-del-duero-internacional\/","og_locale":"es_ES","og_type":"article","og_title":"Aves del Duero Internacional - Wildlife Portugal","og_description":"[vc_row][vc_column][vc_empty_space height=\u00bb30px\u00bb][vc_column_text css=\u00bb\u00bb] PARQUE NATURAL DEL DOURO INTERNACIONAL Comprende el curso fronterizo del r\u00edo Duero y los \u00faltimos kil\u00f3metros del r\u00edo \u00c1gueda, tambi\u00e9n en su tramo fronterizo, correspondiendo a una superficie total de 85.150 ha. Abarca los municipios de Miranda do Douro, Mogadouro, Freixo de Espada \u00e0 Cinta y Figueira de Castelo Rodrigo. La regi\u00f3n [&hellip;]","og_url":"https:\/\/wildlifeportugal.pt\/es\/observacion-de-aves\/aves-del-duero-internacional\/","og_site_name":"Wildlife Portugal","article_publisher":"https:\/\/www.facebook.com\/wildlifeportugal\/","og_image":[{"width":1920,"height":1275,"url":"https:\/\/wildlifeportugal.pt\/wp-content\/uploads\/2020\/01\/FMR1359.jpg","type":"image\/jpeg"}],"twitter_card":"summary_large_image","twitter_site":"@wildlifept","twitter_misc":{"Tiempo de lectura":"5 minutos"},"schema":{"@context":"https:\/\/schema.org","@graph":[{"@type":"WebPage","@id":"https:\/\/wildlifeportugal.pt\/es\/observacion-de-aves\/aves-del-duero-internacional\/","url":"https:\/\/wildlifeportugal.pt\/es\/observacion-de-aves\/aves-del-duero-internacional\/","name":"Aves del Duero Internacional - Wildlife Portugal","isPartOf":{"@id":"https:\/\/wildlifeportugal.pt\/es\/#website"},"primaryImageOfPage":{"@id":"https:\/\/wildlifeportugal.pt\/es\/observacion-de-aves\/aves-del-duero-internacional\/#primaryimage"},"image":{"@id":"https:\/\/wildlifeportugal.pt\/es\/observacion-de-aves\/aves-del-duero-internacional\/#primaryimage"},"thumbnailUrl":"https:\/\/wildlifeportugal.pt\/wp-content\/uploads\/2020\/01\/FMR1359.jpg","datePublished":"2025-10-20T21:52:46+00:00","breadcrumb":{"@id":"https:\/\/wildlifeportugal.pt\/es\/observacion-de-aves\/aves-del-duero-internacional\/#breadcrumb"},"inLanguage":"es","potentialAction":[{"@type":"ReadAction","target":["https:\/\/wildlifeportugal.pt\/es\/observacion-de-aves\/aves-del-duero-internacional\/"]}]},{"@type":"ImageObject","inLanguage":"es","@id":"https:\/\/wildlifeportugal.pt\/es\/observacion-de-aves\/aves-del-duero-internacional\/#primaryimage","url":"https:\/\/wildlifeportugal.pt\/wp-content\/uploads\/2020\/01\/FMR1359.jpg","contentUrl":"https:\/\/wildlifeportugal.pt\/wp-content\/uploads\/2020\/01\/FMR1359.jpg","width":1920,"height":1275,"caption":"Buitre leonado"},{"@type":"BreadcrumbList","@id":"https:\/\/wildlifeportugal.pt\/es\/observacion-de-aves\/aves-del-duero-internacional\/#breadcrumb","itemListElement":[{"@type":"ListItem","position":1,"name":"In\u00edcio","item":"https:\/\/wildlifeportugal.pt\/es\/"},{"@type":"ListItem","position":2,"name":"OBSERVACI\u00d3N DE AVES","item":"https:\/\/wildlifeportugal.pt\/es\/birdwatching\/"},{"@type":"ListItem","position":3,"name":"Aves del Duero Internacional"}]},{"@type":"WebSite","@id":"https:\/\/wildlifeportugal.pt\/es\/#website","url":"https:\/\/wildlifeportugal.pt\/es\/","name":"Wildlife Portugal","description":"Wild Nature Tours","publisher":{"@id":"https:\/\/wildlifeportugal.pt\/es\/#organization"},"potentialAction":[{"@type":"SearchAction","target":{"@type":"EntryPoint","urlTemplate":"https:\/\/wildlifeportugal.pt\/es\/?s={search_term_string}"},"query-input":{"@type":"PropertyValueSpecification","valueRequired":true,"valueName":"search_term_string"}}],"inLanguage":"es"},{"@type":"Organization","@id":"https:\/\/wildlifeportugal.pt\/es\/#organization","name":"Wildlife Portugal","url":"https:\/\/wildlifeportugal.pt\/es\/","logo":{"@type":"ImageObject","inLanguage":"es","@id":"https:\/\/wildlifeportugal.pt\/es\/#\/schema\/logo\/image\/","url":"https:\/\/k52mhucbgfd.preview.infomaniak.website\/wp-content\/uploads\/2025\/10\/Sem-Titulo-1.jpg","contentUrl":"https:\/\/k52mhucbgfd.preview.infomaniak.website\/wp-content\/uploads\/2025\/10\/Sem-Titulo-1.jpg","width":600,"height":600,"caption":"Wildlife Portugal"},"image":{"@id":"https:\/\/wildlifeportugal.pt\/es\/#\/schema\/logo\/image\/"},"sameAs":["https:\/\/www.facebook.com\/wildlifeportugal\/","https:\/\/x.com\/wildlifept","https:\/\/www.instagram.com\/wildlifeportugal\/","https:\/\/www.linkedin.com\/in\/wildlife-portugal-69569b136\/","https:\/\/pt.pinterest.com\/wildlifept\/","https:\/\/www.youtube.com\/channel\/UCdJIIGehM2uT9WloHyUwmyQ"]}]}},"_links":{"self":[{"href":"https:\/\/wildlifeportugal.pt\/es\/wp-json\/wp\/v2\/pages\/19421","targetHints":{"allow":["GET"]}}],"collection":[{"href":"https:\/\/wildlifeportugal.pt\/es\/wp-json\/wp\/v2\/pages"}],"about":[{"href":"https:\/\/wildlifeportugal.pt\/es\/wp-json\/wp\/v2\/types\/page"}],"author":[{"embeddable":true,"href":"https:\/\/wildlifeportugal.pt\/es\/wp-json\/wp\/v2\/users\/1"}],"replies":[{"embeddable":true,"href":"https:\/\/wildlifeportugal.pt\/es\/wp-json\/wp\/v2\/comments?post=19421"}],"version-history":[{"count":10,"href":"https:\/\/wildlifeportugal.pt\/es\/wp-json\/wp\/v2\/pages\/19421\/revisions"}],"predecessor-version":[{"id":19432,"href":"https:\/\/wildlifeportugal.pt\/es\/wp-json\/wp\/v2\/pages\/19421\/revisions\/19432"}],"up":[{"embeddable":true,"href":"https:\/\/wildlifeportugal.pt\/es\/wp-json\/wp\/v2\/pages\/19006"}],"wp:featuredmedia":[{"embeddable":true,"href":"https:\/\/wildlifeportugal.pt\/es\/wp-json\/wp\/v2\/media\/18857"}],"wp:attachment":[{"href":"https:\/\/wildlifeportugal.pt\/es\/wp-json\/wp\/v2\/media?parent=19421"}],"curies":[{"name":"wp","href":"https:\/\/api.w.org\/{rel}","templated":true}]}}