{"id":19435,"date":"2025-10-20T22:59:29","date_gmt":"2025-10-20T21:59:29","guid":{"rendered":"https:\/\/k52mhucbgfd.preview.infomaniak.website\/?page_id=19435"},"modified":"2025-10-20T23:06:28","modified_gmt":"2025-10-20T22:06:28","slug":"tours","status":"publish","type":"page","link":"https:\/\/wildlifeportugal.pt\/es\/tours\/","title":{"rendered":"Tours"},"content":{"rendered":"<div class=\"wpb-content-wrapper\"><p>[vc_row][vc_column][vc_separator css=\u00bb\u00bb][vc_custom_heading text=\u00bbRewilding en el Gran Valle del C\u00f4a\u00bb font_container=\u00bbtag:h3|text_align:left\u00bb use_theme_fonts=\u00bbyes\u00bb css=\u00bb\u00bb link=\u00bburl:https%3A%2F%2Fk52mhucbgfd.preview.infomaniak.website%2Fes%2Fst_tour%2Frewilding-en-el-gran-valle-del-coa%2F\u00bb][vc_separator css=\u00bb\u00bb][vc_custom_heading text=\u00bbObservaci\u00f3n de aves en el Gran Valle del C\u00f4a\u00bb font_container=\u00bbtag:h3|text_align:left\u00bb use_theme_fonts=\u00bbyes\u00bb css=\u00bb\u00bb link=\u00bburl:https%3A%2F%2Fk52mhucbgfd.preview.infomaniak.website%2Fes%2Fst_tour%2Fobservacion-de-aves-en-el-gran-valle-del-coa%2F\u00bb][vc_separator css=\u00bb\u00bb][vc_custom_heading text=\u00bbExpedici\u00f3n bot\u00e1nica al Gran Valle del C\u00f4a\u00bb font_container=\u00bbtag:h3|text_align:left\u00bb use_theme_fonts=\u00bbyes\u00bb css=\u00bb\u00bb link=\u00bburl:https%3A%2F%2Fk52mhucbgfd.preview.infomaniak.website%2Fes%2Fst_tour%2Fexpedicion-botanica-al-gran-valle-del-coa%2F\u00bb][vc_separator css=\u00bb\u00bb][\/vc_column][\/vc_row]<\/p>\n<\/div>","protected":false},"excerpt":{"rendered":"<p>[vc_row][vc_column][vc_separator css=\u00bb\u00bb][vc_custom_heading text=\u00bbRewilding en el Gran Valle del C\u00f4a\u00bb font_container=\u00bbtag:h3|text_align:left\u00bb use_theme_fonts=\u00bbyes\u00bb css=\u00bb\u00bb link=\u00bburl:https%3A%2F%2Fk52mhucbgfd.preview.infomaniak.website%2Fes%2Fst_tour%2Frewilding-en-el-gran-valle-del-coa%2F\u00bb][vc_separator css=\u00bb\u00bb][vc_custom_heading text=\u00bbObservaci\u00f3n de aves en el Gran Valle del C\u00f4a\u00bb font_container=\u00bbtag:h3|text_align:left\u00bb use_theme_fonts=\u00bbyes\u00bb css=\u00bb\u00bb link=\u00bburl:https%3A%2F%2Fk52mhucbgfd.preview.infomaniak.website%2Fes%2Fst_tour%2Fobservacion-de-aves-en-el-gran-valle-del-coa%2F\u00bb][vc_separator css=\u00bb\u00bb][vc_custom_heading text=\u00bbExpedici\u00f3n bot\u00e1nica al Gran Valle del C\u00f4a\u00bb font_container=\u00bbtag:h3|text_align:left\u00bb use_theme_fonts=\u00bbyes\u00bb css=\u00bb\u00bb link=\u00bburl:https%3A%2F%2Fk52mhucbgfd.preview.infomaniak.website%2Fes%2Fst_tour%2Fexpedicion-botanica-al-gran-valle-del-coa%2F\u00bb][vc_separator css=\u00bb\u00bb][\/vc_column][\/vc_row]<\/p>\n","protected":false},"author":1,"featured_media":19287,"parent":0,"menu_order":0,"comment_status":"closed","ping_status":"closed","template":"","meta":{"googlesitekit_rrm_CAowx9fADA:productID":"","om_disable_all_campaigns":false,"ngg_post_thumbnail":0,"footnotes":""},"class_list":["post-19435","page","type-page","status-publish","has-post-thumbnail","hentry"],"yoast_head":"<!-- This site is optimized with the Yoast SEO plugin v27.5 - https:\/\/yoast.com\/product\/yoast-seo-wordpress\/ -->\n<title>Tours - Wildlife Portugal<\/title>\n<meta name=\"robots\" content=\"index, follow, max-snippet:-1, max-image-preview:large, max-video-preview:-1\" \/>\n<link rel=\"canonical\" href=\"https:\/\/wildlifeportugal.pt\/es\/tours\/\" \/>\n<meta property=\"og:locale\" content=\"es_ES\" \/>\n<meta property=\"og:type\" content=\"article\" \/>\n<meta property=\"og:title\" content=\"Tours - Wildlife Portugal\" \/>\n<meta property=\"og:description\" content=\"[vc_row][vc_column][vc_separator css=\u00bb\u00bb][vc_custom_heading text=\u00bbRewilding en el Gran Valle del C\u00f4a\u00bb font_container=\u00bbtag:h3|text_align:left\u00bb use_theme_fonts=\u00bbyes\u00bb css=\u00bb\u00bb link=\u00bburl:https%3A%2F%2Fk52mhucbgfd.preview.infomaniak.website%2Fes%2Fst_tour%2Frewilding-en-el-gran-valle-del-coa%2F\u00bb][vc_separator css=\u00bb\u00bb][vc_custom_heading text=\u00bbObservaci\u00f3n de aves en el Gran Valle del C\u00f4a\u00bb font_container=\u00bbtag:h3|text_align:left\u00bb use_theme_fonts=\u00bbyes\u00bb css=\u00bb\u00bb link=\u00bburl:https%3A%2F%2Fk52mhucbgfd.preview.infomaniak.website%2Fes%2Fst_tour%2Fobservacion-de-aves-en-el-gran-valle-del-coa%2F\u00bb][vc_separator css=\u00bb\u00bb][vc_custom_heading text=\u00bbExpedici\u00f3n bot\u00e1nica al Gran Valle del C\u00f4a\u00bb font_container=\u00bbtag:h3|text_align:left\u00bb use_theme_fonts=\u00bbyes\u00bb css=\u00bb\u00bb link=\u00bburl:https%3A%2F%2Fk52mhucbgfd.preview.infomaniak.website%2Fes%2Fst_tour%2Fexpedicion-botanica-al-gran-valle-del-coa%2F\u00bb][vc_separator css=\u00bb\u00bb][\/vc_column][\/vc_row]\" \/>\n<meta property=\"og:url\" content=\"https:\/\/wildlifeportugal.pt\/es\/tours\/\" \/>\n<meta property=\"og:site_name\" content=\"Wildlife Portugal\" \/>\n<meta property=\"article:publisher\" content=\"https:\/\/www.facebook.com\/wildlifeportugal\/\" \/>\n<meta property=\"article:modified_time\" content=\"2025-10-20T22:06:28+00:00\" \/>\n<meta property=\"og:image\" content=\"https:\/\/wildlifeportugal.pt\/wp-content\/uploads\/2021\/10\/1120664-2.jpg\" \/>\n\t<meta property=\"og:image:width\" content=\"1920\" \/>\n\t<meta property=\"og:image:height\" content=\"1442\" \/>\n\t<meta property=\"og:image:type\" content=\"image\/jpeg\" \/>\n<meta name=\"twitter:card\" content=\"summary_large_image\" \/>\n<meta name=\"twitter:site\" content=\"@wildlifept\" \/>\n<meta name=\"twitter:label1\" content=\"Tiempo de lectura\" \/>\n\t<meta name=\"twitter:data1\" content=\"1 minuto\" \/>\n<script type=\"application\/ld+json\" class=\"yoast-schema-graph\">{\"@context\":\"https:\\\/\\\/schema.org\",\"@graph\":[{\"@type\":\"WebPage\",\"@id\":\"https:\\\/\\\/wildlifeportugal.pt\\\/es\\\/tours\\\/\",\"url\":\"https:\\\/\\\/wildlifeportugal.pt\\\/es\\\/tours\\\/\",\"name\":\"Tours - Wildlife Portugal\",\"isPartOf\":{\"@id\":\"https:\\\/\\\/wildlifeportugal.pt\\\/es\\\/#website\"},\"primaryImageOfPage\":{\"@id\":\"https:\\\/\\\/wildlifeportugal.pt\\\/es\\\/tours\\\/#primaryimage\"},\"image\":{\"@id\":\"https:\\\/\\\/wildlifeportugal.pt\\\/es\\\/tours\\\/#primaryimage\"},\"thumbnailUrl\":\"https:\\\/\\\/wildlifeportugal.pt\\\/wp-content\\\/uploads\\\/2021\\\/10\\\/1120664-2.jpg\",\"datePublished\":\"2025-10-20T21:59:29+00:00\",\"dateModified\":\"2025-10-20T22:06:28+00:00\",\"breadcrumb\":{\"@id\":\"https:\\\/\\\/wildlifeportugal.pt\\\/es\\\/tours\\\/#breadcrumb\"},\"inLanguage\":\"es\",\"potentialAction\":[{\"@type\":\"ReadAction\",\"target\":[\"https:\\\/\\\/wildlifeportugal.pt\\\/es\\\/tours\\\/\"]}]},{\"@type\":\"ImageObject\",\"inLanguage\":\"es\",\"@id\":\"https:\\\/\\\/wildlifeportugal.pt\\\/es\\\/tours\\\/#primaryimage\",\"url\":\"https:\\\/\\\/wildlifeportugal.pt\\\/wp-content\\\/uploads\\\/2021\\\/10\\\/1120664-2.jpg\",\"contentUrl\":\"https:\\\/\\\/wildlifeportugal.pt\\\/wp-content\\\/uploads\\\/2021\\\/10\\\/1120664-2.jpg\",\"width\":1920,\"height\":1442},{\"@type\":\"BreadcrumbList\",\"@id\":\"https:\\\/\\\/wildlifeportugal.pt\\\/es\\\/tours\\\/#breadcrumb\",\"itemListElement\":[{\"@type\":\"ListItem\",\"position\":1,\"name\":\"In\u00edcio\",\"item\":\"https:\\\/\\\/wildlifeportugal.pt\\\/es\\\/\"},{\"@type\":\"ListItem\",\"position\":2,\"name\":\"Tours\"}]},{\"@type\":\"WebSite\",\"@id\":\"https:\\\/\\\/wildlifeportugal.pt\\\/es\\\/#website\",\"url\":\"https:\\\/\\\/wildlifeportugal.pt\\\/es\\\/\",\"name\":\"Wildlife Portugal\",\"description\":\"Wild Nature Tours\",\"publisher\":{\"@id\":\"https:\\\/\\\/wildlifeportugal.pt\\\/es\\\/#organization\"},\"potentialAction\":[{\"@type\":\"SearchAction\",\"target\":{\"@type\":\"EntryPoint\",\"urlTemplate\":\"https:\\\/\\\/wildlifeportugal.pt\\\/es\\\/?s={search_term_string}\"},\"query-input\":{\"@type\":\"PropertyValueSpecification\",\"valueRequired\":true,\"valueName\":\"search_term_string\"}}],\"inLanguage\":\"es\"},{\"@type\":\"Organization\",\"@id\":\"https:\\\/\\\/wildlifeportugal.pt\\\/es\\\/#organization\",\"name\":\"Wildlife Portugal\",\"url\":\"https:\\\/\\\/wildlifeportugal.pt\\\/es\\\/\",\"logo\":{\"@type\":\"ImageObject\",\"inLanguage\":\"es\",\"@id\":\"https:\\\/\\\/wildlifeportugal.pt\\\/es\\\/#\\\/schema\\\/logo\\\/image\\\/\",\"url\":\"https:\\\/\\\/k52mhucbgfd.preview.infomaniak.website\\\/wp-content\\\/uploads\\\/2025\\\/10\\\/Sem-Titulo-1.jpg\",\"contentUrl\":\"https:\\\/\\\/k52mhucbgfd.preview.infomaniak.website\\\/wp-content\\\/uploads\\\/2025\\\/10\\\/Sem-Titulo-1.jpg\",\"width\":600,\"height\":600,\"caption\":\"Wildlife Portugal\"},\"image\":{\"@id\":\"https:\\\/\\\/wildlifeportugal.pt\\\/es\\\/#\\\/schema\\\/logo\\\/image\\\/\"},\"sameAs\":[\"https:\\\/\\\/www.facebook.com\\\/wildlifeportugal\\\/\",\"https:\\\/\\\/x.com\\\/wildlifept\",\"https:\\\/\\\/www.instagram.com\\\/wildlifeportugal\\\/\",\"https:\\\/\\\/www.linkedin.com\\\/in\\\/wildlife-portugal-69569b136\\\/\",\"https:\\\/\\\/pt.pinterest.com\\\/wildlifept\\\/\",\"https:\\\/\\\/www.youtube.com\\\/channel\\\/UCdJIIGehM2uT9WloHyUwmyQ\"]}]}<\/script>\n<!-- \/ Yoast SEO plugin. -->","yoast_head_json":{"title":"Tours - Wildlife Portugal","robots":{"index":"index","follow":"follow","max-snippet":"max-snippet:-1","max-image-preview":"max-image-preview:large","max-video-preview":"max-video-preview:-1"},"canonical":"https:\/\/wildlifeportugal.pt\/es\/tours\/","og_locale":"es_ES","og_type":"article","og_title":"Tours - Wildlife Portugal","og_description":"[vc_row][vc_column][vc_separator css=\u00bb\u00bb][vc_custom_heading text=\u00bbRewilding en el Gran Valle del C\u00f4a\u00bb font_container=\u00bbtag:h3|text_align:left\u00bb use_theme_fonts=\u00bbyes\u00bb css=\u00bb\u00bb link=\u00bburl:https%3A%2F%2Fk52mhucbgfd.preview.infomaniak.website%2Fes%2Fst_tour%2Frewilding-en-el-gran-valle-del-coa%2F\u00bb][vc_separator css=\u00bb\u00bb][vc_custom_heading text=\u00bbObservaci\u00f3n de aves en el Gran Valle del C\u00f4a\u00bb font_container=\u00bbtag:h3|text_align:left\u00bb use_theme_fonts=\u00bbyes\u00bb css=\u00bb\u00bb link=\u00bburl:https%3A%2F%2Fk52mhucbgfd.preview.infomaniak.website%2Fes%2Fst_tour%2Fobservacion-de-aves-en-el-gran-valle-del-coa%2F\u00bb][vc_separator css=\u00bb\u00bb][vc_custom_heading text=\u00bbExpedici\u00f3n bot\u00e1nica al Gran Valle del C\u00f4a\u00bb font_container=\u00bbtag:h3|text_align:left\u00bb use_theme_fonts=\u00bbyes\u00bb css=\u00bb\u00bb link=\u00bburl:https%3A%2F%2Fk52mhucbgfd.preview.infomaniak.website%2Fes%2Fst_tour%2Fexpedicion-botanica-al-gran-valle-del-coa%2F\u00bb][vc_separator css=\u00bb\u00bb][\/vc_column][\/vc_row]","og_url":"https:\/\/wildlifeportugal.pt\/es\/tours\/","og_site_name":"Wildlife Portugal","article_publisher":"https:\/\/www.facebook.com\/wildlifeportugal\/","article_modified_time":"2025-10-20T22:06:28+00:00","og_image":[{"width":1920,"height":1442,"url":"https:\/\/wildlifeportugal.pt\/wp-content\/uploads\/2021\/10\/1120664-2.jpg","type":"image\/jpeg"}],"twitter_card":"summary_large_image","twitter_site":"@wildlifept","twitter_misc":{"Tiempo de lectura":"1 minuto"},"schema":{"@context":"https:\/\/schema.org","@graph":[{"@type":"WebPage","@id":"https:\/\/wildlifeportugal.pt\/es\/tours\/","url":"https:\/\/wildlifeportugal.pt\/es\/tours\/","name":"Tours - Wildlife Portugal","isPartOf":{"@id":"https:\/\/wildlifeportugal.pt\/es\/#website"},"primaryImageOfPage":{"@id":"https:\/\/wildlifeportugal.pt\/es\/tours\/#primaryimage"},"image":{"@id":"https:\/\/wildlifeportugal.pt\/es\/tours\/#primaryimage"},"thumbnailUrl":"https:\/\/wildlifeportugal.pt\/wp-content\/uploads\/2021\/10\/1120664-2.jpg","datePublished":"2025-10-20T21:59:29+00:00","dateModified":"2025-10-20T22:06:28+00:00","breadcrumb":{"@id":"https:\/\/wildlifeportugal.pt\/es\/tours\/#breadcrumb"},"inLanguage":"es","potentialAction":[{"@type":"ReadAction","target":["https:\/\/wildlifeportugal.pt\/es\/tours\/"]}]},{"@type":"ImageObject","inLanguage":"es","@id":"https:\/\/wildlifeportugal.pt\/es\/tours\/#primaryimage","url":"https:\/\/wildlifeportugal.pt\/wp-content\/uploads\/2021\/10\/1120664-2.jpg","contentUrl":"https:\/\/wildlifeportugal.pt\/wp-content\/uploads\/2021\/10\/1120664-2.jpg","width":1920,"height":1442},{"@type":"BreadcrumbList","@id":"https:\/\/wildlifeportugal.pt\/es\/tours\/#breadcrumb","itemListElement":[{"@type":"ListItem","position":1,"name":"In\u00edcio","item":"https:\/\/wildlifeportugal.pt\/es\/"},{"@type":"ListItem","position":2,"name":"Tours"}]},{"@type":"WebSite","@id":"https:\/\/wildlifeportugal.pt\/es\/#website","url":"https:\/\/wildlifeportugal.pt\/es\/","name":"Wildlife Portugal","description":"Wild Nature Tours","publisher":{"@id":"https:\/\/wildlifeportugal.pt\/es\/#organization"},"potentialAction":[{"@type":"SearchAction","target":{"@type":"EntryPoint","urlTemplate":"https:\/\/wildlifeportugal.pt\/es\/?s={search_term_string}"},"query-input":{"@type":"PropertyValueSpecification","valueRequired":true,"valueName":"search_term_string"}}],"inLanguage":"es"},{"@type":"Organization","@id":"https:\/\/wildlifeportugal.pt\/es\/#organization","name":"Wildlife Portugal","url":"https:\/\/wildlifeportugal.pt\/es\/","logo":{"@type":"ImageObject","inLanguage":"es","@id":"https:\/\/wildlifeportugal.pt\/es\/#\/schema\/logo\/image\/","url":"https:\/\/k52mhucbgfd.preview.infomaniak.website\/wp-content\/uploads\/2025\/10\/Sem-Titulo-1.jpg","contentUrl":"https:\/\/k52mhucbgfd.preview.infomaniak.website\/wp-content\/uploads\/2025\/10\/Sem-Titulo-1.jpg","width":600,"height":600,"caption":"Wildlife Portugal"},"image":{"@id":"https:\/\/wildlifeportugal.pt\/es\/#\/schema\/logo\/image\/"},"sameAs":["https:\/\/www.facebook.com\/wildlifeportugal\/","https:\/\/x.com\/wildlifept","https:\/\/www.instagram.com\/wildlifeportugal\/","https:\/\/www.linkedin.com\/in\/wildlife-portugal-69569b136\/","https:\/\/pt.pinterest.com\/wildlifept\/","https:\/\/www.youtube.com\/channel\/UCdJIIGehM2uT9WloHyUwmyQ"]}]}},"_links":{"self":[{"href":"https:\/\/wildlifeportugal.pt\/es\/wp-json\/wp\/v2\/pages\/19435","targetHints":{"allow":["GET"]}}],"collection":[{"href":"https:\/\/wildlifeportugal.pt\/es\/wp-json\/wp\/v2\/pages"}],"about":[{"href":"https:\/\/wildlifeportugal.pt\/es\/wp-json\/wp\/v2\/types\/page"}],"author":[{"embeddable":true,"href":"https:\/\/wildlifeportugal.pt\/es\/wp-json\/wp\/v2\/users\/1"}],"replies":[{"embeddable":true,"href":"https:\/\/wildlifeportugal.pt\/es\/wp-json\/wp\/v2\/comments?post=19435"}],"version-history":[{"count":2,"href":"https:\/\/wildlifeportugal.pt\/es\/wp-json\/wp\/v2\/pages\/19435\/revisions"}],"predecessor-version":[{"id":19443,"href":"https:\/\/wildlifeportugal.pt\/es\/wp-json\/wp\/v2\/pages\/19435\/revisions\/19443"}],"wp:featuredmedia":[{"embeddable":true,"href":"https:\/\/wildlifeportugal.pt\/es\/wp-json\/wp\/v2\/media\/19287"}],"wp:attachment":[{"href":"https:\/\/wildlifeportugal.pt\/es\/wp-json\/wp\/v2\/media?parent=19435"}],"curies":[{"name":"wp","href":"https:\/\/api.w.org\/{rel}","templated":true}]}}