{"id":19444,"date":"2025-10-21T01:07:28","date_gmt":"2025-10-21T00:07:28","guid":{"rendered":"https:\/\/k52mhucbgfd.preview.infomaniak.website\/?page_id=19444"},"modified":"2025-10-21T01:07:28","modified_gmt":"2025-10-21T00:07:28","slug":"serra-de-estrela","status":"publish","type":"page","link":"https:\/\/wildlifeportugal.pt\/es\/rutas\/serra-de-estrela\/","title":{"rendered":"Serra de Estrela"},"content":{"rendered":"<div class=\"wpb-content-wrapper\"><p>[vc_row full_width=\u00bbstretch_row_content\u00bb full_height=\u00bbyes\u00bb][vc_column][vc_empty_space height=\u00bb20px\u00bb][vc_column_text css=\u00bb\u00bb]<\/p>\n<div class=\"row\">\n<div class=\"wpb_column column_container col-md-12\">\n<div class=\"vc_column-inner wpb_wrapper\">\n<div class=\"wpb_text_column wpb_content_element wpb_animate_when_almost_visible wpb_fadeIn fadeIn wpb_start_animation animated\">\n<div class=\"wpb_wrapper\">\n<p style=\"text-align: center;\"><span style=\"font-size: 16px;\"><strong><span style=\"font-family: arial, helvetica, sans-serif;\">Con casi 2000 metros de altitud, la Serra de Estrela es la elevaci\u00f3n m\u00e1s alta de Portugal continental. Su imponente y espectacular paisaje rocoso est\u00e1 profundamente marcado por las cicatrices dejadas por los glaciares de anta\u00f1o. Adem\u00e1s, alberga h\u00e1bitats espec\u00edficos de monta\u00f1a, as\u00ed como innumerables especies end\u00e9micas de plantas y animales, algunas de las cuales no existen en ning\u00fan otro lugar del mundo.<\/span><\/strong><\/span><\/p>\n<p>&nbsp;<\/p>\n<p style=\"text-align: center;\"><span style=\"font-size: 16px;\"><strong><span style=\"font-family: arial, helvetica, sans-serif;\">La Serra da Estrela es un espacio natural de excelencia para los amantes de la naturaleza.<\/span><\/strong><\/span><\/p>\n<\/div>\n<h4>&nbsp;<\/h4>\n<h4><span style=\"font-family: arial, helvetica, sans-serif;\"><strong>Valores faun\u00edsticos<\/strong><\/span><\/h4>\n<div class=\"wpb_wrapper\">\n<p><span style=\"font-family: arial, helvetica, sans-serif; font-size: 16px;\">Debido a su altitud, el aislamiento geogr\u00e1fico permiti\u00f3 que determinadas especies de animales y plantas evolucionaran aqu\u00ed separadamente de otras poblaciones, creando as\u00ed especies distintas y espec\u00edficas de este territorio. En las zonas m\u00e1s altas de la Estrela, es posible encontrar y observar con facilidad el emblema de los reptiles de la sierra, la Lagartija serrana (<em>Iberolacerta monticola<\/em>), una especie end\u00e9mica exclusiva. Tambi\u00e9n podemos observar insectos singulares, que solo se encuentran aqu\u00ed. El <em>Monotropus lusitanica<\/em>, el <em>Iberodorcadion brannani<\/em>, el <em>Zabrus estrellanus<\/em> y el <em>Ctenodecticus lusitanicus<\/em> son los principales. Otras especies encuentran en la Serra da Estrela su \u00e1rea de distribuci\u00f3n exclusiva en Portugal. Tal es el caso de las lib\u00e9lulas <em>Aeshna juncea<\/em> y la Lib\u00e9lula de alas amarillas (<em>Sympetrum flaveolum<\/em>) y de la mariposa S\u00e1tiro negro (<em>Satyrium actaea<\/em>).<\/span><\/p>\n<p><span style=\"font-family: arial, helvetica, sans-serif; font-size: 16px;\">Del grupo de aves existentes que podemos observar en el Parque Natural de la Serra da Estrela, algunas de ellas encuentran en esta monta\u00f1a su h\u00e1bitat preferido a nivel nacional. De una lista de unas 100 especies residentes, podemos destacar las siguientes:<\/span><\/p>\n<p><span style=\"font-size: 12pt; font-family: arial, helvetica, sans-serif;\">Roquero rojo (<em>Monticola saxatilis<\/em>), Escribano hortelano (<em>Emberiza hortulana)<\/em>, Escribano montesino (<em>Emberiza cia<\/em>), Aguilucho cenizo (<em>Circus pygargus<\/em>), Halc\u00f3n peregrino (<em>Falco peregrinus<\/em>), Collalba gris (<em>Oenanthe oenanthe<\/em>), Bisbita campestris (<em>Anthus campestris<\/em>), \u00c1guila culebrera (<em>Circaetus gallicus<\/em>), \u00c1guila calzada (<em>Hieraeetus pennatus<\/em>), Avi\u00f3n roquero (<em>Ptyonoprogne rupestris<\/em>), Mirlo aqu\u00e1tico (<em>Cinclus cinclus<\/em>), Colirrojo real (<em>Phoenicuros phoenicuros<\/em>), a Chova piquirroja (<em>Pyrrhocorax pyrrhocorax<\/em>).<\/span><\/p>\n<\/div>\n<\/div>\n<\/div>\n<\/div>\n<\/div>\n<p>[\/vc_column_text][vc_row_inner][vc_column_inner width=\u00bb1\/3&#8243;][vc_single_image image=\u00bb7362&#8243; img_size=\u00bb400&#215;265&#8243; add_caption=\u00bbyes\u00bb alignment=\u00bbcenter\u00bb style=\u00bbvc_box_shadow_3d\u00bb css=\u00bb\u00bb][\/vc_column_inner][vc_column_inner width=\u00bb1\/3&#8243;][vc_single_image image=\u00bb16220&#8243; img_size=\u00bb400&#215;265&#8243; add_caption=\u00bbyes\u00bb alignment=\u00bbcenter\u00bb style=\u00bbvc_box_shadow_3d\u00bb css=\u00bb\u00bb][\/vc_column_inner][vc_column_inner width=\u00bb1\/3&#8243;][vc_single_image image=\u00bb18354&#8243; img_size=\u00bb400&#215;265&#8243; add_caption=\u00bbyes\u00bb alignment=\u00bbcenter\u00bb style=\u00bbvc_box_shadow_3d\u00bb css=\u00bb\u00bb][\/vc_column_inner][\/vc_row_inner][vc_row_inner][vc_column_inner][vc_column_text css=\u00bb\u00bb]<\/p>\n<h4><span style=\"font-family: arial, helvetica, sans-serif; font-size: 20px;\"><strong>Valores bot\u00e1nicos<\/strong><\/span><\/h4>\n<p><span style=\"font-family: arial, helvetica, sans-serif; font-size: 16px;\">Una gran variedad de plantas y flores aportan colorido a los senderos y laderas de la sierra. Al igual que los animales, algunos elementos bot\u00e1nicos solo sobreviven en este territorio monta\u00f1oso. La zona m\u00e1s alta de la Estrela presenta caracter\u00edsticas pseudoalpinas y, por ello, la vegetaci\u00f3n est\u00e1 compuesta principalmente por plantas arbustivas y rastreras. Tal es el caso del <strong>Enebro rastrero<\/strong> (<em>Juniperus communis <\/em>subsp. <em>alpina<\/em>) y de las gram\u00edneas <strong>Ca\u00f1uela de Henriques<\/strong> (<em>Festuca henriquesii<\/em>) y <strong>Cervuno<\/strong> (<em>Nardus stricta<\/em>), plantas adaptadas al clima adverso del invierno y a la cobertura regular de nieve.<\/span><\/p>\n<p><span style=\"font-family: arial, helvetica, sans-serif; font-size: 16px;\">Entre las especies m\u00e1s raras, que solo florecen durante los meses de verano, destacan la <strong>Campanilla de Serra de Estrela<\/strong> (<em>Campanulla herminii<\/em>), una hermosa flor azul asociada a los pastos de altitud, la <strong>Silene ciliada<\/strong> (<em>Silene ciliata<\/em>), la <strong><em>Armeria sampaioi<\/em><\/strong>, la <strong>Encinilla portuguesa<\/strong> (<em>Teucrium salviastrum<\/em>), el cardo <strong><em>Eryngium duriae,<\/em><\/strong> y las exclusivas <strong><em>Silene foetida<\/em> subsp. <em>foetida<\/em><\/strong>, y la <strong>Belesa<\/strong> (<em>Senecio pyrenaicus<\/em> subsp. <em>caespitosus<\/em>), que florecen durante los meses de verano. Pero ya al final del invierno y a principios de la primavera podemos ver varias especies de narcisos (algunos end\u00e9micos de la Pen\u00ednsula Ib\u00e9rica) y la caracter\u00edstica <strong>Meleagria<\/strong> (<em>Fritilaria nervosa<\/em>). En las zonas m\u00e1s h\u00famedas, todav\u00eda podemos encontrar la min\u00fascula <strong>Rosol\u00ed<\/strong> (<em>Drosera rotundifolia<\/em>), una planta carn\u00edvora. Entre muchas otras!<\/span>[\/vc_column_text][\/vc_column_inner][\/vc_row_inner][vc_row_inner][vc_column_inner width=\u00bb1\/3&#8243;][vc_single_image image=\u00bb742&#8243; img_size=\u00bb400&#215;265&#8243; add_caption=\u00bbyes\u00bb alignment=\u00bbcenter\u00bb style=\u00bbvc_box_shadow_3d\u00bb][\/vc_column_inner][vc_column_inner width=\u00bb1\/3&#8243;][vc_single_image image=\u00bb7047&#8243; img_size=\u00bb400&#215;265&#8243; add_caption=\u00bbyes\u00bb alignment=\u00bbcenter\u00bb style=\u00bbvc_box_shadow_3d\u00bb][\/vc_column_inner][vc_column_inner width=\u00bb1\/3&#8243;][vc_single_image image=\u00bb9467&#8243; img_size=\u00bb400&#215;265&#8243; add_caption=\u00bbyes\u00bb alignment=\u00bbcenter\u00bb style=\u00bbvc_box_shadow_3d\u00bb css=\u00bb\u00bb][\/vc_column_inner][\/vc_row_inner][vc_row_inner][vc_column_inner][vc_column_text css=\u00bb\u00bb]<\/p>\n<h4><span style=\"font-size: 20px;\"><strong><span style=\"font-family: arial, helvetica, sans-serif;\">Valores geomorfol\u00f3gicos<\/span><\/strong><\/span><\/h4>\n<p><span style=\"font-family: arial, helvetica, sans-serif; font-size: 16px;\">La Serra de Estrela se form\u00f3\/levant\u00f3 debido a la orog\u00e9nesis herc\u00ednica (hace 300 millones de a\u00f1os) y, posteriormente, con la convergencia de las placas euroasi\u00e1tica y africana (hace 70-90 millones de a\u00f1os). M\u00e1s tarde, durante el per\u00edodo terciario (hace 65-2,5 millones de a\u00f1os), continu\u00f3 elev\u00e1ndose con la orog\u00e9nesis alpina.<\/span><\/p>\n<p><span style=\"font-family: arial, helvetica, sans-serif; font-size: 16px;\">Los procesos glaciares durante el Cuaternario (\u00faltimos 2,5 Ma) contribuyeron a la morfolog\u00eda actual de los niveles superiores de esta sierra. La cumbre estaba cubierta por una capa polar de aproximadamente 66 m\u00b2 y un espesor medio de 80 metros. Siete lenguas glaciares diverg\u00edan de esta capa de hielo.<\/span><\/p>\n<p><span style=\"font-family: arial, helvetica, sans-serif; font-size: 16px;\">El \u00faltimo per\u00edodo fr\u00edo (glaciaci\u00f3n de Wurm) comenz\u00f3 hace aproximadamente 100 000 a\u00f1os y termin\u00f3 hace solo 10 000 a\u00f1os. Fueron principalmente los procesos asociados a la glaciaci\u00f3n los que dejaron huellas profundas en el relieve y el paisaje de la Serra de Estrela, convirti\u00e9ndola en el mejor lugar del pa\u00eds para observar este fen\u00f3meno. Su riqueza geomorfol\u00f3gica ha valido a este territorio la clasificaci\u00f3n de <strong><a href=\"https:\/\/www.geoparkestrela.pt\/menu\" target=\"_blank\" rel=\"noopener\">Geoparque Estrela<\/a><\/strong> por la UNESCO.<\/span>[\/vc_column_text][\/vc_column_inner][\/vc_row_inner][vc_row_inner][vc_column_inner width=\u00bb1\/3&#8243;][vc_single_image image=\u00bb7281&#8243; img_size=\u00bb400&#215;265&#8243; alignment=\u00bbcenter\u00bb style=\u00bbvc_box_shadow_3d\u00bb css=\u00bb\u00bb][\/vc_column_inner][vc_column_inner width=\u00bb1\/3&#8243;][vc_single_image image=\u00bb18360&#8243; img_size=\u00bb400&#215;265&#8243; alignment=\u00bbcenter\u00bb style=\u00bbvc_box_shadow_3d\u00bb css=\u00bb\u00bb][\/vc_column_inner][vc_column_inner width=\u00bb1\/3&#8243;][vc_single_image image=\u00bb18362&#8243; img_size=\u00bb400&#215;265&#8243; alignment=\u00bbcenter\u00bb style=\u00bbvc_box_shadow_3d\u00bb css=\u00bb\u00bb][\/vc_column_inner][\/vc_row_inner][vc_empty_space height=\u00bb30px\u00bb][vc_goo_maps location=\u00bbTorre, Seia, Portugal\u00bb zoom=\u00bb12&#8243; type=\u00bbh\u00bb css=\u00bb\u00bb][vc_empty_space height=\u00bb30px\u00bb][\/vc_column][\/vc_row][vc_row][vc_column][vc_separator][vc_column_text css=\u00bb\u00bb]<\/p>\n<h4><strong><span style=\"font-family: arial, helvetica, sans-serif;\">Nuestras rutas<\/span><\/strong><\/h4>\n<p style=\"text-align: left;\"><span style=\"font-family: arial, helvetica, sans-serif; font-size: 16px;\">Diferentes recorridos en diferentes sectores y altitudes nos permiten explorar y apreciar diferentes paisajes y ambientes, as\u00ed como percibir la gran diversidad biol\u00f3gica que caracteriza a la cordillera m\u00e1s alta de Portugal continental.<\/span><\/p>\n<p><span style=\"font-family: arial, helvetica, sans-serif; font-size: 16px;\">Con una extensi\u00f3n de entre 8 y 12 km, nuestras rutas pueden durar medio d\u00eda o un d\u00eda completo.<\/span><\/p>\n<p><span style=\"font-family: arial, helvetica, sans-serif; font-size: 16px;\">En cualquier caso, estas pueden adaptarse a las necesidades del grupo.<\/span><\/p>\n<p><span style=\"font-family: arial, helvetica, sans-serif; font-size: 16px;\">Si desea m\u00e1s informaci\u00f3n, p\u00f3ngase en contacto con nosotros.<\/span>[\/vc_column_text][vc_row_inner][vc_column_inner width=\u00bb1\/3&#8243;][vc_single_image image=\u00bb6943&#8243; img_size=\u00bb400&#215;265&#8243; alignment=\u00bbcenter\u00bb style=\u00bbvc_box_shadow_3d\u00bb][\/vc_column_inner][vc_column_inner width=\u00bb1\/3&#8243;][vc_single_image image=\u00bb7368&#8243; img_size=\u00bb400&#215;265&#8243; alignment=\u00bbcenter\u00bb style=\u00bbvc_box_shadow_3d\u00bb][\/vc_column_inner][vc_column_inner width=\u00bb1\/3&#8243;][vc_single_image image=\u00bb12317&#8243; img_size=\u00bb400&#215;265&#8243; alignment=\u00bbcenter\u00bb style=\u00bbvc_box_shadow_3d\u00bb][\/vc_column_inner][\/vc_row_inner][vc_empty_space height=\u00bb30px\u00bb][vc_tta_accordion style=\u00bbmodern\u00bb color=\u00bborange\u00bb spacing=\u00bb2&#8243; gap=\u00bb2&#8243; c_icon=\u00bbtriangle\u00bb active_section=\u00bb0&#8243; collapsible_all=\u00bbtrue\u00bb][vc_tta_section i_position=\u00bbright\u00bb i_icon_fontawesome=\u00bbfa fa-solid fa-person-hiking\u00bb add_icon=\u00bbtrue\u00bb title=\u00bbLa Torre Plateau\u00bb tab_id=\u00bb1606522660350-d3b44ced-49e1&#8243; el_class=\u00bbhiking\u00bb][vc_empty_space height=\u00bb10px\u00bb][vc_row_inner][vc_column_inner width=\u00bb1\/3&#8243;][vc_single_image image=\u00bb6599&#8243; img_size=\u00bb400&#215;263&#8243; add_caption=\u00bbyes\u00bb alignment=\u00bbcenter\u00bb style=\u00bbvc_box_shadow\u00bb onclick=\u00bblink_image\u00bb css_animation=\u00bbfadeIn\u00bb css=\u00bb\u00bb][\/vc_column_inner][vc_column_inner width=\u00bb1\/3&#8243;][vc_single_image image=\u00bb6965&#8243; img_size=\u00bb400&#215;263&#8243; add_caption=\u00bbyes\u00bb alignment=\u00bbcenter\u00bb style=\u00bbvc_box_shadow\u00bb onclick=\u00bblink_image\u00bb css_animation=\u00bbfadeIn\u00bb css=\u00bb\u00bb][\/vc_column_inner][vc_column_inner width=\u00bb1\/3&#8243;][vc_single_image image=\u00bb13129&#8243; img_size=\u00bb400&#215;263&#8243; add_caption=\u00bbyes\u00bb alignment=\u00bbcenter\u00bb style=\u00bbvc_box_shadow\u00bb onclick=\u00bblink_image\u00bb css_animation=\u00bbfadeIn\u00bb][\/vc_column_inner][\/vc_row_inner][vc_column_text css=\u00bb\u00bb]<\/p>\n<div class=\"vc_row wpb_row st bg-holder\">\n<div class=\"container \">\n<div class=\"row\">\n<div class=\"wpb_column column_container col-md-12\">\n<div class=\"vc_column-inner wpb_wrapper\">\n<div class=\"wpb_text_column wpb_content_element \">\n<div class=\"wpb_wrapper\">\n<p>&nbsp;<\/p>\n<p><span style=\"font-family: arial, helvetica, sans-serif; font-size: 16px;\">Esta ruta circular, alrededor del punto m\u00e1s alto de Portugal continental, ofrece magn\u00edficas vistas del territorio circundante. A pesar del aspecto aparentemente \u00abdesnudo\u00bb del paisaje a lo largo de este itinerario, conocer\u00e1 algunos de los h\u00e1bitats m\u00e1s importantes y exclusivos, as\u00ed como animales y plantas \u00fanicas que caracterizan la parte superior de esta sierra. Un nivel con caracter\u00edsticas subalpinas, donde la vegetaci\u00f3n es poco m\u00e1s que arbustos rastreros y herb\u00e1ceas, formando zonas arbustivas intercaladas con prados de altitud, cervunales, charcos y lagunas naturales de origen glaciar y la presencia constante del granito<\/span>.<\/p>\n<\/div>\n<\/div>\n<\/div>\n<\/div>\n<\/div>\n<\/div>\n<\/div>\n<div class=\"vc_row wpb_row st bg-holder\">\n<div class=\"container \">\n<div class=\"row\">\n<div class=\"wpb_column column_container col-md-12\">\n<div class=\"vc_column-inner wpb_wrapper\">\n<div class=\"vc_empty_space\">\n<hr>\n<p><span style=\"font-family: arial, helvetica, sans-serif; font-size: 16px;\"><strong>Duraci\u00f3n<\/strong>: 4 h.<\/span><\/p>\n<p><span style=\"font-family: arial, helvetica, sans-serif; font-size: 16px;\"><strong>Extensi\u00f3n<\/strong>: 8 km.<\/span><\/p>\n<p><span style=\"font-family: arial, helvetica, sans-serif; font-size: 16px;\"><strong>Desnivel<\/strong>: 243 m (altitud m\u00ednima: 1750 m; altitud m\u00e1xima: 1993 m).<\/span><\/p>\n<p><span style=\"font-family: arial, helvetica, sans-serif; font-size: 16px;\"><strong>Puntos de paso\/inter\u00e9s<\/strong>: Lagunas y Cov\u00e3o do Meio, Cov\u00e3o do Boieiro, Salgadeira, C\u00e2ntaro Gordo.<\/span><\/p>\n<p><span style=\"font-family: arial, helvetica, sans-serif; font-size: 16px;\"><strong>Realizaci\u00f3n<\/strong>: de mayo a noviembre.<\/span><\/p>\n<hr>\n<p style=\"padding-left: 40px;\"><span style=\"font-size: 16px; font-family: arial, helvetica, sans-serif;\">Hasta 6 participantes: <strong>175,00 \u20ac <\/strong>(precio de grupo)<\/span><\/p>\n<p style=\"padding-left: 80px;\"><span style=\"font-size: 16px; font-family: arial, helvetica, sans-serif;\">Para grupos m\u00e1s grandes u otras condiciones, p\u00f3ngase en contacto con nosotros.<\/span><\/p>\n<p style=\"padding-left: 80px;\"><span style=\"font-family: arial, helvetica, sans-serif; font-size: 16px;\">El precio indicado incluye el acompa\u00f1amiento de un gu\u00eda, el transporte desde Guarda (si se justifica) y los seguros.<\/span><\/p>\n<p style=\"padding-left: 80px;\"><span style=\"font-family: arial, helvetica, sans-serif; font-size: 16px;\">Las reservas s\u00f3lo se garantizan previo pago del 50% de la cuota de inscripci\u00f3n.<\/span><\/p>\n<p style=\"padding-left: 120px;\"><span style=\"font-family: arial, helvetica, sans-serif; font-size: 14px;\"><em>Oferta de descuento igual al IVA para clientes particulares.<\/em><\/span><br \/>\n<span style=\"font-family: arial, helvetica, sans-serif; font-size: 14px;\"><em>El IVA se a\u00f1ade a los precios indicados para empresas y otras organizaciones<\/em>.<\/span><\/p>\n<p style=\"padding-left: 80px;\">&nbsp;<\/p>\n<\/div>\n<\/div>\n<\/div>\n<\/div>\n<\/div>\n<\/div>\n<p>[\/vc_column_text][\/vc_tta_section][vc_tta_section i_position=\u00bbright\u00bb i_icon_fontawesome=\u00bbfa fa-solid fa-person-hiking\u00bb add_icon=\u00bbtrue\u00bb title=\u00bbCircuito de las lagunas\u00bb tab_id=\u00bb1606522578789-1c162c22-3b25&#8243;][vc_empty_space height=\u00bb10px\u00bb][vc_row_inner][vc_column_inner width=\u00bb1\/3&#8243;][vc_single_image image=\u00bb7366&#8243; img_size=\u00bb400&#215;263&#8243; add_caption=\u00bbyes\u00bb alignment=\u00bbcenter\u00bb style=\u00bbvc_box_shadow\u00bb onclick=\u00bblink_image\u00bb css_animation=\u00bbfadeIn\u00bb][\/vc_column_inner][vc_column_inner width=\u00bb1\/3&#8243;][vc_single_image image=\u00bb7354&#8243; img_size=\u00bb400&#215;263&#8243; add_caption=\u00bbyes\u00bb alignment=\u00bbcenter\u00bb style=\u00bbvc_box_shadow\u00bb onclick=\u00bblink_image\u00bb css_animation=\u00bbfadeIn\u00bb][\/vc_column_inner][vc_column_inner width=\u00bb1\/3&#8243;][vc_single_image image=\u00bb7368&#8243; img_size=\u00bb400&#215;263&#8243; add_caption=\u00bbyes\u00bb alignment=\u00bbcenter\u00bb style=\u00bbvc_box_shadow\u00bb onclick=\u00bblink_image\u00bb css_animation=\u00bbfadeIn\u00bb][\/vc_column_inner][\/vc_row_inner][vc_column_text css=\u00bb\u00bb]<\/p>\n<p style=\"padding-left: 40px;\">&nbsp;<\/p>\n<p><span style=\"font-family: arial, helvetica, sans-serif; font-size: 16px;\">El Circuito de las lagunas es una ruta que nos lleva a conocer algunas de las lagunas de altitud de la Serra da Estrela. Depresiones de origen glaciar, son tambi\u00e9n dep\u00f3sitos de agua con caracter\u00edsticas naturales \u00fanicas que posteriormente fueron interconectados y aprovechados por el hombre, en una de las primeras redes hidroel\u00e9ctricas del pa\u00eds. Lagoa Comprida, Lagoa dos Conchos y Lagoa Escura. Esta \u00faltima a\u00fan conserva su car\u00e1cter natural.<\/span><\/p>\n<p><span style=\"font-family: arial, helvetica, sans-serif; font-size: 16px;\">Una ruta de relieve suave, que var\u00eda entre caminos de tierra y senderos de monta\u00f1a, con los amplios paisajes y h\u00e1bitats que caracterizan la meseta superior de la Serra da Estrela.<\/span><\/p>\n<hr>\n<p><span style=\"font-size: 16px; font-family: arial, helvetica, sans-serif;\"><strong>Duraci\u00f3n<\/strong>: 4h 35m<\/span><\/p>\n<p><span style=\"font-size: 16px; font-family: arial, helvetica, sans-serif;\"><strong>Extensi\u00f3n<\/strong>: 11,35km<\/span><\/p>\n<p><span style=\"font-size: 16px; font-family: arial, helvetica, sans-serif;\"><strong>Desnivel<\/strong>: 130m (altitud m\u00ednima: 1584m; altitud m\u00e1xima: 1714m)<\/span><\/p>\n<p><span style=\"font-size: 16px; font-family: arial, helvetica, sans-serif;\"><strong>Puntos de paso\/inter\u00e9s<\/strong>: Lagoa Comprida, Lagoa dos Conchos, Lagoa Escura.<\/span><\/p>\n<p><span style=\"font-size: 16px; font-family: arial, helvetica, sans-serif;\"><strong>Realizaci\u00f3n<\/strong>: de marzo a noviembre.<\/span><\/p>\n<hr>\n<p style=\"padding-left: 40px;\"><span style=\"font-size: 16px; font-family: arial, helvetica, sans-serif;\">Hasta 6 participantes: <strong>175,00 \u20ac <\/strong>(precio de grupo)<\/span><\/p>\n<p style=\"padding-left: 80px;\"><span style=\"font-family: arial, helvetica, sans-serif; font-size: 16px;\">Para grupos m\u00e1s grandes u otras condiciones, p\u00f3ngase en contacto con nosotros.<\/span><\/p>\n<p style=\"padding-left: 80px;\"><span style=\"font-family: arial, helvetica, sans-serif; font-size: 16px;\">El precio indicado incluye el acompa\u00f1amiento de un gu\u00eda, el transporte desde Guarda (si se justifica) y los seguros.<\/span><\/p>\n<p style=\"padding-left: 80px;\"><span style=\"font-family: arial, helvetica, sans-serif; font-size: 16px;\">Las reservas s\u00f3lo se garantizan previo pago del 50% de la cuota de inscripci\u00f3n.<\/span><\/p>\n<p style=\"padding-left: 120px;\"><span style=\"font-family: arial, helvetica, sans-serif; font-size: 14px;\"><em>Oferta de descuento igual al IVA para clientes particulares.<\/em><\/span><br \/>\n<span style=\"font-family: arial, helvetica, sans-serif; font-size: 14px;\"><em>El IVA se a\u00f1ade a los precios indicados para empresas y otras organizaciones<\/em>.<\/span><\/p>\n<p>&nbsp;[\/vc_column_text][\/vc_tta_section][vc_tta_section i_position=\u00bbright\u00bb i_icon_fontawesome=\u00bbfa fa-solid fa-person-hiking\u00bb add_icon=\u00bbtrue\u00bb title=\u00bbVale Glaci\u00e1rio do Z\u00eazere\u00bb tab_id=\u00bb1606523038920-fdce11c0-bd08&#8243;][vc_empty_space height=\u00bb15px\u00bb][vc_row_inner][vc_column_inner width=\u00bb1\/3&#8243;][vc_single_image image=\u00bb13145&#8243; img_size=\u00bb400&#215;263&#8243; add_caption=\u00bbyes\u00bb alignment=\u00bbcenter\u00bb style=\u00bbvc_box_shadow\u00bb onclick=\u00bblink_image\u00bb css_animation=\u00bbfadeIn\u00bb][\/vc_column_inner][vc_column_inner width=\u00bb1\/3&#8243;][vc_single_image image=\u00bb13147&#8243; img_size=\u00bb400&#215;263&#8243; add_caption=\u00bbyes\u00bb alignment=\u00bbcenter\u00bb style=\u00bbvc_box_shadow\u00bb onclick=\u00bblink_image\u00bb css_animation=\u00bbfadeIn\u00bb][\/vc_column_inner][vc_column_inner width=\u00bb1\/3&#8243;][vc_single_image image=\u00bb6943&#8243; img_size=\u00bb400&#215;263&#8243; add_caption=\u00bbyes\u00bb alignment=\u00bbcenter\u00bb style=\u00bbvc_box_shadow\u00bb onclick=\u00bblink_image\u00bb css_animation=\u00bbfadeIn\u00bb css=\u00bb\u00bb][\/vc_column_inner][\/vc_row_inner][vc_column_text css=\u00bb\u00bb]&nbsp;<\/p>\n<p><span style=\"font-family: arial, helvetica, sans-serif; font-size: 16px;\">Partiendo de Manteigas, realizaremos la ascensi\u00f3n completa del mayor valle glaciar de Portugal, el Z\u00eazere. De trazado lineal, este valle a\u00fan presenta los vestigios de la \u00faltima glaciaci\u00f3n y de los procesos que dieron origen a este monumento natural. El r\u00edo Z\u00eazere, de aguas cristalinas y fr\u00edas, tambi\u00e9n ser\u00e1 una constante a lo largo del recorrido, que termina pr\u00e1cticamente en su nacimiento, en Cov\u00e3o da Ametade.<\/span><\/p>\n<hr>\n<p style=\"padding-left: 40px;\"><span style=\"font-size: 16px; font-family: arial, helvetica, sans-serif;\"><strong>Duraci\u00f3n<\/strong>: cerca de 4h<\/span><\/p>\n<p style=\"padding-left: 40px;\"><span style=\"font-size: 16px; font-family: arial, helvetica, sans-serif;\"><strong>Extensi\u00f3n<\/strong>: 9 km<\/span><\/p>\n<p style=\"padding-left: 40px;\"><span style=\"font-size: 16px; font-family: arial, helvetica, sans-serif;\"><strong>Tipologia<\/strong>: Lineal<\/span><\/p>\n<p style=\"padding-left: 40px;\"><span style=\"font-size: 16px; font-family: arial, helvetica, sans-serif;\"><strong>Dificultad<\/strong>: Media<\/span><\/p>\n<p style=\"padding-left: 40px;\"><span style=\"font-size: 16px; font-family: arial, helvetica, sans-serif;\"><strong>Desnivel<\/strong>: 624m (altitud m\u00ednima: 808m; altitud m\u00e1xima:\u2013 1432m)<\/span><\/p>\n<p style=\"padding-left: 40px;\"><span style=\"font-family: arial, helvetica, sans-serif; font-size: 16px;\"><em><strong>Debido a que el recorrido es lineal, siempre es necesario realizar una log\u00edstica inicial por el transporte. Al final del recorrido, el regreso a Manteigas se realizar\u00e1 en un veh\u00edculo de la empresa que transportar\u00e1 solo a los conductores o, con el apoyo de veh\u00edculos particulares, transportando a todo el grupo.<\/strong><\/em><\/span><\/p>\n<hr>\n<p style=\"padding-left: 40px;\"><span style=\"font-size: 16px; font-family: arial, helvetica, sans-serif;\">Hasta 6 participantes: <strong>175,00 \u20ac <\/strong>(precio de grupo)<\/span><\/p>\n<p style=\"padding-left: 80px;\"><span style=\"font-family: arial, helvetica, sans-serif; font-size: 16px;\">Para grupos m\u00e1s grandes u otras condiciones, p\u00f3ngase en contacto con nosotros.<\/span><\/p>\n<p style=\"padding-left: 80px;\"><span style=\"font-family: arial, helvetica, sans-serif; font-size: 16px;\">El precio indicado incluye el acompa\u00f1amiento de un gu\u00eda, el transporte desde Guarda (si se justifica) y los seguros.<\/span><\/p>\n<p style=\"padding-left: 80px;\"><span style=\"font-family: arial, helvetica, sans-serif; font-size: 16px;\">Las reservas s\u00f3lo se garantizan previo pago del 50% de la cuota de inscripci\u00f3n.<\/span><\/p>\n<p style=\"padding-left: 120px;\"><span style=\"font-family: arial, helvetica, sans-serif; font-size: 14px;\"><em>Oferta de descuento igual al IVA para clientes particulares.<\/em><\/span><br \/>\n<span style=\"font-family: arial, helvetica, sans-serif; font-size: 14px;\"><em>El IVA se a\u00f1ade a los precios indicados para empresas y otras organizaciones<\/em>.<\/span><\/p>\n<p>&nbsp;[\/vc_column_text][\/vc_tta_section][\/vc_tta_accordion][\/vc_column][\/vc_row][vc_row][vc_column][vc_empty_space height=\u00bb30px\u00bb][vc_separator css=\u00bb\u00bb][vc_custom_heading text=\u00bbGaleria fotogr\u00e1fica\u00bb font_container=\u00bbtag:h3|text_align:left\u00bb use_theme_fonts=\u00bbyes\u00bb css=\u00bb\u00bb][vc_wp_text]<\/p>\n<p>ngg_shortcode_0_placeholder[\/vc_wp_text][\/vc_column][\/vc_row][vc_row][vc_column][vc_empty_space height=\u00bb30px\u00bb][vc_column_text css=\u00bb\u00bb]<\/p>\n<h4><span style=\"font-size: 20px;\"><strong><span style=\"font-family: arial, helvetica, sans-serif;\">Recomendaciones y consejos pr\u00e1cticos<\/span><\/strong><\/span><\/h4>\n<p><span style=\"font-family: arial, helvetica, sans-serif; font-size: 16px;\">Utilizar ropa y calzado c\u00f3modos, adecuados a las condiciones clim\u00e1ticas previstas, en particular: ropa ligera, t\u00e9rmica (polares) y transpirable, un impermeable\/cortavientos y botas de monta\u00f1a con membrana hidr\u00f3fuga (gore-tex), sombrero para el sol o gorro y guantes para el fr\u00edo y pantalones que permitan libertad de movimientos, protector solar. Llevar un recipiente para l\u00edquidos con una capacidad m\u00ednima de un litro (por persona). En el caso de excursiones de m\u00e1s de 3 horas, es recomendable llevar tambi\u00e9n un refuerzo alimenticio. Mochila (entre 15 y 20 litros de capacida<\/span>d).<\/p>\n<p><em><span style=\"font-family: arial, helvetica, sans-serif; font-size: 16px;\">Incluso durante el verano, las condiciones meteorol\u00f3gicas pueden deteriorarse de un momento a otro y volverse adversas: vientos fuertes, bajas temperaturas, niebla. Dependiendo de las condiciones meteorol\u00f3gicas previstas para el d\u00eda de la excursi\u00f3n, esta podr\u00e1 modificarse o cancelarse.<\/span><\/em><\/p>\n<p><span style=\"font-family: arial, helvetica, sans-serif; font-size: 16px;\"><strong>Extra<\/strong>: la actividad puede incluir un picnic, con coste adicional.<\/span>[\/vc_column_text][\/vc_column][\/vc_row][vc_row][vc_column][vc_empty_space height=\u00bb15px\u00bb][vc_column_text css=\u00bb\u00bb]<\/p>\n<h4><span style=\"font-family: arial, helvetica, sans-serif; font-size: 20px;\"><strong>Reservar<\/strong><\/span><\/h4>\n<p><span style=\"font-family: arial, helvetica, sans-serif; font-size: 16px;\">A trav\u00e9s de los contactos facilitados, indicando su nombre y tel\u00e9fono m\u00f3vil\/correo electr\u00f3nico de contacto.<\/span><\/p>\n<p><span style=\"font-family: arial, helvetica, sans-serif; font-size: 16px;\">La reserva s\u00f3lo se garantiza previo pago del 50% de la cuota de inscripci\u00f3n.<\/span><\/p>\n<p><span style=\"font-family: arial, helvetica, sans-serif; font-size: 16px;\"><a href=\"https:\/\/k52mhucbgfd.preview.infomaniak.website\/page-contact-us\/\"><strong>Formulario de contacto<\/strong><\/a><\/span><\/p>\n<p><span style=\"font-family: arial, helvetica, sans-serif; font-size: 16px;\"><strong>Email<\/strong>:<a href=\"mailto:info@k52mhucbgfd.preview.infomaniak.website\" target=\"_blank\" rel=\"noopener noreferrer\">&nbsp;info@k52mhucbgfd.preview.infomaniak.website<\/a><\/span><\/p>\n<p><span style=\"font-family: arial, helvetica, sans-serif; font-size: 16px;\"><strong>M\u00f3vil\/WhatsApp<\/strong>: +351 918 068 872<\/span><\/p>\n<p style=\"padding-left: 40px;\"><span style=\"font-family: arial, helvetica, sans-serif; font-size: 14px;\">(llamada a la red m\u00f3vil nacional)<\/span><\/p>\n<p>[\/vc_column_text][vc_empty_space height=\u00bb15px\u00bb][\/vc_column][\/vc_row][vc_row full_width=\u00bbstretch_row_content\u00bb full_height=\u00bbyes\u00bb columns_placement=\u00bbtop\u00bb content_placement=\u00bbtop\u00bb css=\u00bb.vc_custom_1676504673971{background-image: url(https:\/\/k52mhucbgfd.preview.infomaniak.website\/wp-content\/uploads\/2020\/12\/FMR2601.jpg?id=13321) !important;background-position: center !important;background-repeat: no-repeat !important;background-size: cover !important;}\u00bb][vc_column width=\u00bb1\/4&#8243;][vc_empty_space height=\u00bb70px\u00bb][vc_single_image image=\u00bb13862&#8243;][\/vc_column][vc_column width=\u00bb1\/4&#8243;][\/vc_column][vc_column width=\u00bb1\/4&#8243;][\/vc_column][vc_column width=\u00bb1\/4&#8243;][\/vc_column][\/vc_row]<\/p>\n<\/div>","protected":false},"excerpt":{"rendered":"<p>[vc_row full_width=\u00bbstretch_row_content\u00bb full_height=\u00bbyes\u00bb][vc_column][vc_empty_space height=\u00bb20px\u00bb][vc_column_text css=\u00bb\u00bb] Con casi 2000 metros de altitud, la Serra de Estrela es la elevaci\u00f3n m\u00e1s alta de Portugal continental. Su imponente y espectacular paisaje rocoso est\u00e1 profundamente marcado por las cicatrices dejadas por los glaciares de anta\u00f1o. Adem\u00e1s, alberga h\u00e1bitats espec\u00edficos de monta\u00f1a, as\u00ed como innumerables especies end\u00e9micas de plantas y [&hellip;]<\/p>\n","protected":false},"author":1,"featured_media":18945,"parent":19018,"menu_order":0,"comment_status":"closed","ping_status":"closed","template":"","meta":{"googlesitekit_rrm_CAowx9fADA:productID":"","om_disable_all_campaigns":false,"ngg_post_thumbnail":0,"footnotes":""},"class_list":["post-19444","page","type-page","status-publish","has-post-thumbnail","hentry"],"yoast_head":"<!-- This site is optimized with the Yoast SEO plugin v27.5 - https:\/\/yoast.com\/product\/yoast-seo-wordpress\/ -->\n<title>Serra de Estrela a trav\u00e9s de las rutas de Wildlife Portugal<\/title>\n<meta name=\"description\" content=\"Serra de Estrela a trav\u00e9s de las rutas interpretativas a pie de Wildlife Portugal es una forma de conocer mejor la monta\u00f1a de Portugal.\" \/>\n<meta name=\"robots\" content=\"index, follow, max-snippet:-1, max-image-preview:large, max-video-preview:-1\" \/>\n<link rel=\"canonical\" href=\"https:\/\/wildlifeportugal.pt\/es\/rutas\/serra-de-estrela\/\" \/>\n<meta property=\"og:locale\" content=\"es_ES\" \/>\n<meta property=\"og:type\" content=\"article\" \/>\n<meta property=\"og:title\" content=\"Serra de Estrela a trav\u00e9s de las rutas de Wildlife Portugal\" \/>\n<meta property=\"og:description\" content=\"Serra de Estrela a trav\u00e9s de las rutas interpretativas a pie de Wildlife Portugal es una forma de conocer mejor la monta\u00f1a de Portugal.\" \/>\n<meta property=\"og:url\" content=\"https:\/\/wildlifeportugal.pt\/es\/rutas\/serra-de-estrela\/\" \/>\n<meta property=\"og:site_name\" content=\"Wildlife Portugal\" \/>\n<meta property=\"article:publisher\" content=\"https:\/\/www.facebook.com\/wildlifeportugal\/\" \/>\n<meta property=\"og:image\" content=\"https:\/\/wildlifeportugal.pt\/wp-content\/uploads\/2016\/10\/Serra_da_Estrela.jpg\" \/>\n\t<meta property=\"og:image:width\" content=\"1920\" \/>\n\t<meta property=\"og:image:height\" content=\"680\" \/>\n\t<meta property=\"og:image:type\" content=\"image\/jpeg\" \/>\n<meta name=\"twitter:card\" content=\"summary_large_image\" \/>\n<meta name=\"twitter:site\" content=\"@wildlifept\" \/>\n<meta name=\"twitter:label1\" content=\"Tiempo de lectura\" \/>\n\t<meta name=\"twitter:data1\" content=\"11 minutos\" \/>\n<script type=\"application\/ld+json\" class=\"yoast-schema-graph\">{\"@context\":\"https:\\\/\\\/schema.org\",\"@graph\":[{\"@type\":\"WebPage\",\"@id\":\"https:\\\/\\\/wildlifeportugal.pt\\\/es\\\/rutas\\\/serra-de-estrela\\\/\",\"url\":\"https:\\\/\\\/wildlifeportugal.pt\\\/es\\\/rutas\\\/serra-de-estrela\\\/\",\"name\":\"Serra de Estrela a trav\u00e9s de las rutas de Wildlife Portugal\",\"isPartOf\":{\"@id\":\"https:\\\/\\\/wildlifeportugal.pt\\\/es\\\/#website\"},\"primaryImageOfPage\":{\"@id\":\"https:\\\/\\\/wildlifeportugal.pt\\\/es\\\/rutas\\\/serra-de-estrela\\\/#primaryimage\"},\"image\":{\"@id\":\"https:\\\/\\\/wildlifeportugal.pt\\\/es\\\/rutas\\\/serra-de-estrela\\\/#primaryimage\"},\"thumbnailUrl\":\"https:\\\/\\\/wildlifeportugal.pt\\\/wp-content\\\/uploads\\\/2016\\\/10\\\/Serra_da_Estrela.jpg\",\"datePublished\":\"2025-10-21T00:07:28+00:00\",\"description\":\"Serra de Estrela a trav\u00e9s de las rutas interpretativas a pie de Wildlife Portugal es una forma de conocer mejor la monta\u00f1a de Portugal.\",\"breadcrumb\":{\"@id\":\"https:\\\/\\\/wildlifeportugal.pt\\\/es\\\/rutas\\\/serra-de-estrela\\\/#breadcrumb\"},\"inLanguage\":\"es\",\"potentialAction\":[{\"@type\":\"ReadAction\",\"target\":[\"https:\\\/\\\/wildlifeportugal.pt\\\/es\\\/rutas\\\/serra-de-estrela\\\/\"]}]},{\"@type\":\"ImageObject\",\"inLanguage\":\"es\",\"@id\":\"https:\\\/\\\/wildlifeportugal.pt\\\/es\\\/rutas\\\/serra-de-estrela\\\/#primaryimage\",\"url\":\"https:\\\/\\\/wildlifeportugal.pt\\\/wp-content\\\/uploads\\\/2016\\\/10\\\/Serra_da_Estrela.jpg\",\"contentUrl\":\"https:\\\/\\\/wildlifeportugal.pt\\\/wp-content\\\/uploads\\\/2016\\\/10\\\/Serra_da_Estrela.jpg\",\"width\":1920,\"height\":680,\"caption\":\"Estrela Mountain Natural Park\"},{\"@type\":\"BreadcrumbList\",\"@id\":\"https:\\\/\\\/wildlifeportugal.pt\\\/es\\\/rutas\\\/serra-de-estrela\\\/#breadcrumb\",\"itemListElement\":[{\"@type\":\"ListItem\",\"position\":1,\"name\":\"In\u00edcio\",\"item\":\"https:\\\/\\\/wildlifeportugal.pt\\\/es\\\/\"},{\"@type\":\"ListItem\",\"position\":2,\"name\":\"RUTAS\",\"item\":\"https:\\\/\\\/wildlifeportugal.pt\\\/es\\\/hiking\\\/\"},{\"@type\":\"ListItem\",\"position\":3,\"name\":\"Serra de Estrela\"}]},{\"@type\":\"WebSite\",\"@id\":\"https:\\\/\\\/wildlifeportugal.pt\\\/es\\\/#website\",\"url\":\"https:\\\/\\\/wildlifeportugal.pt\\\/es\\\/\",\"name\":\"Wildlife Portugal\",\"description\":\"Wild Nature Tours\",\"publisher\":{\"@id\":\"https:\\\/\\\/wildlifeportugal.pt\\\/es\\\/#organization\"},\"potentialAction\":[{\"@type\":\"SearchAction\",\"target\":{\"@type\":\"EntryPoint\",\"urlTemplate\":\"https:\\\/\\\/wildlifeportugal.pt\\\/es\\\/?s={search_term_string}\"},\"query-input\":{\"@type\":\"PropertyValueSpecification\",\"valueRequired\":true,\"valueName\":\"search_term_string\"}}],\"inLanguage\":\"es\"},{\"@type\":\"Organization\",\"@id\":\"https:\\\/\\\/wildlifeportugal.pt\\\/es\\\/#organization\",\"name\":\"Wildlife Portugal\",\"url\":\"https:\\\/\\\/wildlifeportugal.pt\\\/es\\\/\",\"logo\":{\"@type\":\"ImageObject\",\"inLanguage\":\"es\",\"@id\":\"https:\\\/\\\/wildlifeportugal.pt\\\/es\\\/#\\\/schema\\\/logo\\\/image\\\/\",\"url\":\"https:\\\/\\\/k52mhucbgfd.preview.infomaniak.website\\\/wp-content\\\/uploads\\\/2025\\\/10\\\/Sem-Titulo-1.jpg\",\"contentUrl\":\"https:\\\/\\\/k52mhucbgfd.preview.infomaniak.website\\\/wp-content\\\/uploads\\\/2025\\\/10\\\/Sem-Titulo-1.jpg\",\"width\":600,\"height\":600,\"caption\":\"Wildlife Portugal\"},\"image\":{\"@id\":\"https:\\\/\\\/wildlifeportugal.pt\\\/es\\\/#\\\/schema\\\/logo\\\/image\\\/\"},\"sameAs\":[\"https:\\\/\\\/www.facebook.com\\\/wildlifeportugal\\\/\",\"https:\\\/\\\/x.com\\\/wildlifept\",\"https:\\\/\\\/www.instagram.com\\\/wildlifeportugal\\\/\",\"https:\\\/\\\/www.linkedin.com\\\/in\\\/wildlife-portugal-69569b136\\\/\",\"https:\\\/\\\/pt.pinterest.com\\\/wildlifept\\\/\",\"https:\\\/\\\/www.youtube.com\\\/channel\\\/UCdJIIGehM2uT9WloHyUwmyQ\"]}]}<\/script>\n<!-- \/ Yoast SEO plugin. -->","yoast_head_json":{"title":"Serra de Estrela a trav\u00e9s de las rutas de Wildlife Portugal","description":"Serra de Estrela a trav\u00e9s de las rutas interpretativas a pie de Wildlife Portugal es una forma de conocer mejor la monta\u00f1a de Portugal.","robots":{"index":"index","follow":"follow","max-snippet":"max-snippet:-1","max-image-preview":"max-image-preview:large","max-video-preview":"max-video-preview:-1"},"canonical":"https:\/\/wildlifeportugal.pt\/es\/rutas\/serra-de-estrela\/","og_locale":"es_ES","og_type":"article","og_title":"Serra de Estrela a trav\u00e9s de las rutas de Wildlife Portugal","og_description":"Serra de Estrela a trav\u00e9s de las rutas interpretativas a pie de Wildlife Portugal es una forma de conocer mejor la monta\u00f1a de Portugal.","og_url":"https:\/\/wildlifeportugal.pt\/es\/rutas\/serra-de-estrela\/","og_site_name":"Wildlife Portugal","article_publisher":"https:\/\/www.facebook.com\/wildlifeportugal\/","og_image":[{"width":1920,"height":680,"url":"https:\/\/wildlifeportugal.pt\/wp-content\/uploads\/2016\/10\/Serra_da_Estrela.jpg","type":"image\/jpeg"}],"twitter_card":"summary_large_image","twitter_site":"@wildlifept","twitter_misc":{"Tiempo de lectura":"11 minutos"},"schema":{"@context":"https:\/\/schema.org","@graph":[{"@type":"WebPage","@id":"https:\/\/wildlifeportugal.pt\/es\/rutas\/serra-de-estrela\/","url":"https:\/\/wildlifeportugal.pt\/es\/rutas\/serra-de-estrela\/","name":"Serra de Estrela a trav\u00e9s de las rutas de Wildlife Portugal","isPartOf":{"@id":"https:\/\/wildlifeportugal.pt\/es\/#website"},"primaryImageOfPage":{"@id":"https:\/\/wildlifeportugal.pt\/es\/rutas\/serra-de-estrela\/#primaryimage"},"image":{"@id":"https:\/\/wildlifeportugal.pt\/es\/rutas\/serra-de-estrela\/#primaryimage"},"thumbnailUrl":"https:\/\/wildlifeportugal.pt\/wp-content\/uploads\/2016\/10\/Serra_da_Estrela.jpg","datePublished":"2025-10-21T00:07:28+00:00","description":"Serra de Estrela a trav\u00e9s de las rutas interpretativas a pie de Wildlife Portugal es una forma de conocer mejor la monta\u00f1a de Portugal.","breadcrumb":{"@id":"https:\/\/wildlifeportugal.pt\/es\/rutas\/serra-de-estrela\/#breadcrumb"},"inLanguage":"es","potentialAction":[{"@type":"ReadAction","target":["https:\/\/wildlifeportugal.pt\/es\/rutas\/serra-de-estrela\/"]}]},{"@type":"ImageObject","inLanguage":"es","@id":"https:\/\/wildlifeportugal.pt\/es\/rutas\/serra-de-estrela\/#primaryimage","url":"https:\/\/wildlifeportugal.pt\/wp-content\/uploads\/2016\/10\/Serra_da_Estrela.jpg","contentUrl":"https:\/\/wildlifeportugal.pt\/wp-content\/uploads\/2016\/10\/Serra_da_Estrela.jpg","width":1920,"height":680,"caption":"Estrela Mountain Natural Park"},{"@type":"BreadcrumbList","@id":"https:\/\/wildlifeportugal.pt\/es\/rutas\/serra-de-estrela\/#breadcrumb","itemListElement":[{"@type":"ListItem","position":1,"name":"In\u00edcio","item":"https:\/\/wildlifeportugal.pt\/es\/"},{"@type":"ListItem","position":2,"name":"RUTAS","item":"https:\/\/wildlifeportugal.pt\/es\/hiking\/"},{"@type":"ListItem","position":3,"name":"Serra de Estrela"}]},{"@type":"WebSite","@id":"https:\/\/wildlifeportugal.pt\/es\/#website","url":"https:\/\/wildlifeportugal.pt\/es\/","name":"Wildlife Portugal","description":"Wild Nature Tours","publisher":{"@id":"https:\/\/wildlifeportugal.pt\/es\/#organization"},"potentialAction":[{"@type":"SearchAction","target":{"@type":"EntryPoint","urlTemplate":"https:\/\/wildlifeportugal.pt\/es\/?s={search_term_string}"},"query-input":{"@type":"PropertyValueSpecification","valueRequired":true,"valueName":"search_term_string"}}],"inLanguage":"es"},{"@type":"Organization","@id":"https:\/\/wildlifeportugal.pt\/es\/#organization","name":"Wildlife Portugal","url":"https:\/\/wildlifeportugal.pt\/es\/","logo":{"@type":"ImageObject","inLanguage":"es","@id":"https:\/\/wildlifeportugal.pt\/es\/#\/schema\/logo\/image\/","url":"https:\/\/k52mhucbgfd.preview.infomaniak.website\/wp-content\/uploads\/2025\/10\/Sem-Titulo-1.jpg","contentUrl":"https:\/\/k52mhucbgfd.preview.infomaniak.website\/wp-content\/uploads\/2025\/10\/Sem-Titulo-1.jpg","width":600,"height":600,"caption":"Wildlife Portugal"},"image":{"@id":"https:\/\/wildlifeportugal.pt\/es\/#\/schema\/logo\/image\/"},"sameAs":["https:\/\/www.facebook.com\/wildlifeportugal\/","https:\/\/x.com\/wildlifept","https:\/\/www.instagram.com\/wildlifeportugal\/","https:\/\/www.linkedin.com\/in\/wildlife-portugal-69569b136\/","https:\/\/pt.pinterest.com\/wildlifept\/","https:\/\/www.youtube.com\/channel\/UCdJIIGehM2uT9WloHyUwmyQ"]}]}},"_links":{"self":[{"href":"https:\/\/wildlifeportugal.pt\/es\/wp-json\/wp\/v2\/pages\/19444","targetHints":{"allow":["GET"]}}],"collection":[{"href":"https:\/\/wildlifeportugal.pt\/es\/wp-json\/wp\/v2\/pages"}],"about":[{"href":"https:\/\/wildlifeportugal.pt\/es\/wp-json\/wp\/v2\/types\/page"}],"author":[{"embeddable":true,"href":"https:\/\/wildlifeportugal.pt\/es\/wp-json\/wp\/v2\/users\/1"}],"replies":[{"embeddable":true,"href":"https:\/\/wildlifeportugal.pt\/es\/wp-json\/wp\/v2\/comments?post=19444"}],"version-history":[{"count":17,"href":"https:\/\/wildlifeportugal.pt\/es\/wp-json\/wp\/v2\/pages\/19444\/revisions"}],"predecessor-version":[{"id":19475,"href":"https:\/\/wildlifeportugal.pt\/es\/wp-json\/wp\/v2\/pages\/19444\/revisions\/19475"}],"up":[{"embeddable":true,"href":"https:\/\/wildlifeportugal.pt\/es\/wp-json\/wp\/v2\/pages\/19018"}],"wp:featuredmedia":[{"embeddable":true,"href":"https:\/\/wildlifeportugal.pt\/es\/wp-json\/wp\/v2\/media\/18945"}],"wp:attachment":[{"href":"https:\/\/wildlifeportugal.pt\/es\/wp-json\/wp\/v2\/media?parent=19444"}],"curies":[{"name":"wp","href":"https:\/\/api.w.org\/{rel}","templated":true}]}}