{"id":19513,"date":"2025-10-21T11:58:51","date_gmt":"2025-10-21T10:58:51","guid":{"rendered":"https:\/\/k52mhucbgfd.preview.infomaniak.website\/?page_id=19513"},"modified":"2026-03-23T20:36:16","modified_gmt":"2026-03-23T19:36:16","slug":"quienes-somos","status":"publish","type":"page","link":"https:\/\/wildlifeportugal.pt\/es\/quienes-somos\/","title":{"rendered":""},"content":{"rendered":"<div class=\"wpb-content-wrapper\"><p>[vc_row][vc_column width=\u00bb2\/3&#8243;][vc_empty_space][vc_custom_heading text=\u00bbQui\u00e9nes somos\u00bb use_theme_fonts=\u00bbyes\u00bb css=\u00bb\u00bb][vc_separator css=\u00bb\u00bb][vc_column_text css=\u00bb\u00bb]<\/p>\n<p class=\"mb-3 text-base leading-relaxed\"><span style=\"font-family: arial, helvetica, sans-serif; font-size: 16px;\">Con sede en el interior del centro de Portugal,&nbsp;<span class=\"font-semibold\">WILDLIFE PORTUGAL<\/span>&nbsp;es una agencia de viajes y empresa de animaci\u00f3n tur\u00edstica especializada en turismo de naturaleza.<\/span><\/p>\n<p class=\"mb-3 text-base leading-relaxed\"><span style=\"font-family: arial, helvetica, sans-serif; font-size: 16px;\">Con un conocimiento profundo del patrimonio natural portugu\u00e9s, nuestra misi\u00f3n es promover esta riqueza a trav\u00e9s de experiencias inmersivas que despiertan la curiosidad y sensibilizan sobre la conservaci\u00f3n. Nuestras actividades de observaci\u00f3n, fotograf\u00eda e interpretaci\u00f3n de la naturaleza se integran frecuentemente en rutas de senderismo, proporcionando una experiencia enriquecedora a nivel f\u00edsico, psicol\u00f3gico y cognitivo.<\/span><\/p>\n<p class=\"mb-3 text-base leading-relaxed\"><span style=\"font-family: arial, helvetica, sans-serif; font-size: 16px;\">Operamos en todo el territorio nacional, organizando expediciones dedicadas al descubrimiento de la fauna y la flora (aves, mam\u00edferos, insectos, bot\u00e1nica, reptiles, anfibios y geolog\u00eda) combinadas con caminatas guiadas.<\/span><\/p>\n<p><span style=\"font-family: arial, helvetica, sans-serif; font-size: 16px;\">Contamos con formaci\u00f3n y estamos debidamente acreditados para organizar visitas a las zonas <strong>rewilding<\/strong> del Gran Valle del C\u00f4a. <\/span><\/p>\n<p><span style=\"font-family: arial, helvetica, sans-serif; font-size: 16px;\">Tambi\u00e9n organizamos algunas excursiones fotogr\u00e1ficas y de fotograf\u00eda de vida salvaje. En este sentido, a trav\u00e9s de una colaboraci\u00f3n con <a href=\"https:\/\/rewilding-portugal.com\/pt\/oeste-iberico\/\" target=\"_blank\" rel=\"noopener\"><strong>Rewilding Portugal<\/strong><\/a>, gestionamos un conjunto de escondites fotogr\u00e1ficos para la vida salvaje en las zonas de rewilding del Gran Valle del C\u00f4a.<\/span><\/p>\n<p><span style=\"font-family: arial, helvetica, sans-serif; font-size: 16px;\">Adem\u00e1s del patrimonio natural, intentamos destacar los valores culturales, hist\u00f3ricos y gastron\u00f3micos que diferencian los territorios donde operamos.<\/span><\/p>\n<p><span style=\"font-family: arial, helvetica, sans-serif; font-size: 16px;\">WILDLIFE PORTUGAL es miembro de la <a href=\"https:\/\/rewilding-portugal.com\/pt\/rede-coa-selvagem\/\"><strong>Red C\u00f4a Salvaje<\/strong><\/a> y est\u00e1 contribuyendo a que el Gran Valle del C\u00f4a sea un lugar m\u00e1s natural y salvaje, valorizando y promoviendo la coexistencia de los valores naturales con las comunidades locales y las pr\u00e1cticas tradicionales.<\/span><\/p>\n<p><span style=\"font-family: arial, helvetica, sans-serif; font-size: 16px;\">WILDLIFE PORTUGAL cuenta con el respaldo y el apoyo de la Fundaci\u00f3n <a href=\"https:\/\/www.rewildingeurope.com\/\"><strong>Rewilding Europe<\/strong><\/a>, una iniciativa de \u00e1mbito europeo cuya misi\u00f3n es promover la creaci\u00f3n de m\u00e1s espacios para la vida silvestre y desarrollar el turismo de naturaleza en estas \u00e1reas naturales.<\/span><\/p>\n<p><span style=\"font-family: arial, helvetica, sans-serif; font-size: 16px;\">Licenciada por Turismo de Portugal, con los registros <strong>RNAVT 12577<\/strong> y <strong>RNAAT 369\/2025<\/strong>, WILDLIFE PORTUGAL tambi\u00e9n cuenta con el certificado de <strong>Turismo de Naturaleza<\/strong>, ya que elegimos la Red Nacional de \u00c1reas Protegidas para el desarrollo de la mayor\u00eda de las actividades, ya que es en estos espacios naturales donde encontramos los valores m\u00e1s significativos de nuestro patrimonio natural.<\/span><\/p>\n<p><span style=\"font-family: arial, helvetica, sans-serif; font-size: 16px;\">Zonas clasificadas en las que operamos:<\/span><\/p>\n<p>&nbsp;<\/p>\n<p style=\"padding-left: 30px;\"><span style=\"font-size: 16px; font-family: arial, helvetica, sans-serif;\"><strong><a href=\"https:\/\/natural.pt\/protected-areas\/parque-natural-serra-estrela?locale=pt\" target=\"_blank\" rel=\"noopener noreferrer\">Parque Natural da Serra da Estrela<\/a><\/strong><\/span><\/p>\n<p style=\"padding-left: 30px;\"><span style=\"font-size: 16px; font-family: arial, helvetica, sans-serif;\"><strong><a href=\"https:\/\/natural.pt\/protected-areas\/parque-natural-douro-internacional?locale=pt\" target=\"_blank\" rel=\"noopener noreferrer\">Parque Natural do Douro Internacional<\/a><\/strong><\/span><\/p>\n<p style=\"padding-left: 30px;\"><span style=\"font-size: 16px; font-family: arial, helvetica, sans-serif;\"><strong><a href=\"https:\/\/natural.pt\/protected-areas\/parque-natural-tejo-internacional?locale=pt\" target=\"_blank\" rel=\"noopener noreferrer\">Parque Natural do Tejo internacional<\/a><\/strong><\/span><\/p>\n<p style=\"padding-left: 30px;\"><span style=\"font-size: 16px; font-family: arial, helvetica, sans-serif;\"><a href=\"https:\/\/natural.pt\/protected-areas\/parque-natural-serras-aire-candeeiros?locale=pt\" target=\"_blank\" rel=\"noopener\"><strong>Parque Natural das Serras de Aire e Candeeiros<\/strong><\/a><\/span><\/p>\n<p style=\"padding-left: 30px;\"><span style=\"font-size: 16px; font-family: arial, helvetica, sans-serif;\"><a href=\"https:\/\/natural.pt\/protected-areas\/reserva-natural-serra-malcata?locale=pt\" target=\"_blank\" rel=\"noopener noreferrer\"><strong>Reserva Natural da Serra da Malcata<\/strong><\/a><\/span><\/p>\n<p style=\"padding-left: 30px;\"><span style=\"font-size: 16px; font-family: arial, helvetica, sans-serif;\"><a href=\"https:\/\/natural.pt\/protected-areas\/reserva-natural-berlengas?locale=pt\" target=\"_blank\" rel=\"noopener\"><strong>Reserva Natural das Berlengas<\/strong><\/a><\/span><\/p>\n<p style=\"padding-left: 30px;\"><span style=\"font-size: 16px; font-family: arial, helvetica, sans-serif;\"><a href=\"https:\/\/www.naturtejo.com\/\" target=\"_blank\" rel=\"noopener\"><strong>Geoparque Naturtejo<\/strong><\/a><\/span><\/p>\n<p style=\"padding-left: 30px;\"><strong><span style=\"font-family: arial, helvetica, sans-serif; font-size: 16px;\"><a href=\"https:\/\/www.geoparqueoeste.com\/\" target=\"_blank\" rel=\"noopener\">Geoparque Oeste<\/a><\/span><\/strong><\/p>\n<p style=\"padding-left: 30px;\"><a href=\"https:\/\/www.geoparkestrela.pt\/\" target=\"_blank\" rel=\"noopener\"><strong><span style=\"font-family: arial, helvetica, sans-serif; font-size: 16px;\">Geoparque Estrela<\/span><\/strong><\/a><\/p>\n<p>&nbsp;<\/p>\n<p>&nbsp;<\/p>\n<p>&nbsp;[\/vc_column_text][\/vc_column][vc_column width=\u00bb1\/3&#8243;][vc_empty_space height=\u00bb90px\u00bb][vc_single_image image=\u00bb16851&#8243; img_size=\u00bb150&#215;216&#8243; css=\u00bb\u00bb][vc_empty_space height=\u00bb30px\u00bb][vc_single_image image=\u00bb6793&#8243; img_size=\u00bbfull\u00bb onclick=\u00bbcustom_link\u00bb img_link_target=\u00bb_blank\u00bb link=\u00bbhttps:\/\/www.icnf.pt\/turismodenatureza\/atividades\u00bb][vc_empty_space][vc_single_image image=\u00bb8735&#8243; onclick=\u00bbcustom_link\u00bb img_link_target=\u00bb_blank\u00bb link=\u00bbhttps:\/\/natural.pt\/?locale=en\u00bb][vc_empty_space][vc_single_image image=\u00bb14655&#8243; img_size=\u00bb150&#215;134&#8243; onclick=\u00bbcustom_link\u00bb img_link_target=\u00bb_blank\u00bb link=\u00bbhttps:\/\/rewilding-portugal.com\/pt\/rede-coa-selvagem\/\u00bb][vc_empty_space][vc_single_image image=\u00bb13863&#8243; onclick=\u00bbcustom_link\u00bb img_link_target=\u00bb_blank\u00bb link=\u00bbhttps:\/\/rewildingeurope.com\/rewilding-training-tourism\/\u00bb][\/vc_column][\/vc_row][vc_row][vc_column][vc_empty_space][vc_custom_heading text=\u00bbEl equipo\u00bb use_theme_fonts=\u00bbyes\u00bb css=\u00bb\u00bb][vc_separator css=\u00bb\u00bb][\/vc_column][\/vc_row][vc_row][vc_column width=\u00bb1\/2&#8243;][vc_hoverbox image=\u00bb12727&#8243; primary_title=\u00bb\u00bb hover_title=\u00bbFernando Rom\u00e3o\u00bb hover_btn_title=\u00bbLinkedin\u00bb hover_btn_color=\u00bbwarning\u00bb hover_btn_i_icon_fontawesome=\u00bbfa fa-brands fa-linkedin\u00bb hover_add_button=\u00bbtrue\u00bb hover_btn_add_icon=\u00bbtrue\u00bb hover_btn_link=\u00bburl:https%3A%2F%2Fwww.linkedin.com%2Fin%2Ffernandoromao%2F|target:_blank\u00bb]<span style=\"font-family: arial, helvetica, sans-serif; font-size: 16px;\"><em><strong>Fernando Rom\u00e3o es un experimentado gu\u00eda e int\u00e9rprete de la naturaleza, que lleva desarrollando esta actividad desde hace unos 30 a\u00f1os. Tambi\u00e9n es fot\u00f3grafo profesional.<\/strong><\/em><\/span><\/p>\n<p><span style=\"font-family: arial, helvetica, sans-serif; font-size: 16px;\">Es natural de Lisboa, pero tiene sus ra\u00edces en un pueblo del interior de Portugal, regi\u00f3n donde pas\u00f3 parte de su infancia y donde el contacto con el medio natural le proporcion\u00f3 sus primeras experiencias de observaci\u00f3n de la naturaleza.<\/span><\/p>\n<p><span style=\"font-family: arial, helvetica, sans-serif; font-size: 16px;\">Su trayectoria personal siempre ha estado vinculada a la conservaci\u00f3n de la naturaleza, la historia natural y el ecoturismo, habiendo sido activista en una asociaci\u00f3n medioambiental, de la que lleg\u00f3 a ser dirigente regional. Su conocimiento del territorio le permiti\u00f3 adem\u00e1s participar en el dise\u00f1o de rutas tur\u00edsticas y itinerarios.<\/span><\/p>\n<p><span style=\"font-family: arial, helvetica, sans-serif; font-size: 16px;\">Ha dirigido visitas guiadas y excursiones a zonas salvajes de Portugal y Espa\u00f1a. A lo largo de los a\u00f1os, ha realizado cursos espec\u00edficos en el \u00e1mbito del turismo de naturaleza y los deportes de aventura, as\u00ed como en interpretaci\u00f3n de la naturaleza.<\/span><\/p>\n<p><span style=\"font-family: arial, helvetica, sans-serif; font-size: 16px;\">Es gu\u00eda de excursiones de <strong><a href=\"https:\/\/www.naturetrek.co.uk\/\">Naturetrek<\/a><\/strong> desde hace varios a\u00f1os y, aunque se ha especializado en la observaci\u00f3n de aves, es un naturalista con conocimientos que abarcan la bot\u00e1nica, los insectos (lib\u00e9lulas y mariposas), los reptiles, los anfibios y los mam\u00edferos salvajes, la geolog\u00eda y la geomorfolog\u00eda.<\/span><\/p>\n<p><span style=\"font-family: arial, helvetica, sans-serif; font-size: 16px;\">Apasionado por la biodiversidad, ha buscado conocer y documentar fotogr\u00e1ficamente las especies del patrimonio biol\u00f3gico de Portugal. Esta ha sido una de las formas que ha encontrado para promover, a trav\u00e9s de la fotograf\u00eda, el conocimiento y la conservaci\u00f3n de la biodiversidad. Mantiene un registro de sus observaciones en <strong><a href=\"https:\/\/www.inaturalist.org\/people\/fernandoromao\">iNaturalist<\/a><\/strong>. <\/span><\/p>\n<p><span style=\"font-family: arial, helvetica, sans-serif; font-size: 16px;\">Fernando Rom\u00e3o es la imagen de WILDLIFE PORTUGAL.<\/span><\/p>\n<p><span style=\"font-family: arial, helvetica, sans-serif; font-size: 16px;\"><em>Mi pasi\u00f3n es explorar la naturaleza y tener la oportunidad de observar y descubrir sus secretos, para luego compartirlos a trav\u00e9s de la fotograf\u00eda o de las excursiones tur\u00edsticas que realizo.<\/em><\/span>[\/vc_hoverbox][vc_empty_space][\/vc_column][vc_column width=\u00bb1\/2&#8243;][vc_custom_heading text=\u00bbEstamos creciendo&#8230;\u00bb font_container=\u00bbtag:h2|text_align:center\u00bb use_theme_fonts=\u00bbyes\u00bb css=\u00bb\u00bb][\/vc_column][\/vc_row][vc_row css=\u00bb.vc_custom_1453217339571{padding-top: 50px !important;padding-bottom: 50px !important;}\u00bb][vc_column css=\u00bb.vc_custom_1469652654179{background-color: #ffffff !important;}\u00bb][vc_text_separator title=\u00bbAPOYO\u00bb i_icon_fontawesome=\u00bbfas fa-heartbeat\u00bb i_color=\u00bbcustom\u00bb i_background_style=\u00bbrounded\u00bb i_size=\u00bbxs\u00bb title_align=\u00bbseparator_align_left\u00bb border_width=\u00bb3&#8243; css=\u00bb.vc_custom_1761041540090{background-color: #ffffff !important;}\u00bb add_icon=\u00bbtrue\u00bb i_custom_color=\u00bb#dd3333&#8243;][vc_empty_space height=\u00bb10px\u00bb][vc_gallery type=\u00bbimage_grid\u00bb images=\u00bb6407&#8243; img_size=\u00bbfull\u00bb onclick=\u00bbcustom_link\u00bb custom_links_target=\u00bb_blank\u00bb css=\u00bb.vc_custom_1768928822927{padding-left: 70px !important;}\u00bb custom_links=\u00bb#E-8_aHR0cHMlM0ElMkYlMkZ3d3cucmV3aWxkaW5nZXVyb3BlLmNvbSUyRg==\u00bb][\/vc_column][\/vc_row][vc_row css=\u00bb.vc_custom_1469653132328{background-color: #ffffff !important;}\u00bb][vc_column css=\u00bb.vc_custom_1469653152926{background-color: #ffffff !important;}\u00bb][vc_empty_space height=\u00bb60px\u00bb][vc_text_separator title=\u00bbCOOPERACIONES\u00bb i_icon_fontawesome=\u00bbfa fa-users\u00bb i_background_style=\u00bbrounded\u00bb i_size=\u00bbxs\u00bb title_align=\u00bbseparator_align_left\u00bb border_width=\u00bb3&#8243; css=\u00bb\u00bb add_icon=\u00bbtrue\u00bb][vc_empty_space height=\u00bb10px\u00bb][\/vc_column][\/vc_row][vc_row][vc_column width=\u00bb1\/4&#8243;][vc_single_image image=\u00bb15512&#8243; img_size=\u00bb125&#215;68&#8243; alignment=\u00bbcenter\u00bb onclick=\u00bbcustom_link\u00bb img_link_target=\u00bb_blank\u00bb link=\u00bbhttps:\/\/rewilding-portugal.com\/\u00bb][\/vc_column][vc_column width=\u00bb1\/4&#8243;][vc_single_image image=\u00bb13185&#8243; img_size=\u00bb125&#215;100&#8243; alignment=\u00bbcenter\u00bb onclick=\u00bbcustom_link\u00bb img_link_target=\u00bb_blank\u00bb link=\u00bbhttps:\/\/www.fogecomigo.pt\/\u00bb][\/vc_column][vc_column width=\u00bb1\/4&#8243;][vc_single_image image=\u00bb15963&#8243; img_size=\u00bb150&#215;94&#8243; alignment=\u00bbcenter\u00bb onclick=\u00bbcustom_link\u00bb img_link_target=\u00bb_blank\u00bb link=\u00bbhttps:\/\/www.naturtejo.com\/\u00bb][\/vc_column][vc_column width=\u00bb1\/4&#8243;][vc_single_image image=\u00bb14879&#8243; img_size=\u00bb125&#215;127&#8243; alignment=\u00bbcenter\u00bb onclick=\u00bbcustom_link\u00bb img_link_target=\u00bb_blank\u00bb link=\u00bbhttps:\/\/www.ciencia-natura.com\/\u00bb][\/vc_column][\/vc_row][vc_row][vc_column width=\u00bb1\/4&#8243;][vc_empty_space height=\u00bb30px\u00bb][vc_single_image image=\u00bb14982&#8243; img_size=\u00bb150&#215;28&#8243; alignment=\u00bbcenter\u00bb onclick=\u00bbcustom_link\u00bb img_link_target=\u00bb_blank\u00bb link=\u00bbhttps:\/\/www.naturetrek.co.uk\/\u00bb][\/vc_column][vc_column width=\u00bb1\/4&#8243;][vc_empty_space height=\u00bb30px\u00bb][vc_single_image image=\u00bb13752&#8243; img_size=\u00bbfull\u00bb alignment=\u00bbcenter\u00bb onclick=\u00bbcustom_link\u00bb img_link_target=\u00bb_blank\u00bb link=\u00bbhttps:\/\/greenstays.pt\/\u00bb][\/vc_column][vc_column width=\u00bb1\/4&#8243;][vc_empty_space height=\u00bb30px\u00bb][vc_single_image image=\u00bb13563&#8243; img_size=\u00bb125&#215;79&#8243; alignment=\u00bbcenter\u00bb onclick=\u00bbcustom_link\u00bb img_link_target=\u00bb_blank\u00bb css=\u00bb.vc_custom_1659540507420{padding-top: 30px !important;}\u00bb link=\u00bbhttp:\/\/www.turispedros.pt\/\u00bb][\/vc_column][vc_column width=\u00bb1\/4&#8243;][vc_empty_space height=\u00bb30px\u00bb][vc_single_image image=\u00bb13252&#8243; img_size=\u00bb125&#215;125&#8243; alignment=\u00bbcenter\u00bb onclick=\u00bbcustom_link\u00bb img_link_target=\u00bb_blank\u00bb link=\u00bbhttps:\/\/www.naturefirstphotography.org\/pt\/inicio\u00bb][\/vc_column][\/vc_row][vc_row][vc_column width=\u00bb1\/4&#8243;][vc_empty_space height=\u00bb30px\u00bb][\/vc_column][vc_column width=\u00bb1\/4&#8243;][vc_empty_space height=\u00bb30px\u00bb][\/vc_column][vc_column width=\u00bb1\/4&#8243;][vc_empty_space height=\u00bb30px\u00bb][\/vc_column][vc_column width=\u00bb1\/4&#8243;][vc_empty_space height=\u00bb30px\u00bb][\/vc_column][\/vc_row][vc_row css=\u00bb.vc_custom_1469653132328{background-color: #ffffff !important;}\u00bb][vc_column css=\u00bb.vc_custom_1469653152926{background-color: #ffffff !important;}\u00bb][vc_empty_space height=\u00bb60px\u00bb][vc_text_separator title=\u00bbRESPONSABILIDAD MEDIOAMBIENTAL\u00bb i_icon_fontawesome=\u00bbfas fa-leaf\u00bb i_color=\u00bbgreen\u00bb i_background_style=\u00bbrounded\u00bb i_size=\u00bbxs\u00bb title_align=\u00bbseparator_align_left\u00bb border_width=\u00bb3&#8243; css=\u00bb\u00bb add_icon=\u00bbtrue\u00bb][vc_empty_space height=\u00bb15px\u00bb][vc_column_text css_animation=\u00bbfadeIn\u00bb css=\u00bb\u00bb]<\/p>\n<p style=\"text-align: center;\"><span style=\"font-size: 16px; font-family: arial, helvetica, sans-serif;\"><strong><em>Un porcentaje de los ingresos generados por nuestras actividades se destina a acciones de conservaci\u00f3n de la naturaleza en el <a href=\"https:\/\/rewilding-portugal.com\/pt\/oeste-iberico\/\" target=\"_blank\" rel=\"noopener noreferrer\">Gran Valle del C\u00f4a<\/a><\/em><\/strong><\/span><\/p>\n<p>&nbsp;[\/vc_column_text][vc_row_inner][vc_column_inner width=\u00bb1\/4&#8243;][\/vc_column_inner][vc_column_inner width=\u00bb1\/4&#8243;][vc_single_image image=\u00bb13379&#8243; img_size=\u00bb150&#215;134&#8243; alignment=\u00bbright\u00bb][\/vc_column_inner][vc_column_inner width=\u00bb1\/4&#8243;][vc_single_image image=\u00bb15512&#8243; img_size=\u00bb125&#215;68&#8243; onclick=\u00bbcustom_link\u00bb img_link_target=\u00bb_blank\u00bb link=\u00bbhttps:\/\/rewilding-portugal.com\/\u00bb][\/vc_column_inner][vc_column_inner width=\u00bb1\/4&#8243;][\/vc_column_inner][vc_column_inner][vc_column_text css=\u00bb\u00bb]<\/p>\n<blockquote><p><em><span style=\"font-family: arial, helvetica, sans-serif; font-size: 16px;\">El trabajo de restablecimiento ecol\u00f3gico impulsado por las acciones de <strong>Rewilding Portugal<\/strong>, en las \u00e1reas que gestiona, ha propiciado un aumento de la biodiversidad y facilitado la observaci\u00f3n de numerosas especies silvestres, lo que contribuye a mejorar las experiencias de turismo de naturaleza que desarrolla <strong>Wildlife Portugal<\/strong>.<\/span><\/em><\/p>\n<p><em><span style=\"font-family: arial, helvetica, sans-serif; font-size: 16px;\">La <strong>Red C\u00f4a Salvaje<\/strong> ha impulsado el contacto entre los distintos agentes del territorio, promoviendo asociaciones y sinergias en torno a objetivos e ideales comunes y reforzando la marca <strong>Gran Valle del C\u00f4a<\/strong>.<\/span><\/em><\/p><\/blockquote>\n<p style=\"padding-left: 160px;\"><span style=\"font-family: arial, helvetica, sans-serif; font-size: 16px;\">Fernando Rom\u00e3o<\/span><\/p>\n<p>[\/vc_column_text][\/vc_column_inner][\/vc_row_inner][\/vc_column][\/vc_row][vc_row][vc_column][vc_empty_space height=\u00bb60px\u00bb][\/vc_column][\/vc_row]<\/p>\n<\/div>","protected":false},"excerpt":{"rendered":"<p>[vc_row][vc_column width=\u00bb2\/3&#8243;][vc_empty_space][vc_custom_heading text=\u00bbQui\u00e9nes somos\u00bb use_theme_fonts=\u00bbyes\u00bb css=\u00bb\u00bb][vc_separator css=\u00bb\u00bb][vc_column_text css=\u00bb\u00bb] Con sede en el interior del centro de Portugal,&nbsp;WILDLIFE PORTUGAL&nbsp;es una agencia de viajes y empresa de animaci\u00f3n tur\u00edstica especializada en turismo de naturaleza. Con un conocimiento profundo del patrimonio natural portugu\u00e9s, nuestra misi\u00f3n es promover esta riqueza a trav\u00e9s de experiencias inmersivas que despiertan la curiosidad [&hellip;]<\/p>\n","protected":false},"author":1,"featured_media":19519,"parent":0,"menu_order":0,"comment_status":"closed","ping_status":"closed","template":"","meta":{"googlesitekit_rrm_CAowx9fADA:productID":"","om_disable_all_campaigns":false,"ngg_post_thumbnail":0,"footnotes":""},"class_list":["post-19513","page","type-page","status-publish","has-post-thumbnail","hentry"],"yoast_head":"<!-- This site is optimized with the Yoast SEO plugin v27.5 - https:\/\/yoast.com\/product\/yoast-seo-wordpress\/ -->\n<title>- Wildlife Portugal<\/title>\n<meta name=\"robots\" content=\"index, follow, max-snippet:-1, max-image-preview:large, max-video-preview:-1\" \/>\n<link rel=\"canonical\" href=\"https:\/\/wildlifeportugal.pt\/es\/quienes-somos\/\" \/>\n<meta property=\"og:locale\" content=\"es_ES\" \/>\n<meta property=\"og:type\" content=\"article\" \/>\n<meta property=\"og:title\" content=\"- Wildlife Portugal\" \/>\n<meta property=\"og:description\" content=\"[vc_row][vc_column width=\u00bb2\/3&#8243;][vc_empty_space][vc_custom_heading text=\u00bbQui\u00e9nes somos\u00bb use_theme_fonts=\u00bbyes\u00bb css=\u00bb\u00bb][vc_separator css=\u00bb\u00bb][vc_column_text css=\u00bb\u00bb] Con sede en el interior del centro de Portugal,&nbsp;WILDLIFE PORTUGAL&nbsp;es una agencia de viajes y empresa de animaci\u00f3n tur\u00edstica especializada en turismo de naturaleza. Con un conocimiento profundo del patrimonio natural portugu\u00e9s, nuestra misi\u00f3n es promover esta riqueza a trav\u00e9s de experiencias inmersivas que despiertan la curiosidad [&hellip;]\" \/>\n<meta property=\"og:url\" content=\"https:\/\/wildlifeportugal.pt\/es\/quienes-somos\/\" \/>\n<meta property=\"og:site_name\" content=\"Wildlife Portugal\" \/>\n<meta property=\"article:publisher\" content=\"https:\/\/www.facebook.com\/wildlifeportugal\/\" \/>\n<meta property=\"article:modified_time\" content=\"2026-03-23T19:36:16+00:00\" \/>\n<meta property=\"og:image\" content=\"https:\/\/wildlifeportugal.pt\/wp-content\/uploads\/2020\/07\/FMR2782-e1761042020745.jpg\" \/>\n\t<meta property=\"og:image:width\" content=\"1920\" \/>\n\t<meta property=\"og:image:height\" content=\"694\" \/>\n\t<meta property=\"og:image:type\" content=\"image\/jpeg\" \/>\n<meta name=\"twitter:card\" content=\"summary_large_image\" \/>\n<meta name=\"twitter:site\" content=\"@wildlifept\" \/>\n<meta name=\"twitter:label1\" content=\"Tiempo de lectura\" \/>\n\t<meta name=\"twitter:data1\" content=\"6 minutos\" \/>\n<script type=\"application\/ld+json\" class=\"yoast-schema-graph\">{\"@context\":\"https:\\\/\\\/schema.org\",\"@graph\":[{\"@type\":\"WebPage\",\"@id\":\"https:\\\/\\\/wildlifeportugal.pt\\\/es\\\/quienes-somos\\\/\",\"url\":\"https:\\\/\\\/wildlifeportugal.pt\\\/es\\\/quienes-somos\\\/\",\"name\":\"- Wildlife Portugal\",\"isPartOf\":{\"@id\":\"https:\\\/\\\/wildlifeportugal.pt\\\/es\\\/#website\"},\"primaryImageOfPage\":{\"@id\":\"https:\\\/\\\/wildlifeportugal.pt\\\/es\\\/quienes-somos\\\/#primaryimage\"},\"image\":{\"@id\":\"https:\\\/\\\/wildlifeportugal.pt\\\/es\\\/quienes-somos\\\/#primaryimage\"},\"thumbnailUrl\":\"https:\\\/\\\/wildlifeportugal.pt\\\/wp-content\\\/uploads\\\/2020\\\/07\\\/FMR2782-e1761042020745.jpg\",\"datePublished\":\"2025-10-21T10:58:51+00:00\",\"dateModified\":\"2026-03-23T19:36:16+00:00\",\"inLanguage\":\"es\",\"potentialAction\":[{\"@type\":\"ReadAction\",\"target\":[\"https:\\\/\\\/wildlifeportugal.pt\\\/es\\\/quienes-somos\\\/\"]}]},{\"@type\":\"ImageObject\",\"inLanguage\":\"es\",\"@id\":\"https:\\\/\\\/wildlifeportugal.pt\\\/es\\\/quienes-somos\\\/#primaryimage\",\"url\":\"https:\\\/\\\/wildlifeportugal.pt\\\/wp-content\\\/uploads\\\/2020\\\/07\\\/FMR2782-e1761042020745.jpg\",\"contentUrl\":\"https:\\\/\\\/wildlifeportugal.pt\\\/wp-content\\\/uploads\\\/2020\\\/07\\\/FMR2782-e1761042020745.jpg\",\"width\":1920,\"height\":694,\"caption\":\"Wildlife Portugal\"},{\"@type\":\"WebSite\",\"@id\":\"https:\\\/\\\/wildlifeportugal.pt\\\/es\\\/#website\",\"url\":\"https:\\\/\\\/wildlifeportugal.pt\\\/es\\\/\",\"name\":\"Wildlife Portugal\",\"description\":\"Wild Nature Tours\",\"publisher\":{\"@id\":\"https:\\\/\\\/wildlifeportugal.pt\\\/es\\\/#organization\"},\"potentialAction\":[{\"@type\":\"SearchAction\",\"target\":{\"@type\":\"EntryPoint\",\"urlTemplate\":\"https:\\\/\\\/wildlifeportugal.pt\\\/es\\\/?s={search_term_string}\"},\"query-input\":{\"@type\":\"PropertyValueSpecification\",\"valueRequired\":true,\"valueName\":\"search_term_string\"}}],\"inLanguage\":\"es\"},{\"@type\":\"Organization\",\"@id\":\"https:\\\/\\\/wildlifeportugal.pt\\\/es\\\/#organization\",\"name\":\"Wildlife Portugal\",\"url\":\"https:\\\/\\\/wildlifeportugal.pt\\\/es\\\/\",\"logo\":{\"@type\":\"ImageObject\",\"inLanguage\":\"es\",\"@id\":\"https:\\\/\\\/wildlifeportugal.pt\\\/es\\\/#\\\/schema\\\/logo\\\/image\\\/\",\"url\":\"https:\\\/\\\/k52mhucbgfd.preview.infomaniak.website\\\/wp-content\\\/uploads\\\/2025\\\/10\\\/Sem-Titulo-1.jpg\",\"contentUrl\":\"https:\\\/\\\/k52mhucbgfd.preview.infomaniak.website\\\/wp-content\\\/uploads\\\/2025\\\/10\\\/Sem-Titulo-1.jpg\",\"width\":600,\"height\":600,\"caption\":\"Wildlife Portugal\"},\"image\":{\"@id\":\"https:\\\/\\\/wildlifeportugal.pt\\\/es\\\/#\\\/schema\\\/logo\\\/image\\\/\"},\"sameAs\":[\"https:\\\/\\\/www.facebook.com\\\/wildlifeportugal\\\/\",\"https:\\\/\\\/x.com\\\/wildlifept\",\"https:\\\/\\\/www.instagram.com\\\/wildlifeportugal\\\/\",\"https:\\\/\\\/www.linkedin.com\\\/in\\\/wildlife-portugal-69569b136\\\/\",\"https:\\\/\\\/pt.pinterest.com\\\/wildlifept\\\/\",\"https:\\\/\\\/www.youtube.com\\\/channel\\\/UCdJIIGehM2uT9WloHyUwmyQ\"]}]}<\/script>\n<!-- \/ Yoast SEO plugin. -->","yoast_head_json":{"title":"- Wildlife Portugal","robots":{"index":"index","follow":"follow","max-snippet":"max-snippet:-1","max-image-preview":"max-image-preview:large","max-video-preview":"max-video-preview:-1"},"canonical":"https:\/\/wildlifeportugal.pt\/es\/quienes-somos\/","og_locale":"es_ES","og_type":"article","og_title":"- Wildlife Portugal","og_description":"[vc_row][vc_column width=\u00bb2\/3&#8243;][vc_empty_space][vc_custom_heading text=\u00bbQui\u00e9nes somos\u00bb use_theme_fonts=\u00bbyes\u00bb css=\u00bb\u00bb][vc_separator css=\u00bb\u00bb][vc_column_text css=\u00bb\u00bb] Con sede en el interior del centro de Portugal,&nbsp;WILDLIFE PORTUGAL&nbsp;es una agencia de viajes y empresa de animaci\u00f3n tur\u00edstica especializada en turismo de naturaleza. Con un conocimiento profundo del patrimonio natural portugu\u00e9s, nuestra misi\u00f3n es promover esta riqueza a trav\u00e9s de experiencias inmersivas que despiertan la curiosidad [&hellip;]","og_url":"https:\/\/wildlifeportugal.pt\/es\/quienes-somos\/","og_site_name":"Wildlife Portugal","article_publisher":"https:\/\/www.facebook.com\/wildlifeportugal\/","article_modified_time":"2026-03-23T19:36:16+00:00","og_image":[{"width":1920,"height":694,"url":"https:\/\/wildlifeportugal.pt\/wp-content\/uploads\/2020\/07\/FMR2782-e1761042020745.jpg","type":"image\/jpeg"}],"twitter_card":"summary_large_image","twitter_site":"@wildlifept","twitter_misc":{"Tiempo de lectura":"6 minutos"},"schema":{"@context":"https:\/\/schema.org","@graph":[{"@type":"WebPage","@id":"https:\/\/wildlifeportugal.pt\/es\/quienes-somos\/","url":"https:\/\/wildlifeportugal.pt\/es\/quienes-somos\/","name":"- Wildlife Portugal","isPartOf":{"@id":"https:\/\/wildlifeportugal.pt\/es\/#website"},"primaryImageOfPage":{"@id":"https:\/\/wildlifeportugal.pt\/es\/quienes-somos\/#primaryimage"},"image":{"@id":"https:\/\/wildlifeportugal.pt\/es\/quienes-somos\/#primaryimage"},"thumbnailUrl":"https:\/\/wildlifeportugal.pt\/wp-content\/uploads\/2020\/07\/FMR2782-e1761042020745.jpg","datePublished":"2025-10-21T10:58:51+00:00","dateModified":"2026-03-23T19:36:16+00:00","inLanguage":"es","potentialAction":[{"@type":"ReadAction","target":["https:\/\/wildlifeportugal.pt\/es\/quienes-somos\/"]}]},{"@type":"ImageObject","inLanguage":"es","@id":"https:\/\/wildlifeportugal.pt\/es\/quienes-somos\/#primaryimage","url":"https:\/\/wildlifeportugal.pt\/wp-content\/uploads\/2020\/07\/FMR2782-e1761042020745.jpg","contentUrl":"https:\/\/wildlifeportugal.pt\/wp-content\/uploads\/2020\/07\/FMR2782-e1761042020745.jpg","width":1920,"height":694,"caption":"Wildlife Portugal"},{"@type":"WebSite","@id":"https:\/\/wildlifeportugal.pt\/es\/#website","url":"https:\/\/wildlifeportugal.pt\/es\/","name":"Wildlife Portugal","description":"Wild Nature Tours","publisher":{"@id":"https:\/\/wildlifeportugal.pt\/es\/#organization"},"potentialAction":[{"@type":"SearchAction","target":{"@type":"EntryPoint","urlTemplate":"https:\/\/wildlifeportugal.pt\/es\/?s={search_term_string}"},"query-input":{"@type":"PropertyValueSpecification","valueRequired":true,"valueName":"search_term_string"}}],"inLanguage":"es"},{"@type":"Organization","@id":"https:\/\/wildlifeportugal.pt\/es\/#organization","name":"Wildlife Portugal","url":"https:\/\/wildlifeportugal.pt\/es\/","logo":{"@type":"ImageObject","inLanguage":"es","@id":"https:\/\/wildlifeportugal.pt\/es\/#\/schema\/logo\/image\/","url":"https:\/\/k52mhucbgfd.preview.infomaniak.website\/wp-content\/uploads\/2025\/10\/Sem-Titulo-1.jpg","contentUrl":"https:\/\/k52mhucbgfd.preview.infomaniak.website\/wp-content\/uploads\/2025\/10\/Sem-Titulo-1.jpg","width":600,"height":600,"caption":"Wildlife Portugal"},"image":{"@id":"https:\/\/wildlifeportugal.pt\/es\/#\/schema\/logo\/image\/"},"sameAs":["https:\/\/www.facebook.com\/wildlifeportugal\/","https:\/\/x.com\/wildlifept","https:\/\/www.instagram.com\/wildlifeportugal\/","https:\/\/www.linkedin.com\/in\/wildlife-portugal-69569b136\/","https:\/\/pt.pinterest.com\/wildlifept\/","https:\/\/www.youtube.com\/channel\/UCdJIIGehM2uT9WloHyUwmyQ"]}]}},"_links":{"self":[{"href":"https:\/\/wildlifeportugal.pt\/es\/wp-json\/wp\/v2\/pages\/19513","targetHints":{"allow":["GET"]}}],"collection":[{"href":"https:\/\/wildlifeportugal.pt\/es\/wp-json\/wp\/v2\/pages"}],"about":[{"href":"https:\/\/wildlifeportugal.pt\/es\/wp-json\/wp\/v2\/types\/page"}],"author":[{"embeddable":true,"href":"https:\/\/wildlifeportugal.pt\/es\/wp-json\/wp\/v2\/users\/1"}],"replies":[{"embeddable":true,"href":"https:\/\/wildlifeportugal.pt\/es\/wp-json\/wp\/v2\/comments?post=19513"}],"version-history":[{"count":11,"href":"https:\/\/wildlifeportugal.pt\/es\/wp-json\/wp\/v2\/pages\/19513\/revisions"}],"predecessor-version":[{"id":21435,"href":"https:\/\/wildlifeportugal.pt\/es\/wp-json\/wp\/v2\/pages\/19513\/revisions\/21435"}],"wp:featuredmedia":[{"embeddable":true,"href":"https:\/\/wildlifeportugal.pt\/es\/wp-json\/wp\/v2\/media\/19519"}],"wp:attachment":[{"href":"https:\/\/wildlifeportugal.pt\/es\/wp-json\/wp\/v2\/media?parent=19513"}],"curies":[{"name":"wp","href":"https:\/\/api.w.org\/{rel}","templated":true}]}}