{"id":19551,"date":"2025-10-21T16:48:03","date_gmt":"2025-10-21T15:48:03","guid":{"rendered":"https:\/\/k52mhucbgfd.preview.infomaniak.website\/?page_id=19551"},"modified":"2025-10-21T20:31:26","modified_gmt":"2025-10-21T19:31:26","slug":"el-valle-del-coa-en-discovery","status":"publish","type":"page","link":"https:\/\/wildlifeportugal.pt\/es\/rutas-en-4x4\/el-valle-del-coa-en-discovery\/","title":{"rendered":"El Valle del C\u00f4a en Discovery"},"content":{"rendered":"<div class=\"wpb-content-wrapper\"><p>[vc_row][vc_column][vc_empty_space height=\u00bb30px\u00bb][vc_column_text css=\u00bb\u00bb]<\/p>\n<h4><strong><span style=\"font-family: arial, helvetica, sans-serif;\">El Gran Valle del C\u00f4a<\/span><\/strong><\/h4>\n<p><span style=\"font-family: arial, helvetica, sans-serif; font-size: 16px;\">El Valle del C\u00f4a en Discovery es una excursi\u00f3n en 4&#215;4 que explora un extenso territorio con un relieve esencialmente llano y formado por granitos, en la continuidad de la Meseta Ib\u00e9rica, con altitudes que var\u00edan entre los 600 y los 900 metros. Los barrocales son una constante en el paisaje del Gran Valle del C\u00f4a. La Serra das Mesas, donde se encuentra el nacimiento del r\u00edo C\u00f4a, alcanza una altitud de 1250 metros y est\u00e1 influenciada por la continentalidad de la meseta, lo que contribuye a que los inviernos sean rigurosos y los veranos calurosos. La uniformidad del paisaje solo se ve interrumpida por el profundo valle del C\u00f4a y algunos de sus afluentes. El Gran Valle del C\u00f4a atraviesa el territorio fronterizo a lo largo del distrito de Guarda, rico en patrimonio hist\u00f3rico, cultural y paisaj\u00edstico, que se nos revela a cada paso. Desde los vestigios prehist\u00f3ricos, pasando por los castros, hasta los castillos medievales y las aldeas hist\u00f3ricas amuralladas, que recuerdan un pasado turbulento.<\/span><\/p>\n<p style=\"text-align: left;\"><span style=\"font-family: arial, helvetica, sans-serif; font-size: 16px;\">Los valores naturales y arqueol\u00f3gicos son relevantes en todo este territorio, como atestiguan las siguientes clasificaciones:<\/span><\/p>\n<p style=\"text-align: left; padding-left: 40px;\"><span style=\"font-size: 16px; font-family: arial, helvetica, sans-serif;\">Reserva Natural da Serra da Malcata<\/span><\/p>\n<p style=\"text-align: left; padding-left: 40px;\"><span style=\"font-size: 16px; font-family: arial, helvetica, sans-serif;\">S\u00edtio de Import\u00e2ncia Comunit\u00e1ria da Serra da Malcata<\/span><\/p>\n<p style=\"text-align: left; padding-left: 40px;\"><span style=\"font-size: 16px; font-family: arial, helvetica, sans-serif;\">Zona de Protec\u00e7\u00e3o Especial do Vale do C\u00f4a<\/span><\/p>\n<p style=\"text-align: left; padding-left: 40px;\"><span style=\"font-size: 16px; font-family: arial, helvetica, sans-serif;\">Reserva de la Biosfera de la Meseta Ib\u00e9rica<\/span><\/p>\n<p style=\"text-align: left; padding-left: 40px;\"><span style=\"font-size: 16px; font-family: arial, helvetica, sans-serif;\">Parque Arqueol\u00f3gico do Vale do C\u00f4a<\/span><\/p>\n<p>[\/vc_column_text][vc_empty_space][\/vc_column][\/vc_row][vc_row][vc_column width=\u00bb1\/3&#8243;][vc_single_image image=\u00bb15495&#8243; img_size=\u00bb400&#215;265&#8243; alignment=\u00bbcenter\u00bb style=\u00bbvc_box_shadow_3d\u00bb css=\u00bb\u00bb][\/vc_column][vc_column width=\u00bb1\/3&#8243;][vc_single_image image=\u00bb9114&#8243; img_size=\u00bb400&#215;265&#8243; alignment=\u00bbcenter\u00bb style=\u00bbvc_box_shadow_3d\u00bb css=\u00bb\u00bb][\/vc_column][vc_column width=\u00bb1\/3&#8243;][vc_single_image image=\u00bb9161&#8243; img_size=\u00bb400&#215;265&#8243; alignment=\u00bbcenter\u00bb style=\u00bbvc_box_shadow_3d\u00bb css=\u00bb\u00bb][\/vc_column][\/vc_row][vc_row][vc_column][vc_empty_space height=\u00bb20px\u00bb][vc_column_text css=\u00bb\u00bb]<\/p>\n<h4><span style=\"font-family: arial, helvetica, sans-serif;\"><strong>La fauna del Gran Valle del C\u00f4a<\/strong><\/span><\/h4>\n<p><span style=\"font-family: arial, helvetica, sans-serif; font-size: 16px;\">Este mosaico es el h\u00e1bitat de numerosas especies carn\u00edvoras, como el <strong>gato mont\u00e9s<\/strong> (<em>Felis sylvestris<\/em>), el <strong>zorro<\/strong> (<em>Vulpes vulpes<\/em>), la <strong>gineta<\/strong> (<em>Genetta genetta<\/em>), la <strong>marta<\/strong> (<em>Martes foina<\/em>), la <strong>nutria<\/strong> (<em>Lutra lutra<\/em>) o el <strong>tej\u00f3n<\/strong> (<em>Meles meles<\/em>). Antiguamente, este territorio tambi\u00e9n era frecuentado por el <strong>lince ib\u00e9rico<\/strong> (<em>Lynx pardinus<\/em>), especie amenazada, y por el <strong>lobo ib\u00e9rico<\/strong> (<em>Canis lupus signatus<\/em>), que ahora est\u00e1 experimentando un convincente retorno tras el aumento de las poblaciones de <strong>corzo<\/strong> (<em>Capreolus capreolus<\/em>).<\/span><\/p>\n<p><span style=\"font-family: arial, helvetica, sans-serif; font-size: 16px;\">Las aves son los animales m\u00e1s f\u00e1ciles de observar, con aves forestales como el <strong>arrendajo com\u00fan<\/strong> (<em>Garrulus glandarius<\/em>), el trepador azul (<em>Sitta europaea<\/em>) y la <strong>Rabilargo ib\u00e9rico<\/strong> (<em>Cyanopica cooki<\/em>), una especie exclusiva de Portugal y Espa\u00f1a. En las zonas rocosas tambi\u00e9n podemos encontrar al mel\u00f3dico <strong>Roquero solitario<\/strong> (<em>Monticola solitarius<\/em>), al t\u00edmido <strong>Escribano montesino<\/strong> (<em>Emberiza cia<\/em>) y el juguet\u00f3n <strong>Avi\u00f3n roquero<\/strong> (<em>Ptyonoprogne rupestris<\/em>). <\/span><\/p>\n<p><span style=\"font-family: arial, helvetica, sans-serif; font-size: 16px;\">Es frecuente ver algunas aves rapaces sobrevolando la regi\u00f3n, como el <strong>Buitre leonado<\/strong> (<em>Gyps fulvus<\/em>), el <strong>Buitre negro<\/strong> (<em>Aegypius monachus<\/em>), el <strong>\u00c1guila calzada<\/strong> (<em>Hieraaetus pennatus<\/em>), el <strong>\u00c1guila culebrera<\/strong> (<em>Circaetus gallicus<\/em>), el <strong>Elanio azul<\/strong> (<em>Elanus caeruleus<\/em>) y el <strong>Milano real<\/strong> (<em>Milvus milvus<\/em>).<\/span><\/p>\n<p style=\"text-align: left;\"><span style=\"font-family: arial, helvetica, sans-serif; font-size: 16px;\">En los cursos de agua corriente, o en sus m\u00e1rgenes, podemos encontrar especies end\u00e9micas como la <strong>Rana patilarga<\/strong> (<em>Rana iberica<\/em>) y el <strong>Lagarto verdinegro<\/strong> (<em>Lacerta schreiberi<\/em>). En aguas m\u00e1s estancadas o en charcas, son comunes los <strong>gal\u00e1pagos leprosos<\/strong> (<em>Mauremys leprosa<\/em>) y, m\u00e1s raros, los <strong>gal\u00e1pagos europeus<\/strong> (<em>Emys orbicularis<\/em>). En las zonas m\u00e1s rocosas y expuestas se encuentran algunas <strong>lagartijas lusitanas<\/strong> (<em>Podarcis lusitanicus<\/em>), tambi\u00e9n end\u00e9micas de la Pen\u00ednsula Ib\u00e9rica.<\/span><\/p>\n<p>[\/vc_column_text][vc_empty_space height=\u00bb20px\u00bb][\/vc_column][\/vc_row][vc_row][vc_column width=\u00bb1\/3&#8243;][vc_single_image image=\u00bb19570&#8243; img_size=\u00bb400&#215;265&#8243; add_caption=\u00bbyes\u00bb alignment=\u00bbcenter\u00bb style=\u00bbvc_box_shadow_3d\u00bb css=\u00bb\u00bb][\/vc_column][vc_column width=\u00bb1\/3&#8243;][vc_single_image image=\u00bb19555&#8243; img_size=\u00bb400&#215;265&#8243; add_caption=\u00bbyes\u00bb alignment=\u00bbcenter\u00bb style=\u00bbvc_box_shadow_3d\u00bb css=\u00bb\u00bb][\/vc_column][vc_column width=\u00bb1\/3&#8243;][vc_single_image image=\u00bb19569&#8243; img_size=\u00bb400&#215;265&#8243; add_caption=\u00bbyes\u00bb alignment=\u00bbcenter\u00bb style=\u00bbvc_box_shadow_3d\u00bb css=\u00bb\u00bb][\/vc_column][\/vc_row][vc_row][vc_column][vc_empty_space height=\u00bb20px\u00bb][vc_column_text css=\u00bb\u00bb]<\/p>\n<h4><span style=\"font-family: arial, helvetica, sans-serif;\"><strong>Principales valores bot\u00e1nicos del Gran Valle del C\u00f4a<\/strong><\/span><\/h4>\n<p style=\"text-align: left;\"><span style=\"font-family: arial, helvetica, sans-serif; font-size: 16px;\">A lo largo de la regi\u00f3n atravesada por el r\u00edo C\u00f4a, los paisajes consisten en aglomeraciones de <strong>melojo<\/strong> (<em>Quercus pyrenaica<\/em>), algunos <strong>casta\u00f1os<\/strong> (<em>Castanea sativa<\/em>), <strong>encinas<\/strong> (<em>Quercus rotundifolia<\/em>), <strong>alcornoques<\/strong> (<em>Quercus suber<\/em>) y matorrales. Estos se intercalan con zonas abiertas en las \u00e1reas m\u00e1s bajas, generalmente prados frescos delimitados por hileras de <strong>fresnos<\/strong> (<em>Fraxinus angustifolia<\/em>).<\/span><\/p>\n<p><span style=\"font-family: arial, helvetica, sans-serif; font-size: 16px;\">En la meseta, algunas zonas est\u00e1n delimitadas por muros y peque\u00f1os setos, donde a\u00fan pastan algunos bovinos. Esta diversidad de entornos permite la existencia de una gran variedad de plantas, algunas de ellas de distribuci\u00f3n exclusiva a la Pen\u00ednsula Ib\u00e9rica, como la peque\u00f1a y aparentemente fr\u00e1gil <strong>Linaria amarilla<\/strong> (<em>Linaria saxatilis<\/em>), la vibrante <strong>Violeta de pastor<\/strong> (<em>Linaria aeruginea<\/em>), la <strong>Escoba blanca<\/strong> (<em>Cytisus multiflorus<\/em>), el <strong>Cambri\u00f3n ib\u00e9rico<\/strong> (<em>Echinospartum ibericum<\/em>), la <strong>Dedalera<\/strong> (<em>Digitalis thapsi<\/em>),&nbsp;la <strong>Leche de p\u00e1jaro <\/strong>(<em>Ornithogalum concinnum<\/em>) y la hermosa <strong>Peonia<\/strong> (<em>Paeonia broteri<\/em>).<\/span><\/p>\n<p style=\"text-align: left;\"><span style=\"font-family: arial, helvetica, sans-serif; font-size: 16px;\">En este safari, El Gran Valle del C\u00f4a en Discovery, algunas plantas pueden ser m\u00e1s dif\u00edciles de encontrar debido a su rareza y per\u00edodo de floraci\u00f3n, siendo la primavera la \u00e9poca m\u00e1s recomendada para buscarlas.<\/span><\/p>\n<p>[\/vc_column_text][vc_empty_space height=\u00bb20px\u00bb][\/vc_column][\/vc_row][vc_row][vc_column width=\u00bb1\/3&#8243;][vc_single_image image=\u00bb9893&#8243; img_size=\u00bb400&#215;265&#8243; add_caption=\u00bbyes\u00bb alignment=\u00bbcenter\u00bb style=\u00bbvc_box_shadow_3d\u00bb css=\u00bb\u00bb][\/vc_column][vc_column width=\u00bb1\/3&#8243;][vc_single_image image=\u00bb12857&#8243; img_size=\u00bb400&#215;265&#8243; add_caption=\u00bbyes\u00bb alignment=\u00bbcenter\u00bb style=\u00bbvc_box_shadow_3d\u00bb css=\u00bb\u00bb][\/vc_column][vc_column width=\u00bb1\/3&#8243;][vc_single_image image=\u00bb12855&#8243; img_size=\u00bb400&#215;265&#8243; add_caption=\u00bbyes\u00bb alignment=\u00bbcenter\u00bb style=\u00bbvc_box_shadow_3d\u00bb css=\u00bb\u00bb][\/vc_column][\/vc_row][vc_row][vc_column][vc_empty_space height=\u00bb25px\u00bb][vc_separator border_width=\u00bb2&#8243;][vc_custom_heading text=\u00bbGaleria fotogr\u00e1fica\u00bb font_container=\u00bbtag:h2|text_align:left|color:%23000000&#8243; use_theme_fonts=\u00bbyes\u00bb css=\u00bb\u00bb][vc_column_text css_animation=\u00bbfadeIn\u00bb]<\/p>\n<p>ngg_shortcode_0_placeholder[\/vc_column_text][vc_empty_space height=\u00bb25px\u00bb][\/vc_column][\/vc_row][vc_row full_width=\u00bbstretch_row_content\u00bb][vc_column][vc_tta_accordion style=\u00bbmodern\u00bb color=\u00bborange\u00bb spacing=\u00bb1&#8243; gap=\u00bb1&#8243; c_icon=\u00bbtriangle\u00bb active_section=\u00bb0&#8243; collapsible_all=\u00bbtrue\u00bb][vc_tta_section i_position=\u00bbright\u00bb i_icon_fontawesome=\u00bbfa fa-solid fa-circle-info\u00bb add_icon=\u00bbtrue\u00bb title=\u00bbm\u00e1s informaci\u00f3n\u00bb tab_id=\u00bb1502533430074-5838694b-2196&#8243;][vc_column_text css=\u00bb\u00bb]<\/p>\n<p style=\"padding-left: 40px;\">&nbsp;<\/p>\n<p style=\"padding-left: 40px;\"><span style=\"font-size: 16px; font-family: arial, helvetica, sans-serif;\"><strong>Punto de encuentro<\/strong>: lugar a acordar<\/span><\/p>\n<p style=\"padding-left: 40px;\"><span style=\"font-family: arial, helvetica, sans-serif; font-size: 16px;\"><strong>Duraci\u00f3n<\/strong>: medio d\u00eda o d\u00eda completo.<\/span><\/p>\n<p style=\"padding-left: 40px;\"><span style=\"font-size: 16px; font-family: arial, helvetica, sans-serif;\"><strong>Tipo<\/strong>: en veh\u00edculo todoterreno, pero puede incluir peque\u00f1as paradas para realizar breves caminatas o interpretar el paisaje.<\/span><\/p>\n<p style=\"padding-left: 40px;\"><span style=\"font-size: 16px; font-family: arial, helvetica, sans-serif;\"><strong>Periodo recomendado<\/strong>: de enero a junio \/ de septiembre a diciembre.<\/span><\/p>\n<p style=\"padding-left: 40px;\"><span style=\"font-family: arial, helvetica, sans-serif; font-size: 16px;\"><strong>Extra<\/strong>: la actividad puede incluir un picnic, con coste adicional.<\/span><\/p>\n<p style=\"padding-left: 40px;\">&nbsp;<\/p>\n<p>[\/vc_column_text][vc_empty_space height=\u00bb20px\u00bb][\/vc_tta_section][vc_tta_section i_position=\u00bbright\u00bb i_icon_fontawesome=\u00bbfa fa-solid fa-map-location-dot\u00bb add_icon=\u00bbtrue\u00bb title=\u00bblocalizaci\u00f3n\u00bb tab_id=\u00bb1580434016475-0747272f-9611&#8243;][vc_goo_maps location=\u00bbVale de Madeira, Pinhel, Portugal\u00bb zoom=\u00bb12&#8243; type=\u00bbh\u00bb css=\u00bb\u00bb][\/vc_tta_section][vc_tta_section i_position=\u00bbright\u00bb i_icon_fontawesome=\u00bbfa fa-solid fa-euro-sign\u00bb add_icon=\u00bbtrue\u00bb title=\u00bbprecio\u00bb tab_id=\u00bb1502533430263-e3de2761-afeb\u00bb][vc_column_text css=\u00bb\u00bb]<\/p>\n<p style=\"padding-left: 40px;\">&nbsp;<\/p>\n<p style=\"padding-left: 40px;\"><span style=\"font-family: arial, helvetica, sans-serif; font-size: 16px;\">1 D\u00cdA: hasta 4 participantes&nbsp;<strong>210,00 \u20ac <\/strong>(precio de grupo)<\/span><\/p>\n<p style=\"padding-left: 40px;\"><span style=\"font-family: arial, helvetica, sans-serif; font-size: 16px;\">1\/2 DIA: hasta 4 participantes&nbsp;<strong>140,00 \u20ac <\/strong>(precio de grupo)<\/span><\/p>\n<p style=\"padding-left: 40px;\">&nbsp;<\/p>\n<p style=\"padding-left: 80px;\"><span style=\"font-family: arial, helvetica, sans-serif; font-size: 16px;\">Para grupos m\u00e1s grandes u otras condiciones, p\u00f3ngase en contacto con nosotros.<\/span><\/p>\n<p style=\"padding-left: 80px;\"><span style=\"font-family: arial, helvetica, sans-serif; font-size: 16px;\">El precio de la actividad incluye un gu\u00eda especializado, transporte local, seguro.<\/span><\/p>\n<p style=\"padding-left: 80px;\"><span style=\"font-family: arial, helvetica, sans-serif; font-size: 16px;\">Las reservas s\u00f3lo se garantizan previo pago del 50% de la cuota de inscripci\u00f3n.<\/span><\/p>\n<p style=\"padding-left: 120px;\"><span style=\"font-family: arial, helvetica, sans-serif; font-size: 14px;\"><em>Oferta de descuento igual al IVA para clientes particulares.<\/em><\/span><br \/>\n<span style=\"font-family: arial, helvetica, sans-serif; font-size: 14px;\"><em>El IVA se a\u00f1ade a los precios indicados para empresas y otras organizaciones<\/em>.<\/span><\/p>\n<p style=\"padding-left: 80px;\">&nbsp;<\/p>\n<p>[\/vc_column_text][vc_empty_space height=\u00bb20px\u00bb][\/vc_tta_section][vc_tta_section i_position=\u00bbright\u00bb i_icon_fontawesome=\u00bbfa fa-solid fa-phone-flip\u00bb add_icon=\u00bbtrue\u00bb title=\u00bbreservar\u00bb tab_id=\u00bb1502548874009-6c5953ca-ae0b\u00bb][vc_column_text css=\u00bb\u00bb]<\/p>\n<p style=\"padding-left: 40px;\">&nbsp;<\/p>\n<p style=\"padding-left: 40px;\"><span style=\"font-family: arial, helvetica, sans-serif; font-size: 16px;\">A trav\u00e9s de los contactos facilitados, indicando su nombre y tel\u00e9fono m\u00f3vil\/correo electr\u00f3nico de contacto.<\/span><\/p>\n<p style=\"padding-left: 40px;\"><span style=\"font-family: arial, helvetica, sans-serif; font-size: 16px;\">La reserva s\u00f3lo se garantiza previo pago del 50% de la cuota de inscripci\u00f3n.<\/span><\/p>\n<p style=\"padding-left: 40px;\"><span style=\"font-family: arial, helvetica, sans-serif; font-size: 16px;\"><a href=\"https:\/\/k52mhucbgfd.preview.infomaniak.website\/page-contact-us\/\"><strong>Formulario de contacto<\/strong><\/a><\/span><\/p>\n<p style=\"padding-left: 40px;\"><span style=\"font-family: arial, helvetica, sans-serif; font-size: 16px;\"><strong>Email<\/strong>:<a href=\"mailto:info@k52mhucbgfd.preview.infomaniak.website\" target=\"_blank\" rel=\"noopener noreferrer\">&nbsp;info@k52mhucbgfd.preview.infomaniak.website<\/a><\/span><\/p>\n<p style=\"padding-left: 40px;\"><span style=\"font-family: arial, helvetica, sans-serif; font-size: 16px;\"><strong>M\u00f3vil\/WhatsApp<\/strong>: +351 918 068 872<\/span><\/p>\n<p style=\"padding-left: 80px;\"><span style=\"font-family: arial, helvetica, sans-serif; font-size: 14px;\">(llamada a la red m\u00f3vil nacional)<\/span><\/p>\n<p style=\"padding-left: 40px;\">&nbsp;<\/p>\n<p>[\/vc_column_text][vc_empty_space height=\u00bb20px\u00bb][\/vc_tta_section][vc_tta_section i_position=\u00bbright\u00bb i_icon_fontawesome=\u00bbfa fa-solid fa-bed\u00bb add_icon=\u00bbtrue\u00bb title=\u00bbsugerencias de alojamiento en la regi\u00f3n\u00bb tab_id=\u00bb1502549720451-db25b34b-5d58&#8243;][vc_column_text css=\u00bb\u00bb]<\/p>\n<p style=\"padding-left: 40px;\">&nbsp;<\/p>\n<p style=\"padding-left: 40px;\">&nbsp;<\/p>\n<p style=\"padding-left: 40px;\"><a href=\"https:\/\/rewilding-portugal.com\/greater-coa-valley\/wild-coa-network\/\" target=\"_blank\" rel=\"noopener\"><span style=\"font-family: arial, helvetica, sans-serif;\"><img decoding=\"async\" class=\"wp-image-16553 size-thumbnail aligncenter\" src=\"https:\/\/k52mhucbgfd.preview.infomaniak.website\/wp-content\/uploads\/2024\/10\/2-150x150.png\" sizes=\"(max-width: 150px) 100vw, 150px\" srcset=\"https:\/\/k52mhucbgfd.preview.infomaniak.website\/wp-content\/uploads\/2024\/10\/2-150x150.png 150w, https:\/\/k52mhucbgfd.preview.infomaniak.website\/wp-content\/uploads\/2024\/10\/2-300x300.png 300w, https:\/\/k52mhucbgfd.preview.infomaniak.website\/wp-content\/uploads\/2024\/10\/2-1024x1024.png 1024w, https:\/\/k52mhucbgfd.preview.infomaniak.website\/wp-content\/uploads\/2024\/10\/2-768x768.png 768w, https:\/\/k52mhucbgfd.preview.infomaniak.website\/wp-content\/uploads\/2024\/10\/2-1536x1536.png 1536w, https:\/\/k52mhucbgfd.preview.infomaniak.website\/wp-content\/uploads\/2024\/10\/2-2048x2048.png 2048w, https:\/\/k52mhucbgfd.preview.infomaniak.website\/wp-content\/uploads\/2024\/10\/2.png 1181w\" alt=\"Visit the Greater C\u00f4a Valley\" width=\"150\" height=\"150\"><\/span><\/a><\/p>\n<p style=\"padding-left: 40px;\"><span style=\"font-family: arial, helvetica, sans-serif; font-size: 16px;\"><a href=\"https:\/\/casadapracapinhel.com\/\" target=\"_blank\" rel=\"noopener\"><strong>Casa da Pra\u00e7a<\/strong><\/a><\/span><\/p>\n<p style=\"padding-left: 40px;\"><span style=\"font-family: arial, helvetica, sans-serif; font-size: 16px;\"><a href=\"https:\/\/rewilding-portugal.com\/rewilding\/casa-do-brigadeiro\/\" target=\"_blank\" rel=\"noopener\"><strong>Casa do Brigadeiro<\/strong><\/a><\/span><\/p>\n<p style=\"padding-left: 40px;\"><span style=\"font-family: arial, helvetica, sans-serif; font-size: 16px;\"><strong><a href=\"http:\/\/www.turispedros.pt\/\" target=\"_blank\" rel=\"noopener noreferrer\" data-uw-styling-context=\"true\">Casa Villar Mayor<\/a><\/strong><\/span><\/p>\n<p style=\"padding-left: 40px;\"><span style=\"font-family: arial, helvetica, sans-serif; font-size: 16px;\"><strong><a href=\"https:\/\/coahoneycomb.com\/en\/\" target=\"_blank\" rel=\"noopener\">C\u00f4a Honeycomb<\/a><\/strong><\/span><\/p>\n<p style=\"padding-left: 40px;\"><span style=\"font-family: arial, helvetica, sans-serif; font-size: 16px;\"><a href=\"http:\/\/quintadorionoemi.com\/\" target=\"_blank\" rel=\"noopener\"><strong>Quinta do Rio Noemi<\/strong><\/a><\/span><\/p>\n<p style=\"padding-left: 40px;\"><span style=\"font-family: arial, helvetica, sans-serif; font-size: 16px;\"><a href=\"https:\/\/www.hoteldocro.com\/\" target=\"_blank\" rel=\"noopener\"><strong>Cr\u00f3 Hotel Thermal &amp; SPA<\/strong><\/a><\/span><\/p>\n<p style=\"padding-left: 40px;\"><span style=\"font-family: arial, helvetica, sans-serif; font-size: 16px;\"><strong><a href=\"https:\/\/rewilding-portugal.com\/greater-coa-valley\/rewilding-centre\/\" target=\"_blank\" rel=\"noopener\">Centro Rewilding<\/a><\/strong><\/span><\/p>\n<p style=\"padding-left: 80px;\">&nbsp;<\/p>\n<p>[\/vc_column_text][\/vc_tta_section][vc_tta_section i_position=\u00bbright\u00bb i_icon_fontawesome=\u00bbfa fa-solid fa-leaf\u00bb add_icon=\u00bbtrue\u00bb title=\u00bbresponsabilidad medioambiental\u00bb tab_id=\u00bb1752346924646-15d79cd2-8f53&#8243; el_class=\u00bbleaf\u00bb][vc_column_text css=\u00bb\u00bb]&nbsp;<\/p>\n<p style=\"padding-left: 40px;\"><span style=\"font-family: arial, helvetica, sans-serif; font-size: 16px;\">En todas nuestras actividades nos comprometemos a salvaguardar el medio ambiente, minimizar su impacto y reducir la contaminaci\u00f3n.<\/span><\/p>\n<p style=\"padding-left: 40px;\"><span style=\"font-family: arial, helvetica, sans-serif; font-size: 16px;\">Con la organizaci\u00f3n de esta actividad, apoyamos las acciones de gesti\u00f3n y conservaci\u00f3n que promueven la coexistencia y el retorno de las especies salvajes al Gran Valle del C\u00f4a, bajo la gesti\u00f3n del&nbsp;<a href=\"https:\/\/rewilding-portugal.com\/pt\/oeste-iberico\/\" target=\"_blank\" rel=\"noopener noreferrer\" data-uw-styling-context=\"true\">Rewilding Portugal<\/a>, mediante una contribuci\u00f3n financiera.&nbsp;<\/span><\/p>\n<p>&nbsp;<\/p>\n<p style=\"padding-left: 40px;\"><a href=\"https:\/\/rewilding-portugal.com\/\" target=\"_blank\" rel=\"noopener\"><img decoding=\"async\" class=\"wp-image-15512 alignleft\" title=\"Rewilding Portugal\" src=\"https:\/\/k52mhucbgfd.preview.infomaniak.website\/wp-content\/uploads\/2023\/02\/Rewilding-Portugal-RGB-transparent-2.png\" sizes=\"(max-width: 200px) 100vw, 200px\" srcset=\"https:\/\/k52mhucbgfd.preview.infomaniak.website\/wp-content\/uploads\/2023\/02\/Rewilding-Portugal-RGB-transparent-2.png 800w, https:\/\/k52mhucbgfd.preview.infomaniak.website\/wp-content\/uploads\/2023\/02\/Rewilding-Portugal-RGB-transparent-2-768x417.png 768w\" alt=\"Rewilding Portugal\" width=\"200\" height=\"109\"><\/a><\/p>\n<p>[\/vc_column_text][\/vc_tta_section][\/vc_tta_accordion][\/vc_column][\/vc_row][vc_row][vc_column][vc_empty_space height=\u00bb30px\u00bb][\/vc_column][\/vc_row][vc_row full_width=\u00bbstretch_row_content\u00bb full_height=\u00bbyes\u00bb columns_placement=\u00bbtop\u00bb content_placement=\u00bbtop\u00bb css=\u00bb.vc_custom_1643329057541{background-image: url(https:\/\/k52mhucbgfd.preview.infomaniak.website\/wp-content\/uploads\/2022\/01\/FMR1864.jpg?id=14723) !important;background-position: center !important;background-repeat: no-repeat !important;background-size: cover !important;}\u00bb][vc_column width=\u00bb1\/4&#8243;][vc_empty_space height=\u00bb70px\u00bb][vc_single_image image=\u00bb15512&#8243; img_size=\u00bb300&#215;150&#8243; alignment=\u00bbcenter\u00bb css=\u00bb\u00bb][\/vc_column][vc_column width=\u00bb1\/4&#8243;][vc_empty_space height=\u00bb70px\u00bb][vc_single_image image=\u00bb13516&#8243; alignment=\u00bbcenter\u00bb css=\u00bb\u00bb][\/vc_column][vc_column width=\u00bb1\/4&#8243;][vc_empty_space height=\u00bb70px\u00bb][vc_single_image image=\u00bb13863&#8243; alignment=\u00bbcenter\u00bb css=\u00bb\u00bb][\/vc_column][vc_column width=\u00bb1\/4&#8243;][vc_empty_space height=\u00bb70px\u00bb][\/vc_column][\/vc_row]<\/p>\n<\/div>","protected":false},"excerpt":{"rendered":"<p>[vc_row][vc_column][vc_empty_space height=\u00bb30px\u00bb][vc_column_text css=\u00bb\u00bb] El Gran Valle del C\u00f4a El Valle del C\u00f4a en Discovery es una excursi\u00f3n en 4&#215;4 que explora un extenso territorio con un relieve esencialmente llano y formado por granitos, en la continuidad de la Meseta Ib\u00e9rica, con altitudes que var\u00edan entre los 600 y los 900 metros. Los barrocales son una [&hellip;]<\/p>\n","protected":false},"author":1,"featured_media":19557,"parent":19499,"menu_order":3,"comment_status":"closed","ping_status":"closed","template":"","meta":{"googlesitekit_rrm_CAowx9fADA:productID":"","om_disable_all_campaigns":false,"ngg_post_thumbnail":0,"footnotes":""},"class_list":["post-19551","page","type-page","status-publish","has-post-thumbnail","hentry"],"yoast_head":"<!-- This site is optimized with the Yoast SEO plugin v27.5 - https:\/\/yoast.com\/product\/yoast-seo-wordpress\/ -->\n<title>El Valle de Coa en Discovery es una experiencia Wildlife Portugal<\/title>\n<meta name=\"description\" content=\"El Valle del Coa en Discovery es un recorrido Wildlife Portugal, en Land Rover, a trav\u00e9s del territorio atravesado por el r\u00edo Coa.\" \/>\n<meta name=\"robots\" content=\"index, follow, max-snippet:-1, max-image-preview:large, max-video-preview:-1\" \/>\n<link rel=\"canonical\" href=\"https:\/\/wildlifeportugal.pt\/es\/rutas-en-4x4\/el-valle-del-coa-en-discovery\/\" \/>\n<meta property=\"og:locale\" content=\"es_ES\" \/>\n<meta property=\"og:type\" content=\"article\" \/>\n<meta property=\"og:title\" content=\"El Valle de Coa en Discovery es una experiencia Wildlife Portugal\" \/>\n<meta property=\"og:description\" content=\"El Valle del Coa en Discovery es un recorrido Wildlife Portugal, en Land Rover, a trav\u00e9s del territorio atravesado por el r\u00edo Coa.\" \/>\n<meta property=\"og:url\" content=\"https:\/\/wildlifeportugal.pt\/es\/rutas-en-4x4\/el-valle-del-coa-en-discovery\/\" \/>\n<meta property=\"og:site_name\" content=\"Wildlife Portugal\" \/>\n<meta property=\"article:publisher\" content=\"https:\/\/www.facebook.com\/wildlifeportugal\/\" \/>\n<meta property=\"article:modified_time\" content=\"2025-10-21T19:31:26+00:00\" \/>\n<meta property=\"og:image\" content=\"https:\/\/wildlifeportugal.pt\/wp-content\/uploads\/2023\/02\/FMR7792-1024x1024.jpg\" \/>\n\t<meta property=\"og:image:width\" content=\"1024\" \/>\n\t<meta property=\"og:image:height\" content=\"1024\" \/>\n\t<meta property=\"og:image:type\" content=\"image\/jpeg\" \/>\n<meta name=\"twitter:card\" content=\"summary_large_image\" \/>\n<meta name=\"twitter:site\" content=\"@wildlifept\" \/>\n<meta name=\"twitter:label1\" content=\"Tiempo de lectura\" \/>\n\t<meta name=\"twitter:data1\" content=\"7 minutos\" \/>\n<script type=\"application\/ld+json\" class=\"yoast-schema-graph\">{\"@context\":\"https:\\\/\\\/schema.org\",\"@graph\":[{\"@type\":\"WebPage\",\"@id\":\"https:\\\/\\\/wildlifeportugal.pt\\\/es\\\/rutas-en-4x4\\\/el-valle-del-coa-en-discovery\\\/\",\"url\":\"https:\\\/\\\/wildlifeportugal.pt\\\/es\\\/rutas-en-4x4\\\/el-valle-del-coa-en-discovery\\\/\",\"name\":\"El Valle de Coa en Discovery es una experiencia Wildlife Portugal\",\"isPartOf\":{\"@id\":\"https:\\\/\\\/wildlifeportugal.pt\\\/es\\\/#website\"},\"primaryImageOfPage\":{\"@id\":\"https:\\\/\\\/wildlifeportugal.pt\\\/es\\\/rutas-en-4x4\\\/el-valle-del-coa-en-discovery\\\/#primaryimage\"},\"image\":{\"@id\":\"https:\\\/\\\/wildlifeportugal.pt\\\/es\\\/rutas-en-4x4\\\/el-valle-del-coa-en-discovery\\\/#primaryimage\"},\"thumbnailUrl\":\"https:\\\/\\\/wildlifeportugal.pt\\\/wp-content\\\/uploads\\\/2023\\\/02\\\/FMR7792.jpg\",\"datePublished\":\"2025-10-21T15:48:03+00:00\",\"dateModified\":\"2025-10-21T19:31:26+00:00\",\"description\":\"El Valle del Coa en Discovery es un recorrido Wildlife Portugal, en Land Rover, a trav\u00e9s del territorio atravesado por el r\u00edo Coa.\",\"breadcrumb\":{\"@id\":\"https:\\\/\\\/wildlifeportugal.pt\\\/es\\\/rutas-en-4x4\\\/el-valle-del-coa-en-discovery\\\/#breadcrumb\"},\"inLanguage\":\"es\",\"potentialAction\":[{\"@type\":\"ReadAction\",\"target\":[\"https:\\\/\\\/wildlifeportugal.pt\\\/es\\\/rutas-en-4x4\\\/el-valle-del-coa-en-discovery\\\/\"]}]},{\"@type\":\"ImageObject\",\"inLanguage\":\"es\",\"@id\":\"https:\\\/\\\/wildlifeportugal.pt\\\/es\\\/rutas-en-4x4\\\/el-valle-del-coa-en-discovery\\\/#primaryimage\",\"url\":\"https:\\\/\\\/wildlifeportugal.pt\\\/wp-content\\\/uploads\\\/2023\\\/02\\\/FMR7792.jpg\",\"contentUrl\":\"https:\\\/\\\/wildlifeportugal.pt\\\/wp-content\\\/uploads\\\/2023\\\/02\\\/FMR7792.jpg\",\"width\":1920,\"height\":1275,\"caption\":\"The Greater Coa Valley\"},{\"@type\":\"BreadcrumbList\",\"@id\":\"https:\\\/\\\/wildlifeportugal.pt\\\/es\\\/rutas-en-4x4\\\/el-valle-del-coa-en-discovery\\\/#breadcrumb\",\"itemListElement\":[{\"@type\":\"ListItem\",\"position\":1,\"name\":\"In\u00edcio\",\"item\":\"https:\\\/\\\/wildlifeportugal.pt\\\/es\\\/\"},{\"@type\":\"ListItem\",\"position\":2,\"name\":\"Rutas en 4&#215;4\",\"item\":\"https:\\\/\\\/wildlifeportugal.pt\\\/es\\\/rutas-en-4x4\\\/\"},{\"@type\":\"ListItem\",\"position\":3,\"name\":\"El Valle del C\u00f4a en Discovery\"}]},{\"@type\":\"WebSite\",\"@id\":\"https:\\\/\\\/wildlifeportugal.pt\\\/es\\\/#website\",\"url\":\"https:\\\/\\\/wildlifeportugal.pt\\\/es\\\/\",\"name\":\"Wildlife Portugal\",\"description\":\"Wild Nature Tours\",\"publisher\":{\"@id\":\"https:\\\/\\\/wildlifeportugal.pt\\\/es\\\/#organization\"},\"potentialAction\":[{\"@type\":\"SearchAction\",\"target\":{\"@type\":\"EntryPoint\",\"urlTemplate\":\"https:\\\/\\\/wildlifeportugal.pt\\\/es\\\/?s={search_term_string}\"},\"query-input\":{\"@type\":\"PropertyValueSpecification\",\"valueRequired\":true,\"valueName\":\"search_term_string\"}}],\"inLanguage\":\"es\"},{\"@type\":\"Organization\",\"@id\":\"https:\\\/\\\/wildlifeportugal.pt\\\/es\\\/#organization\",\"name\":\"Wildlife Portugal\",\"url\":\"https:\\\/\\\/wildlifeportugal.pt\\\/es\\\/\",\"logo\":{\"@type\":\"ImageObject\",\"inLanguage\":\"es\",\"@id\":\"https:\\\/\\\/wildlifeportugal.pt\\\/es\\\/#\\\/schema\\\/logo\\\/image\\\/\",\"url\":\"https:\\\/\\\/k52mhucbgfd.preview.infomaniak.website\\\/wp-content\\\/uploads\\\/2025\\\/10\\\/Sem-Titulo-1.jpg\",\"contentUrl\":\"https:\\\/\\\/k52mhucbgfd.preview.infomaniak.website\\\/wp-content\\\/uploads\\\/2025\\\/10\\\/Sem-Titulo-1.jpg\",\"width\":600,\"height\":600,\"caption\":\"Wildlife Portugal\"},\"image\":{\"@id\":\"https:\\\/\\\/wildlifeportugal.pt\\\/es\\\/#\\\/schema\\\/logo\\\/image\\\/\"},\"sameAs\":[\"https:\\\/\\\/www.facebook.com\\\/wildlifeportugal\\\/\",\"https:\\\/\\\/x.com\\\/wildlifept\",\"https:\\\/\\\/www.instagram.com\\\/wildlifeportugal\\\/\",\"https:\\\/\\\/www.linkedin.com\\\/in\\\/wildlife-portugal-69569b136\\\/\",\"https:\\\/\\\/pt.pinterest.com\\\/wildlifept\\\/\",\"https:\\\/\\\/www.youtube.com\\\/channel\\\/UCdJIIGehM2uT9WloHyUwmyQ\"]}]}<\/script>\n<!-- \/ Yoast SEO plugin. -->","yoast_head_json":{"title":"El Valle de Coa en Discovery es una experiencia Wildlife Portugal","description":"El Valle del Coa en Discovery es un recorrido Wildlife Portugal, en Land Rover, a trav\u00e9s del territorio atravesado por el r\u00edo Coa.","robots":{"index":"index","follow":"follow","max-snippet":"max-snippet:-1","max-image-preview":"max-image-preview:large","max-video-preview":"max-video-preview:-1"},"canonical":"https:\/\/wildlifeportugal.pt\/es\/rutas-en-4x4\/el-valle-del-coa-en-discovery\/","og_locale":"es_ES","og_type":"article","og_title":"El Valle de Coa en Discovery es una experiencia Wildlife Portugal","og_description":"El Valle del Coa en Discovery es un recorrido Wildlife Portugal, en Land Rover, a trav\u00e9s del territorio atravesado por el r\u00edo Coa.","og_url":"https:\/\/wildlifeportugal.pt\/es\/rutas-en-4x4\/el-valle-del-coa-en-discovery\/","og_site_name":"Wildlife Portugal","article_publisher":"https:\/\/www.facebook.com\/wildlifeportugal\/","article_modified_time":"2025-10-21T19:31:26+00:00","og_image":[{"width":1024,"height":1024,"url":"https:\/\/wildlifeportugal.pt\/wp-content\/uploads\/2023\/02\/FMR7792-1024x1024.jpg","type":"image\/jpeg"}],"twitter_card":"summary_large_image","twitter_site":"@wildlifept","twitter_misc":{"Tiempo de lectura":"7 minutos"},"schema":{"@context":"https:\/\/schema.org","@graph":[{"@type":"WebPage","@id":"https:\/\/wildlifeportugal.pt\/es\/rutas-en-4x4\/el-valle-del-coa-en-discovery\/","url":"https:\/\/wildlifeportugal.pt\/es\/rutas-en-4x4\/el-valle-del-coa-en-discovery\/","name":"El Valle de Coa en Discovery es una experiencia Wildlife Portugal","isPartOf":{"@id":"https:\/\/wildlifeportugal.pt\/es\/#website"},"primaryImageOfPage":{"@id":"https:\/\/wildlifeportugal.pt\/es\/rutas-en-4x4\/el-valle-del-coa-en-discovery\/#primaryimage"},"image":{"@id":"https:\/\/wildlifeportugal.pt\/es\/rutas-en-4x4\/el-valle-del-coa-en-discovery\/#primaryimage"},"thumbnailUrl":"https:\/\/wildlifeportugal.pt\/wp-content\/uploads\/2023\/02\/FMR7792.jpg","datePublished":"2025-10-21T15:48:03+00:00","dateModified":"2025-10-21T19:31:26+00:00","description":"El Valle del Coa en Discovery es un recorrido Wildlife Portugal, en Land Rover, a trav\u00e9s del territorio atravesado por el r\u00edo Coa.","breadcrumb":{"@id":"https:\/\/wildlifeportugal.pt\/es\/rutas-en-4x4\/el-valle-del-coa-en-discovery\/#breadcrumb"},"inLanguage":"es","potentialAction":[{"@type":"ReadAction","target":["https:\/\/wildlifeportugal.pt\/es\/rutas-en-4x4\/el-valle-del-coa-en-discovery\/"]}]},{"@type":"ImageObject","inLanguage":"es","@id":"https:\/\/wildlifeportugal.pt\/es\/rutas-en-4x4\/el-valle-del-coa-en-discovery\/#primaryimage","url":"https:\/\/wildlifeportugal.pt\/wp-content\/uploads\/2023\/02\/FMR7792.jpg","contentUrl":"https:\/\/wildlifeportugal.pt\/wp-content\/uploads\/2023\/02\/FMR7792.jpg","width":1920,"height":1275,"caption":"The Greater Coa Valley"},{"@type":"BreadcrumbList","@id":"https:\/\/wildlifeportugal.pt\/es\/rutas-en-4x4\/el-valle-del-coa-en-discovery\/#breadcrumb","itemListElement":[{"@type":"ListItem","position":1,"name":"In\u00edcio","item":"https:\/\/wildlifeportugal.pt\/es\/"},{"@type":"ListItem","position":2,"name":"Rutas en 4&#215;4","item":"https:\/\/wildlifeportugal.pt\/es\/rutas-en-4x4\/"},{"@type":"ListItem","position":3,"name":"El Valle del C\u00f4a en Discovery"}]},{"@type":"WebSite","@id":"https:\/\/wildlifeportugal.pt\/es\/#website","url":"https:\/\/wildlifeportugal.pt\/es\/","name":"Wildlife Portugal","description":"Wild Nature Tours","publisher":{"@id":"https:\/\/wildlifeportugal.pt\/es\/#organization"},"potentialAction":[{"@type":"SearchAction","target":{"@type":"EntryPoint","urlTemplate":"https:\/\/wildlifeportugal.pt\/es\/?s={search_term_string}"},"query-input":{"@type":"PropertyValueSpecification","valueRequired":true,"valueName":"search_term_string"}}],"inLanguage":"es"},{"@type":"Organization","@id":"https:\/\/wildlifeportugal.pt\/es\/#organization","name":"Wildlife Portugal","url":"https:\/\/wildlifeportugal.pt\/es\/","logo":{"@type":"ImageObject","inLanguage":"es","@id":"https:\/\/wildlifeportugal.pt\/es\/#\/schema\/logo\/image\/","url":"https:\/\/k52mhucbgfd.preview.infomaniak.website\/wp-content\/uploads\/2025\/10\/Sem-Titulo-1.jpg","contentUrl":"https:\/\/k52mhucbgfd.preview.infomaniak.website\/wp-content\/uploads\/2025\/10\/Sem-Titulo-1.jpg","width":600,"height":600,"caption":"Wildlife Portugal"},"image":{"@id":"https:\/\/wildlifeportugal.pt\/es\/#\/schema\/logo\/image\/"},"sameAs":["https:\/\/www.facebook.com\/wildlifeportugal\/","https:\/\/x.com\/wildlifept","https:\/\/www.instagram.com\/wildlifeportugal\/","https:\/\/www.linkedin.com\/in\/wildlife-portugal-69569b136\/","https:\/\/pt.pinterest.com\/wildlifept\/","https:\/\/www.youtube.com\/channel\/UCdJIIGehM2uT9WloHyUwmyQ"]}]}},"_links":{"self":[{"href":"https:\/\/wildlifeportugal.pt\/es\/wp-json\/wp\/v2\/pages\/19551","targetHints":{"allow":["GET"]}}],"collection":[{"href":"https:\/\/wildlifeportugal.pt\/es\/wp-json\/wp\/v2\/pages"}],"about":[{"href":"https:\/\/wildlifeportugal.pt\/es\/wp-json\/wp\/v2\/types\/page"}],"author":[{"embeddable":true,"href":"https:\/\/wildlifeportugal.pt\/es\/wp-json\/wp\/v2\/users\/1"}],"replies":[{"embeddable":true,"href":"https:\/\/wildlifeportugal.pt\/es\/wp-json\/wp\/v2\/comments?post=19551"}],"version-history":[{"count":14,"href":"https:\/\/wildlifeportugal.pt\/es\/wp-json\/wp\/v2\/pages\/19551\/revisions"}],"predecessor-version":[{"id":19619,"href":"https:\/\/wildlifeportugal.pt\/es\/wp-json\/wp\/v2\/pages\/19551\/revisions\/19619"}],"up":[{"embeddable":true,"href":"https:\/\/wildlifeportugal.pt\/es\/wp-json\/wp\/v2\/pages\/19499"}],"wp:featuredmedia":[{"embeddable":true,"href":"https:\/\/wildlifeportugal.pt\/es\/wp-json\/wp\/v2\/media\/19557"}],"wp:attachment":[{"href":"https:\/\/wildlifeportugal.pt\/es\/wp-json\/wp\/v2\/media?parent=19551"}],"curies":[{"name":"wp","href":"https:\/\/api.w.org\/{rel}","templated":true}]}}