{"id":20022,"date":"2025-12-07T01:15:20","date_gmt":"2025-12-07T00:15:20","guid":{"rendered":"https:\/\/k52mhucbgfd.preview.infomaniak.website\/?page_id=20022"},"modified":"2025-12-07T01:41:20","modified_gmt":"2025-12-07T00:41:20","slug":"terminos-condiciones","status":"publish","type":"page","link":"https:\/\/wildlifeportugal.pt\/es\/terminos-condiciones\/","title":{"rendered":"T\u00c9RMINOS &#038; CONDICIONES"},"content":{"rendered":"<div class=\"wpb-content-wrapper\"><p>[vc_row][vc_column][vc_empty_space][vc_column_text css=\u00bb\u00bb]<span style=\"font-family: arial, helvetica, sans-serif; font-size: 16px;\"><strong>\u00daltima actualizaci\u00f3n<\/strong>: 01\/12\/2025<\/span><\/p>\n<p><span style=\"font-family: arial, helvetica, sans-serif; font-size: 16px;\">Estos T\u00e9rminos y Condiciones regulan la relaci\u00f3n contractual entre <strong>Wildlife Portugal, Unipessoal Lda.<\/strong>, en adelante denominada \u00abnosotros\u00bb, o \u00abla Empresa\u00bb, y el cliente (\u00abusted\u00bb). Al reservar cualquier excursi\u00f3n, actividad o servicio de viaje con nosotros, confirma que ha le\u00eddo, comprendido y aceptado estos T\u00e9rminos y Condiciones.<\/span><\/p>\n<p><span style=\"font-family: arial, helvetica, sans-serif; font-size: 16px;\">Wildlife Portugal opera bajo la legislaci\u00f3n portuguesa y cumple con la normativa aplicable de la Uni\u00f3n Europea en materia de servicios tur\u00edsticos, derechos de los consumidores y protecci\u00f3n de datos.<\/span><\/p>\n<ol>\n<li><span style=\"font-family: arial, helvetica, sans-serif; font-size: 16px;\"><strong> Informaci\u00f3n de la Empresa<\/strong><\/span><\/li>\n<\/ol>\n<p><span style=\"font-family: arial, helvetica, sans-serif; font-size: 16px;\"><strong>Wildlife Portugal, Unipessoal Lda.<\/strong><\/span><br \/>\n<span style=\"font-family: arial, helvetica, sans-serif; font-size: 16px;\"><strong>RNAVT<\/strong>: 12577<\/span><br \/>\n<span style=\"font-family: arial, helvetica, sans-serif; font-size: 16px;\"><strong>RNAAT<\/strong>: 369\/2025<\/span><br \/>\n<span style=\"font-family: arial, helvetica, sans-serif; font-size: 16px;\"><strong>NIPC<\/strong>: PT518670376<\/span><br \/>\n<span style=\"font-family: arial, helvetica, sans-serif; font-size: 16px;\"><strong>Direcci\u00f3n<\/strong>: Rua Bento Menni 12, 6300-520 Guarda, Portugal<\/span><br \/>\n<span style=\"font-family: arial, helvetica, sans-serif; font-size: 16px;\"><strong>Correo electr\u00f3nico<\/strong>: info@k52mhucbgfd.preview.infomaniak.website<\/span><br \/>\n<span style=\"font-family: arial, helvetica, sans-serif; font-size: 16px;\"><strong>Tel\u00e9fono m\u00f3vil<\/strong>: +351 918068872<\/span><br \/>\n<span style=\"font-family: arial, helvetica, sans-serif; font-size: 16px;\"><strong>Sitio web:<\/strong> www.wildlifeportugal.pt<\/span><\/p>\n<ol start=\"2\">\n<li><span style=\"font-family: arial, helvetica, sans-serif; font-size: 16px;\"><strong> Reservas y pagos<\/strong><\/span><\/li>\n<\/ol>\n<p><span style=\"font-family: arial, helvetica, sans-serif; font-size: 16px;\">2.1. Las reservas solo ser\u00e1n vinculantes tras la recepci\u00f3n del dep\u00f3sito requerido o del pago \u00edntegro.<\/span><\/p>\n<p><span style=\"font-family: arial, helvetica, sans-serif; font-size: 16px;\">2.2. Salvo indicaci\u00f3n contraria, se requiere un dep\u00f3sito del 50 % en el momento de la reserva, y el saldo restante se abonar\u00e1 en la fecha de inicio de la actividad.<\/span><br \/>\n<span style=\"font-family: arial, helvetica, sans-serif; font-size: 16px;\">2.3. Se aceptan pagos mediante transferencia bancaria, tarjeta de cr\u00e9dito u otros m\u00e9todos indicados durante la reserva.<\/span><br \/>\n<span style=\"font-family: arial, helvetica, sans-serif; font-size: 16px;\">2.4. Al realizar la reserva, confirma que toda la informaci\u00f3n personal proporcionada es correcta.<\/span><\/p>\n<ol start=\"3\">\n<li><span style=\"font-family: arial, helvetica, sans-serif; font-size: 16px;\"><strong> Cancelaciones por parte del Cliente<\/strong><\/span><\/li>\n<\/ol>\n<p><span style=\"font-family: arial, helvetica, sans-serif; font-size: 16px;\">De acuerdo con las normas de protecci\u00f3n al consumidor de la UE y la legislaci\u00f3n portuguesa en materia de turismo:<\/span><\/p>\n<p><span style=\"font-family: arial, helvetica, sans-serif; font-size: 16px;\">3.1. Las cancelaciones deben comunicarse por escrito (se acepta el correo electr\u00f3nico).<\/span><br \/>\n<span style=\"font-family: arial, helvetica, sans-serif; font-size: 16px;\">3.2. Salvo que se indique lo contrario en el programa, se aplicar\u00e1 el siguiente calendario de reembolso:<\/span><\/p>\n<ul>\n<li><span style=\"font-family: arial, helvetica, sans-serif; font-size: 16px;\"><strong> M\u00e1s de 15 d\u00edas <\/strong>antes de la actividad:<strong> reembolso total menos las tasas administrativas<\/strong>.<\/span><\/li>\n<li><span style=\"font-family: arial, helvetica, sans-serif; font-size: 16px;\"><strong>15 \u2013 8 d\u00edas <\/strong>antes de la actividad:<strong> reembolso de 50%<\/strong>.<\/span><\/li>\n<li><span style=\"font-family: arial, helvetica, sans-serif; font-size: 16px;\"><strong>Menos de 8 d\u00edas <\/strong>antes o no comparecimiento:<strong> sin reembolso<\/strong>.<\/span><\/li>\n<\/ul>\n<p><span style=\"font-family: arial, helvetica, sans-serif; font-size: 16px;\">3.3. No se conceder\u00e1n reembolsos por servicios no utilizados, salidas anticipadas o cambios voluntarios en el itinerario.<\/span><\/p>\n<ol start=\"4\">\n<li><span style=\"font-family: arial, helvetica, sans-serif; font-size: 16px;\"><strong> Cancelaciones o modificaciones por parte de la Empresa<\/strong><\/span><\/li>\n<\/ol>\n<p><span style=\"font-family: arial, helvetica, sans-serif; font-size: 16px;\">De conformidad con el Decreto-Ley n.\u00ba 17\/2018 (R\u00e9gimen Jur\u00eddico de los Servicios Tur\u00edsticos):<\/span><\/p>\n<p><span style=\"font-family: arial, helvetica, sans-serif; font-size: 16px;\">4.1. Wildlife Portugal puede cancelar o modificar un programa por motivos de fuerza mayor, condiciones meteorol\u00f3gicas adversas, cuestiones de seguridad o n\u00famero insuficiente de participantes.<\/span><br \/>\n<span style=\"font-family: arial, helvetica, sans-serif; font-size: 16px;\">4.2. Si la Empresa cancela un servicio, se ofrecer\u00e1 a los clientes:<\/span><\/p>\n<ul>\n<li><span style=\"font-family: arial, helvetica, sans-serif; font-size: 16px;\">Un <strong>reembolso total<\/strong>, o<\/span><\/li>\n<li><span style=\"font-family: arial, helvetica, sans-serif; font-size: 16px;\">Una <strong>fecha alternativa o un programa equivalente<\/strong>.<\/span><\/li>\n<\/ul>\n<p><span style=\"font-family: arial, helvetica, sans-serif; font-size: 16px;\">4.3. Wildlife Portugal no se hace responsable de los gastos adicionales en los que pueda incurrir el cliente (por ejemplo, viaje, alojamiento, seguro).<\/span><\/p>\n<ol start=\"5\">\n<li><span style=\"font-family: arial, helvetica, sans-serif; font-size: 16px;\"><strong> Seguro<\/strong><\/span><\/li>\n<\/ol>\n<p><span style=\"font-family: arial, helvetica, sans-serif; font-size: 16px;\">5.1. Wildlife Portugal cuenta con todos los seguros obligatorios de <strong>responsabilidad civil y accidentes personales<\/strong> exigidos por la legislaci\u00f3n tur\u00edstica portuguesa.<\/span><br \/>\n<span style=\"font-family: arial, helvetica, sans-serif; font-size: 16px;\">5.2. Se recomienda encarecidamente a los clientes que contraten un <strong>seguro de viaje<\/strong> personal que incluya cobertura m\u00e9dica, evacuaci\u00f3n, cancelaciones y p\u00e9rdida de equipaje.<\/span><\/p>\n<ol start=\"6\">\n<li><span style=\"font-family: arial, helvetica, sans-serif; font-size: 16px;\"><strong> Responsabilidades del Cliente<\/strong><\/span><\/li>\n<\/ol>\n<p><span style=\"font-family: arial, helvetica, sans-serif; font-size: 16px;\">6.1. Los clientes deben seguir las instrucciones de los gu\u00edas, cumplir las directrices de seguridad y respetar las normas de las \u00e1reas protegidas.<\/span><br \/>\n<span style=\"font-family: arial, helvetica, sans-serif; font-size: 16px;\">6.2. La participaci\u00f3n en actividades al aire libre conlleva riesgos inherentes, que el cliente acepta al realizar la reserva.<\/span><br \/>\n<span style=\"font-family: arial, helvetica, sans-serif; font-size: 16px;\">6.3. La empresa se reserva el derecho de rechazar la participaci\u00f3n de cualquier cliente cuyo comportamiento comprometa la seguridad, la integridad medioambiental o la experiencia de otras personas. En tales casos, no se aplicar\u00e1 ning\u00fan reembolso.<\/span><\/p>\n<ol start=\"7\">\n<li><span style=\"font-family: arial, helvetica, sans-serif; font-size: 16px;\"><strong> Conducta ambiental y \u00e9tica<\/strong><\/span><\/li>\n<\/ol>\n<p><span style=\"font-family: arial, helvetica, sans-serif; font-size: 16px;\">Como operador tur\u00edstico basado en la naturaleza, Wildlife Portugal sigue principios de conservaci\u00f3n, impacto m\u00ednimo y respeto ecol\u00f3gico.<\/span><\/p>\n<p><span style=\"font-family: arial, helvetica, sans-serif; font-size: 16px;\">7.1. Los clientes deben respetar la vida silvestre, los h\u00e1bitats, las \u00e1reas de conservaci\u00f3n (incluidos los sitios Natura 2000) y las comunidades locales.<\/span><br \/>\n<span style=\"font-family: arial, helvetica, sans-serif; font-size: 16px;\">7.2. Est\u00e1 estrictamente prohibido perturbar la vida silvestre, recolectar materiales naturales, da\u00f1ar la vegetaci\u00f3n o dejar basura.<\/span><br \/>\n<span style=\"font-family: arial, helvetica, sans-serif; font-size: 16px;\">7.3. Las infracciones de las normas medioambientales pueden dar lugar a la exclusi\u00f3n de las actividades sin derecho a reembolso.<\/span><\/p>\n<ol start=\"8\">\n<li><span style=\"font-family: arial, helvetica, sans-serif; font-size: 16px;\"><strong> Precios, impuestos e inclusiones<\/strong><\/span><\/li>\n<\/ol>\n<p><span style=\"font-family: arial, helvetica, sans-serif; font-size: 16px;\">8.1. Los precios incluyen solo los elementos mencionados expl\u00edcitamente en la descripci\u00f3n del tour.<\/span><br \/>\n<span style=\"font-family: arial, helvetica, sans-serif; font-size: 16px;\">8.2. Todos los servicios est\u00e1n sujetos al IVA portugu\u00e9s, a las tasas legales aplicables.<\/span><br \/>\n<span style=\"font-family: arial, helvetica, sans-serif; font-size: 16px;\">8.3. Wildlife Portugal podr\u00e1 ajustar los precios en caso de cambios significativos en los impuestos, los costes de los proveedores o los precios de los combustibles, seg\u00fan lo permita la legislaci\u00f3n de la UE.<\/span><\/p>\n<ol start=\"9\">\n<li><span style=\"font-family: arial, helvetica, sans-serif; font-size: 16px;\"><strong> Responsabilidad<\/strong><\/span><\/li>\n<\/ol>\n<p><span style=\"font-family: arial, helvetica, sans-serif; font-size: 16px;\">9.1. Wildlife Portugal no se hace responsable de lesiones, p\u00e9rdidas, retrasos o da\u00f1os resultantes de condiciones meteorol\u00f3gicas, eventos naturales, acciones de terceros u otras circunstancias ajenas al control de la Empresa.<\/span><br \/>\n<span style=\"font-family: arial, helvetica, sans-serif; font-size: 16px;\">9.2. Nada en estos T\u00e9rminos excluye la responsabilidad por muerte o da\u00f1os personales resultantes de negligencia demostrada por parte de la Empresa.<\/span><br \/>\n<span style=\"font-family: arial, helvetica, sans-serif; font-size: 16px;\">9.3. Al realizar una reserva, los clientes reconocen los riesgos inherentes a las actividades al aire libre y relacionadas con la vida silvestre.<\/span><\/p>\n<ol start=\"10\">\n<li><span style=\"font-family: arial, helvetica, sans-serif; font-size: 16px;\"><strong> Fotograf\u00eda y uso de medios de comunicaci\u00f3n<\/strong><\/span><\/li>\n<\/ol>\n<p><span style=\"font-family: arial, helvetica, sans-serif; font-size: 16px;\">10.1. Wildlife Portugal podr\u00e1 tomar fotograf\u00edas o grabar v\u00eddeos durante las actividades con fines promocionales (sitio web, redes sociales, materiales de marketing).<\/span><br \/>\n<span style=\"font-family: arial, helvetica, sans-serif; font-size: 16px;\">10.2. Los clientes que <strong>no<\/strong> deseen aparecer en estos materiales deben informar a la Empresa por escrito antes del inicio de la actividad.<\/span><\/p>\n<ol start=\"11\">\n<li><span style=\"font-family: arial, helvetica, sans-serif; font-size: 16px;\"><strong> Protecci\u00f3n de datos (cumplimiento del RGPD)<\/strong><\/span><\/li>\n<\/ol>\n<p><span style=\"font-family: arial, helvetica, sans-serif; font-size: 16px;\">De acuerdo con el <strong>Reglamento<\/strong> <strong>(UE) 2016\/679 (RGPD)<\/strong>:<\/span><\/p>\n<p><span style=\"font-family: arial, helvetica, sans-serif; font-size: 16px;\">11.1. Wildlife Portugal solo recopila los datos personales necesarios para la gesti\u00f3n de las reservas, las obligaciones legales y la seguridad de los clientes.<\/span><br \/>\n<span style=\"font-family: arial, helvetica, sans-serif; font-size: 16px;\">11.2. Los datos no se comparten con terceros, salvo cuando sea imprescindible para la prestaci\u00f3n del servicio (por ejemplo, socios de alojamiento, autoridades de \u00e1reas protegidas).<\/span><br \/>\n<span style=\"font-family: arial, helvetica, sans-serif; font-size: 16px;\">11.3. Los clientes pueden solicitar el acceso, la rectificaci\u00f3n o la eliminaci\u00f3n de sus datos personales en cualquier momento.<\/span><\/p>\n<ol start=\"12\">\n<li><span style=\"font-family: arial, helvetica, sans-serif; font-size: 16px;\"><strong> Ley aplicable y jurisdicci\u00f3n<\/strong><\/span><\/li>\n<\/ol>\n<p><span style=\"font-family: arial, helvetica, sans-serif; font-size: 16px;\">Estos T\u00e9rminos y Condiciones se rigen por las leyes de <strong>Portugal<\/strong>.<\/span><\/p>\n<p><span style=\"font-family: arial, helvetica, sans-serif; font-size: 16px;\">Cualquier litigio se someter\u00e1 a los tribunales competentes de <strong>Guarda<\/strong>, sin perjuicio de los derechos del cliente en virtud de las normas de la UE en materia de protecci\u00f3n de los consumidores.<\/span><\/p>\n<ol start=\"13\">\n<li><span style=\"font-family: arial, helvetica, sans-serif; font-size: 16px;\"><strong> Contactos<\/strong><\/span><\/li>\n<\/ol>\n<p><span style=\"font-family: arial, helvetica, sans-serif; font-size: 16px;\"><strong>Wildlife Portugal, Unipessoal Lda.<\/strong><\/span><br \/>\n<span style=\"font-family: arial, helvetica, sans-serif; font-size: 16px;\"><strong>Direcci\u00f3n<\/strong>: Rua Bento Menni 12, 6300-520 Guarda, Portugal<\/span><br \/>\n<span style=\"font-family: arial, helvetica, sans-serif; font-size: 16px;\"><strong>NIPC<\/strong>: PT518670376<\/span><br \/>\n<span style=\"font-family: arial, helvetica, sans-serif; font-size: 16px;\"><strong>RNAVT<\/strong>: 12577 | <strong>RNAAT<\/strong>: 369\/2025<\/span><br \/>\n<span style=\"font-family: arial, helvetica, sans-serif; font-size: 16px;\"><strong>Correo electr\u00f3nico<\/strong>: info@k52mhucbgfd.preview.infomaniak.website<\/span><br \/>\n<span style=\"font-family: arial, helvetica, sans-serif; font-size: 16px;\"><strong>Tel\u00e9fono m\u00f3vil<\/strong>: +351 918068872<\/span>[\/vc_column_text][\/vc_column][\/vc_row]<\/p>\n<\/div>","protected":false},"excerpt":{"rendered":"<p>[vc_row][vc_column][vc_empty_space][vc_column_text css=\u00bb\u00bb]\u00daltima actualizaci\u00f3n: 01\/12\/2025 Estos T\u00e9rminos y Condiciones regulan la relaci\u00f3n contractual entre Wildlife Portugal, Unipessoal Lda., en adelante denominada \u00abnosotros\u00bb, o \u00abla Empresa\u00bb, y el cliente (\u00abusted\u00bb). Al reservar cualquier excursi\u00f3n, actividad o servicio de viaje con nosotros, confirma que ha le\u00eddo, comprendido y aceptado estos T\u00e9rminos y Condiciones. Wildlife Portugal opera bajo la [&hellip;]<\/p>\n","protected":false},"author":1,"featured_media":19258,"parent":0,"menu_order":0,"comment_status":"closed","ping_status":"closed","template":"","meta":{"googlesitekit_rrm_CAowx9fADA:productID":"","om_disable_all_campaigns":false,"ngg_post_thumbnail":0,"footnotes":""},"class_list":["post-20022","page","type-page","status-publish","has-post-thumbnail","hentry"],"yoast_head":"<!-- This site is optimized with the Yoast SEO plugin v27.5 - https:\/\/yoast.com\/product\/yoast-seo-wordpress\/ -->\n<title>T\u00c9RMINOS &amp; CONDICIONES - Wildlife Portugal<\/title>\n<meta name=\"robots\" content=\"index, follow, max-snippet:-1, max-image-preview:large, max-video-preview:-1\" \/>\n<link rel=\"canonical\" href=\"https:\/\/wildlifeportugal.pt\/es\/terminos-condiciones\/\" \/>\n<meta property=\"og:locale\" content=\"es_ES\" \/>\n<meta property=\"og:type\" content=\"article\" \/>\n<meta property=\"og:title\" content=\"T\u00c9RMINOS &amp; CONDICIONES - Wildlife Portugal\" \/>\n<meta property=\"og:description\" content=\"[vc_row][vc_column][vc_empty_space][vc_column_text css=\u00bb\u00bb]\u00daltima actualizaci\u00f3n: 01\/12\/2025 Estos T\u00e9rminos y Condiciones regulan la relaci\u00f3n contractual entre Wildlife Portugal, Unipessoal Lda., en adelante denominada \u00abnosotros\u00bb, o \u00abla Empresa\u00bb, y el cliente (\u00abusted\u00bb). Al reservar cualquier excursi\u00f3n, actividad o servicio de viaje con nosotros, confirma que ha le\u00eddo, comprendido y aceptado estos T\u00e9rminos y Condiciones. Wildlife Portugal opera bajo la [&hellip;]\" \/>\n<meta property=\"og:url\" content=\"https:\/\/wildlifeportugal.pt\/es\/terminos-condiciones\/\" \/>\n<meta property=\"og:site_name\" content=\"Wildlife Portugal\" \/>\n<meta property=\"article:publisher\" content=\"https:\/\/www.facebook.com\/wildlifeportugal\/\" \/>\n<meta property=\"article:modified_time\" content=\"2025-12-07T00:41:20+00:00\" \/>\n<meta property=\"og:image\" content=\"https:\/\/wildlifeportugal.pt\/wp-content\/uploads\/2025\/10\/23_Erysimum-linifolium_FMR0969.jpg\" \/>\n\t<meta property=\"og:image:width\" content=\"1920\" \/>\n\t<meta property=\"og:image:height\" content=\"1275\" \/>\n\t<meta property=\"og:image:type\" content=\"image\/jpeg\" \/>\n<meta name=\"twitter:card\" content=\"summary_large_image\" \/>\n<meta name=\"twitter:site\" content=\"@wildlifept\" \/>\n<meta name=\"twitter:label1\" content=\"Tiempo de lectura\" \/>\n\t<meta name=\"twitter:data1\" content=\"6 minutos\" \/>\n<script type=\"application\/ld+json\" class=\"yoast-schema-graph\">{\"@context\":\"https:\\\/\\\/schema.org\",\"@graph\":[{\"@type\":\"WebPage\",\"@id\":\"https:\\\/\\\/wildlifeportugal.pt\\\/es\\\/terminos-condiciones\\\/\",\"url\":\"https:\\\/\\\/wildlifeportugal.pt\\\/es\\\/terminos-condiciones\\\/\",\"name\":\"T\u00c9RMINOS & CONDICIONES - Wildlife Portugal\",\"isPartOf\":{\"@id\":\"https:\\\/\\\/wildlifeportugal.pt\\\/es\\\/#website\"},\"primaryImageOfPage\":{\"@id\":\"https:\\\/\\\/wildlifeportugal.pt\\\/es\\\/terminos-condiciones\\\/#primaryimage\"},\"image\":{\"@id\":\"https:\\\/\\\/wildlifeportugal.pt\\\/es\\\/terminos-condiciones\\\/#primaryimage\"},\"thumbnailUrl\":\"https:\\\/\\\/wildlifeportugal.pt\\\/wp-content\\\/uploads\\\/2025\\\/10\\\/23_Erysimum-linifolium_FMR0969.jpg\",\"datePublished\":\"2025-12-07T00:15:20+00:00\",\"dateModified\":\"2025-12-07T00:41:20+00:00\",\"breadcrumb\":{\"@id\":\"https:\\\/\\\/wildlifeportugal.pt\\\/es\\\/terminos-condiciones\\\/#breadcrumb\"},\"inLanguage\":\"es\",\"potentialAction\":[{\"@type\":\"ReadAction\",\"target\":[\"https:\\\/\\\/wildlifeportugal.pt\\\/es\\\/terminos-condiciones\\\/\"]}]},{\"@type\":\"ImageObject\",\"inLanguage\":\"es\",\"@id\":\"https:\\\/\\\/wildlifeportugal.pt\\\/es\\\/terminos-condiciones\\\/#primaryimage\",\"url\":\"https:\\\/\\\/wildlifeportugal.pt\\\/wp-content\\\/uploads\\\/2025\\\/10\\\/23_Erysimum-linifolium_FMR0969.jpg\",\"contentUrl\":\"https:\\\/\\\/wildlifeportugal.pt\\\/wp-content\\\/uploads\\\/2025\\\/10\\\/23_Erysimum-linifolium_FMR0969.jpg\",\"width\":1920,\"height\":1275,\"caption\":\"Erysimum linifolium\"},{\"@type\":\"BreadcrumbList\",\"@id\":\"https:\\\/\\\/wildlifeportugal.pt\\\/es\\\/terminos-condiciones\\\/#breadcrumb\",\"itemListElement\":[{\"@type\":\"ListItem\",\"position\":1,\"name\":\"In\u00edcio\",\"item\":\"https:\\\/\\\/wildlifeportugal.pt\\\/es\\\/\"},{\"@type\":\"ListItem\",\"position\":2,\"name\":\"T\u00c9RMINOS &#038; CONDICIONES\"}]},{\"@type\":\"WebSite\",\"@id\":\"https:\\\/\\\/wildlifeportugal.pt\\\/es\\\/#website\",\"url\":\"https:\\\/\\\/wildlifeportugal.pt\\\/es\\\/\",\"name\":\"Wildlife Portugal\",\"description\":\"Wild Nature Tours\",\"publisher\":{\"@id\":\"https:\\\/\\\/wildlifeportugal.pt\\\/es\\\/#organization\"},\"potentialAction\":[{\"@type\":\"SearchAction\",\"target\":{\"@type\":\"EntryPoint\",\"urlTemplate\":\"https:\\\/\\\/wildlifeportugal.pt\\\/es\\\/?s={search_term_string}\"},\"query-input\":{\"@type\":\"PropertyValueSpecification\",\"valueRequired\":true,\"valueName\":\"search_term_string\"}}],\"inLanguage\":\"es\"},{\"@type\":\"Organization\",\"@id\":\"https:\\\/\\\/wildlifeportugal.pt\\\/es\\\/#organization\",\"name\":\"Wildlife Portugal\",\"url\":\"https:\\\/\\\/wildlifeportugal.pt\\\/es\\\/\",\"logo\":{\"@type\":\"ImageObject\",\"inLanguage\":\"es\",\"@id\":\"https:\\\/\\\/wildlifeportugal.pt\\\/es\\\/#\\\/schema\\\/logo\\\/image\\\/\",\"url\":\"https:\\\/\\\/k52mhucbgfd.preview.infomaniak.website\\\/wp-content\\\/uploads\\\/2025\\\/10\\\/Sem-Titulo-1.jpg\",\"contentUrl\":\"https:\\\/\\\/k52mhucbgfd.preview.infomaniak.website\\\/wp-content\\\/uploads\\\/2025\\\/10\\\/Sem-Titulo-1.jpg\",\"width\":600,\"height\":600,\"caption\":\"Wildlife Portugal\"},\"image\":{\"@id\":\"https:\\\/\\\/wildlifeportugal.pt\\\/es\\\/#\\\/schema\\\/logo\\\/image\\\/\"},\"sameAs\":[\"https:\\\/\\\/www.facebook.com\\\/wildlifeportugal\\\/\",\"https:\\\/\\\/x.com\\\/wildlifept\",\"https:\\\/\\\/www.instagram.com\\\/wildlifeportugal\\\/\",\"https:\\\/\\\/www.linkedin.com\\\/in\\\/wildlife-portugal-69569b136\\\/\",\"https:\\\/\\\/pt.pinterest.com\\\/wildlifept\\\/\",\"https:\\\/\\\/www.youtube.com\\\/channel\\\/UCdJIIGehM2uT9WloHyUwmyQ\"]}]}<\/script>\n<!-- \/ Yoast SEO plugin. -->","yoast_head_json":{"title":"T\u00c9RMINOS & CONDICIONES - Wildlife Portugal","robots":{"index":"index","follow":"follow","max-snippet":"max-snippet:-1","max-image-preview":"max-image-preview:large","max-video-preview":"max-video-preview:-1"},"canonical":"https:\/\/wildlifeportugal.pt\/es\/terminos-condiciones\/","og_locale":"es_ES","og_type":"article","og_title":"T\u00c9RMINOS & CONDICIONES - Wildlife Portugal","og_description":"[vc_row][vc_column][vc_empty_space][vc_column_text css=\u00bb\u00bb]\u00daltima actualizaci\u00f3n: 01\/12\/2025 Estos T\u00e9rminos y Condiciones regulan la relaci\u00f3n contractual entre Wildlife Portugal, Unipessoal Lda., en adelante denominada \u00abnosotros\u00bb, o \u00abla Empresa\u00bb, y el cliente (\u00abusted\u00bb). Al reservar cualquier excursi\u00f3n, actividad o servicio de viaje con nosotros, confirma que ha le\u00eddo, comprendido y aceptado estos T\u00e9rminos y Condiciones. Wildlife Portugal opera bajo la [&hellip;]","og_url":"https:\/\/wildlifeportugal.pt\/es\/terminos-condiciones\/","og_site_name":"Wildlife Portugal","article_publisher":"https:\/\/www.facebook.com\/wildlifeportugal\/","article_modified_time":"2025-12-07T00:41:20+00:00","og_image":[{"width":1920,"height":1275,"url":"https:\/\/wildlifeportugal.pt\/wp-content\/uploads\/2025\/10\/23_Erysimum-linifolium_FMR0969.jpg","type":"image\/jpeg"}],"twitter_card":"summary_large_image","twitter_site":"@wildlifept","twitter_misc":{"Tiempo de lectura":"6 minutos"},"schema":{"@context":"https:\/\/schema.org","@graph":[{"@type":"WebPage","@id":"https:\/\/wildlifeportugal.pt\/es\/terminos-condiciones\/","url":"https:\/\/wildlifeportugal.pt\/es\/terminos-condiciones\/","name":"T\u00c9RMINOS & CONDICIONES - Wildlife Portugal","isPartOf":{"@id":"https:\/\/wildlifeportugal.pt\/es\/#website"},"primaryImageOfPage":{"@id":"https:\/\/wildlifeportugal.pt\/es\/terminos-condiciones\/#primaryimage"},"image":{"@id":"https:\/\/wildlifeportugal.pt\/es\/terminos-condiciones\/#primaryimage"},"thumbnailUrl":"https:\/\/wildlifeportugal.pt\/wp-content\/uploads\/2025\/10\/23_Erysimum-linifolium_FMR0969.jpg","datePublished":"2025-12-07T00:15:20+00:00","dateModified":"2025-12-07T00:41:20+00:00","breadcrumb":{"@id":"https:\/\/wildlifeportugal.pt\/es\/terminos-condiciones\/#breadcrumb"},"inLanguage":"es","potentialAction":[{"@type":"ReadAction","target":["https:\/\/wildlifeportugal.pt\/es\/terminos-condiciones\/"]}]},{"@type":"ImageObject","inLanguage":"es","@id":"https:\/\/wildlifeportugal.pt\/es\/terminos-condiciones\/#primaryimage","url":"https:\/\/wildlifeportugal.pt\/wp-content\/uploads\/2025\/10\/23_Erysimum-linifolium_FMR0969.jpg","contentUrl":"https:\/\/wildlifeportugal.pt\/wp-content\/uploads\/2025\/10\/23_Erysimum-linifolium_FMR0969.jpg","width":1920,"height":1275,"caption":"Erysimum linifolium"},{"@type":"BreadcrumbList","@id":"https:\/\/wildlifeportugal.pt\/es\/terminos-condiciones\/#breadcrumb","itemListElement":[{"@type":"ListItem","position":1,"name":"In\u00edcio","item":"https:\/\/wildlifeportugal.pt\/es\/"},{"@type":"ListItem","position":2,"name":"T\u00c9RMINOS &#038; CONDICIONES"}]},{"@type":"WebSite","@id":"https:\/\/wildlifeportugal.pt\/es\/#website","url":"https:\/\/wildlifeportugal.pt\/es\/","name":"Wildlife Portugal","description":"Wild Nature Tours","publisher":{"@id":"https:\/\/wildlifeportugal.pt\/es\/#organization"},"potentialAction":[{"@type":"SearchAction","target":{"@type":"EntryPoint","urlTemplate":"https:\/\/wildlifeportugal.pt\/es\/?s={search_term_string}"},"query-input":{"@type":"PropertyValueSpecification","valueRequired":true,"valueName":"search_term_string"}}],"inLanguage":"es"},{"@type":"Organization","@id":"https:\/\/wildlifeportugal.pt\/es\/#organization","name":"Wildlife Portugal","url":"https:\/\/wildlifeportugal.pt\/es\/","logo":{"@type":"ImageObject","inLanguage":"es","@id":"https:\/\/wildlifeportugal.pt\/es\/#\/schema\/logo\/image\/","url":"https:\/\/k52mhucbgfd.preview.infomaniak.website\/wp-content\/uploads\/2025\/10\/Sem-Titulo-1.jpg","contentUrl":"https:\/\/k52mhucbgfd.preview.infomaniak.website\/wp-content\/uploads\/2025\/10\/Sem-Titulo-1.jpg","width":600,"height":600,"caption":"Wildlife Portugal"},"image":{"@id":"https:\/\/wildlifeportugal.pt\/es\/#\/schema\/logo\/image\/"},"sameAs":["https:\/\/www.facebook.com\/wildlifeportugal\/","https:\/\/x.com\/wildlifept","https:\/\/www.instagram.com\/wildlifeportugal\/","https:\/\/www.linkedin.com\/in\/wildlife-portugal-69569b136\/","https:\/\/pt.pinterest.com\/wildlifept\/","https:\/\/www.youtube.com\/channel\/UCdJIIGehM2uT9WloHyUwmyQ"]}]}},"_links":{"self":[{"href":"https:\/\/wildlifeportugal.pt\/es\/wp-json\/wp\/v2\/pages\/20022","targetHints":{"allow":["GET"]}}],"collection":[{"href":"https:\/\/wildlifeportugal.pt\/es\/wp-json\/wp\/v2\/pages"}],"about":[{"href":"https:\/\/wildlifeportugal.pt\/es\/wp-json\/wp\/v2\/types\/page"}],"author":[{"embeddable":true,"href":"https:\/\/wildlifeportugal.pt\/es\/wp-json\/wp\/v2\/users\/1"}],"replies":[{"embeddable":true,"href":"https:\/\/wildlifeportugal.pt\/es\/wp-json\/wp\/v2\/comments?post=20022"}],"version-history":[{"count":2,"href":"https:\/\/wildlifeportugal.pt\/es\/wp-json\/wp\/v2\/pages\/20022\/revisions"}],"predecessor-version":[{"id":20027,"href":"https:\/\/wildlifeportugal.pt\/es\/wp-json\/wp\/v2\/pages\/20022\/revisions\/20027"}],"wp:featuredmedia":[{"embeddable":true,"href":"https:\/\/wildlifeportugal.pt\/es\/wp-json\/wp\/v2\/media\/19258"}],"wp:attachment":[{"href":"https:\/\/wildlifeportugal.pt\/es\/wp-json\/wp\/v2\/media?parent=20022"}],"curies":[{"name":"wp","href":"https:\/\/api.w.org\/{rel}","templated":true}]}}