{"id":20066,"date":"2025-12-08T15:31:23","date_gmt":"2025-12-08T14:31:23","guid":{"rendered":"https:\/\/k52mhucbgfd.preview.infomaniak.website\/?page_id=20066"},"modified":"2026-02-16T17:24:50","modified_gmt":"2026-02-16T16:24:50","slug":"responsabilidad-medioambiental-y-social","status":"publish","type":"page","link":"https:\/\/wildlifeportugal.pt\/es\/responsabilidad-medioambiental-y-social\/","title":{"rendered":"Responsabilidad medioambiental y social"},"content":{"rendered":"<div class=\"wpb-content-wrapper\"><p>[vc_row][vc_column width=\u00bb1\/3&#8243;][vc_empty_space height=\u00bb40px\u00bb][vc_icon icon_fontawesome=\u00bbfa fa-solid fa-recycle\u00bb color=\u00bbgreen\u00bb size=\u00bbxl\u00bb align=\u00bbright\u00bb css=\u00bb\u00bb][\/vc_column][vc_column width=\u00bb1\/3&#8243;][vc_empty_space height=\u00bb40px\u00bb][vc_icon icon_fontawesome=\u00bbfa fa-solid fa-earth-africa\u00bb size=\u00bbxl\u00bb align=\u00bbcenter\u00bb css=\u00bb\u00bb][\/vc_column][vc_column width=\u00bb1\/3&#8243;][vc_empty_space height=\u00bb40px\u00bb][vc_icon icon_fontawesome=\u00bbfa fa-solid fa-leaf\u00bb color=\u00bbgreen\u00bb size=\u00bbxl\u00bb css=\u00bb\u00bb][\/vc_column][\/vc_row][vc_row][vc_column width=\u00bb1\/6&#8243;][vc_empty_space][\/vc_column][vc_column width=\u00bb2\/3&#8243;][vc_empty_space height=\u00bb25px\u00bb][vc_column_text css=\u00bb\u00bb]<\/p>\n<h3 style=\"text-align: center;\" data-start=\"2746\" data-end=\"2814\"><span style=\"font-family: arial, helvetica, sans-serif;\">Responsabilidad Ambiental, Social, Igualdad de G\u00e9nero e Inclusi\u00f3n<\/span><\/h3>\n<p data-start=\"2816\" data-end=\"3117\"><span style=\"font-family: arial, helvetica, sans-serif; font-size: 16px;\">En Wildlife Portugal, nuestro compromiso con el turismo de naturaleza sostenible va m\u00e1s all\u00e1 del respecto por la naturaleza y el ambiente, tambi\u00e9n incluye el respeto por los derechos humanos y la promoci\u00f3n de un entorno organizacional y social que valore la <strong data-start=\"3057\" data-end=\"3116\">igualdad de g\u00e9nero y la inclusi\u00f3n de todas las personas<\/strong>.<\/span><\/p>\n<h4 data-start=\"3119\" data-end=\"3159\"><strong><span style=\"font-family: arial, helvetica, sans-serif;\">Medio Ambiente y Comunidades Locales<\/span><\/strong><\/h4>\n<p data-start=\"3161\" data-end=\"3465\"><span style=\"font-family: arial, helvetica, sans-serif; font-size: 16px;\">Durante nuestras actividades y recorridos, asumimos un compromiso consciente con la protecci\u00f3n del medio ambiente, implementando medidas destinadas a minimizar impactos negativos y promover impactos positivos, incluyendo la reducci\u00f3n de contaminaci\u00f3n, residuos y emisiones de gases de efecto invernadero.<\/span><\/p>\n<p data-start=\"3467\" data-end=\"3646\"><span style=\"font-family: arial, helvetica, sans-serif; font-size: 16px;\">Priorizamos productos locales y socios sostenibles, fomentamos el uso del transporte p\u00fablico y promovemos pr\u00e1cticas de consumo responsable entre nuestros clientes y colaboradores.<\/span><\/p>\n<p data-start=\"3648\" data-end=\"3891\"><span style=\"font-family: arial, helvetica, sans-serif; font-size: 16px;\">Al desarrollar nuestras actividades en territorios de baja densidad, contribuimos activamente a la dinamizaci\u00f3n econ\u00f3mica y social de estas regiones, apoyando iniciativas locales y generando oportunidades de empleo y participaci\u00f3n comunitaria.<\/span><\/p>\n<h4 data-start=\"3893\" data-end=\"3927\"><strong><span style=\"font-family: arial, helvetica, sans-serif;\">Igualdad de G\u00e9nero e Inclusi\u00f3n<\/span><\/strong><\/h4>\n<p data-start=\"3929\" data-end=\"4257\"><span style=\"font-family: arial, helvetica, sans-serif; font-size: 16px;\">Wildlife Portugal reconoce la igualdad de g\u00e9nero, la diversidad y la inclusi\u00f3n como pilares fundamentales de nuestra cultura organizacional y de nuestras operaciones p\u00fablicas. Creemos que un entorno justo e inclusivo fortalece a nuestro equipo, enriquece la experiencia de nuestros clientes y refleja los valores que defendemos.<\/span><\/p>\n<ul data-start=\"4259\" data-end=\"5071\">\n<li data-start=\"4259\" data-end=\"4476\">\n<p data-start=\"4261\" data-end=\"4476\"><span style=\"font-family: arial, helvetica, sans-serif; font-size: 16px;\"><strong data-start=\"4261\" data-end=\"4290\">Igualdad de oportunidades<\/strong> \u2013 Promovemos la igualdad de trato en todas las \u00e1reas de la empresa, garantizando que mujeres y hombres tengan acceso a las mismas oportunidades de desarrollo, liderazgo y participaci\u00f3n.<\/span><\/p>\n<\/li>\n<li data-start=\"4477\" data-end=\"4690\">\n<p data-start=\"4479\" data-end=\"4690\"><span style=\"font-family: arial, helvetica, sans-serif; font-size: 16px;\"><strong data-start=\"4479\" data-end=\"4500\">Entorno inclusivo<\/strong> \u2013 Prevenimos cualquier forma de discriminaci\u00f3n (incluyendo g\u00e9nero, orientaci\u00f3n sexual, origen, creencias y capacidades), asegurando que todas las personas se sientan valoradas y respetadas.<\/span><\/p>\n<\/li>\n<li data-start=\"4691\" data-end=\"4946\">\n<p data-start=\"4693\" data-end=\"4946\"><span style=\"font-family: arial, helvetica, sans-serif; font-size: 16px;\"><strong data-start=\"4693\" data-end=\"4731\">Compromiso p\u00fablico y transparencia<\/strong> \u2013 Comunicamos p\u00fablicamente nuestro compromiso con la igualdad de g\u00e9nero y la inclusi\u00f3n, explicando de manera transparente las acciones implementadas para que todas nuestras comunicaciones reflejen estos principios.<\/span><\/p>\n<\/li>\n<li data-start=\"4947\" data-end=\"5071\">\n<p data-start=\"4949\" data-end=\"5071\"><span style=\"font-family: arial, helvetica, sans-serif; font-size: 16px;\"><strong data-start=\"4949\" data-end=\"4971\">Formaci\u00f3n continua<\/strong> \u2013 Promovemos la sensibilizaci\u00f3n y formaci\u00f3n continua en pr\u00e1cticas inclusivas y lenguaje respetuoso.<\/span><\/p>\n<\/li>\n<\/ul>\n<p data-start=\"5073\" data-end=\"5236\"><span style=\"font-family: arial, helvetica, sans-serif; font-size: 16px;\">Nuestra misi\u00f3n no es solo ofrecer experiencias transformadoras en la naturaleza, sino tambi\u00e9n contribuir activamente a una sociedad m\u00e1s justa, diversa e inclusiva.<\/span><\/p>\n<p>&nbsp;<\/p>\n<p><span style=\"font-size: 16px; font-family: arial, helvetica, sans-serif;\">Somos miembros activos de <a href=\"https:\/\/rewilding-portugal.com\/pt\/rede-coa-selvagem\/\" target=\"_blank\" rel=\"noopener\"><strong>Rede C\u00f4a Selvagem<\/strong><\/a>.&nbsp;<\/span><\/p>\n<p><span style=\"font-size: 16px; font-family: arial, helvetica, sans-serif;\">Con nuestras actividades, estamos apoyando financieramente las acciones de gesti\u00f3n y conservaci\u00f3n de h\u00e1bitats, que promueven la coexistencia y el retorno de especies silvestres al Gran Valle del C\u00f4a, bajo la gesti\u00f3n de la <strong><a href=\"https:\/\/rewilding-portugal.com\/pt\/oeste-iberico\/\">Rewilding Portugal<\/a><\/strong>.&nbsp;<\/span><\/p>\n<p>&nbsp;[\/vc_column_text][\/vc_column][vc_column width=\u00bb1\/6&#8243;][vc_empty_space][\/vc_column][\/vc_row][vc_row][vc_column width=\u00bb1\/3&#8243;][vc_single_image image=\u00bb15507&#8243; img_size=\u00bbmedium\u00bb alignment=\u00bbcenter\u00bb style=\u00bbvc_box_rounded\u00bb css=\u00bb\u00bb][\/vc_column][vc_column width=\u00bb1\/3&#8243;][vc_single_image image=\u00bb17132&#8243; img_size=\u00bbmedium\u00bb alignment=\u00bbcenter\u00bb style=\u00bbvc_box_rounded\u00bb css=\u00bb\u00bb][\/vc_column][vc_column width=\u00bb1\/3&#8243;][vc_single_image image=\u00bb16719&#8243; img_size=\u00bbmedium\u00bb alignment=\u00bbcenter\u00bb style=\u00bbvc_box_rounded\u00bb css=\u00bb\u00bb][\/vc_column][\/vc_row][vc_row][vc_column][vc_empty_space height=\u00bb30px\u00bb][vc_custom_heading text=\u00bbC\u00d3DIGO DE CONDUCTA Y BUENAS PR\u00c1CTICAS MEDIOAMBIENTALES\u00bb font_container=\u00bbtag:h3|text_align:center\u00bb use_theme_fonts=\u00bbyes\u00bb css=\u00bb\u00bb][vc_empty_space height=\u00bb15px\u00bb][vc_column_text css=\u00bb\u00bb]<span style=\"font-family: arial, helvetica, sans-serif; font-size: 16px;\">En Wildlife Portugal, todas las actividades y excursiones se rigen por un estricto c\u00f3digo de conducta y buenas pr\u00e1cticas medioambientales, que garantiza una relaci\u00f3n responsable y respetuosa con la fauna, los h\u00e1bitats y las comunidades locales. La aplicaci\u00f3n de este c\u00f3digo se traduce en grupos reducidos, distancias de observaci\u00f3n adecuadas, una selecci\u00f3n cuidadosa de rutas y horarios, y una interpretaci\u00f3n medioambiental que privilegia el conocimiento cient\u00edfico y la sensibilizaci\u00f3n de los participantes. De este modo, cada experiencia est\u00e1 dise\u00f1ada para minimizar el impacto, respetar la capacidad de carga del territorio y promover una experiencia aut\u00e9ntica, consciente y acorde con los principios de la conservaci\u00f3n de la naturaleza.<\/span>[\/vc_column_text][vc_empty_space height=\u00bb10px\u00bb][vc_column_text css=\u00bb\u00bb]<span style=\"font-family: arial, helvetica, sans-serif; font-size: 16px;\">1. Se debe evitar el ruido y la perturbaci\u00f3n de la vida silvestre, especialmente en lugares de refugio y reproducci\u00f3n.<\/span><\/p>\n<p><span style=\"font-family: arial, helvetica, sans-serif; font-size: 16px;\">2. La observaci\u00f3n de la fauna debe realizarse a distancia y, preferiblemente, con prism\u00e1ticos u otro equipo \u00f3ptico adecuado.<\/span><\/p>\n<p><span style=\"font-family: arial, helvetica, sans-serif; font-size: 16px;\">3. No se debe dejar comida en el campo ni alimentar a los animales salvajes.<\/span><\/p>\n<p><span style=\"font-family: arial, helvetica, sans-serif; font-size: 16px;\">4. No se deben recoger ni manipular animales, plantas, hongos o muestras geol\u00f3gicas.<\/span><\/p>\n<p><span style=\"font-family: arial, helvetica, sans-serif; font-size: 16px;\">5. Cuando se encuentren animales salvajes heridos, siempre que sea posible, deben ser recogidos y entregados al ICNF, I.P., o al Servicio de Protecci\u00f3n de la Naturaleza y el Medio Ambiente de la Guardia Nacional Republicana (SEPNA), o bien debe comunicarse la situaci\u00f3n a dichos organismos para que los env\u00eden a centros de recuperaci\u00f3n u otros lugares de acogida adecuados;<\/span><\/p>\n<p><span style=\"font-family: arial, helvetica, sans-serif; font-size: 16px;\">6. Los accidentes o infracciones medioambientales detectados deben comunicarse inmediatamente al servicio SOS Ambiente e Territ\u00f3rio, al ICNF, I.P., o al SEPNA.<\/span><\/p>\n<p><span style=\"font-family: arial, helvetica, sans-serif; font-size: 16px;\">7. La basura y los residuos producidos deben recogerse y depositarse en los lugares adecuados.<\/span><\/p>\n<p><span style=\"font-family: arial, helvetica, sans-serif; font-size: 16px;\">8. Solo se deben hacer fogatas en los lugares autorizados para ello.<\/span><\/p>\n<p><span style=\"font-family: arial, helvetica, sans-serif; font-size: 16px;\">9. Sea cual sea la naturaleza de la actividad, todos los desplazamientos inherentes a la misma deben realizarse por los caminos y senderos existentes;<\/span><\/p>\n<p><span style=\"font-family: arial, helvetica, sans-serif; font-size: 16px;\">10. Se debe respetar la se\u00f1alizaci\u00f3n.<\/span>[\/vc_column_text][\/vc_column][\/vc_row]<\/p>\n<\/div>","protected":false},"excerpt":{"rendered":"<p>[vc_row][vc_column width=\u00bb1\/3&#8243;][vc_empty_space height=\u00bb40px\u00bb][vc_icon icon_fontawesome=\u00bbfa fa-solid fa-recycle\u00bb color=\u00bbgreen\u00bb size=\u00bbxl\u00bb align=\u00bbright\u00bb css=\u00bb\u00bb][\/vc_column][vc_column width=\u00bb1\/3&#8243;][vc_empty_space height=\u00bb40px\u00bb][vc_icon icon_fontawesome=\u00bbfa fa-solid fa-earth-africa\u00bb size=\u00bbxl\u00bb align=\u00bbcenter\u00bb css=\u00bb\u00bb][\/vc_column][vc_column width=\u00bb1\/3&#8243;][vc_empty_space height=\u00bb40px\u00bb][vc_icon icon_fontawesome=\u00bbfa fa-solid fa-leaf\u00bb color=\u00bbgreen\u00bb size=\u00bbxl\u00bb css=\u00bb\u00bb][\/vc_column][\/vc_row][vc_row][vc_column width=\u00bb1\/6&#8243;][vc_empty_space][\/vc_column][vc_column width=\u00bb2\/3&#8243;][vc_empty_space height=\u00bb25px\u00bb][vc_column_text css=\u00bb\u00bb] Responsabilidad Ambiental, Social, Igualdad de G\u00e9nero e Inclusi\u00f3n En Wildlife Portugal, nuestro compromiso con el turismo de naturaleza sostenible va m\u00e1s all\u00e1 del respecto por [&hellip;]<\/p>\n","protected":false},"author":1,"featured_media":18889,"parent":0,"menu_order":0,"comment_status":"closed","ping_status":"closed","template":"","meta":{"googlesitekit_rrm_CAowx9fADA:productID":"","om_disable_all_campaigns":false,"ngg_post_thumbnail":0,"footnotes":""},"class_list":["post-20066","page","type-page","status-publish","has-post-thumbnail","hentry"],"yoast_head":"<!-- This site is optimized with the Yoast SEO plugin v27.5 - https:\/\/yoast.com\/product\/yoast-seo-wordpress\/ -->\n<title>Responsabilidad medioambiental y social - Wildlife Portugal<\/title>\n<meta name=\"description\" content=\"Responsabilidad medioambiental y socia\" \/>\n<meta name=\"robots\" content=\"index, follow, max-snippet:-1, max-image-preview:large, max-video-preview:-1\" \/>\n<link rel=\"canonical\" href=\"https:\/\/wildlifeportugal.pt\/es\/responsabilidad-medioambiental-y-social\/\" \/>\n<meta property=\"og:locale\" content=\"es_ES\" \/>\n<meta property=\"og:type\" content=\"article\" \/>\n<meta property=\"og:title\" content=\"Responsabilidad medioambiental y social - Wildlife Portugal\" \/>\n<meta property=\"og:description\" content=\"Responsabilidad medioambiental y socia\" \/>\n<meta property=\"og:url\" content=\"https:\/\/wildlifeportugal.pt\/es\/responsabilidad-medioambiental-y-social\/\" \/>\n<meta property=\"og:site_name\" content=\"Wildlife Portugal\" \/>\n<meta property=\"article:publisher\" content=\"https:\/\/www.facebook.com\/wildlifeportugal\/\" \/>\n<meta property=\"article:modified_time\" content=\"2026-02-16T16:24:50+00:00\" \/>\n<meta property=\"og:image\" content=\"https:\/\/wildlifeportugal.pt\/wp-content\/uploads\/2025\/03\/1220413.jpg\" \/>\n\t<meta property=\"og:image:width\" content=\"1920\" \/>\n\t<meta property=\"og:image:height\" content=\"1442\" \/>\n\t<meta property=\"og:image:type\" content=\"image\/jpeg\" \/>\n<meta name=\"twitter:card\" content=\"summary_large_image\" \/>\n<meta name=\"twitter:site\" content=\"@wildlifept\" \/>\n<meta name=\"twitter:label1\" content=\"Tiempo de lectura\" \/>\n\t<meta name=\"twitter:data1\" content=\"5 minutos\" \/>\n<script type=\"application\/ld+json\" class=\"yoast-schema-graph\">{\"@context\":\"https:\\\/\\\/schema.org\",\"@graph\":[{\"@type\":\"WebPage\",\"@id\":\"https:\\\/\\\/wildlifeportugal.pt\\\/es\\\/responsabilidad-medioambiental-y-social\\\/\",\"url\":\"https:\\\/\\\/wildlifeportugal.pt\\\/es\\\/responsabilidad-medioambiental-y-social\\\/\",\"name\":\"Responsabilidad medioambiental y social - Wildlife Portugal\",\"isPartOf\":{\"@id\":\"https:\\\/\\\/wildlifeportugal.pt\\\/es\\\/#website\"},\"primaryImageOfPage\":{\"@id\":\"https:\\\/\\\/wildlifeportugal.pt\\\/es\\\/responsabilidad-medioambiental-y-social\\\/#primaryimage\"},\"image\":{\"@id\":\"https:\\\/\\\/wildlifeportugal.pt\\\/es\\\/responsabilidad-medioambiental-y-social\\\/#primaryimage\"},\"thumbnailUrl\":\"https:\\\/\\\/wildlifeportugal.pt\\\/wp-content\\\/uploads\\\/2025\\\/03\\\/1220413.jpg\",\"datePublished\":\"2025-12-08T14:31:23+00:00\",\"dateModified\":\"2026-02-16T16:24:50+00:00\",\"description\":\"Responsabilidad medioambiental y socia\",\"breadcrumb\":{\"@id\":\"https:\\\/\\\/wildlifeportugal.pt\\\/es\\\/responsabilidad-medioambiental-y-social\\\/#breadcrumb\"},\"inLanguage\":\"es\",\"potentialAction\":[{\"@type\":\"ReadAction\",\"target\":[\"https:\\\/\\\/wildlifeportugal.pt\\\/es\\\/responsabilidad-medioambiental-y-social\\\/\"]}]},{\"@type\":\"ImageObject\",\"inLanguage\":\"es\",\"@id\":\"https:\\\/\\\/wildlifeportugal.pt\\\/es\\\/responsabilidad-medioambiental-y-social\\\/#primaryimage\",\"url\":\"https:\\\/\\\/wildlifeportugal.pt\\\/wp-content\\\/uploads\\\/2025\\\/03\\\/1220413.jpg\",\"contentUrl\":\"https:\\\/\\\/wildlifeportugal.pt\\\/wp-content\\\/uploads\\\/2025\\\/03\\\/1220413.jpg\",\"width\":1920,\"height\":1442,\"caption\":\"Wildlife Portugal\"},{\"@type\":\"BreadcrumbList\",\"@id\":\"https:\\\/\\\/wildlifeportugal.pt\\\/es\\\/responsabilidad-medioambiental-y-social\\\/#breadcrumb\",\"itemListElement\":[{\"@type\":\"ListItem\",\"position\":1,\"name\":\"In\u00edcio\",\"item\":\"https:\\\/\\\/wildlifeportugal.pt\\\/es\\\/\"},{\"@type\":\"ListItem\",\"position\":2,\"name\":\"Responsabilidad medioambiental y social\"}]},{\"@type\":\"WebSite\",\"@id\":\"https:\\\/\\\/wildlifeportugal.pt\\\/es\\\/#website\",\"url\":\"https:\\\/\\\/wildlifeportugal.pt\\\/es\\\/\",\"name\":\"Wildlife Portugal\",\"description\":\"Wild Nature Tours\",\"publisher\":{\"@id\":\"https:\\\/\\\/wildlifeportugal.pt\\\/es\\\/#organization\"},\"potentialAction\":[{\"@type\":\"SearchAction\",\"target\":{\"@type\":\"EntryPoint\",\"urlTemplate\":\"https:\\\/\\\/wildlifeportugal.pt\\\/es\\\/?s={search_term_string}\"},\"query-input\":{\"@type\":\"PropertyValueSpecification\",\"valueRequired\":true,\"valueName\":\"search_term_string\"}}],\"inLanguage\":\"es\"},{\"@type\":\"Organization\",\"@id\":\"https:\\\/\\\/wildlifeportugal.pt\\\/es\\\/#organization\",\"name\":\"Wildlife Portugal\",\"url\":\"https:\\\/\\\/wildlifeportugal.pt\\\/es\\\/\",\"logo\":{\"@type\":\"ImageObject\",\"inLanguage\":\"es\",\"@id\":\"https:\\\/\\\/wildlifeportugal.pt\\\/es\\\/#\\\/schema\\\/logo\\\/image\\\/\",\"url\":\"https:\\\/\\\/k52mhucbgfd.preview.infomaniak.website\\\/wp-content\\\/uploads\\\/2025\\\/10\\\/Sem-Titulo-1.jpg\",\"contentUrl\":\"https:\\\/\\\/k52mhucbgfd.preview.infomaniak.website\\\/wp-content\\\/uploads\\\/2025\\\/10\\\/Sem-Titulo-1.jpg\",\"width\":600,\"height\":600,\"caption\":\"Wildlife Portugal\"},\"image\":{\"@id\":\"https:\\\/\\\/wildlifeportugal.pt\\\/es\\\/#\\\/schema\\\/logo\\\/image\\\/\"},\"sameAs\":[\"https:\\\/\\\/www.facebook.com\\\/wildlifeportugal\\\/\",\"https:\\\/\\\/x.com\\\/wildlifept\",\"https:\\\/\\\/www.instagram.com\\\/wildlifeportugal\\\/\",\"https:\\\/\\\/www.linkedin.com\\\/in\\\/wildlife-portugal-69569b136\\\/\",\"https:\\\/\\\/pt.pinterest.com\\\/wildlifept\\\/\",\"https:\\\/\\\/www.youtube.com\\\/channel\\\/UCdJIIGehM2uT9WloHyUwmyQ\"]}]}<\/script>\n<!-- \/ Yoast SEO plugin. -->","yoast_head_json":{"title":"Responsabilidad medioambiental y social - Wildlife Portugal","description":"Responsabilidad medioambiental y socia","robots":{"index":"index","follow":"follow","max-snippet":"max-snippet:-1","max-image-preview":"max-image-preview:large","max-video-preview":"max-video-preview:-1"},"canonical":"https:\/\/wildlifeportugal.pt\/es\/responsabilidad-medioambiental-y-social\/","og_locale":"es_ES","og_type":"article","og_title":"Responsabilidad medioambiental y social - Wildlife Portugal","og_description":"Responsabilidad medioambiental y socia","og_url":"https:\/\/wildlifeportugal.pt\/es\/responsabilidad-medioambiental-y-social\/","og_site_name":"Wildlife Portugal","article_publisher":"https:\/\/www.facebook.com\/wildlifeportugal\/","article_modified_time":"2026-02-16T16:24:50+00:00","og_image":[{"width":1920,"height":1442,"url":"https:\/\/wildlifeportugal.pt\/wp-content\/uploads\/2025\/03\/1220413.jpg","type":"image\/jpeg"}],"twitter_card":"summary_large_image","twitter_site":"@wildlifept","twitter_misc":{"Tiempo de lectura":"5 minutos"},"schema":{"@context":"https:\/\/schema.org","@graph":[{"@type":"WebPage","@id":"https:\/\/wildlifeportugal.pt\/es\/responsabilidad-medioambiental-y-social\/","url":"https:\/\/wildlifeportugal.pt\/es\/responsabilidad-medioambiental-y-social\/","name":"Responsabilidad medioambiental y social - Wildlife Portugal","isPartOf":{"@id":"https:\/\/wildlifeportugal.pt\/es\/#website"},"primaryImageOfPage":{"@id":"https:\/\/wildlifeportugal.pt\/es\/responsabilidad-medioambiental-y-social\/#primaryimage"},"image":{"@id":"https:\/\/wildlifeportugal.pt\/es\/responsabilidad-medioambiental-y-social\/#primaryimage"},"thumbnailUrl":"https:\/\/wildlifeportugal.pt\/wp-content\/uploads\/2025\/03\/1220413.jpg","datePublished":"2025-12-08T14:31:23+00:00","dateModified":"2026-02-16T16:24:50+00:00","description":"Responsabilidad medioambiental y socia","breadcrumb":{"@id":"https:\/\/wildlifeportugal.pt\/es\/responsabilidad-medioambiental-y-social\/#breadcrumb"},"inLanguage":"es","potentialAction":[{"@type":"ReadAction","target":["https:\/\/wildlifeportugal.pt\/es\/responsabilidad-medioambiental-y-social\/"]}]},{"@type":"ImageObject","inLanguage":"es","@id":"https:\/\/wildlifeportugal.pt\/es\/responsabilidad-medioambiental-y-social\/#primaryimage","url":"https:\/\/wildlifeportugal.pt\/wp-content\/uploads\/2025\/03\/1220413.jpg","contentUrl":"https:\/\/wildlifeportugal.pt\/wp-content\/uploads\/2025\/03\/1220413.jpg","width":1920,"height":1442,"caption":"Wildlife Portugal"},{"@type":"BreadcrumbList","@id":"https:\/\/wildlifeportugal.pt\/es\/responsabilidad-medioambiental-y-social\/#breadcrumb","itemListElement":[{"@type":"ListItem","position":1,"name":"In\u00edcio","item":"https:\/\/wildlifeportugal.pt\/es\/"},{"@type":"ListItem","position":2,"name":"Responsabilidad medioambiental y social"}]},{"@type":"WebSite","@id":"https:\/\/wildlifeportugal.pt\/es\/#website","url":"https:\/\/wildlifeportugal.pt\/es\/","name":"Wildlife Portugal","description":"Wild Nature Tours","publisher":{"@id":"https:\/\/wildlifeportugal.pt\/es\/#organization"},"potentialAction":[{"@type":"SearchAction","target":{"@type":"EntryPoint","urlTemplate":"https:\/\/wildlifeportugal.pt\/es\/?s={search_term_string}"},"query-input":{"@type":"PropertyValueSpecification","valueRequired":true,"valueName":"search_term_string"}}],"inLanguage":"es"},{"@type":"Organization","@id":"https:\/\/wildlifeportugal.pt\/es\/#organization","name":"Wildlife Portugal","url":"https:\/\/wildlifeportugal.pt\/es\/","logo":{"@type":"ImageObject","inLanguage":"es","@id":"https:\/\/wildlifeportugal.pt\/es\/#\/schema\/logo\/image\/","url":"https:\/\/k52mhucbgfd.preview.infomaniak.website\/wp-content\/uploads\/2025\/10\/Sem-Titulo-1.jpg","contentUrl":"https:\/\/k52mhucbgfd.preview.infomaniak.website\/wp-content\/uploads\/2025\/10\/Sem-Titulo-1.jpg","width":600,"height":600,"caption":"Wildlife Portugal"},"image":{"@id":"https:\/\/wildlifeportugal.pt\/es\/#\/schema\/logo\/image\/"},"sameAs":["https:\/\/www.facebook.com\/wildlifeportugal\/","https:\/\/x.com\/wildlifept","https:\/\/www.instagram.com\/wildlifeportugal\/","https:\/\/www.linkedin.com\/in\/wildlife-portugal-69569b136\/","https:\/\/pt.pinterest.com\/wildlifept\/","https:\/\/www.youtube.com\/channel\/UCdJIIGehM2uT9WloHyUwmyQ"]}]}},"_links":{"self":[{"href":"https:\/\/wildlifeportugal.pt\/es\/wp-json\/wp\/v2\/pages\/20066","targetHints":{"allow":["GET"]}}],"collection":[{"href":"https:\/\/wildlifeportugal.pt\/es\/wp-json\/wp\/v2\/pages"}],"about":[{"href":"https:\/\/wildlifeportugal.pt\/es\/wp-json\/wp\/v2\/types\/page"}],"author":[{"embeddable":true,"href":"https:\/\/wildlifeportugal.pt\/es\/wp-json\/wp\/v2\/users\/1"}],"replies":[{"embeddable":true,"href":"https:\/\/wildlifeportugal.pt\/es\/wp-json\/wp\/v2\/comments?post=20066"}],"version-history":[{"count":5,"href":"https:\/\/wildlifeportugal.pt\/es\/wp-json\/wp\/v2\/pages\/20066\/revisions"}],"predecessor-version":[{"id":21186,"href":"https:\/\/wildlifeportugal.pt\/es\/wp-json\/wp\/v2\/pages\/20066\/revisions\/21186"}],"wp:featuredmedia":[{"embeddable":true,"href":"https:\/\/wildlifeportugal.pt\/es\/wp-json\/wp\/v2\/media\/18889"}],"wp:attachment":[{"href":"https:\/\/wildlifeportugal.pt\/es\/wp-json\/wp\/v2\/media?parent=20066"}],"curies":[{"name":"wp","href":"https:\/\/api.w.org\/{rel}","templated":true}]}}